{"id":7655,"date":"2023-12-20T16:00:43","date_gmt":"2023-12-20T21:00:43","guid":{"rendered":"https:\/\/ecpamericas.org\/?page_id=7655"},"modified":"2024-03-13T15:03:49","modified_gmt":"2024-03-13T20:03:49","slug":"6ta-ministerial-ecpa-2024","status":"publish","type":"page","link":"https:\/\/ecpamericas.org\/es\/6ta-ministerial-ecpa-2024\/","title":{"rendered":"6ta Ministerial ECPA &#8211; Rep\u00fablica Dominicana 2024"},"content":{"rendered":"\t\t<div data-elementor-type=\"wp-page\" data-elementor-id=\"7655\" class=\"elementor elementor-7655 elementor-7516\">\n\t\t\t\t\t\t\t\t\t<section class=\"elementor-section elementor-top-section elementor-element elementor-element-4b29bfac elementor-section-full_width elementor-section-stretched elementor-section-height-default elementor-section-height-default\" data-id=\"4b29bfac\" data-element_type=\"section\" data-settings=\"{&quot;stretch_section&quot;:&quot;section-stretched&quot;}\">\n\t\t\t\t\t\t<div class=\"elementor-container elementor-column-gap-default\">\n\t\t\t\t\t<div class=\"elementor-column elementor-col-100 elementor-top-column elementor-element elementor-element-c1af0fe\" data-id=\"c1af0fe\" data-element_type=\"column\" data-settings=\"{&quot;background_background&quot;:&quot;classic&quot;}\">\n\t\t\t<div class=\"elementor-widget-wrap elementor-element-populated\">\n\t\t\t\t\t\t\t\t<div class=\"elementor-element elementor-element-1f98131 elementor-widget elementor-widget-image\" data-id=\"1f98131\" data-element_type=\"widget\" data-widget_type=\"image.default\">\n\t\t\t\t<div class=\"elementor-widget-container\">\n\t\t\t<style>\/*! elementor - v3.18.0 - 08-12-2023 *\/\n.elementor-widget-image{text-align:center}.elementor-widget-image a{display:inline-block}.elementor-widget-image a img[src$=\".svg\"]{width:48px}.elementor-widget-image img{vertical-align:middle;display:inline-block}<\/style>\t\t\t\t\t\t\t\t\t\t\t\t<img fetchpriority=\"high\" decoding=\"async\" width=\"1024\" height=\"470\" src=\"https:\/\/ecpamericas.org\/wp-content\/uploads\/2023\/12\/6th_ECPA_MIN_LOGO_1-ESP_blanco-1024x470.png\" class=\"attachment-large size-large wp-image-7660\" alt=\"\" srcset=\"https:\/\/ecpamericas.org\/wp-content\/uploads\/2023\/12\/6th_ECPA_MIN_LOGO_1-ESP_blanco-1024x470.png 1024w, https:\/\/ecpamericas.org\/wp-content\/uploads\/2023\/12\/6th_ECPA_MIN_LOGO_1-ESP_blanco-300x138.png 300w, https:\/\/ecpamericas.org\/wp-content\/uploads\/2023\/12\/6th_ECPA_MIN_LOGO_1-ESP_blanco-768x352.png 768w, https:\/\/ecpamericas.org\/wp-content\/uploads\/2023\/12\/6th_ECPA_MIN_LOGO_1-ESP_blanco-1536x704.png 1536w, https:\/\/ecpamericas.org\/wp-content\/uploads\/2023\/12\/6th_ECPA_MIN_LOGO_1-ESP_blanco.png 2013w\" sizes=\"(max-width: 1024px) 100vw, 1024px\" \/>\t\t\t\t\t\t\t\t\t\t\t\t\t\t\t<\/div>\n\t\t\t\t<\/div>\n\t\t\t\t<section class=\"elementor-section elementor-inner-section elementor-element elementor-element-ae9a65d elementor-section-boxed elementor-section-height-default elementor-section-height-default\" data-id=\"ae9a65d\" data-element_type=\"section\">\n\t\t\t\t\t\t<div class=\"elementor-container elementor-column-gap-default\">\n\t\t\t\t\t<div class=\"elementor-column elementor-col-100 elementor-inner-column elementor-element elementor-element-fcf589b\" data-id=\"fcf589b\" data-element_type=\"column\">\n\t\t\t<div class=\"elementor-widget-wrap elementor-element-populated\">\n\t\t\t\t\t\t\t\t<div class=\"elementor-element elementor-element-079a052 elementor-align-center elementor-icon-list--layout-traditional elementor-list-item-link-full_width elementor-widget elementor-widget-icon-list\" data-id=\"079a052\" data-element_type=\"widget\" data-widget_type=\"icon-list.default\">\n\t\t\t\t<div class=\"elementor-widget-container\">\n\t\t\t<link rel=\"stylesheet\" href=\"https:\/\/ecpamericas.org\/wp-content\/plugins\/elementor\/assets\/css\/widget-icon-list.min.css\">\t\t<ul class=\"elementor-icon-list-items\">\n\t\t\t\t\t\t\t<li class=\"elementor-icon-list-item\">\n\t\t\t\t\t\t\t\t\t\t\t<span class=\"elementor-icon-list-icon\">\n\t\t\t\t\t\t\t<i aria-hidden=\"true\" class=\"far fa-calendar\"><\/i>\t\t\t\t\t\t<\/span>\n\t\t\t\t\t\t\t\t\t\t<span class=\"elementor-icon-list-text\">14 y 15 de marzo, 2024<\/span>\n\t\t\t\t\t\t\t\t\t<\/li>\n\t\t\t\t\t\t\t\t<li class=\"elementor-icon-list-item\">\n\t\t\t\t\t\t\t\t\t\t\t<span class=\"elementor-icon-list-icon\">\n\t\t\t\t\t\t\t<i aria-hidden=\"true\" class=\"fas fa-map-marker-alt\"><\/i>\t\t\t\t\t\t<\/span>\n\t\t\t\t\t\t\t\t\t\t<span class=\"elementor-icon-list-text\">Hotel Barcel\u00f3 B\u00e1varo Palace, Punta Cana, Rep\u00fablica Dominicana.<\/span>\n\t\t\t\t\t\t\t\t\t<\/li>\n\t\t\t\t\t\t<\/ul>\n\t\t\t\t<\/div>\n\t\t\t\t<\/div>\n\t\t\t\t<div class=\"elementor-element elementor-element-4214d9d elementor-align-center elementor-widget elementor-widget-button\" data-id=\"4214d9d\" data-element_type=\"widget\" data-widget_type=\"button.default\">\n\t\t\t\t<div class=\"elementor-widget-container\">\n\t\t\t\t\t<div class=\"elementor-button-wrapper\">\n\t\t\t<a class=\"elementor-button elementor-button-link elementor-size-lg\" href=\"https:\/\/reunionministerialecpa2024.mem.gob.do\/registro\/\" target=\"_blank\">\n\t\t\t\t\t\t<span class=\"elementor-button-content-wrapper\">\n\t\t\t\t\t\t<span class=\"elementor-button-text\">Registrarse<\/span>\n\t\t<\/span>\n\t\t\t\t\t<\/a>\n\t\t<\/div>\n\t\t\t\t<\/div>\n\t\t\t\t<\/div>\n\t\t\t\t\t<\/div>\n\t\t<\/div>\n\t\t\t\t\t\t\t<\/div>\n\t\t<\/section>\n\t\t\t\t\t<\/div>\n\t\t<\/div>\n\t\t\t\t\t\t\t<\/div>\n\t\t<\/section>\n\t\t\t\t<section class=\"elementor-section elementor-top-section elementor-element elementor-element-fa4238a elementor-section-boxed elementor-section-height-default elementor-section-height-default\" data-id=\"fa4238a\" data-element_type=\"section\" data-settings=\"{&quot;background_background&quot;:&quot;classic&quot;}\">\n\t\t\t\t\t\t<div class=\"elementor-container elementor-column-gap-default\">\n\t\t\t\t\t<div class=\"elementor-column elementor-col-100 elementor-top-column elementor-element elementor-element-573b805\" data-id=\"573b805\" data-element_type=\"column\">\n\t\t\t<div class=\"elementor-widget-wrap elementor-element-populated\">\n\t\t\t\t\t\t\t\t<section class=\"elementor-section elementor-inner-section elementor-element elementor-element-b17d2dc elementor-section-boxed elementor-section-height-default elementor-section-height-default\" data-id=\"b17d2dc\" data-element_type=\"section\">\n\t\t\t\t\t\t<div class=\"elementor-container elementor-column-gap-default\">\n\t\t\t\t\t<div class=\"elementor-column elementor-col-100 elementor-inner-column elementor-element elementor-element-7e3b819\" data-id=\"7e3b819\" data-element_type=\"column\">\n\t\t\t<div class=\"elementor-widget-wrap elementor-element-populated\">\n\t\t\t\t\t\t\t\t<div class=\"elementor-element elementor-element-ca3f6b2 elementor-widget elementor-widget-heading\" data-id=\"ca3f6b2\" data-element_type=\"widget\" data-widget_type=\"heading.default\">\n\t\t\t\t<div class=\"elementor-widget-container\">\n\t\t\t<style>\/*! elementor - v3.18.0 - 08-12-2023 *\/\n.elementor-heading-title{padding:0;margin:0;line-height:1}.elementor-widget-heading .elementor-heading-title[class*=elementor-size-]>a{color:inherit;font-size:inherit;line-height:inherit}.elementor-widget-heading .elementor-heading-title.elementor-size-small{font-size:15px}.elementor-widget-heading .elementor-heading-title.elementor-size-medium{font-size:19px}.elementor-widget-heading .elementor-heading-title.elementor-size-large{font-size:29px}.elementor-widget-heading .elementor-heading-title.elementor-size-xl{font-size:39px}.elementor-widget-heading .elementor-heading-title.elementor-size-xxl{font-size:59px}<\/style><div class=\"elementor-heading-title elementor-size-default\">Energ\u00edas renovables de las Am\u00e9ricas: Integraci\u00f3n e Innovaci\u00f3n<\/div>\t\t<\/div>\n\t\t\t\t<\/div>\n\t\t\t\t<div class=\"elementor-element elementor-element-5cb189c elementor-widget elementor-widget-heading\" data-id=\"5cb189c\" data-element_type=\"widget\" data-widget_type=\"heading.default\">\n\t\t\t\t<div class=\"elementor-widget-container\">\n\t\t\t<h2 class=\"elementor-heading-title elementor-size-default\">La 6ta. Reuni\u00f3n de Ministros de Energ\u00eda de la ECPA es un evento de alto nivel que re\u00fane a l\u00edderes de gobierno, representantes del sector privado, expertos en energ\u00eda y desarrollo sostenible, y otros actores claves de Am\u00e9rica Latina y el Caribe para dialogar, intercambiar ideas y establecer compromisos concretos que impulsen la transici\u00f3n hacia la energ\u00eda limpia, sostenible y renovable en Am\u00e9rica Latina y el Caribe.<\/h2>\t\t<\/div>\n\t\t\t\t<\/div>\n\t\t\t\t\t<\/div>\n\t\t<\/div>\n\t\t\t\t\t\t\t<\/div>\n\t\t<\/section>\n\t\t\t\t\t<\/div>\n\t\t<\/div>\n\t\t\t\t\t\t\t<\/div>\n\t\t<\/section>\n\t\t\t\t<section class=\"elementor-section elementor-top-section elementor-element elementor-element-a2086eb elementor-section-boxed elementor-section-height-default elementor-section-height-default\" data-id=\"a2086eb\" data-element_type=\"section\" data-settings=\"{&quot;background_background&quot;:&quot;classic&quot;}\">\n\t\t\t\t\t\t<div class=\"elementor-container elementor-column-gap-default\">\n\t\t\t\t\t<div class=\"elementor-column elementor-col-100 elementor-top-column elementor-element elementor-element-2c3f419\" data-id=\"2c3f419\" data-element_type=\"column\">\n\t\t\t<div class=\"elementor-widget-wrap elementor-element-populated\">\n\t\t\t\t\t\t\t\t<div class=\"elementor-element elementor-element-e3f158d elementor-widget elementor-widget-heading\" data-id=\"e3f158d\" data-element_type=\"widget\" data-widget_type=\"heading.default\">\n\t\t\t\t<div class=\"elementor-widget-container\">\n\t\t\t<p class=\"elementor-heading-title elementor-size-default\">Objetivos<\/p>\t\t<\/div>\n\t\t\t\t<\/div>\n\t\t\t\t<div class=\"elementor-element elementor-element-1fa92da elementor-icon-list--layout-traditional elementor-list-item-link-full_width elementor-widget elementor-widget-icon-list\" data-id=\"1fa92da\" data-element_type=\"widget\" data-widget_type=\"icon-list.default\">\n\t\t\t\t<div class=\"elementor-widget-container\">\n\t\t\t\t\t<ul class=\"elementor-icon-list-items\">\n\t\t\t\t\t\t\t<li class=\"elementor-icon-list-item\">\n\t\t\t\t\t\t\t\t\t\t\t<span class=\"elementor-icon-list-icon\">\n\t\t\t\t\t\t\t<i aria-hidden=\"true\" class=\"fas fa-check\"><\/i>\t\t\t\t\t\t<\/span>\n\t\t\t\t\t\t\t\t\t\t<span class=\"elementor-icon-list-text\">Fortalecer el compromiso regional para acelerar la transici\u00f3n hacia la energ\u00eda limpia, en l\u00ednea con los compromisos establecidos en la IX Cumbre de las Am\u00e9ricas.<\/span>\n\t\t\t\t\t\t\t\t\t<\/li>\n\t\t\t\t\t\t\t\t<li class=\"elementor-icon-list-item\">\n\t\t\t\t\t\t\t\t\t\t\t<span class=\"elementor-icon-list-icon\">\n\t\t\t\t\t\t\t<i aria-hidden=\"true\" class=\"fas fa-check\"><\/i>\t\t\t\t\t\t<\/span>\n\t\t\t\t\t\t\t\t\t\t<span class=\"elementor-icon-list-text\">Fomentar el di\u00e1logo entre los sectores p\u00fablico y privado para identificar oportunidades y desaf\u00edos en la transici\u00f3n energ\u00e9tica y desarrollo sostenible.<\/span>\n\t\t\t\t\t\t\t\t\t<\/li>\n\t\t\t\t\t\t\t\t<li class=\"elementor-icon-list-item\">\n\t\t\t\t\t\t\t\t\t\t\t<span class=\"elementor-icon-list-icon\">\n\t\t\t\t\t\t\t<i aria-hidden=\"true\" class=\"fas fa-check\"><\/i>\t\t\t\t\t\t<\/span>\n\t\t\t\t\t\t\t\t\t\t<span class=\"elementor-icon-list-text\">Promover la inversi\u00f3n privada en el sector energ\u00e9tico, especialmente en infraestructura resiliente y energ\u00eda limpia.<\/span>\n\t\t\t\t\t\t\t\t\t<\/li>\n\t\t\t\t\t\t\t\t<li class=\"elementor-icon-list-item\">\n\t\t\t\t\t\t\t\t\t\t\t<span class=\"elementor-icon-list-icon\">\n\t\t\t\t\t\t\t<i aria-hidden=\"true\" class=\"fas fa-check\"><\/i>\t\t\t\t\t\t<\/span>\n\t\t\t\t\t\t\t\t\t\t<span class=\"elementor-icon-list-text\">Fortalecer las redes y mecanismos de cooperaci\u00f3n regional para apoyar los esfuerzos de la transici\u00f3n energ\u00e9tica.<\/span>\n\t\t\t\t\t\t\t\t\t<\/li>\n\t\t\t\t\t\t\t\t<li class=\"elementor-icon-list-item\">\n\t\t\t\t\t\t\t\t\t\t\t<span class=\"elementor-icon-list-icon\">\n\t\t\t\t\t\t\t<i aria-hidden=\"true\" class=\"fas fa-check\"><\/i>\t\t\t\t\t\t<\/span>\n\t\t\t\t\t\t\t\t\t\t<span class=\"elementor-icon-list-text\">Compartir mejores pr\u00e1cticas, experiencias y conocimientos en \u00e1reas claves como la descarbonizaci\u00f3n del transporte y la industria, sistemas de almacenamiento de energ\u00eda y resiliencia energ\u00e9tica.<\/span>\n\t\t\t\t\t\t\t\t\t<\/li>\n\t\t\t\t\t\t<\/ul>\n\t\t\t\t<\/div>\n\t\t\t\t<\/div>\n\t\t\t\t\t<\/div>\n\t\t<\/div>\n\t\t\t\t\t\t\t<\/div>\n\t\t<\/section>\n\t\t\t\t<section class=\"elementor-section elementor-top-section elementor-element elementor-element-ff5ef37 elementor-section-boxed elementor-section-height-default elementor-section-height-default\" data-id=\"ff5ef37\" data-element_type=\"section\" data-settings=\"{&quot;background_background&quot;:&quot;classic&quot;}\">\n\t\t\t\t\t\t<div class=\"elementor-container elementor-column-gap-default\">\n\t\t\t\t\t<div class=\"elementor-column elementor-col-100 elementor-top-column elementor-element elementor-element-450a447\" data-id=\"450a447\" data-element_type=\"column\">\n\t\t\t<div class=\"elementor-widget-wrap elementor-element-populated\">\n\t\t\t\t\t\t\t\t<div class=\"elementor-element elementor-element-516ae5d elementor-widget elementor-widget-heading\" data-id=\"516ae5d\" data-element_type=\"widget\" data-widget_type=\"heading.default\">\n\t\t\t\t<div class=\"elementor-widget-container\">\n\t\t\t<p class=\"elementor-heading-title elementor-size-default\">Programa<\/p>\t\t<\/div>\n\t\t\t\t<\/div>\n\t\t\t\t<div class=\"elementor-element elementor-element-9011350 elementor-widget elementor-widget-accordion\" data-id=\"9011350\" data-element_type=\"widget\" data-widget_type=\"accordion.default\">\n\t\t\t\t<div class=\"elementor-widget-container\">\n\t\t\t<style>\/*! elementor - v3.18.0 - 08-12-2023 *\/\n.elementor-accordion{text-align:left}.elementor-accordion .elementor-accordion-item{border:1px solid #d5d8dc}.elementor-accordion .elementor-accordion-item+.elementor-accordion-item{border-top:none}.elementor-accordion .elementor-tab-title{margin:0;padding:15px 20px;font-weight:700;line-height:1;cursor:pointer;outline:none}.elementor-accordion .elementor-tab-title .elementor-accordion-icon{display:inline-block;width:1.5em}.elementor-accordion .elementor-tab-title .elementor-accordion-icon svg{width:1em;height:1em}.elementor-accordion .elementor-tab-title .elementor-accordion-icon.elementor-accordion-icon-right{float:right;text-align:right}.elementor-accordion .elementor-tab-title .elementor-accordion-icon.elementor-accordion-icon-left{float:left;text-align:left}.elementor-accordion .elementor-tab-title .elementor-accordion-icon .elementor-accordion-icon-closed{display:block}.elementor-accordion .elementor-tab-title .elementor-accordion-icon .elementor-accordion-icon-opened,.elementor-accordion .elementor-tab-title.elementor-active .elementor-accordion-icon-closed{display:none}.elementor-accordion .elementor-tab-title.elementor-active .elementor-accordion-icon-opened{display:block}.elementor-accordion .elementor-tab-content{display:none;padding:15px 20px;border-top:1px solid #d5d8dc}@media (max-width:767px){.elementor-accordion .elementor-tab-title{padding:12px 15px}.elementor-accordion .elementor-tab-title .elementor-accordion-icon{width:1.2em}.elementor-accordion .elementor-tab-content{padding:7px 15px}}.e-con-inner>.elementor-widget-accordion,.e-con>.elementor-widget-accordion{width:var(--container-widget-width);--flex-grow:var(--container-widget-flex-grow)}<\/style>\t\t<div class=\"elementor-accordion\">\n\t\t\t\t\t\t\t<div class=\"elementor-accordion-item\">\n\t\t\t\t\t<div id=\"elementor-tab-title-1511\" class=\"elementor-tab-title\" data-tab=\"1\" role=\"button\" aria-controls=\"elementor-tab-content-1511\" aria-expanded=\"false\">\n\t\t\t\t\t\t\t\t\t\t\t\t\t<span class=\"elementor-accordion-icon elementor-accordion-icon-left\" aria-hidden=\"true\">\n\t\t\t\t\t\t\t\t\t\t\t\t\t\t\t<span class=\"elementor-accordion-icon-closed\"><i class=\"fas fa-plus\"><\/i><\/span>\n\t\t\t\t\t\t\t\t<span class=\"elementor-accordion-icon-opened\"><i class=\"fas fa-minus\"><\/i><\/span>\n\t\t\t\t\t\t\t\t\t\t\t\t\t\t<\/span>\n\t\t\t\t\t\t\t\t\t\t\t\t<a class=\"elementor-accordion-title\" tabindex=\"0\">D\u00eda 1: 14 de marzo, 2024<\/a>\n\t\t\t\t\t<\/div>\n\t\t\t\t\t<div id=\"elementor-tab-content-1511\" class=\"elementor-tab-content elementor-clearfix\" data-tab=\"1\" role=\"region\" aria-labelledby=\"elementor-tab-title-1511\"><div class=\"page\" title=\"Page 1\">\n<div class=\"layoutArea\">\n<div class=\"column\">\n<div class=\"page\" title=\"Page 1\">\n<div class=\"layoutArea\">\n<div class=\"column\">\n<ol start=\"0\">\n<li>\n<p>El primer di\u0301a del evento esta\u0301 dedicado a las sesiones tema\u0301ticas, actividades de networking y la inauguracio\u0301n oficial de la 6ta. Reunio\u0301n de Ministros de Energi\u0301a de la ECPA. Las sesiones tema\u0301ticas abordan temas cri\u0301ticos como la inversio\u0301n privada en el sector energe\u0301tico, la certificacio\u0301n del hidro\u0301geno limpio y la resiliencia energe\u0301tica en el Caribe. El di\u0301a concluye con una cena de bienvenida de las altas autoridades de la Repu\u0301blica Dominicana con las jefaturas de delegacio\u0301n de los pai\u0301ses participantes.<\/p>\n<\/li>\n<\/ol>\n<\/div>\n<\/div>\n<\/div>\n<\/div>\n<\/div>\n<\/div><\/div>\n\t\t\t\t<\/div>\n\t\t\t\t\t\t\t<div class=\"elementor-accordion-item\">\n\t\t\t\t\t<div id=\"elementor-tab-title-1512\" class=\"elementor-tab-title\" data-tab=\"2\" role=\"button\" aria-controls=\"elementor-tab-content-1512\" aria-expanded=\"false\">\n\t\t\t\t\t\t\t\t\t\t\t\t\t<span class=\"elementor-accordion-icon elementor-accordion-icon-left\" aria-hidden=\"true\">\n\t\t\t\t\t\t\t\t\t\t\t\t\t\t\t<span class=\"elementor-accordion-icon-closed\"><i class=\"fas fa-plus\"><\/i><\/span>\n\t\t\t\t\t\t\t\t<span class=\"elementor-accordion-icon-opened\"><i class=\"fas fa-minus\"><\/i><\/span>\n\t\t\t\t\t\t\t\t\t\t\t\t\t\t<\/span>\n\t\t\t\t\t\t\t\t\t\t\t\t<a class=\"elementor-accordion-title\" tabindex=\"0\">D\u00eda 2: 15 de marzo, 2024<\/a>\n\t\t\t\t\t<\/div>\n\t\t\t\t\t<div id=\"elementor-tab-content-1512\" class=\"elementor-tab-content elementor-clearfix\" data-tab=\"2\" role=\"region\" aria-labelledby=\"elementor-tab-title-1512\"><div class=\"page\" title=\"Page 2\"><div class=\"layoutArea\"><div class=\"column\"><div class=\"page\" title=\"Page 2\"><div class=\"layoutArea\"><div class=\"column\"><p>El segundo di\u0301a continu\u0301a con sesiones plenarias, oportunidades de dia\u0301logo entre ministros y empresarios, y actividades de cierre. Los temas abordados incluyen mecanismos para atraer inversio\u0301n privada, el papel de las empresas en la transicio\u0301n energe\u0301tica y el compromiso del sector ele\u0301ctrico con la descarbonizacio\u0301n. El evento culmina con una sesio\u0301n de cierre en la que se esperan compromisos poli\u0301ticos y la adopcio\u0301n de protocolos claves para impulsar la transicio\u0301n energe\u0301tica en la regio\u0301n.<\/p><\/div><\/div><\/div><\/div><\/div><\/div><\/div>\n\t\t\t\t<\/div>\n\t\t\t\t\t\t\t\t<\/div>\n\t\t\t\t<\/div>\n\t\t\t\t<\/div>\n\t\t\t\t<section class=\"elementor-section elementor-inner-section elementor-element elementor-element-ff289ad elementor-section-boxed elementor-section-height-default elementor-section-height-default\" data-id=\"ff289ad\" data-element_type=\"section\">\n\t\t\t\t\t\t<div class=\"elementor-container elementor-column-gap-default\">\n\t\t\t\t\t<div class=\"elementor-column elementor-col-25 elementor-inner-column elementor-element elementor-element-ca884d0\" data-id=\"ca884d0\" data-element_type=\"column\">\n\t\t\t<div class=\"elementor-widget-wrap elementor-element-populated\">\n\t\t\t\t\t\t\t\t<div class=\"elementor-element elementor-element-7f3d71c elementor-align-center elementor-widget elementor-widget-button\" data-id=\"7f3d71c\" data-element_type=\"widget\" data-widget_type=\"button.default\">\n\t\t\t\t<div class=\"elementor-widget-container\">\n\t\t\t\t\t<div class=\"elementor-button-wrapper\">\n\t\t\t<a class=\"elementor-button elementor-button-link elementor-size-md\" href=\"https:\/\/ecpamericas.org\/wp-content\/uploads\/2024\/03\/6ta-Reunion-Ministerial-ECPA-Temario-4.pdf\" target=\"_blank\">\n\t\t\t\t\t\t<span class=\"elementor-button-content-wrapper\">\n\t\t\t\t\t\t<span class=\"elementor-button-icon elementor-align-icon-left\">\n\t\t\t\t<i aria-hidden=\"true\" class=\"far fa-calendar\"><\/i>\t\t\t<\/span>\n\t\t\t\t\t\t<span class=\"elementor-button-text\">Descargar temario<\/span>\n\t\t<\/span>\n\t\t\t\t\t<\/a>\n\t\t<\/div>\n\t\t\t\t<\/div>\n\t\t\t\t<\/div>\n\t\t\t\t\t<\/div>\n\t\t<\/div>\n\t\t\t\t<div class=\"elementor-column elementor-col-25 elementor-inner-column elementor-element elementor-element-677519a\" data-id=\"677519a\" data-element_type=\"column\">\n\t\t\t<div class=\"elementor-widget-wrap elementor-element-populated\">\n\t\t\t\t\t\t\t\t<div class=\"elementor-element elementor-element-025073b elementor-align-center elementor-widget elementor-widget-button\" data-id=\"025073b\" data-element_type=\"widget\" data-widget_type=\"button.default\">\n\t\t\t\t<div class=\"elementor-widget-container\">\n\t\t\t\t\t<div class=\"elementor-button-wrapper\">\n\t\t\t<a class=\"elementor-button elementor-button-link elementor-size-md\" href=\"https:\/\/ecpamericas.org\/wp-content\/uploads\/2024\/02\/6th_ECPA_Ministerial_Concept-Note_ESP.pdf\" target=\"_blank\" id=\"6thmin-concept-note\">\n\t\t\t\t\t\t<span class=\"elementor-button-content-wrapper\">\n\t\t\t\t\t\t<span class=\"elementor-button-icon elementor-align-icon-left\">\n\t\t\t\t<i aria-hidden=\"true\" class=\"fas fa-file-download\"><\/i>\t\t\t<\/span>\n\t\t\t\t\t\t<span class=\"elementor-button-text\">Descargar nota conceptual<\/span>\n\t\t<\/span>\n\t\t\t\t\t<\/a>\n\t\t<\/div>\n\t\t\t\t<\/div>\n\t\t\t\t<\/div>\n\t\t\t\t\t<\/div>\n\t\t<\/div>\n\t\t\t\t<div class=\"elementor-column elementor-col-25 elementor-inner-column elementor-element elementor-element-afd6203\" data-id=\"afd6203\" data-element_type=\"column\">\n\t\t\t<div class=\"elementor-widget-wrap elementor-element-populated\">\n\t\t\t\t\t\t\t\t<div class=\"elementor-element elementor-element-6ff7e8c elementor-align-center elementor-widget elementor-widget-button\" data-id=\"6ff7e8c\" data-element_type=\"widget\" data-widget_type=\"button.default\">\n\t\t\t\t<div class=\"elementor-widget-container\">\n\t\t\t\t\t<div class=\"elementor-button-wrapper\">\n\t\t\t<a class=\"elementor-button elementor-button-link elementor-size-md\" href=\"https:\/\/vireunionministerialecpa2024.mem.gob.do\/guia-logistica\/\" target=\"_blank\" id=\"6thmin-concept-note\">\n\t\t\t\t\t\t<span class=\"elementor-button-content-wrapper\">\n\t\t\t\t\t\t<span class=\"elementor-button-icon elementor-align-icon-left\">\n\t\t\t\t<i aria-hidden=\"true\" class=\"fas fa-plane\"><\/i>\t\t\t<\/span>\n\t\t\t\t\t\t<span class=\"elementor-button-text\">Ver gu\u00eda log\u00edstica<\/span>\n\t\t<\/span>\n\t\t\t\t\t<\/a>\n\t\t<\/div>\n\t\t\t\t<\/div>\n\t\t\t\t<\/div>\n\t\t\t\t\t<\/div>\n\t\t<\/div>\n\t\t\t\t<div class=\"elementor-column elementor-col-25 elementor-inner-column elementor-element elementor-element-5515329\" data-id=\"5515329\" data-element_type=\"column\">\n\t\t\t<div class=\"elementor-widget-wrap\">\n\t\t\t\t\t\t\t\t\t<\/div>\n\t\t<\/div>\n\t\t\t\t\t\t\t<\/div>\n\t\t<\/section>\n\t\t\t\t\t<\/div>\n\t\t<\/div>\n\t\t\t\t\t\t\t<\/div>\n\t\t<\/section>\n\t\t\t\t<section class=\"elementor-section elementor-top-section elementor-element elementor-element-2afeca2 elementor-section-boxed elementor-section-height-default elementor-section-height-default\" data-id=\"2afeca2\" data-element_type=\"section\" data-settings=\"{&quot;background_background&quot;:&quot;classic&quot;}\">\n\t\t\t\t\t\t<div class=\"elementor-container elementor-column-gap-default\">\n\t\t\t\t\t<div class=\"elementor-column elementor-col-100 elementor-top-column elementor-element elementor-element-1deafa2\" data-id=\"1deafa2\" data-element_type=\"column\">\n\t\t\t<div class=\"elementor-widget-wrap elementor-element-populated\">\n\t\t\t\t\t\t\t\t<div class=\"elementor-element elementor-element-d506fdc elementor-widget elementor-widget-heading\" data-id=\"d506fdc\" data-element_type=\"widget\" data-widget_type=\"heading.default\">\n\t\t\t\t<div class=\"elementor-widget-container\">\n\t\t\t<p class=\"elementor-heading-title elementor-size-default\">Eventos paralelos tem\u00e1ticos<\/p>\t\t<\/div>\n\t\t\t\t<\/div>\n\t\t\t\t<section class=\"elementor-section elementor-inner-section elementor-element elementor-element-210b3fd elementor-section-boxed elementor-section-height-default elementor-section-height-default\" data-id=\"210b3fd\" data-element_type=\"section\">\n\t\t\t\t\t\t<div class=\"elementor-container elementor-column-gap-default\">\n\t\t\t\t\t<div class=\"elementor-column elementor-col-25 elementor-inner-column elementor-element elementor-element-3472138\" data-id=\"3472138\" data-element_type=\"column\">\n\t\t\t<div class=\"elementor-widget-wrap elementor-element-populated\">\n\t\t\t\t\t\t\t\t<div class=\"elementor-element elementor-element-fde12bd e-transform elementor-widget elementor-widget-image\" data-id=\"fde12bd\" data-element_type=\"widget\" data-settings=\"{&quot;_animation&quot;:&quot;none&quot;,&quot;_transform_scale_effect_hover&quot;:{&quot;unit&quot;:&quot;px&quot;,&quot;size&quot;:1.05,&quot;sizes&quot;:[]},&quot;_transform_scale_effect_hover_tablet&quot;:{&quot;unit&quot;:&quot;px&quot;,&quot;size&quot;:&quot;&quot;,&quot;sizes&quot;:[]},&quot;_transform_scale_effect_hover_mobile&quot;:{&quot;unit&quot;:&quot;px&quot;,&quot;size&quot;:&quot;&quot;,&quot;sizes&quot;:[]}}\" data-widget_type=\"image.default\">\n\t\t\t\t<div class=\"elementor-widget-container\">\n\t\t\t\t\t\t\t\t\t\t\t\t<figure class=\"wp-caption\">\n\t\t\t\t\t\t\t\t\t\t\t<a href=\"https:\/\/ecpamericas.org\/wp-content\/uploads\/2024\/03\/Dialogo-para-avanzar-politicas-energeticas-justas-e-inclusivas-en-las-Americas-1.pdf\" target=\"_blank\">\n\t\t\t\t\t\t\t<img decoding=\"async\" width=\"1024\" height=\"1024\" src=\"https:\/\/ecpamericas.org\/wp-content\/uploads\/2024\/03\/Dialogo-para-avanzar-politicas-energeticas-justas-e-inclusivas-en-las-Americas_Flyer@2x-100-1024x1024.jpg\" class=\"attachment-large size-large wp-image-8353\" alt=\"\" srcset=\"https:\/\/ecpamericas.org\/wp-content\/uploads\/2024\/03\/Dialogo-para-avanzar-politicas-energeticas-justas-e-inclusivas-en-las-Americas_Flyer@2x-100-1024x1024.jpg 1024w, https:\/\/ecpamericas.org\/wp-content\/uploads\/2024\/03\/Dialogo-para-avanzar-politicas-energeticas-justas-e-inclusivas-en-las-Americas_Flyer@2x-100-300x300.jpg 300w, https:\/\/ecpamericas.org\/wp-content\/uploads\/2024\/03\/Dialogo-para-avanzar-politicas-energeticas-justas-e-inclusivas-en-las-Americas_Flyer@2x-100-150x150.jpg 150w, https:\/\/ecpamericas.org\/wp-content\/uploads\/2024\/03\/Dialogo-para-avanzar-politicas-energeticas-justas-e-inclusivas-en-las-Americas_Flyer@2x-100-768x768.jpg 768w, https:\/\/ecpamericas.org\/wp-content\/uploads\/2024\/03\/Dialogo-para-avanzar-politicas-energeticas-justas-e-inclusivas-en-las-Americas_Flyer@2x-100-1536x1536.jpg 1536w, https:\/\/ecpamericas.org\/wp-content\/uploads\/2024\/03\/Dialogo-para-avanzar-politicas-energeticas-justas-e-inclusivas-en-las-Americas_Flyer@2x-100-2048x2048.jpg 2048w\" sizes=\"(max-width: 1024px) 100vw, 1024px\" \/>\t\t\t\t\t\t\t\t<\/a>\n\t\t\t\t\t\t\t\t\t\t\t<figcaption class=\"widget-image-caption wp-caption-text\">Ver temario<\/figcaption>\n\t\t\t\t\t\t\t\t\t\t<\/figure>\n\t\t\t\t\t\t\t\t\t<\/div>\n\t\t\t\t<\/div>\n\t\t\t\t\t<\/div>\n\t\t<\/div>\n\t\t\t\t<div class=\"elementor-column elementor-col-25 elementor-inner-column elementor-element elementor-element-912436b\" data-id=\"912436b\" data-element_type=\"column\">\n\t\t\t<div class=\"elementor-widget-wrap elementor-element-populated\">\n\t\t\t\t\t\t\t\t<div class=\"elementor-element elementor-element-d624037 e-transform elementor-widget elementor-widget-image\" data-id=\"d624037\" data-element_type=\"widget\" data-settings=\"{&quot;_animation&quot;:&quot;none&quot;,&quot;_transform_scale_effect_hover&quot;:{&quot;unit&quot;:&quot;px&quot;,&quot;size&quot;:1.05,&quot;sizes&quot;:[]},&quot;_transform_scale_effect_hover_tablet&quot;:{&quot;unit&quot;:&quot;px&quot;,&quot;size&quot;:&quot;&quot;,&quot;sizes&quot;:[]},&quot;_transform_scale_effect_hover_mobile&quot;:{&quot;unit&quot;:&quot;px&quot;,&quot;size&quot;:&quot;&quot;,&quot;sizes&quot;:[]}}\" data-widget_type=\"image.default\">\n\t\t\t\t<div class=\"elementor-widget-container\">\n\t\t\t\t\t\t\t\t\t\t\t\t<figure class=\"wp-caption\">\n\t\t\t\t\t\t\t\t\t\t\t<a href=\"https:\/\/ecpamericas.org\/wp-content\/uploads\/2024\/03\/Escalando-el-financiamiento-en-LAC-para-apoyar-el-desarrollo-del-H2-y-la-descarbonizacion-industrial.pdf.pdf\" target=\"_blank\">\n\t\t\t\t\t\t\t<img decoding=\"async\" width=\"1024\" height=\"1024\" src=\"https:\/\/ecpamericas.org\/wp-content\/uploads\/2024\/03\/Caminos-hacia-la-descarbonizacion-de-la-industria-pesada-100-1024x1024.jpg\" class=\"attachment-large size-large wp-image-8567\" alt=\"\" srcset=\"https:\/\/ecpamericas.org\/wp-content\/uploads\/2024\/03\/Caminos-hacia-la-descarbonizacion-de-la-industria-pesada-100-1024x1024.jpg 1024w, https:\/\/ecpamericas.org\/wp-content\/uploads\/2024\/03\/Caminos-hacia-la-descarbonizacion-de-la-industria-pesada-100-300x300.jpg 300w, https:\/\/ecpamericas.org\/wp-content\/uploads\/2024\/03\/Caminos-hacia-la-descarbonizacion-de-la-industria-pesada-100-150x150.jpg 150w, https:\/\/ecpamericas.org\/wp-content\/uploads\/2024\/03\/Caminos-hacia-la-descarbonizacion-de-la-industria-pesada-100-768x768.jpg 768w, https:\/\/ecpamericas.org\/wp-content\/uploads\/2024\/03\/Caminos-hacia-la-descarbonizacion-de-la-industria-pesada-100.jpg 1081w\" sizes=\"(max-width: 1024px) 100vw, 1024px\" \/>\t\t\t\t\t\t\t\t<\/a>\n\t\t\t\t\t\t\t\t\t\t\t<figcaption class=\"widget-image-caption wp-caption-text\">Ver temario<\/figcaption>\n\t\t\t\t\t\t\t\t\t\t<\/figure>\n\t\t\t\t\t\t\t\t\t<\/div>\n\t\t\t\t<\/div>\n\t\t\t\t\t<\/div>\n\t\t<\/div>\n\t\t\t\t<div class=\"elementor-column elementor-col-25 elementor-inner-column elementor-element elementor-element-e945162\" data-id=\"e945162\" data-element_type=\"column\">\n\t\t\t<div class=\"elementor-widget-wrap elementor-element-populated\">\n\t\t\t\t\t\t\t\t<div class=\"elementor-element elementor-element-575cce2 e-transform elementor-widget elementor-widget-image\" data-id=\"575cce2\" data-element_type=\"widget\" data-settings=\"{&quot;_animation&quot;:&quot;none&quot;,&quot;_transform_scale_effect_hover&quot;:{&quot;unit&quot;:&quot;px&quot;,&quot;size&quot;:1.05,&quot;sizes&quot;:[]},&quot;_transform_scale_effect_hover_tablet&quot;:{&quot;unit&quot;:&quot;px&quot;,&quot;size&quot;:&quot;&quot;,&quot;sizes&quot;:[]},&quot;_transform_scale_effect_hover_mobile&quot;:{&quot;unit&quot;:&quot;px&quot;,&quot;size&quot;:&quot;&quot;,&quot;sizes&quot;:[]}}\" data-widget_type=\"image.default\">\n\t\t\t\t<div class=\"elementor-widget-container\">\n\t\t\t\t\t\t\t\t\t\t\t\t<figure class=\"wp-caption\">\n\t\t\t\t\t\t\t\t\t\t\t<a href=\"https:\/\/ecpamericas.org\/wp-content\/uploads\/2024\/03\/Agenda-estrategica-del-Metano.pdf\" target=\"_blank\">\n\t\t\t\t\t\t\t<img loading=\"lazy\" decoding=\"async\" width=\"1024\" height=\"1024\" src=\"https:\/\/ecpamericas.org\/wp-content\/uploads\/2024\/03\/OEMLAC@2x-100-2-1024x1024.jpg\" class=\"attachment-large size-large wp-image-8530\" alt=\"\" srcset=\"https:\/\/ecpamericas.org\/wp-content\/uploads\/2024\/03\/OEMLAC@2x-100-2-1024x1024.jpg 1024w, https:\/\/ecpamericas.org\/wp-content\/uploads\/2024\/03\/OEMLAC@2x-100-2-300x300.jpg 300w, https:\/\/ecpamericas.org\/wp-content\/uploads\/2024\/03\/OEMLAC@2x-100-2-150x150.jpg 150w, https:\/\/ecpamericas.org\/wp-content\/uploads\/2024\/03\/OEMLAC@2x-100-2-768x768.jpg 768w, https:\/\/ecpamericas.org\/wp-content\/uploads\/2024\/03\/OEMLAC@2x-100-2-1536x1536.jpg 1536w, https:\/\/ecpamericas.org\/wp-content\/uploads\/2024\/03\/OEMLAC@2x-100-2-2048x2048.jpg 2048w\" sizes=\"(max-width: 1024px) 100vw, 1024px\" \/>\t\t\t\t\t\t\t\t<\/a>\n\t\t\t\t\t\t\t\t\t\t\t<figcaption class=\"widget-image-caption wp-caption-text\">Ver temario<\/figcaption>\n\t\t\t\t\t\t\t\t\t\t<\/figure>\n\t\t\t\t\t\t\t\t\t<\/div>\n\t\t\t\t<\/div>\n\t\t\t\t\t<\/div>\n\t\t<\/div>\n\t\t\t\t<div class=\"elementor-column elementor-col-25 elementor-inner-column elementor-element elementor-element-b220ec0\" data-id=\"b220ec0\" data-element_type=\"column\">\n\t\t\t<div class=\"elementor-widget-wrap elementor-element-populated\">\n\t\t\t\t\t\t\t\t<div class=\"elementor-element elementor-element-e6e6ff0 e-transform elementor-widget elementor-widget-image\" data-id=\"e6e6ff0\" data-element_type=\"widget\" data-settings=\"{&quot;_animation&quot;:&quot;none&quot;,&quot;_transform_scale_effect_hover&quot;:{&quot;unit&quot;:&quot;px&quot;,&quot;size&quot;:1.05,&quot;sizes&quot;:[]},&quot;_transform_scale_effect_hover_tablet&quot;:{&quot;unit&quot;:&quot;px&quot;,&quot;size&quot;:&quot;&quot;,&quot;sizes&quot;:[]},&quot;_transform_scale_effect_hover_mobile&quot;:{&quot;unit&quot;:&quot;px&quot;,&quot;size&quot;:&quot;&quot;,&quot;sizes&quot;:[]}}\" data-widget_type=\"image.default\">\n\t\t\t\t<div class=\"elementor-widget-container\">\n\t\t\t\t\t\t\t\t\t\t\t\t<figure class=\"wp-caption\">\n\t\t\t\t\t\t\t\t\t\t\t<a href=\"https:\/\/ecpamericas.org\/wp-content\/uploads\/2024\/03\/El-futuro-de-la-energia_GE.pdf\" target=\"_blank\">\n\t\t\t\t\t\t\t<img loading=\"lazy\" decoding=\"async\" width=\"1024\" height=\"1024\" src=\"https:\/\/ecpamericas.org\/wp-content\/uploads\/2024\/03\/El-futuro-de-la-energgia@2x-100-1024x1024.jpg\" class=\"attachment-large size-large wp-image-8392\" alt=\"\" srcset=\"https:\/\/ecpamericas.org\/wp-content\/uploads\/2024\/03\/El-futuro-de-la-energgia@2x-100-1024x1024.jpg 1024w, https:\/\/ecpamericas.org\/wp-content\/uploads\/2024\/03\/El-futuro-de-la-energgia@2x-100-300x300.jpg 300w, https:\/\/ecpamericas.org\/wp-content\/uploads\/2024\/03\/El-futuro-de-la-energgia@2x-100-150x150.jpg 150w, https:\/\/ecpamericas.org\/wp-content\/uploads\/2024\/03\/El-futuro-de-la-energgia@2x-100-768x768.jpg 768w, https:\/\/ecpamericas.org\/wp-content\/uploads\/2024\/03\/El-futuro-de-la-energgia@2x-100-1536x1536.jpg 1536w, https:\/\/ecpamericas.org\/wp-content\/uploads\/2024\/03\/El-futuro-de-la-energgia@2x-100-2048x2048.jpg 2048w\" sizes=\"(max-width: 1024px) 100vw, 1024px\" \/>\t\t\t\t\t\t\t\t<\/a>\n\t\t\t\t\t\t\t\t\t\t\t<figcaption class=\"widget-image-caption wp-caption-text\">Ver temario<\/figcaption>\n\t\t\t\t\t\t\t\t\t\t<\/figure>\n\t\t\t\t\t\t\t\t\t<\/div>\n\t\t\t\t<\/div>\n\t\t\t\t\t<\/div>\n\t\t<\/div>\n\t\t\t\t\t\t\t<\/div>\n\t\t<\/section>\n\t\t\t\t<section class=\"elementor-section elementor-inner-section elementor-element elementor-element-2fe2571 elementor-section-boxed elementor-section-height-default elementor-section-height-default\" data-id=\"2fe2571\" data-element_type=\"section\">\n\t\t\t\t\t\t<div class=\"elementor-container elementor-column-gap-default\">\n\t\t\t\t\t<div class=\"elementor-column elementor-col-25 elementor-inner-column elementor-element elementor-element-660706a\" data-id=\"660706a\" data-element_type=\"column\">\n\t\t\t<div class=\"elementor-widget-wrap elementor-element-populated\">\n\t\t\t\t\t\t\t\t<div class=\"elementor-element elementor-element-dfbeb5a e-transform elementor-widget elementor-widget-image\" data-id=\"dfbeb5a\" data-element_type=\"widget\" data-settings=\"{&quot;_animation&quot;:&quot;none&quot;,&quot;_transform_scale_effect_hover&quot;:{&quot;unit&quot;:&quot;px&quot;,&quot;size&quot;:1.05,&quot;sizes&quot;:[]},&quot;_transform_scale_effect_hover_tablet&quot;:{&quot;unit&quot;:&quot;px&quot;,&quot;size&quot;:&quot;&quot;,&quot;sizes&quot;:[]},&quot;_transform_scale_effect_hover_mobile&quot;:{&quot;unit&quot;:&quot;px&quot;,&quot;size&quot;:&quot;&quot;,&quot;sizes&quot;:[]}}\" data-widget_type=\"image.default\">\n\t\t\t\t<div class=\"elementor-widget-container\">\n\t\t\t\t\t\t\t\t\t\t\t\t<figure class=\"wp-caption\">\n\t\t\t\t\t\t\t\t\t\t\t<a href=\"https:\/\/ecpamericas.org\/wp-content\/uploads\/2024\/03\/Alianza-Estados-Unidos-Caribe-para-abordar-la-crisis-climatica-2030-PACC-2030-1.pdf\" target=\"_blank\">\n\t\t\t\t\t\t\t<img loading=\"lazy\" decoding=\"async\" width=\"1024\" height=\"1024\" src=\"https:\/\/ecpamericas.org\/wp-content\/uploads\/2024\/03\/PACC-2030_ESP-100-1024x1024.jpg\" class=\"attachment-large size-large wp-image-8225\" alt=\"\" srcset=\"https:\/\/ecpamericas.org\/wp-content\/uploads\/2024\/03\/PACC-2030_ESP-100-1024x1024.jpg 1024w, https:\/\/ecpamericas.org\/wp-content\/uploads\/2024\/03\/PACC-2030_ESP-100-300x300.jpg 300w, https:\/\/ecpamericas.org\/wp-content\/uploads\/2024\/03\/PACC-2030_ESP-100-150x150.jpg 150w, https:\/\/ecpamericas.org\/wp-content\/uploads\/2024\/03\/PACC-2030_ESP-100-768x768.jpg 768w, https:\/\/ecpamericas.org\/wp-content\/uploads\/2024\/03\/PACC-2030_ESP-100.jpg 1081w\" sizes=\"(max-width: 1024px) 100vw, 1024px\" \/>\t\t\t\t\t\t\t\t<\/a>\n\t\t\t\t\t\t\t\t\t\t\t<figcaption class=\"widget-image-caption wp-caption-text\">Ver temario<\/figcaption>\n\t\t\t\t\t\t\t\t\t\t<\/figure>\n\t\t\t\t\t\t\t\t\t<\/div>\n\t\t\t\t<\/div>\n\t\t\t\t\t<\/div>\n\t\t<\/div>\n\t\t\t\t<div class=\"elementor-column elementor-col-25 elementor-inner-column elementor-element elementor-element-cec3986\" data-id=\"cec3986\" data-element_type=\"column\">\n\t\t\t<div class=\"elementor-widget-wrap elementor-element-populated\">\n\t\t\t\t\t\t\t\t<div class=\"elementor-element elementor-element-a8ab6c6 e-transform elementor-widget elementor-widget-image\" data-id=\"a8ab6c6\" data-element_type=\"widget\" data-settings=\"{&quot;_animation&quot;:&quot;none&quot;,&quot;_transform_scale_effect_hover&quot;:{&quot;unit&quot;:&quot;px&quot;,&quot;size&quot;:1.05,&quot;sizes&quot;:[]},&quot;_transform_scale_effect_hover_tablet&quot;:{&quot;unit&quot;:&quot;px&quot;,&quot;size&quot;:&quot;&quot;,&quot;sizes&quot;:[]},&quot;_transform_scale_effect_hover_mobile&quot;:{&quot;unit&quot;:&quot;px&quot;,&quot;size&quot;:&quot;&quot;,&quot;sizes&quot;:[]}}\" data-widget_type=\"image.default\">\n\t\t\t\t<div class=\"elementor-widget-container\">\n\t\t\t\t\t\t\t\t\t\t\t\t<figure class=\"wp-caption\">\n\t\t\t\t\t\t\t\t\t\t\t<a href=\"https:\/\/ecpamericas.org\/wp-content\/uploads\/2024\/03\/Balance-regional-de-la-transicion-energetica-2.pdf\" target=\"_blank\">\n\t\t\t\t\t\t\t<img loading=\"lazy\" decoding=\"async\" width=\"1024\" height=\"1024\" src=\"https:\/\/ecpamericas.org\/wp-content\/uploads\/2024\/03\/Balance-regional-de-la-transicion-energetica@2x-100-1-1024x1024.jpg\" class=\"attachment-large size-large wp-image-8502\" alt=\"\" srcset=\"https:\/\/ecpamericas.org\/wp-content\/uploads\/2024\/03\/Balance-regional-de-la-transicion-energetica@2x-100-1-1024x1024.jpg 1024w, https:\/\/ecpamericas.org\/wp-content\/uploads\/2024\/03\/Balance-regional-de-la-transicion-energetica@2x-100-1-300x300.jpg 300w, https:\/\/ecpamericas.org\/wp-content\/uploads\/2024\/03\/Balance-regional-de-la-transicion-energetica@2x-100-1-150x150.jpg 150w, https:\/\/ecpamericas.org\/wp-content\/uploads\/2024\/03\/Balance-regional-de-la-transicion-energetica@2x-100-1-768x768.jpg 768w, https:\/\/ecpamericas.org\/wp-content\/uploads\/2024\/03\/Balance-regional-de-la-transicion-energetica@2x-100-1-1536x1536.jpg 1536w, https:\/\/ecpamericas.org\/wp-content\/uploads\/2024\/03\/Balance-regional-de-la-transicion-energetica@2x-100-1-2048x2048.jpg 2048w\" sizes=\"(max-width: 1024px) 100vw, 1024px\" \/>\t\t\t\t\t\t\t\t<\/a>\n\t\t\t\t\t\t\t\t\t\t\t<figcaption class=\"widget-image-caption wp-caption-text\">Ver temario<\/figcaption>\n\t\t\t\t\t\t\t\t\t\t<\/figure>\n\t\t\t\t\t\t\t\t\t<\/div>\n\t\t\t\t<\/div>\n\t\t\t\t\t<\/div>\n\t\t<\/div>\n\t\t\t\t<div class=\"elementor-column elementor-col-25 elementor-inner-column elementor-element elementor-element-451c501\" data-id=\"451c501\" data-element_type=\"column\">\n\t\t\t<div class=\"elementor-widget-wrap elementor-element-populated\">\n\t\t\t\t\t\t\t\t<div class=\"elementor-element elementor-element-038b793 e-transform elementor-widget elementor-widget-image\" data-id=\"038b793\" data-element_type=\"widget\" data-settings=\"{&quot;_animation&quot;:&quot;none&quot;,&quot;_transform_scale_effect_hover&quot;:{&quot;unit&quot;:&quot;px&quot;,&quot;size&quot;:1.05,&quot;sizes&quot;:[]},&quot;_transform_scale_effect_hover_tablet&quot;:{&quot;unit&quot;:&quot;px&quot;,&quot;size&quot;:&quot;&quot;,&quot;sizes&quot;:[]},&quot;_transform_scale_effect_hover_mobile&quot;:{&quot;unit&quot;:&quot;px&quot;,&quot;size&quot;:&quot;&quot;,&quot;sizes&quot;:[]}}\" data-widget_type=\"image.default\">\n\t\t\t\t<div class=\"elementor-widget-container\">\n\t\t\t\t\t\t\t\t\t\t\t\t<figure class=\"wp-caption\">\n\t\t\t\t\t\t\t\t\t\t\t<a href=\"https:\/\/ecpamericas.org\/wp-content\/uploads\/2024\/03\/Descarbonizar-la-industria-maritima-e-Integrar-la-Infraestructura-del-Transporte-2.pdf\" target=\"_blank\">\n\t\t\t\t\t\t\t<img loading=\"lazy\" decoding=\"async\" width=\"1024\" height=\"1024\" src=\"https:\/\/ecpamericas.org\/wp-content\/uploads\/2024\/02\/Industri-maritima-1024x1024.jpg\" class=\"attachment-large size-large wp-image-8196\" alt=\"\" srcset=\"https:\/\/ecpamericas.org\/wp-content\/uploads\/2024\/02\/Industri-maritima-1024x1024.jpg 1024w, https:\/\/ecpamericas.org\/wp-content\/uploads\/2024\/02\/Industri-maritima-300x300.jpg 300w, https:\/\/ecpamericas.org\/wp-content\/uploads\/2024\/02\/Industri-maritima-150x150.jpg 150w, https:\/\/ecpamericas.org\/wp-content\/uploads\/2024\/02\/Industri-maritima-768x768.jpg 768w, https:\/\/ecpamericas.org\/wp-content\/uploads\/2024\/02\/Industri-maritima-1536x1536.jpg 1536w, https:\/\/ecpamericas.org\/wp-content\/uploads\/2024\/02\/Industri-maritima-2048x2048.jpg 2048w\" sizes=\"(max-width: 1024px) 100vw, 1024px\" \/>\t\t\t\t\t\t\t\t<\/a>\n\t\t\t\t\t\t\t\t\t\t\t<figcaption class=\"widget-image-caption wp-caption-text\">Ver temario<\/figcaption>\n\t\t\t\t\t\t\t\t\t\t<\/figure>\n\t\t\t\t\t\t\t\t\t<\/div>\n\t\t\t\t<\/div>\n\t\t\t\t\t<\/div>\n\t\t<\/div>\n\t\t\t\t<div class=\"elementor-column elementor-col-25 elementor-inner-column elementor-element elementor-element-2203a68\" data-id=\"2203a68\" data-element_type=\"column\">\n\t\t\t<div class=\"elementor-widget-wrap elementor-element-populated\">\n\t\t\t\t\t\t\t\t<div class=\"elementor-element elementor-element-1c5cc76 e-transform elementor-widget elementor-widget-image\" data-id=\"1c5cc76\" data-element_type=\"widget\" data-settings=\"{&quot;_animation&quot;:&quot;none&quot;,&quot;_transform_scale_effect_hover&quot;:{&quot;unit&quot;:&quot;px&quot;,&quot;size&quot;:1.05,&quot;sizes&quot;:[]},&quot;_transform_scale_effect_hover_tablet&quot;:{&quot;unit&quot;:&quot;px&quot;,&quot;size&quot;:&quot;&quot;,&quot;sizes&quot;:[]},&quot;_transform_scale_effect_hover_mobile&quot;:{&quot;unit&quot;:&quot;px&quot;,&quot;size&quot;:&quot;&quot;,&quot;sizes&quot;:[]}}\" data-widget_type=\"image.default\">\n\t\t\t\t<div class=\"elementor-widget-container\">\n\t\t\t\t\t\t\t\t\t\t\t\t<figure class=\"wp-caption\">\n\t\t\t\t\t\t\t\t\t\t\t<a href=\"https:\/\/ecpamericas.org\/wp-content\/uploads\/2024\/03\/Reactores-Modulares-Pequenos-Electricidad-Flexible-y-Asequible-1.pdf\" target=\"_blank\">\n\t\t\t\t\t\t\t<img loading=\"lazy\" decoding=\"async\" width=\"1024\" height=\"1024\" src=\"https:\/\/ecpamericas.org\/wp-content\/uploads\/2024\/03\/SMR_ESP@2x-100-1-1024x1024.jpg\" class=\"attachment-large size-large wp-image-8463\" alt=\"\" srcset=\"https:\/\/ecpamericas.org\/wp-content\/uploads\/2024\/03\/SMR_ESP@2x-100-1-1024x1024.jpg 1024w, https:\/\/ecpamericas.org\/wp-content\/uploads\/2024\/03\/SMR_ESP@2x-100-1-300x300.jpg 300w, https:\/\/ecpamericas.org\/wp-content\/uploads\/2024\/03\/SMR_ESP@2x-100-1-150x150.jpg 150w, https:\/\/ecpamericas.org\/wp-content\/uploads\/2024\/03\/SMR_ESP@2x-100-1-768x768.jpg 768w, https:\/\/ecpamericas.org\/wp-content\/uploads\/2024\/03\/SMR_ESP@2x-100-1-1536x1536.jpg 1536w, https:\/\/ecpamericas.org\/wp-content\/uploads\/2024\/03\/SMR_ESP@2x-100-1-2048x2048.jpg 2048w\" sizes=\"(max-width: 1024px) 100vw, 1024px\" \/>\t\t\t\t\t\t\t\t<\/a>\n\t\t\t\t\t\t\t\t\t\t\t<figcaption class=\"widget-image-caption wp-caption-text\">Ver temario<\/figcaption>\n\t\t\t\t\t\t\t\t\t\t<\/figure>\n\t\t\t\t\t\t\t\t\t<\/div>\n\t\t\t\t<\/div>\n\t\t\t\t\t<\/div>\n\t\t<\/div>\n\t\t\t\t\t\t\t<\/div>\n\t\t<\/section>\n\t\t\t\t<section class=\"elementor-section elementor-inner-section elementor-element elementor-element-a72736a elementor-section-boxed elementor-section-height-default elementor-section-height-default\" data-id=\"a72736a\" data-element_type=\"section\">\n\t\t\t\t\t\t<div class=\"elementor-container elementor-column-gap-default\">\n\t\t\t\t\t<div class=\"elementor-column elementor-col-25 elementor-inner-column elementor-element elementor-element-3e3f852\" data-id=\"3e3f852\" data-element_type=\"column\">\n\t\t\t<div class=\"elementor-widget-wrap elementor-element-populated\">\n\t\t\t\t\t\t\t\t<div class=\"elementor-element elementor-element-a17c890 e-transform elementor-widget elementor-widget-image\" data-id=\"a17c890\" data-element_type=\"widget\" data-settings=\"{&quot;_animation&quot;:&quot;none&quot;,&quot;_transform_scale_effect_hover&quot;:{&quot;unit&quot;:&quot;px&quot;,&quot;size&quot;:1.05,&quot;sizes&quot;:[]},&quot;_transform_scale_effect_hover_tablet&quot;:{&quot;unit&quot;:&quot;px&quot;,&quot;size&quot;:&quot;&quot;,&quot;sizes&quot;:[]},&quot;_transform_scale_effect_hover_mobile&quot;:{&quot;unit&quot;:&quot;px&quot;,&quot;size&quot;:&quot;&quot;,&quot;sizes&quot;:[]}}\" data-widget_type=\"image.default\">\n\t\t\t\t<div class=\"elementor-widget-container\">\n\t\t\t\t\t\t\t\t\t\t\t\t<figure class=\"wp-caption\">\n\t\t\t\t\t\t\t\t\t\t\t<a href=\"https:\/\/ecpamericas.org\/wp-content\/uploads\/2024\/03\/CERTHILAC_ESP.pdf\" target=\"_blank\">\n\t\t\t\t\t\t\t<img loading=\"lazy\" decoding=\"async\" width=\"1024\" height=\"1024\" src=\"https:\/\/ecpamericas.org\/wp-content\/uploads\/2024\/03\/CERTHILAC_esp@2x-100-1024x1024.jpg\" class=\"attachment-large size-large wp-image-8601\" alt=\"\" srcset=\"https:\/\/ecpamericas.org\/wp-content\/uploads\/2024\/03\/CERTHILAC_esp@2x-100-1024x1024.jpg 1024w, https:\/\/ecpamericas.org\/wp-content\/uploads\/2024\/03\/CERTHILAC_esp@2x-100-300x300.jpg 300w, https:\/\/ecpamericas.org\/wp-content\/uploads\/2024\/03\/CERTHILAC_esp@2x-100-150x150.jpg 150w, https:\/\/ecpamericas.org\/wp-content\/uploads\/2024\/03\/CERTHILAC_esp@2x-100-768x768.jpg 768w, https:\/\/ecpamericas.org\/wp-content\/uploads\/2024\/03\/CERTHILAC_esp@2x-100-1536x1536.jpg 1536w, https:\/\/ecpamericas.org\/wp-content\/uploads\/2024\/03\/CERTHILAC_esp@2x-100-2048x2048.jpg 2048w\" sizes=\"(max-width: 1024px) 100vw, 1024px\" \/>\t\t\t\t\t\t\t\t<\/a>\n\t\t\t\t\t\t\t\t\t\t\t<figcaption class=\"widget-image-caption wp-caption-text\">Ver temario<\/figcaption>\n\t\t\t\t\t\t\t\t\t\t<\/figure>\n\t\t\t\t\t\t\t\t\t<\/div>\n\t\t\t\t<\/div>\n\t\t\t\t\t<\/div>\n\t\t<\/div>\n\t\t\t\t<div class=\"elementor-column elementor-col-25 elementor-inner-column elementor-element elementor-element-bbce854\" data-id=\"bbce854\" data-element_type=\"column\">\n\t\t\t<div class=\"elementor-widget-wrap elementor-element-populated\">\n\t\t\t\t\t\t\t\t<div class=\"elementor-element elementor-element-57f3b70 e-transform elementor-widget elementor-widget-image\" data-id=\"57f3b70\" data-element_type=\"widget\" data-settings=\"{&quot;_animation&quot;:&quot;none&quot;,&quot;_transform_scale_effect_hover&quot;:{&quot;unit&quot;:&quot;px&quot;,&quot;size&quot;:1.05,&quot;sizes&quot;:[]},&quot;_transform_scale_effect_hover_tablet&quot;:{&quot;unit&quot;:&quot;px&quot;,&quot;size&quot;:&quot;&quot;,&quot;sizes&quot;:[]},&quot;_transform_scale_effect_hover_mobile&quot;:{&quot;unit&quot;:&quot;px&quot;,&quot;size&quot;:&quot;&quot;,&quot;sizes&quot;:[]}}\" data-widget_type=\"image.default\">\n\t\t\t\t<div class=\"elementor-widget-container\">\n\t\t\t\t\t\t\t\t\t\t\t\t<figure class=\"wp-caption\">\n\t\t\t\t\t\t\t\t\t\t\t<a href=\"https:\/\/ecpamericas.org\/wp-content\/uploads\/2024\/03\/La-transicion-energetica-un-vector-transformador-del-modelo-dedesarrollo-de-America-Latina-y-el-Caribe.pdf\" target=\"_blank\">\n\t\t\t\t\t\t\t<img loading=\"lazy\" decoding=\"async\" width=\"1024\" height=\"1024\" src=\"https:\/\/ecpamericas.org\/wp-content\/uploads\/2024\/02\/Mesa-de-trabajo-1-copia-9-copy-9@2x-100-1024x1024.jpg\" class=\"attachment-large size-large wp-image-8108\" alt=\"\" srcset=\"https:\/\/ecpamericas.org\/wp-content\/uploads\/2024\/02\/Mesa-de-trabajo-1-copia-9-copy-9@2x-100-1024x1024.jpg 1024w, https:\/\/ecpamericas.org\/wp-content\/uploads\/2024\/02\/Mesa-de-trabajo-1-copia-9-copy-9@2x-100-300x300.jpg 300w, https:\/\/ecpamericas.org\/wp-content\/uploads\/2024\/02\/Mesa-de-trabajo-1-copia-9-copy-9@2x-100-150x150.jpg 150w, https:\/\/ecpamericas.org\/wp-content\/uploads\/2024\/02\/Mesa-de-trabajo-1-copia-9-copy-9@2x-100-768x768.jpg 768w, https:\/\/ecpamericas.org\/wp-content\/uploads\/2024\/02\/Mesa-de-trabajo-1-copia-9-copy-9@2x-100-1536x1536.jpg 1536w, https:\/\/ecpamericas.org\/wp-content\/uploads\/2024\/02\/Mesa-de-trabajo-1-copia-9-copy-9@2x-100-2048x2048.jpg 2048w\" sizes=\"(max-width: 1024px) 100vw, 1024px\" \/>\t\t\t\t\t\t\t\t<\/a>\n\t\t\t\t\t\t\t\t\t\t\t<figcaption class=\"widget-image-caption wp-caption-text\">Ver temario<\/figcaption>\n\t\t\t\t\t\t\t\t\t\t<\/figure>\n\t\t\t\t\t\t\t\t\t<\/div>\n\t\t\t\t<\/div>\n\t\t\t\t\t<\/div>\n\t\t<\/div>\n\t\t\t\t<div class=\"elementor-column elementor-col-25 elementor-inner-column elementor-element elementor-element-4301702\" data-id=\"4301702\" data-element_type=\"column\">\n\t\t\t<div class=\"elementor-widget-wrap elementor-element-populated\">\n\t\t\t\t\t\t\t\t<div class=\"elementor-element elementor-element-ebfbc00 e-transform elementor-widget elementor-widget-image\" data-id=\"ebfbc00\" data-element_type=\"widget\" data-settings=\"{&quot;_animation&quot;:&quot;none&quot;,&quot;_transform_scale_effect_hover&quot;:{&quot;unit&quot;:&quot;px&quot;,&quot;size&quot;:1.05,&quot;sizes&quot;:[]},&quot;_transform_scale_effect_hover_tablet&quot;:{&quot;unit&quot;:&quot;px&quot;,&quot;size&quot;:&quot;&quot;,&quot;sizes&quot;:[]},&quot;_transform_scale_effect_hover_mobile&quot;:{&quot;unit&quot;:&quot;px&quot;,&quot;size&quot;:&quot;&quot;,&quot;sizes&quot;:[]}}\" data-widget_type=\"image.default\">\n\t\t\t\t<div class=\"elementor-widget-container\">\n\t\t\t\t\t\t\t\t\t\t\t\t<figure class=\"wp-caption\">\n\t\t\t\t\t\t\t\t\t\t\t<a href=\"https:\/\/ecpamericas.org\/wp-content\/uploads\/2024\/03\/Abordar-las-barreras-internacionales-para-una-transicion-energetica-justa-y-la-seguridad-energetica-en-America-Latina-y-el-Caribe.pdf\" target=\"_blank\">\n\t\t\t\t\t\t\t<img loading=\"lazy\" decoding=\"async\" width=\"1024\" height=\"1024\" src=\"https:\/\/ecpamericas.org\/wp-content\/uploads\/2024\/03\/PPCA_ESP@2x-100-1024x1024.jpg\" class=\"attachment-large size-large wp-image-8613\" alt=\"\" srcset=\"https:\/\/ecpamericas.org\/wp-content\/uploads\/2024\/03\/PPCA_ESP@2x-100-1024x1024.jpg 1024w, https:\/\/ecpamericas.org\/wp-content\/uploads\/2024\/03\/PPCA_ESP@2x-100-300x300.jpg 300w, https:\/\/ecpamericas.org\/wp-content\/uploads\/2024\/03\/PPCA_ESP@2x-100-150x150.jpg 150w, https:\/\/ecpamericas.org\/wp-content\/uploads\/2024\/03\/PPCA_ESP@2x-100-768x768.jpg 768w, https:\/\/ecpamericas.org\/wp-content\/uploads\/2024\/03\/PPCA_ESP@2x-100-1536x1536.jpg 1536w, https:\/\/ecpamericas.org\/wp-content\/uploads\/2024\/03\/PPCA_ESP@2x-100-2048x2048.jpg 2048w\" sizes=\"(max-width: 1024px) 100vw, 1024px\" \/>\t\t\t\t\t\t\t\t<\/a>\n\t\t\t\t\t\t\t\t\t\t\t<figcaption class=\"widget-image-caption wp-caption-text\">Ver temario<\/figcaption>\n\t\t\t\t\t\t\t\t\t\t<\/figure>\n\t\t\t\t\t\t\t\t\t<\/div>\n\t\t\t\t<\/div>\n\t\t\t\t\t<\/div>\n\t\t<\/div>\n\t\t\t\t<div class=\"elementor-column elementor-col-25 elementor-inner-column elementor-element elementor-element-38c86e6\" data-id=\"38c86e6\" data-element_type=\"column\">\n\t\t\t<div class=\"elementor-widget-wrap elementor-element-populated\">\n\t\t\t\t\t\t\t\t<div class=\"elementor-element elementor-element-ce5db40 e-transform elementor-widget elementor-widget-image\" data-id=\"ce5db40\" data-element_type=\"widget\" data-settings=\"{&quot;_animation&quot;:&quot;none&quot;,&quot;_transform_scale_effect_hover&quot;:{&quot;unit&quot;:&quot;px&quot;,&quot;size&quot;:1.05,&quot;sizes&quot;:[]},&quot;_transform_scale_effect_hover_tablet&quot;:{&quot;unit&quot;:&quot;px&quot;,&quot;size&quot;:&quot;&quot;,&quot;sizes&quot;:[]},&quot;_transform_scale_effect_hover_mobile&quot;:{&quot;unit&quot;:&quot;px&quot;,&quot;size&quot;:&quot;&quot;,&quot;sizes&quot;:[]}}\" data-widget_type=\"image.default\">\n\t\t\t\t<div class=\"elementor-widget-container\">\n\t\t\t\t\t\t\t\t\t\t\t\t<figure class=\"wp-caption\">\n\t\t\t\t\t\t\t\t\t\t\t<a href=\"https:\/\/ecpamericas.org\/wp-content\/uploads\/2024\/03\/Fortalecimiento-de-la-resiliencia-energetica.pdf\" target=\"_blank\">\n\t\t\t\t\t\t\t<img loading=\"lazy\" decoding=\"async\" width=\"1024\" height=\"1024\" src=\"https:\/\/ecpamericas.org\/wp-content\/uploads\/2024\/03\/Resiliencia@2x-100-1024x1024.jpg\" class=\"attachment-large size-large wp-image-8618\" alt=\"\" srcset=\"https:\/\/ecpamericas.org\/wp-content\/uploads\/2024\/03\/Resiliencia@2x-100-1024x1024.jpg 1024w, https:\/\/ecpamericas.org\/wp-content\/uploads\/2024\/03\/Resiliencia@2x-100-300x300.jpg 300w, https:\/\/ecpamericas.org\/wp-content\/uploads\/2024\/03\/Resiliencia@2x-100-150x150.jpg 150w, https:\/\/ecpamericas.org\/wp-content\/uploads\/2024\/03\/Resiliencia@2x-100-768x768.jpg 768w, https:\/\/ecpamericas.org\/wp-content\/uploads\/2024\/03\/Resiliencia@2x-100-1536x1536.jpg 1536w, https:\/\/ecpamericas.org\/wp-content\/uploads\/2024\/03\/Resiliencia@2x-100-2048x2048.jpg 2048w\" sizes=\"(max-width: 1024px) 100vw, 1024px\" \/>\t\t\t\t\t\t\t\t<\/a>\n\t\t\t\t\t\t\t\t\t\t\t<figcaption class=\"widget-image-caption wp-caption-text\">Ver temario<\/figcaption>\n\t\t\t\t\t\t\t\t\t\t<\/figure>\n\t\t\t\t\t\t\t\t\t<\/div>\n\t\t\t\t<\/div>\n\t\t\t\t\t<\/div>\n\t\t<\/div>\n\t\t\t\t\t\t\t<\/div>\n\t\t<\/section>\n\t\t\t\t\t<\/div>\n\t\t<\/div>\n\t\t\t\t\t\t\t<\/div>\n\t\t<\/section>\n\t\t\t\t<section class=\"elementor-section elementor-top-section elementor-element elementor-element-0b991ad elementor-section-boxed elementor-section-height-default elementor-section-height-default\" data-id=\"0b991ad\" data-element_type=\"section\" data-settings=\"{&quot;background_background&quot;:&quot;classic&quot;}\">\n\t\t\t\t\t\t<div class=\"elementor-container elementor-column-gap-default\">\n\t\t\t\t\t<div class=\"elementor-column elementor-col-100 elementor-top-column elementor-element elementor-element-df82f1e\" data-id=\"df82f1e\" data-element_type=\"column\">\n\t\t\t<div class=\"elementor-widget-wrap elementor-element-populated\">\n\t\t\t\t\t\t\t\t<div class=\"elementor-element elementor-element-dcec121 elementor-widget elementor-widget-heading\" data-id=\"dcec121\" data-element_type=\"widget\" data-widget_type=\"heading.default\">\n\t\t\t\t<div class=\"elementor-widget-container\">\n\t\t\t<p class=\"elementor-heading-title elementor-size-default\">Documentos de trabajo<\/p>\t\t<\/div>\n\t\t\t\t<\/div>\n\t\t\t\t<section class=\"elementor-section elementor-inner-section elementor-element elementor-element-ce86719 elementor-section-boxed elementor-section-height-default elementor-section-height-default\" data-id=\"ce86719\" data-element_type=\"section\">\n\t\t\t\t\t\t<div class=\"elementor-container elementor-column-gap-default\">\n\t\t\t\t\t<div class=\"elementor-column elementor-col-33 elementor-inner-column elementor-element elementor-element-caf0e97\" data-id=\"caf0e97\" data-element_type=\"column\">\n\t\t\t<div class=\"elementor-widget-wrap elementor-element-populated\">\n\t\t\t\t\t\t\t\t<div class=\"elementor-element elementor-element-25b5588 e-transform elementor-widget elementor-widget-image\" data-id=\"25b5588\" data-element_type=\"widget\" data-settings=\"{&quot;_animation&quot;:&quot;none&quot;,&quot;_transform_scale_effect_hover&quot;:{&quot;unit&quot;:&quot;px&quot;,&quot;size&quot;:1.05,&quot;sizes&quot;:[]},&quot;_transform_scale_effect_hover_tablet&quot;:{&quot;unit&quot;:&quot;px&quot;,&quot;size&quot;:&quot;&quot;,&quot;sizes&quot;:[]},&quot;_transform_scale_effect_hover_mobile&quot;:{&quot;unit&quot;:&quot;px&quot;,&quot;size&quot;:&quot;&quot;,&quot;sizes&quot;:[]}}\" data-widget_type=\"image.default\">\n\t\t\t\t<div class=\"elementor-widget-container\">\n\t\t\t\t\t\t\t\t\t\t\t\t<figure class=\"wp-caption\">\n\t\t\t\t\t\t\t\t\t\t\t<a href=\"https:\/\/ecpamericas.org\/wp-content\/uploads\/2023\/12\/ECPA_Relevamiento_de_necesidades_y_prioridades_para_la_cooperacion_regional_en_la_transicion_energetica.pdf\" target=\"_blank\">\n\t\t\t\t\t\t\t<img loading=\"lazy\" decoding=\"async\" width=\"690\" height=\"868\" src=\"https:\/\/ecpamericas.org\/wp-content\/uploads\/2023\/12\/Artboard-1-copy.png\" class=\"attachment-large size-large wp-image-7666\" alt=\"\" srcset=\"https:\/\/ecpamericas.org\/wp-content\/uploads\/2023\/12\/Artboard-1-copy.png 690w, https:\/\/ecpamericas.org\/wp-content\/uploads\/2023\/12\/Artboard-1-copy-238x300.png 238w\" sizes=\"(max-width: 690px) 100vw, 690px\" \/>\t\t\t\t\t\t\t\t<\/a>\n\t\t\t\t\t\t\t\t\t\t\t<figcaption class=\"widget-image-caption wp-caption-text\">Relevamiento de necesidades y prioridades para la cooperaci\u00f3n regional en la transici\u00f3n energ\u00e9tica<\/figcaption>\n\t\t\t\t\t\t\t\t\t\t<\/figure>\n\t\t\t\t\t\t\t\t\t<\/div>\n\t\t\t\t<\/div>\n\t\t\t\t\t<\/div>\n\t\t<\/div>\n\t\t\t\t<div class=\"elementor-column elementor-col-33 elementor-inner-column elementor-element elementor-element-749386b\" data-id=\"749386b\" data-element_type=\"column\">\n\t\t\t<div class=\"elementor-widget-wrap\">\n\t\t\t\t\t\t\t\t\t<\/div>\n\t\t<\/div>\n\t\t\t\t<div class=\"elementor-column elementor-col-33 elementor-inner-column elementor-element elementor-element-d41f3b9\" data-id=\"d41f3b9\" data-element_type=\"column\">\n\t\t\t<div class=\"elementor-widget-wrap\">\n\t\t\t\t\t\t\t\t\t<\/div>\n\t\t<\/div>\n\t\t\t\t\t\t\t<\/div>\n\t\t<\/section>\n\t\t\t\t\t<\/div>\n\t\t<\/div>\n\t\t\t\t\t\t\t<\/div>\n\t\t<\/section>\n\t\t\t\t<section class=\"elementor-section elementor-top-section elementor-element elementor-element-96e8ccf elementor-section-full_width elementor-section-stretched elementor-section-height-default elementor-section-height-default\" data-id=\"96e8ccf\" data-element_type=\"section\" data-settings=\"{&quot;stretch_section&quot;:&quot;section-stretched&quot;}\">\n\t\t\t\t\t\t<div class=\"elementor-container elementor-column-gap-default\">\n\t\t\t\t\t<div class=\"elementor-column elementor-col-100 elementor-top-column elementor-element elementor-element-bd11812\" data-id=\"bd11812\" data-element_type=\"column\" data-settings=\"{&quot;background_background&quot;:&quot;classic&quot;}\">\n\t\t\t<div class=\"elementor-widget-wrap elementor-element-populated\">\n\t\t\t\t\t\t\t\t<section class=\"elementor-section elementor-inner-section elementor-element elementor-element-89fab05 elementor-section-boxed elementor-section-height-default elementor-section-height-default\" data-id=\"89fab05\" data-element_type=\"section\">\n\t\t\t\t\t\t<div class=\"elementor-container elementor-column-gap-default\">\n\t\t\t\t\t<div class=\"elementor-column elementor-col-100 elementor-inner-column elementor-element elementor-element-0674492\" data-id=\"0674492\" data-element_type=\"column\">\n\t\t\t<div class=\"elementor-widget-wrap elementor-element-populated\">\n\t\t\t\t\t\t\t\t<div class=\"elementor-element elementor-element-5874f3f elementor-widget elementor-widget-spacer\" data-id=\"5874f3f\" data-element_type=\"widget\" data-widget_type=\"spacer.default\">\n\t\t\t\t<div class=\"elementor-widget-container\">\n\t\t\t<style>\/*! elementor - v3.18.0 - 08-12-2023 *\/\n.elementor-column .elementor-spacer-inner{height:var(--spacer-size)}.e-con{--container-widget-width:100%}.e-con-inner>.elementor-widget-spacer,.e-con>.elementor-widget-spacer{width:var(--container-widget-width,var(--spacer-size));--align-self:var(--container-widget-align-self,initial);--flex-shrink:0}.e-con-inner>.elementor-widget-spacer>.elementor-widget-container,.e-con>.elementor-widget-spacer>.elementor-widget-container{height:100%;width:100%}.e-con-inner>.elementor-widget-spacer>.elementor-widget-container>.elementor-spacer,.e-con>.elementor-widget-spacer>.elementor-widget-container>.elementor-spacer{height:100%}.e-con-inner>.elementor-widget-spacer>.elementor-widget-container>.elementor-spacer>.elementor-spacer-inner,.e-con>.elementor-widget-spacer>.elementor-widget-container>.elementor-spacer>.elementor-spacer-inner{height:var(--container-widget-height,var(--spacer-size))}.e-con-inner>.elementor-widget-spacer.elementor-widget-empty,.e-con>.elementor-widget-spacer.elementor-widget-empty{position:relative;min-height:22px;min-width:22px}.e-con-inner>.elementor-widget-spacer.elementor-widget-empty .elementor-widget-empty-icon,.e-con>.elementor-widget-spacer.elementor-widget-empty .elementor-widget-empty-icon{position:absolute;top:0;bottom:0;left:0;right:0;margin:auto;padding:0;width:22px;height:22px}<\/style>\t\t<div class=\"elementor-spacer\">\n\t\t\t<div class=\"elementor-spacer-inner\"><\/div>\n\t\t<\/div>\n\t\t\t\t<\/div>\n\t\t\t\t<\/div>\n\t\t\t\t<div class=\"elementor-element elementor-element-3749983 elementor-align-center elementor-icon-list--layout-traditional elementor-list-item-link-full_width elementor-widget elementor-widget-icon-list\" data-id=\"3749983\" data-element_type=\"widget\" data-widget_type=\"icon-list.default\">\n\t\t\t\t<div class=\"elementor-widget-container\">\n\t\t\t\t\t<ul class=\"elementor-icon-list-items\">\n\t\t\t\t\t\t\t<li class=\"elementor-icon-list-item\">\n\t\t\t\t\t\t\t\t\t\t\t<span class=\"elementor-icon-list-icon\">\n\t\t\t\t\t\t\t<i aria-hidden=\"true\" class=\"far fa-calendar\"><\/i>\t\t\t\t\t\t<\/span>\n\t\t\t\t\t\t\t\t\t\t<span class=\"elementor-icon-list-text\">14 y 15 de marzo, 2024<\/span>\n\t\t\t\t\t\t\t\t\t<\/li>\n\t\t\t\t\t\t\t\t<li class=\"elementor-icon-list-item\">\n\t\t\t\t\t\t\t\t\t\t\t<span class=\"elementor-icon-list-icon\">\n\t\t\t\t\t\t\t<i aria-hidden=\"true\" class=\"fas fa-map-marker-alt\"><\/i>\t\t\t\t\t\t<\/span>\n\t\t\t\t\t\t\t\t\t\t<span class=\"elementor-icon-list-text\">Hotel Barcel\u00f3 B\u00e1varo Palace, Punta Cana, Rep\u00fablica Dominicana.<\/span>\n\t\t\t\t\t\t\t\t\t<\/li>\n\t\t\t\t\t\t<\/ul>\n\t\t\t\t<\/div>\n\t\t\t\t<\/div>\n\t\t\t\t<div class=\"elementor-element elementor-element-1b17b5f elementor-align-center elementor-widget elementor-widget-button\" data-id=\"1b17b5f\" data-element_type=\"widget\" data-widget_type=\"button.default\">\n\t\t\t\t<div class=\"elementor-widget-container\">\n\t\t\t\t\t<div class=\"elementor-button-wrapper\">\n\t\t\t<a class=\"elementor-button elementor-button-link elementor-size-lg\" href=\"https:\/\/vireunionministerialecpa2024.mem.gob.do\/registro\/\" target=\"_blank\">\n\t\t\t\t\t\t<span class=\"elementor-button-content-wrapper\">\n\t\t\t\t\t\t<span class=\"elementor-button-text\">Registrarse<\/span>\n\t\t<\/span>\n\t\t\t\t\t<\/a>\n\t\t<\/div>\n\t\t\t\t<\/div>\n\t\t\t\t<\/div>\n\t\t\t\t<div class=\"elementor-element elementor-element-a9afa70 elementor-widget elementor-widget-text-editor\" data-id=\"a9afa70\" data-element_type=\"widget\" data-widget_type=\"text-editor.default\">\n\t\t\t\t<div class=\"elementor-widget-container\">\n\t\t\t<style>\/*! elementor - v3.18.0 - 08-12-2023 *\/\n.elementor-widget-text-editor.elementor-drop-cap-view-stacked .elementor-drop-cap{background-color:#69727d;color:#fff}.elementor-widget-text-editor.elementor-drop-cap-view-framed .elementor-drop-cap{color:#69727d;border:3px solid;background-color:transparent}.elementor-widget-text-editor:not(.elementor-drop-cap-view-default) .elementor-drop-cap{margin-top:8px}.elementor-widget-text-editor:not(.elementor-drop-cap-view-default) .elementor-drop-cap-letter{width:1em;height:1em}.elementor-widget-text-editor .elementor-drop-cap{float:left;text-align:center;line-height:1;font-size:50px}.elementor-widget-text-editor .elementor-drop-cap-letter{display:inline-block}<\/style>\t\t\t\t<div>para m\u00e1s informaci\u00f3n, por favor contactarse a jmonticelli@oas.org<\/div>\t\t\t\t\t\t<\/div>\n\t\t\t\t<\/div>\n\t\t\t\t\t<\/div>\n\t\t<\/div>\n\t\t\t\t\t\t\t<\/div>\n\t\t<\/section>\n\t\t\t\t\t<\/div>\n\t\t<\/div>\n\t\t\t\t\t\t\t<\/div>\n\t\t<\/section>\n\t\t\t\t\t\t\t<\/div>\n\t\t","protected":false},"excerpt":{"rendered":"<p>14 y 15 de marzo, 2024 Hotel Barcel\u00f3 B\u00e1varo Palace, Punta Cana, Rep\u00fablica Dominicana. Registrarse Energ\u00edas renovables de las Am\u00e9ricas: Integraci\u00f3n e Innovaci\u00f3n La 6ta. Reuni\u00f3n de Ministros de Energ\u00eda de la ECPA es un evento de alto nivel que re\u00fane a l\u00edderes de gobierno, representantes del sector privado, expertos en energ\u00eda y desarrollo sostenible, [&hellip;]<\/p>\n","protected":false},"author":5,"featured_media":0,"parent":0,"menu_order":0,"comment_status":"closed","ping_status":"closed","template":"","meta":{"_acf_changed":false,"inline_featured_image":false,"footnotes":""},"class_list":["post-7655","page","type-page","status-publish","hentry"],"acf":[],"yoast_head":"<!-- This site is optimized with the Yoast SEO plugin v21.7 - https:\/\/yoast.com\/wordpress\/plugins\/seo\/ -->\n<title>6ta Ministerial ECPA - Rep\u00fablica Dominicana 2024 - ECPA - Energy and Climate Partnership of the Americas<\/title>\n<meta name=\"robots\" content=\"index, follow, max-snippet:-1, max-image-preview:large, max-video-preview:-1\" \/>\n<link rel=\"canonical\" href=\"https:\/\/ecpamericas.org\/es\/6ta-ministerial-ecpa-2024\/\" \/>\n<meta property=\"og:locale\" content=\"es_ES\" \/>\n<meta property=\"og:type\" content=\"article\" \/>\n<meta property=\"og:title\" content=\"6ta Ministerial ECPA - Rep\u00fablica Dominicana 2024 - ECPA - Energy and Climate Partnership of the Americas\" \/>\n<meta property=\"og:description\" content=\"14 y 15 de marzo, 2024 Hotel Barcel\u00f3 B\u00e1varo Palace, Punta Cana, Rep\u00fablica Dominicana. Registrarse Energ\u00edas renovables de las Am\u00e9ricas: Integraci\u00f3n e Innovaci\u00f3n La 6ta. Reuni\u00f3n de Ministros de Energ\u00eda de la ECPA es un evento de alto nivel que re\u00fane a l\u00edderes de gobierno, representantes del sector privado, expertos en energ\u00eda y desarrollo sostenible, [&hellip;]\" \/>\n<meta property=\"og:url\" content=\"https:\/\/ecpamericas.org\/es\/6ta-ministerial-ecpa-2024\/\" \/>\n<meta property=\"og:site_name\" content=\"ECPA - Energy and Climate Partnership of the Americas\" \/>\n<meta property=\"article:modified_time\" content=\"2024-03-13T20:03:49+00:00\" \/>\n<meta property=\"og:image\" content=\"https:\/\/ecpamericas.org\/wp-content\/uploads\/2023\/12\/6th_ECPA_MIN_LOGO_1-ESP_blanco-1024x470.png\" \/>\n<meta name=\"twitter:card\" content=\"summary_large_image\" \/>\n<meta name=\"twitter:label1\" content=\"Tiempo de lectura\" \/>\n\t<meta name=\"twitter:data1\" content=\"5 minutos\" \/>\n<script type=\"application\/ld+json\" class=\"yoast-schema-graph\">{\"@context\":\"https:\/\/schema.org\",\"@graph\":[{\"@type\":\"WebPage\",\"@id\":\"https:\/\/ecpamericas.org\/es\/6ta-ministerial-ecpa-2024\/\",\"url\":\"https:\/\/ecpamericas.org\/es\/6ta-ministerial-ecpa-2024\/\",\"name\":\"6ta Ministerial ECPA - Rep\u00fablica Dominicana 2024 - ECPA - Energy and Climate Partnership of the Americas\",\"isPartOf\":{\"@id\":\"https:\/\/ecpamericas.org\/es\/#website\"},\"datePublished\":\"2023-12-20T21:00:43+00:00\",\"dateModified\":\"2024-03-13T20:03:49+00:00\",\"breadcrumb\":{\"@id\":\"https:\/\/ecpamericas.org\/es\/6ta-ministerial-ecpa-2024\/#breadcrumb\"},\"inLanguage\":\"es\",\"potentialAction\":[{\"@type\":\"ReadAction\",\"target\":[\"https:\/\/ecpamericas.org\/es\/6ta-ministerial-ecpa-2024\/\"]}]},{\"@type\":\"BreadcrumbList\",\"@id\":\"https:\/\/ecpamericas.org\/es\/6ta-ministerial-ecpa-2024\/#breadcrumb\",\"itemListElement\":[{\"@type\":\"ListItem\",\"position\":1,\"name\":\"Home\",\"item\":\"https:\/\/ecpamericas.org\/es\/\"},{\"@type\":\"ListItem\",\"position\":2,\"name\":\"6ta Ministerial ECPA &#8211; Rep\u00fablica Dominicana 2024\"}]},{\"@type\":\"WebSite\",\"@id\":\"https:\/\/ecpamericas.org\/es\/#website\",\"url\":\"https:\/\/ecpamericas.org\/es\/\",\"name\":\"ECPA - Energy and Climate Partnership of the Americas\",\"description\":\"Promoting cooperation for a sustainable energy future in the Americas\",\"potentialAction\":[{\"@type\":\"SearchAction\",\"target\":{\"@type\":\"EntryPoint\",\"urlTemplate\":\"https:\/\/ecpamericas.org\/es\/?s={search_term_string}\"},\"query-input\":\"required name=search_term_string\"}],\"inLanguage\":\"es\"}]}<\/script>\n<!-- \/ Yoast SEO plugin. -->","yoast_head_json":{"title":"6ta Ministerial ECPA - Rep\u00fablica Dominicana 2024 - ECPA - Energy and Climate Partnership of the Americas","robots":{"index":"index","follow":"follow","max-snippet":"max-snippet:-1","max-image-preview":"max-image-preview:large","max-video-preview":"max-video-preview:-1"},"canonical":"https:\/\/ecpamericas.org\/es\/6ta-ministerial-ecpa-2024\/","og_locale":"es_ES","og_type":"article","og_title":"6ta Ministerial ECPA - Rep\u00fablica Dominicana 2024 - ECPA - Energy and Climate Partnership of the Americas","og_description":"14 y 15 de marzo, 2024 Hotel Barcel\u00f3 B\u00e1varo Palace, Punta Cana, Rep\u00fablica Dominicana. Registrarse Energ\u00edas renovables de las Am\u00e9ricas: Integraci\u00f3n e Innovaci\u00f3n La 6ta. Reuni\u00f3n de Ministros de Energ\u00eda de la ECPA es un evento de alto nivel que re\u00fane a l\u00edderes de gobierno, representantes del sector privado, expertos en energ\u00eda y desarrollo sostenible, [&hellip;]","og_url":"https:\/\/ecpamericas.org\/es\/6ta-ministerial-ecpa-2024\/","og_site_name":"ECPA - Energy and Climate Partnership of the Americas","article_modified_time":"2024-03-13T20:03:49+00:00","og_image":[{"url":"https:\/\/ecpamericas.org\/wp-content\/uploads\/2023\/12\/6th_ECPA_MIN_LOGO_1-ESP_blanco-1024x470.png"}],"twitter_card":"summary_large_image","twitter_misc":{"Tiempo de lectura":"5 minutos"},"schema":{"@context":"https:\/\/schema.org","@graph":[{"@type":"WebPage","@id":"https:\/\/ecpamericas.org\/es\/6ta-ministerial-ecpa-2024\/","url":"https:\/\/ecpamericas.org\/es\/6ta-ministerial-ecpa-2024\/","name":"6ta Ministerial ECPA - Rep\u00fablica Dominicana 2024 - ECPA - Energy and Climate Partnership of the Americas","isPartOf":{"@id":"https:\/\/ecpamericas.org\/es\/#website"},"datePublished":"2023-12-20T21:00:43+00:00","dateModified":"2024-03-13T20:03:49+00:00","breadcrumb":{"@id":"https:\/\/ecpamericas.org\/es\/6ta-ministerial-ecpa-2024\/#breadcrumb"},"inLanguage":"es","potentialAction":[{"@type":"ReadAction","target":["https:\/\/ecpamericas.org\/es\/6ta-ministerial-ecpa-2024\/"]}]},{"@type":"BreadcrumbList","@id":"https:\/\/ecpamericas.org\/es\/6ta-ministerial-ecpa-2024\/#breadcrumb","itemListElement":[{"@type":"ListItem","position":1,"name":"Home","item":"https:\/\/ecpamericas.org\/es\/"},{"@type":"ListItem","position":2,"name":"6ta Ministerial ECPA &#8211; Rep\u00fablica Dominicana 2024"}]},{"@type":"WebSite","@id":"https:\/\/ecpamericas.org\/es\/#website","url":"https:\/\/ecpamericas.org\/es\/","name":"ECPA - Energy and Climate Partnership of the Americas","description":"Promoting cooperation for a sustainable energy future in the Americas","potentialAction":[{"@type":"SearchAction","target":{"@type":"EntryPoint","urlTemplate":"https:\/\/ecpamericas.org\/es\/?s={search_term_string}"},"query-input":"required name=search_term_string"}],"inLanguage":"es"}]}},"_links":{"self":[{"href":"https:\/\/ecpamericas.org\/es\/wp-json\/wp\/v2\/pages\/7655","targetHints":{"allow":["GET"]}}],"collection":[{"href":"https:\/\/ecpamericas.org\/es\/wp-json\/wp\/v2\/pages"}],"about":[{"href":"https:\/\/ecpamericas.org\/es\/wp-json\/wp\/v2\/types\/page"}],"author":[{"embeddable":true,"href":"https:\/\/ecpamericas.org\/es\/wp-json\/wp\/v2\/users\/5"}],"replies":[{"embeddable":true,"href":"https:\/\/ecpamericas.org\/es\/wp-json\/wp\/v2\/comments?post=7655"}],"version-history":[{"count":221,"href":"https:\/\/ecpamericas.org\/es\/wp-json\/wp\/v2\/pages\/7655\/revisions"}],"predecessor-version":[{"id":8633,"href":"https:\/\/ecpamericas.org\/es\/wp-json\/wp\/v2\/pages\/7655\/revisions\/8633"}],"wp:attachment":[{"href":"https:\/\/ecpamericas.org\/es\/wp-json\/wp\/v2\/media?parent=7655"}],"curies":[{"name":"wp","href":"https:\/\/api.w.org\/{rel}","templated":true}]}}