{"id":59,"date":"2020-12-03T05:44:23","date_gmt":"2020-12-03T05:44:23","guid":{"rendered":"https:\/\/ecpamericas.org\/?page_id=59"},"modified":"2020-12-31T13:06:07","modified_gmt":"2020-12-31T18:06:07","slug":"contactenos","status":"publish","type":"page","link":"https:\/\/ecpamericas.org\/es\/contactenos\/","title":{"rendered":"Cont\u00e1ctenos"},"content":{"rendered":"\n<div class=\"wpcf7 no-js\" id=\"wpcf7-f99-o1\" lang=\"es-ES\" dir=\"ltr\">\n<div class=\"screen-reader-response\"><p role=\"status\" aria-live=\"polite\" aria-atomic=\"true\"><\/p> <ul><\/ul><\/div>\n<form action=\"\/es\/wp-json\/wp\/v2\/pages\/59#wpcf7-f99-o1\" method=\"post\" class=\"wpcf7-form init\" aria-label=\"Formulario de contacto\" novalidate=\"novalidate\" data-status=\"init\">\n<div style=\"display: none;\">\n<input type=\"hidden\" name=\"_wpcf7\" value=\"99\" \/>\n<input type=\"hidden\" name=\"_wpcf7_version\" value=\"5.8.4\" \/>\n<input type=\"hidden\" name=\"_wpcf7_locale\" value=\"es_ES\" \/>\n<input type=\"hidden\" name=\"_wpcf7_unit_tag\" value=\"wpcf7-f99-o1\" \/>\n<input type=\"hidden\" name=\"_wpcf7_container_post\" value=\"0\" \/>\n<input type=\"hidden\" name=\"_wpcf7_posted_data_hash\" value=\"\" \/>\n<\/div>\n<div class=\"row\">\n\t<div class=\"col-6\">\n\t\t<p><label> Nombre *<br \/>\n<span class=\"wpcf7-form-control-wrap\" data-name=\"your-first-name\"><input size=\"40\" class=\"wpcf7-form-control wpcf7-text wpcf7-validates-as-required\" aria-required=\"true\" aria-invalid=\"false\" value=\"\" type=\"text\" name=\"your-first-name\" \/><\/span> <\/label>\n\t\t<\/p>\n\t<\/div>\n\t<div class=\"col-6\">\n\t\t<p><label> Apellido *<br \/>\n<span class=\"wpcf7-form-control-wrap\" data-name=\"your-last-name\"><input size=\"40\" class=\"wpcf7-form-control wpcf7-text wpcf7-validates-as-required\" aria-required=\"true\" aria-invalid=\"false\" value=\"\" type=\"text\" name=\"your-last-name\" \/><\/span> <\/label>\n\t\t<\/p>\n\t<\/div>\n\t<div class=\"col-12\">\n\t\t<p><label> Posici\u00f3n<br \/>\n<span class=\"wpcf7-form-control-wrap\" data-name=\"your-position\"><input size=\"40\" class=\"wpcf7-form-control wpcf7-text\" aria-invalid=\"false\" value=\"\" type=\"text\" name=\"your-position\" \/><\/span> <\/label>\n\t\t<\/p>\n\t<\/div>\n\t<div class=\"col-12\">\n\t\t<p><label> Organizaci\u00f3n<br \/>\n<span class=\"wpcf7-form-control-wrap\" data-name=\"your-organization\"><input size=\"40\" class=\"wpcf7-form-control wpcf7-text\" aria-invalid=\"false\" value=\"\" type=\"text\" name=\"your-organization\" \/><\/span> <\/label>\n\t\t<\/p>\n\t<\/div>\n\t<div class=\"col-12\">\n\t\t<p><label> Tel\u00e9fono<br \/>\n<span class=\"wpcf7-form-control-wrap\" data-name=\"your-phone\"><input size=\"40\" class=\"wpcf7-form-control wpcf7-text\" aria-invalid=\"false\" value=\"\" type=\"text\" name=\"your-phone\" \/><\/span> <\/label>\n\t\t<\/p>\n\t<\/div>\n\t<div class=\"col-12\">\n\t\t<p><label> Email<br \/>\n<span class=\"wpcf7-form-control-wrap\" data-name=\"your-email\"><input size=\"40\" class=\"wpcf7-form-control wpcf7-email wpcf7-validates-as-required wpcf7-text wpcf7-validates-as-email\" aria-required=\"true\" aria-invalid=\"false\" value=\"\" type=\"email\" name=\"your-email\" \/><\/span> <\/label>\n\t\t<\/p>\n\t<\/div>\n\t<div class=\"col-12\">\n\t\t<p><label> Preguntas o comentarios *<br \/>\n<span class=\"wpcf7-form-control-wrap\" data-name=\"your-message\"><textarea cols=\"40\" rows=\"10\" class=\"wpcf7-form-control wpcf7-textarea wpcf7-validates-as-required\" aria-required=\"true\" aria-invalid=\"false\" name=\"your-message\"><\/textarea><\/span> <\/label>\n\t\t<\/p>\n\t<\/div>\n\t<div class=\"col-12\">\n\t\t<p><input class=\"wpcf7-form-control wpcf7-submit has-spinner\" type=\"submit\" value=\"Enviar\" \/>\n\t\t<\/p>\n\t<\/div>\n<\/div><div class=\"wpcf7-response-output\" aria-hidden=\"true\"><\/div>\n<\/form>\n<\/div>\n\n<h4>Reuniones virtuales, septiembre &#8211; noviembre 2020<\/h4>\n<p>De acuerdo con las recomendaciones de pol\u00edtica energ\u00e9tica que el ABD le present\u00f3 a los ministros de energ\u00eda y jefes de delegaci\u00f3n en la Cuarta Reuni\u00f3n Ministerial de la ECPA celebrada en Montego Bay, la ECPA y el ABD convocar\u00e1n una serie de di\u00e1logos virtuales del sector p\u00fablico-privado centrados en flexibilidad de la red, gas natural e integraci\u00f3n. Los di\u00e1logos se basar\u00e1n en los tres documentos sobre estos temas que el ABD prepar\u00f3 para la Cuarta Reuni\u00f3n Ministerial de la ECPA.<\/p>\n<p>Los di\u00e1logos entre los sectores p\u00fablico y privado tambi\u00e9n ser\u00e1n congruentes con las recomendaciones que el ABD le present\u00f3 a los Jefes de Estado en la Cumbre de las Am\u00e9ricas celebrada en Lima en abril de 2018 y con las\u00a0<a href=\"https:\/\/ecpamericas.org\/wp-content\/uploads\/2020\/12\/ABD-Recomendaciones-de-Politicas-para-enfrentar-COVID-19-1.pdf\">recomendaciones del ABD para abordar COVID-19<\/a>. Asimismo, los debates proporcionar\u00e1n aportes para la pr\u00f3xima Cumbre de las Am\u00e9ricas que se convocar\u00e1 en Estados Unidos en 2021.<\/p>\n<ol>\n<li><strong>Formato<\/strong><\/li>\n<\/ol>\n<p>Cada uno de los tres temas (flexibilidad de la red, gas natural e integraci\u00f3n) ser\u00e1 objeto de tres di\u00e1logos virtuales de 75 minutos que se llevar\u00e1n a cabo entre septiembre y noviembre de 2020. Cada tema se abordar\u00e1 en el transcurso de un mes durante el cual se realizar\u00e1n reuniones semanales en un mismo d\u00eda y hora a fin de permitir una mayor participaci\u00f3n reconociendo las limitaciones del formato virtual.<\/p>\n<p>Cada sesi\u00f3n de los di\u00e1logos virtuales incluir\u00e1 una breve presentaci\u00f3n de expertos que le dar\u00e1n un marco a las deliberaciones, una presentaci\u00f3n de los miembros del ABD sobre las opiniones del sector privado acerca del tema y una conversaci\u00f3n entre empresas y funcionarios de gobierno facilitada por un moderador. La atenci\u00f3n se centrar\u00e1 en acciones concretas que el gobierno puede adoptar en cada uno de los temas para impulsar la implementaci\u00f3n de las recomendaciones del sector privado.<\/p>\n<p>Los di\u00e1logos virtuales abordar\u00e1n asuntos espec\u00edficos de relevancia regional con respecto a cada tema.<\/p>\n<h4>septiembre:\u00a0Nuevos marcos regulatorios para la flexibilidad de la red<\/h4>\n<p><strong>9\/14<\/strong>\u00a0 <a href=\"https:\/\/ecpamericas.org\/es\/events\/implementacion-de-politicas-y-regulaciones-para-proyectos-de-energia-sostenible-de-gran-escala\/\">Implementaci\u00f3n de pol\u00edticas y regulaciones para proyectos de energ\u00eda sostenible de gran escala<\/a>\u00a0\u00a0|\u00a0<a href=\"https:\/\/ecpamericas.org\/es\/events\/implementacion-de-politicas-y-regulaciones-para-proyectos-de-energia-sostenible-de-gran-escala\/\">\u00a0Reg\u00edstrese<\/a><br \/>\n<strong>9\/21<\/strong>\u00a0 <a href=\"https:\/\/ecpamericas.org\/es\/events\/adquisiciones-y-uso-de-herramientas-modernas-para-modelar-la-planificacion-de-recursos-energeticos-sostenibles-a-largo-plazo\/\">Adquisiciones y uso de herramientas modernas para modelar la planificaci\u00f3n de recursos energ\u00e9ticos sostenibles a largo plazo\u00a0|\u00a0<\/a><a href=\"https:\/\/ecpamericas.org\/es\/events\/adquisiciones-y-uso-de-herramientas-modernas-para-modelar-la-planificacion-de-recursos-energeticos-sostenibles-a-largo-plazo\/\">\u00a0Reg\u00edstrese<\/a><br \/>\n<strong>9\/28<\/strong> <a href=\"https:\/\/ecpamericas.org\/es\/events\/analisis-y-tecnologias-para-sistemas-electricos-resilientes\/\">An\u00e1lisis y tecnolog\u00edas para sistemas el\u00e9ctricos resilientes<\/a>\u00a0|\u00a0<a href=\"https:\/\/ecpamericas.org\/es\/events\/analisis-y-tecnologias-para-sistemas-electricos-resilientes\/\">\u00a0Reg\u00edstrese<\/a><\/p>\n","protected":false},"excerpt":{"rendered":"<p>Reuniones virtuales, septiembre &#8211; noviembre 2020 De acuerdo con las recomendaciones de pol\u00edtica energ\u00e9tica que el ABD le present\u00f3 a los ministros de energ\u00eda y jefes de delegaci\u00f3n en la Cuarta Reuni\u00f3n Ministerial de la ECPA celebrada en Montego Bay, la ECPA y el ABD convocar\u00e1n una serie de di\u00e1logos virtuales del sector p\u00fablico-privado centrados [&hellip;]<\/p>\n","protected":false},"author":1,"featured_media":0,"parent":0,"menu_order":0,"comment_status":"closed","ping_status":"closed","template":"","meta":{"_acf_changed":false,"inline_featured_image":false,"footnotes":""},"class_list":["post-59","page","type-page","status-publish","hentry"],"acf":[],"yoast_head":"<!-- This site is optimized with the Yoast SEO plugin v21.7 - https:\/\/yoast.com\/wordpress\/plugins\/seo\/ -->\n<title>Cont\u00e1ctenos - ECPA - Energy and Climate Partnership of the Americas<\/title>\n<meta name=\"robots\" content=\"index, follow, max-snippet:-1, max-image-preview:large, max-video-preview:-1\" \/>\n<link rel=\"canonical\" href=\"https:\/\/ecpamericas.org\/es\/contactenos\/\" \/>\n<meta property=\"og:locale\" content=\"es_ES\" \/>\n<meta property=\"og:type\" content=\"article\" \/>\n<meta property=\"og:title\" content=\"Cont\u00e1ctenos - ECPA - Energy and Climate Partnership of the Americas\" \/>\n<meta property=\"og:description\" content=\"Reuniones virtuales, septiembre &#8211; noviembre 2020 De acuerdo con las recomendaciones de pol\u00edtica energ\u00e9tica que el ABD le present\u00f3 a los ministros de energ\u00eda y jefes de delegaci\u00f3n en la Cuarta Reuni\u00f3n Ministerial de la ECPA celebrada en Montego Bay, la ECPA y el ABD convocar\u00e1n una serie de di\u00e1logos virtuales del sector p\u00fablico-privado centrados [&hellip;]\" \/>\n<meta property=\"og:url\" content=\"https:\/\/ecpamericas.org\/es\/contactenos\/\" \/>\n<meta property=\"og:site_name\" content=\"ECPA - Energy and Climate Partnership of the Americas\" \/>\n<meta property=\"article:modified_time\" content=\"2020-12-31T18:06:07+00:00\" \/>\n<meta name=\"twitter:card\" content=\"summary_large_image\" \/>\n<meta name=\"twitter:label1\" content=\"Tiempo de lectura\" \/>\n\t<meta name=\"twitter:data1\" content=\"2 minutos\" \/>\n<script type=\"application\/ld+json\" class=\"yoast-schema-graph\">{\"@context\":\"https:\/\/schema.org\",\"@graph\":[{\"@type\":\"WebPage\",\"@id\":\"https:\/\/ecpamericas.org\/es\/contactenos\/\",\"url\":\"https:\/\/ecpamericas.org\/es\/contactenos\/\",\"name\":\"Cont\u00e1ctenos - ECPA - Energy and Climate Partnership of the Americas\",\"isPartOf\":{\"@id\":\"https:\/\/ecpamericas.org\/es\/#website\"},\"datePublished\":\"2020-12-03T05:44:23+00:00\",\"dateModified\":\"2020-12-31T18:06:07+00:00\",\"breadcrumb\":{\"@id\":\"https:\/\/ecpamericas.org\/es\/contactenos\/#breadcrumb\"},\"inLanguage\":\"es\",\"potentialAction\":[{\"@type\":\"ReadAction\",\"target\":[\"https:\/\/ecpamericas.org\/es\/contactenos\/\"]}]},{\"@type\":\"BreadcrumbList\",\"@id\":\"https:\/\/ecpamericas.org\/es\/contactenos\/#breadcrumb\",\"itemListElement\":[{\"@type\":\"ListItem\",\"position\":1,\"name\":\"Home\",\"item\":\"https:\/\/ecpamericas.org\/es\/\"},{\"@type\":\"ListItem\",\"position\":2,\"name\":\"Cont\u00e1ctenos\"}]},{\"@type\":\"WebSite\",\"@id\":\"https:\/\/ecpamericas.org\/es\/#website\",\"url\":\"https:\/\/ecpamericas.org\/es\/\",\"name\":\"ECPA - Energy and Climate Partnership of the Americas\",\"description\":\"Promoting cooperation for a sustainable energy future in the Americas\",\"potentialAction\":[{\"@type\":\"SearchAction\",\"target\":{\"@type\":\"EntryPoint\",\"urlTemplate\":\"https:\/\/ecpamericas.org\/es\/?s={search_term_string}\"},\"query-input\":\"required name=search_term_string\"}],\"inLanguage\":\"es\"}]}<\/script>\n<!-- \/ Yoast SEO plugin. -->","yoast_head_json":{"title":"Cont\u00e1ctenos - ECPA - Energy and Climate Partnership of the Americas","robots":{"index":"index","follow":"follow","max-snippet":"max-snippet:-1","max-image-preview":"max-image-preview:large","max-video-preview":"max-video-preview:-1"},"canonical":"https:\/\/ecpamericas.org\/es\/contactenos\/","og_locale":"es_ES","og_type":"article","og_title":"Cont\u00e1ctenos - ECPA - Energy and Climate Partnership of the Americas","og_description":"Reuniones virtuales, septiembre &#8211; noviembre 2020 De acuerdo con las recomendaciones de pol\u00edtica energ\u00e9tica que el ABD le present\u00f3 a los ministros de energ\u00eda y jefes de delegaci\u00f3n en la Cuarta Reuni\u00f3n Ministerial de la ECPA celebrada en Montego Bay, la ECPA y el ABD convocar\u00e1n una serie de di\u00e1logos virtuales del sector p\u00fablico-privado centrados [&hellip;]","og_url":"https:\/\/ecpamericas.org\/es\/contactenos\/","og_site_name":"ECPA - Energy and Climate Partnership of the Americas","article_modified_time":"2020-12-31T18:06:07+00:00","twitter_card":"summary_large_image","twitter_misc":{"Tiempo de lectura":"2 minutos"},"schema":{"@context":"https:\/\/schema.org","@graph":[{"@type":"WebPage","@id":"https:\/\/ecpamericas.org\/es\/contactenos\/","url":"https:\/\/ecpamericas.org\/es\/contactenos\/","name":"Cont\u00e1ctenos - ECPA - Energy and Climate Partnership of the Americas","isPartOf":{"@id":"https:\/\/ecpamericas.org\/es\/#website"},"datePublished":"2020-12-03T05:44:23+00:00","dateModified":"2020-12-31T18:06:07+00:00","breadcrumb":{"@id":"https:\/\/ecpamericas.org\/es\/contactenos\/#breadcrumb"},"inLanguage":"es","potentialAction":[{"@type":"ReadAction","target":["https:\/\/ecpamericas.org\/es\/contactenos\/"]}]},{"@type":"BreadcrumbList","@id":"https:\/\/ecpamericas.org\/es\/contactenos\/#breadcrumb","itemListElement":[{"@type":"ListItem","position":1,"name":"Home","item":"https:\/\/ecpamericas.org\/es\/"},{"@type":"ListItem","position":2,"name":"Cont\u00e1ctenos"}]},{"@type":"WebSite","@id":"https:\/\/ecpamericas.org\/es\/#website","url":"https:\/\/ecpamericas.org\/es\/","name":"ECPA - Energy and Climate Partnership of the Americas","description":"Promoting cooperation for a sustainable energy future in the Americas","potentialAction":[{"@type":"SearchAction","target":{"@type":"EntryPoint","urlTemplate":"https:\/\/ecpamericas.org\/es\/?s={search_term_string}"},"query-input":"required name=search_term_string"}],"inLanguage":"es"}]}},"_links":{"self":[{"href":"https:\/\/ecpamericas.org\/es\/wp-json\/wp\/v2\/pages\/59","targetHints":{"allow":["GET"]}}],"collection":[{"href":"https:\/\/ecpamericas.org\/es\/wp-json\/wp\/v2\/pages"}],"about":[{"href":"https:\/\/ecpamericas.org\/es\/wp-json\/wp\/v2\/types\/page"}],"author":[{"embeddable":true,"href":"https:\/\/ecpamericas.org\/es\/wp-json\/wp\/v2\/users\/1"}],"replies":[{"embeddable":true,"href":"https:\/\/ecpamericas.org\/es\/wp-json\/wp\/v2\/comments?post=59"}],"version-history":[{"count":7,"href":"https:\/\/ecpamericas.org\/es\/wp-json\/wp\/v2\/pages\/59\/revisions"}],"predecessor-version":[{"id":3495,"href":"https:\/\/ecpamericas.org\/es\/wp-json\/wp\/v2\/pages\/59\/revisions\/3495"}],"wp:attachment":[{"href":"https:\/\/ecpamericas.org\/es\/wp-json\/wp\/v2\/media?parent=59"}],"curies":[{"name":"wp","href":"https:\/\/api.w.org\/{rel}","templated":true}]}}