{"id":1978,"date":"2020-12-31T01:13:11","date_gmt":"2020-12-31T06:13:11","guid":{"rendered":"https:\/\/ecpamericas.org\/?page_id=1978"},"modified":"2021-01-29T09:14:26","modified_gmt":"2021-01-29T14:14:26","slug":"movilidad-electrica","status":"publish","type":"page","link":"https:\/\/ecpamericas.org\/es\/areas-tematicas\/movilidad-electrica\/","title":{"rendered":"Movilidad el\u00e9ctrica"},"content":{"rendered":"<div class=\"page\" title=\"Page 17\">\n<div class=\"section\">\n<div class=\"layoutArea\">\n<div class=\"column\">Los veh\u00edculos el\u00e9ctricos, ya sean esc\u00fateres, autom\u00f3viles, autobuses o trenes, son una opci\u00f3n atractiva en toda la regi\u00f3n. Algunos pa\u00edses peque\u00f1os, como Barbados y Uruguay, han aprovechado su \u00e1rea geogr\u00e1fica limitada para establecer una infraestructura nacional para cargar veh\u00edculos el\u00e9ctricos. Entre las grandes ciudades, Santiago, en Chile, ha estado a la vanguardia en materia de autobuses el\u00e9ctricos. En Colombia, Bogot\u00e1, Medell\u00edn y Cali est\u00e1n expandiendo sus flotas. Costa Rica, por su parte, est\u00e1 tratando de sacar provecho de su red energ\u00e9tica, que es pr\u00e1cticamente 100% renovable, haciendo que una mayor parte de su transporte p\u00fablico funcione con electricidad. Muchos pa\u00edses han adoptado incentivos fiscales para promover la movilidad el\u00e9ctrica.<\/div>\n<\/div>\n<\/div>\n<\/div>\n<h4><\/h4>\n<p>&nbsp;<\/p>\n<h4>Noticias relacionadas:<\/h4>\n<blockquote class=\"wp-embedded-content\" data-secret=\"CFQiU0KcGF\"><p><a href=\"https:\/\/ecpamericas.org\/es\/newsletters\/los-autobuses-electricos-se-ponen-en-marcha-en-barbados\/\">Autobuses el\u00e9ctricos puestos a rodar en Barbados<\/a><\/p><\/blockquote>\n<p><iframe class=\"wp-embedded-content\" sandbox=\"allow-scripts\" security=\"restricted\" style=\"position: absolute; visibility: hidden;\" title=\"\u00abAutobuses el\u00e9ctricos puestos a rodar en Barbados\u00bb \u2014 ECPA - Energy and Climate Partnership of the Americas\" src=\"https:\/\/ecpamericas.org\/es\/newsletters\/los-autobuses-electricos-se-ponen-en-marcha-en-barbados\/embed\/#?secret=CBr4XlQgfd#?secret=CFQiU0KcGF\" data-secret=\"CFQiU0KcGF\" width=\"500\" height=\"282\" frameborder=\"0\" marginwidth=\"0\" marginheight=\"0\" scrolling=\"no\"><\/iframe><\/p>\n<blockquote class=\"wp-embedded-content\" data-secret=\"Emb9SZRAVo\"><p><a href=\"https:\/\/ecpamericas.org\/es\/newsletters\/vehiculos-electricos-a-la-carga\/\">\u00a1Veh\u00edculos el\u00e9ctricos a la carga!<\/a><\/p><\/blockquote>\n<p><iframe class=\"wp-embedded-content\" sandbox=\"allow-scripts\" security=\"restricted\" style=\"position: absolute; visibility: hidden;\" title=\"\u00ab\u00a1Veh\u00edculos el\u00e9ctricos a la carga!\u00bb \u2014 ECPA - Energy and Climate Partnership of the Americas\" src=\"https:\/\/ecpamericas.org\/es\/newsletters\/vehiculos-electricos-a-la-carga\/embed\/#?secret=HxnGVaoWiU#?secret=Emb9SZRAVo\" data-secret=\"Emb9SZRAVo\" width=\"500\" height=\"282\" frameborder=\"0\" marginwidth=\"0\" marginheight=\"0\" scrolling=\"no\"><\/iframe><\/p>\n<blockquote class=\"wp-embedded-content\" data-secret=\"dm6QVZii7E\"><p><a href=\"https:\/\/ecpamericas.org\/es\/newsletters\/movilidad-electrica-a-toda-velocidad-rumbo-al-futuro\/\">Movilidad el\u00e9ctrica: A toda velocidad rumbo al futuro<\/a><\/p><\/blockquote>\n<p><iframe class=\"wp-embedded-content\" sandbox=\"allow-scripts\" security=\"restricted\" style=\"position: absolute; visibility: hidden;\" title=\"\u00abMovilidad el\u00e9ctrica: A toda velocidad rumbo al futuro\u00bb \u2014 ECPA - Energy and Climate Partnership of the Americas\" src=\"https:\/\/ecpamericas.org\/es\/newsletters\/movilidad-electrica-a-toda-velocidad-rumbo-al-futuro\/embed\/#?secret=HVp2BKqzji#?secret=dm6QVZii7E\" data-secret=\"dm6QVZii7E\" width=\"500\" height=\"282\" frameborder=\"0\" marginwidth=\"0\" marginheight=\"0\" scrolling=\"no\"><\/iframe><\/p>\n<div><\/div>\n","protected":false},"excerpt":{"rendered":"<p>Los veh\u00edculos el\u00e9ctricos, ya sean esc\u00fateres, autom\u00f3viles, autobuses o trenes, son una opci\u00f3n atractiva en toda la regi\u00f3n. Algunos pa\u00edses peque\u00f1os, como Barbados y Uruguay, han aprovechado su \u00e1rea geogr\u00e1fica limitada para establecer una infraestructura nacional para cargar veh\u00edculos el\u00e9ctricos. Entre las grandes ciudades, Santiago, en Chile, ha estado a la vanguardia en materia de [&hellip;]<\/p>\n","protected":false},"author":1,"featured_media":0,"parent":63,"menu_order":0,"comment_status":"closed","ping_status":"closed","template":"templates\/thematic-areas.php","meta":{"_acf_changed":false,"inline_featured_image":false,"footnotes":""},"class_list":["post-1978","page","type-page","status-publish","hentry"],"acf":[],"yoast_head":"<!-- This site is optimized with the Yoast SEO plugin v21.7 - https:\/\/yoast.com\/wordpress\/plugins\/seo\/ -->\n<title>Movilidad el\u00e9ctrica - ECPA - Energy and Climate Partnership of the Americas<\/title>\n<meta name=\"robots\" content=\"index, follow, max-snippet:-1, max-image-preview:large, max-video-preview:-1\" \/>\n<link rel=\"canonical\" href=\"https:\/\/ecpamericas.org\/es\/areas-tematicas\/movilidad-electrica\/\" \/>\n<meta property=\"og:locale\" content=\"es_ES\" \/>\n<meta property=\"og:type\" content=\"article\" \/>\n<meta property=\"og:title\" content=\"Movilidad el\u00e9ctrica - ECPA - Energy and Climate Partnership of the Americas\" \/>\n<meta property=\"og:description\" content=\"Los veh\u00edculos el\u00e9ctricos, ya sean esc\u00fateres, autom\u00f3viles, autobuses o trenes, son una opci\u00f3n atractiva en toda la regi\u00f3n. Algunos pa\u00edses peque\u00f1os, como Barbados y Uruguay, han aprovechado su \u00e1rea geogr\u00e1fica limitada para establecer una infraestructura nacional para cargar veh\u00edculos el\u00e9ctricos. Entre las grandes ciudades, Santiago, en Chile, ha estado a la vanguardia en materia de [&hellip;]\" \/>\n<meta property=\"og:url\" content=\"https:\/\/ecpamericas.org\/es\/areas-tematicas\/movilidad-electrica\/\" \/>\n<meta property=\"og:site_name\" content=\"ECPA - Energy and Climate Partnership of the Americas\" \/>\n<meta property=\"article:modified_time\" content=\"2021-01-29T14:14:26+00:00\" \/>\n<meta name=\"twitter:card\" content=\"summary_large_image\" \/>\n<meta name=\"twitter:label1\" content=\"Tiempo de lectura\" \/>\n\t<meta name=\"twitter:data1\" content=\"1 minuto\" \/>\n<script type=\"application\/ld+json\" class=\"yoast-schema-graph\">{\"@context\":\"https:\/\/schema.org\",\"@graph\":[{\"@type\":\"WebPage\",\"@id\":\"https:\/\/ecpamericas.org\/es\/areas-tematicas\/movilidad-electrica\/\",\"url\":\"https:\/\/ecpamericas.org\/es\/areas-tematicas\/movilidad-electrica\/\",\"name\":\"Movilidad el\u00e9ctrica - ECPA - Energy and Climate Partnership of the Americas\",\"isPartOf\":{\"@id\":\"https:\/\/ecpamericas.org\/es\/#website\"},\"datePublished\":\"2020-12-31T06:13:11+00:00\",\"dateModified\":\"2021-01-29T14:14:26+00:00\",\"breadcrumb\":{\"@id\":\"https:\/\/ecpamericas.org\/es\/areas-tematicas\/movilidad-electrica\/#breadcrumb\"},\"inLanguage\":\"es\",\"potentialAction\":[{\"@type\":\"ReadAction\",\"target\":[\"https:\/\/ecpamericas.org\/es\/areas-tematicas\/movilidad-electrica\/\"]}]},{\"@type\":\"BreadcrumbList\",\"@id\":\"https:\/\/ecpamericas.org\/es\/areas-tematicas\/movilidad-electrica\/#breadcrumb\",\"itemListElement\":[{\"@type\":\"ListItem\",\"position\":1,\"name\":\"Home\",\"item\":\"https:\/\/ecpamericas.org\/es\/\"},{\"@type\":\"ListItem\",\"position\":2,\"name\":\"\u00c1reas Tem\u00e1ticas\",\"item\":\"https:\/\/ecpamericas.org\/es\/areas-tematicas\/\"},{\"@type\":\"ListItem\",\"position\":3,\"name\":\"Movilidad el\u00e9ctrica\"}]},{\"@type\":\"WebSite\",\"@id\":\"https:\/\/ecpamericas.org\/es\/#website\",\"url\":\"https:\/\/ecpamericas.org\/es\/\",\"name\":\"ECPA - Energy and Climate Partnership of the Americas\",\"description\":\"Promoting cooperation for a sustainable energy future in the Americas\",\"potentialAction\":[{\"@type\":\"SearchAction\",\"target\":{\"@type\":\"EntryPoint\",\"urlTemplate\":\"https:\/\/ecpamericas.org\/es\/?s={search_term_string}\"},\"query-input\":\"required name=search_term_string\"}],\"inLanguage\":\"es\"}]}<\/script>\n<!-- \/ Yoast SEO plugin. -->","yoast_head_json":{"title":"Movilidad el\u00e9ctrica - ECPA - Energy and Climate Partnership of the Americas","robots":{"index":"index","follow":"follow","max-snippet":"max-snippet:-1","max-image-preview":"max-image-preview:large","max-video-preview":"max-video-preview:-1"},"canonical":"https:\/\/ecpamericas.org\/es\/areas-tematicas\/movilidad-electrica\/","og_locale":"es_ES","og_type":"article","og_title":"Movilidad el\u00e9ctrica - ECPA - Energy and Climate Partnership of the Americas","og_description":"Los veh\u00edculos el\u00e9ctricos, ya sean esc\u00fateres, autom\u00f3viles, autobuses o trenes, son una opci\u00f3n atractiva en toda la regi\u00f3n. Algunos pa\u00edses peque\u00f1os, como Barbados y Uruguay, han aprovechado su \u00e1rea geogr\u00e1fica limitada para establecer una infraestructura nacional para cargar veh\u00edculos el\u00e9ctricos. Entre las grandes ciudades, Santiago, en Chile, ha estado a la vanguardia en materia de [&hellip;]","og_url":"https:\/\/ecpamericas.org\/es\/areas-tematicas\/movilidad-electrica\/","og_site_name":"ECPA - Energy and Climate Partnership of the Americas","article_modified_time":"2021-01-29T14:14:26+00:00","twitter_card":"summary_large_image","twitter_misc":{"Tiempo de lectura":"1 minuto"},"schema":{"@context":"https:\/\/schema.org","@graph":[{"@type":"WebPage","@id":"https:\/\/ecpamericas.org\/es\/areas-tematicas\/movilidad-electrica\/","url":"https:\/\/ecpamericas.org\/es\/areas-tematicas\/movilidad-electrica\/","name":"Movilidad el\u00e9ctrica - ECPA - Energy and Climate Partnership of the Americas","isPartOf":{"@id":"https:\/\/ecpamericas.org\/es\/#website"},"datePublished":"2020-12-31T06:13:11+00:00","dateModified":"2021-01-29T14:14:26+00:00","breadcrumb":{"@id":"https:\/\/ecpamericas.org\/es\/areas-tematicas\/movilidad-electrica\/#breadcrumb"},"inLanguage":"es","potentialAction":[{"@type":"ReadAction","target":["https:\/\/ecpamericas.org\/es\/areas-tematicas\/movilidad-electrica\/"]}]},{"@type":"BreadcrumbList","@id":"https:\/\/ecpamericas.org\/es\/areas-tematicas\/movilidad-electrica\/#breadcrumb","itemListElement":[{"@type":"ListItem","position":1,"name":"Home","item":"https:\/\/ecpamericas.org\/es\/"},{"@type":"ListItem","position":2,"name":"\u00c1reas Tem\u00e1ticas","item":"https:\/\/ecpamericas.org\/es\/areas-tematicas\/"},{"@type":"ListItem","position":3,"name":"Movilidad el\u00e9ctrica"}]},{"@type":"WebSite","@id":"https:\/\/ecpamericas.org\/es\/#website","url":"https:\/\/ecpamericas.org\/es\/","name":"ECPA - Energy and Climate Partnership of the Americas","description":"Promoting cooperation for a sustainable energy future in the Americas","potentialAction":[{"@type":"SearchAction","target":{"@type":"EntryPoint","urlTemplate":"https:\/\/ecpamericas.org\/es\/?s={search_term_string}"},"query-input":"required name=search_term_string"}],"inLanguage":"es"}]}},"_links":{"self":[{"href":"https:\/\/ecpamericas.org\/es\/wp-json\/wp\/v2\/pages\/1978","targetHints":{"allow":["GET"]}}],"collection":[{"href":"https:\/\/ecpamericas.org\/es\/wp-json\/wp\/v2\/pages"}],"about":[{"href":"https:\/\/ecpamericas.org\/es\/wp-json\/wp\/v2\/types\/page"}],"author":[{"embeddable":true,"href":"https:\/\/ecpamericas.org\/es\/wp-json\/wp\/v2\/users\/1"}],"replies":[{"embeddable":true,"href":"https:\/\/ecpamericas.org\/es\/wp-json\/wp\/v2\/comments?post=1978"}],"version-history":[{"count":8,"href":"https:\/\/ecpamericas.org\/es\/wp-json\/wp\/v2\/pages\/1978\/revisions"}],"predecessor-version":[{"id":5095,"href":"https:\/\/ecpamericas.org\/es\/wp-json\/wp\/v2\/pages\/1978\/revisions\/5095"}],"up":[{"embeddable":true,"href":"https:\/\/ecpamericas.org\/es\/wp-json\/wp\/v2\/pages\/63"}],"wp:attachment":[{"href":"https:\/\/ecpamericas.org\/es\/wp-json\/wp\/v2\/media?parent=1978"}],"curies":[{"name":"wp","href":"https:\/\/api.w.org\/{rel}","templated":true}]}}