{"id":6808,"date":"2023-03-20T10:05:25","date_gmt":"2023-03-20T15:05:25","guid":{"rendered":"https:\/\/ecpamericas.org\/?post_type=mec-events&#038;p=6808"},"modified":"2023-03-20T10:17:23","modified_gmt":"2023-03-20T15:17:23","slug":"ops-oms-serie-de-webinars-sobre-los-indicadores-ods-relacionados-con-la-calidad-del-aire-session-3-marzo-29","status":"publish","type":"mec-events","link":"https:\/\/ecpamericas.org\/es\/events\/ops-oms-serie-de-webinars-sobre-los-indicadores-ods-relacionados-con-la-calidad-del-aire-session-3-marzo-29\/","title":{"rendered":"Serie de Webinars sobre los Indicadores ODS relacionados con la Calidad del Aire: Session 3 &#8211; Marzo 29"},"content":{"rendered":"<p>&nbsp;<\/p>\n<h5>Objetivo<\/h5>\n<p>Discutir los m\u00e9todos utilizados para realizar un seguimiento del progreso en el acceso a energ\u00eda limpia para cocinar y calentar en hogares (Indicador 7.1.2 de los ODS), las tendencias actuales para la regi\u00f3n de pa\u00edses de Am\u00e9rica Latina y el Caribe y las actividades de cooperaci\u00f3n t\u00e9cnica planificadas.<\/p>\n<h5><\/h5>\n<h5><\/h5>\n<p>&nbsp;<\/p>\n<h5>Contexto<\/h5>\n<p>Cerca de 74 millones de personas en las Am\u00e9ricas dependen de combustibles contaminantes para cocinar y calentar. La contaminaci\u00f3n del aire en el hogar (CAH) agrava la contaminaci\u00f3n del aire en la regi\u00f3n, y es responsable de al menos un tercio de la carga de enfermedad relacionada con la contaminaci\u00f3n del aire en las Am\u00e9ricas. M\u00e1s all\u00e1, la contaminaci\u00f3n en los hogares afecta de manera desproporcionada a la poblaci\u00f3n m\u00e1s vulnerable, incluyendo mujeres, ni\u00f1os y ancianos.<\/p>\n<p>Abordar la contaminaci\u00f3n del aire en los hogares es una prioridad importante para reducir las desigualdades en salud en la regi\u00f3n. La OMS es la agencia custodia del Indicador 7.1.2 de los Objetivos de Desarrollo Sostenible:\u00a0<strong>proporci\u00f3n de poblaci\u00f3n que depende principalmente de combustibles y tecnolog\u00edas limpias para cocinar<\/strong>. Si bien la regi\u00f3n ha avanzado en este indicador, se necesitan m\u00e1s esfuerzos para cerrar la brecha para aquellos que todav\u00eda dependen de combustibles contaminantes para sus necesidades b\u00e1sicas de energ\u00eda en el hogar. La OPS\/OMS est\u00e1 poniendo a disposici\u00f3n de la regi\u00f3n herramientas para avanzar en este objetivo, as\u00ed como una estrategia ambiciosa para eliminar los combustibles contaminantes para el a\u00f1o 2030.<\/p>\n<p>Esta sesi\u00f3n tiene como objetivo presentar la metodolog\u00eda para estimar el indicador ODS 7.1.2, informar sobre el progreso regional e introducir herramientas disponibles para la cooperaci\u00f3n t\u00e9cnica.<\/p>\n<h5><\/h5>\n<p>&nbsp;<\/p>\n<h5>Audiencia Objetivo<\/h5>\n<p>Oficiales en Ministerios de Energ\u00eda, Ambiente y Salud para temas de energ\u00eda en el hogar y puntos focales en Departamentos de Estad\u00edsticas encargados de reportar los Indicadores de los ODS.<\/p>\n<p>&nbsp;<\/p>\n<h5>Agenda<\/h5>\n<p><strong>5 min<\/strong>\u00a0 |\u00a0 Bienvenida\u00a0 |\u00a0\u00a0<strong>Karla Cervantes-Mart\u00ednez<\/strong>, Consultora Sede de OMS, Ginebra<br \/>\n<strong>30 min<\/strong>\u00a0 |\u00a0 Introducci\u00f3n al ODS 7.1.2: m\u00e9todos, informe de progreso y visi\u00f3n general de LAC\u00a0 |\u00a0\u00a0<strong>Heather Adair-Rohani<\/strong>,\u00a0Funcionario t\u00e9cnico. WHO-HQ, Geneva<br \/>\n<strong>15 min<\/strong>\u00a0 |\u00a0 Una mirada m\u00e1s cercana a las herramientas de la OMS sobre CAH\u00a0 |\u00a0 Karin Troncoso,\u00a0<strong>Consultora\u00a0<\/strong>Sede de OMS, Ginebra<br \/>\n<strong>15 min<\/strong>\u00a0|\u00a0 Oportunidades de cooperaci\u00f3n t\u00e9cnica de la OPS para el progreso del ODS 7.1.2 en ALC\u00a0 |\u00a0\u00a0<strong>Juan Castillo<\/strong>,\u00a0Asesor regional OPS, Washington DC.<br \/>\n<strong>20 min<\/strong>\u00a0|\u00a0 Preguntas y Respuestas\u00a0 |\u00a0 Stephanie Montero,\u00a0Consultora Clean Air Institute<br \/>\n<strong>5 min<\/strong>\u00a0 |\u00a0 Cierre\u00a0 |\u00a0\u00a0<strong>Juan Castillo<\/strong>,\u00a0Asesor regional OPS, Washington DC.<\/p>\n<p>&nbsp;<\/p>\n<p>D\u00eda: 29 de marzo de 2023<br \/>\nHora: 10:00 am &#8211; 11:30 am (Tiempo de Este)<\/p>\n<p>&nbsp;<br \/>\n<a class=\"botton-green\" style=\"margin-left: 0px!important;\" href=\"https:\/\/ecpamericas.org\/wp-content\/uploads\/2023\/03\/Agenda_WebinarSDG712_SPA_1.0.docx\">DESCARGAR AGENDA<\/a><\/p>\n<p><a class=\"botton-green\" style=\"margin-left: 0px!important;\" href=\"https:\/\/paho-org.zoom.us\/webinar\/register\/WN_hNbPnGS0QNSYjxnNlsIEAA\">REGISTRO<\/a><\/p>\n<p>(Interpretaci\u00f3n al ingl\u00e9s, espa\u00f1ol y portugu\u00e9s)<\/p>\n","protected":false},"excerpt":{"rendered":"<p>&nbsp; Objetivo Discutir los m\u00e9todos utilizados para realizar un seguimiento del progreso en el acceso a energ\u00eda limpia para cocinar y calentar en hogares (Indicador 7.1.2 de los ODS), las tendencias actuales para la regi\u00f3n de pa\u00edses de Am\u00e9rica Latina y el Caribe y las actividades de cooperaci\u00f3n t\u00e9cnica planificadas. &nbsp; Contexto Cerca de 74 [&hellip;]<\/p>\n","protected":false},"author":5,"featured_media":6812,"comment_status":"open","ping_status":"closed","template":"","tags":[],"mec_category":[],"class_list":["post-6808","mec-events","type-mec-events","status-publish","has-post-thumbnail","hentry"],"acf":[],"yoast_head":"<!-- This site is optimized with the Yoast SEO plugin v21.7 - https:\/\/yoast.com\/wordpress\/plugins\/seo\/ -->\n<title>Serie de Webinars sobre los Indicadores ODS relacionados con la Calidad del Aire: Session 3 - Marzo 29 - ECPA - Energy and Climate Partnership of the Americas<\/title>\n<meta name=\"robots\" content=\"index, follow, max-snippet:-1, max-image-preview:large, max-video-preview:-1\" \/>\n<link rel=\"canonical\" href=\"https:\/\/ecpamericas.org\/es\/events\/ops-oms-serie-de-webinars-sobre-los-indicadores-ods-relacionados-con-la-calidad-del-aire-session-3-marzo-29\/\" \/>\n<meta property=\"og:locale\" content=\"es_ES\" \/>\n<meta property=\"og:type\" content=\"article\" \/>\n<meta property=\"og:title\" content=\"Serie de Webinars sobre los Indicadores ODS relacionados con la Calidad del Aire: Session 3 - Marzo 29 - ECPA - Energy and Climate Partnership of the Americas\" \/>\n<meta property=\"og:description\" content=\"&nbsp; Objetivo Discutir los m\u00e9todos utilizados para realizar un seguimiento del progreso en el acceso a energ\u00eda limpia para cocinar y calentar en hogares (Indicador 7.1.2 de los ODS), las tendencias actuales para la regi\u00f3n de pa\u00edses de Am\u00e9rica Latina y el Caribe y las actividades de cooperaci\u00f3n t\u00e9cnica planificadas. &nbsp; Contexto Cerca de 74 [&hellip;]\" \/>\n<meta property=\"og:url\" content=\"https:\/\/ecpamericas.org\/es\/events\/ops-oms-serie-de-webinars-sobre-los-indicadores-ods-relacionados-con-la-calidad-del-aire-session-3-marzo-29\/\" \/>\n<meta property=\"og:site_name\" content=\"ECPA - Energy and Climate Partnership of the Americas\" \/>\n<meta property=\"article:modified_time\" content=\"2023-03-20T15:17:23+00:00\" \/>\n<meta property=\"og:image\" content=\"https:\/\/ecpamericas.org\/wp-content\/uploads\/2023\/03\/Screen-Shot-2023-03-20-at-12.11.56-1024x675.png\" \/>\n\t<meta property=\"og:image:width\" content=\"1024\" \/>\n\t<meta property=\"og:image:height\" content=\"675\" \/>\n\t<meta property=\"og:image:type\" content=\"image\/png\" \/>\n<meta name=\"twitter:card\" content=\"summary_large_image\" \/>\n<meta name=\"twitter:label1\" content=\"Tiempo de lectura\" \/>\n\t<meta name=\"twitter:data1\" content=\"2 minutos\" \/>\n<script type=\"application\/ld+json\" class=\"yoast-schema-graph\">{\"@context\":\"https:\/\/schema.org\",\"@graph\":[{\"@type\":\"WebPage\",\"@id\":\"https:\/\/ecpamericas.org\/es\/events\/ops-oms-serie-de-webinars-sobre-los-indicadores-ods-relacionados-con-la-calidad-del-aire-session-3-marzo-29\/\",\"url\":\"https:\/\/ecpamericas.org\/es\/events\/ops-oms-serie-de-webinars-sobre-los-indicadores-ods-relacionados-con-la-calidad-del-aire-session-3-marzo-29\/\",\"name\":\"Serie de Webinars sobre los Indicadores ODS relacionados con la Calidad del Aire: Session 3 - Marzo 29 - ECPA - Energy and Climate Partnership of the Americas\",\"isPartOf\":{\"@id\":\"https:\/\/ecpamericas.org\/es\/#website\"},\"datePublished\":\"2023-03-20T15:05:25+00:00\",\"dateModified\":\"2023-03-20T15:17:23+00:00\",\"breadcrumb\":{\"@id\":\"https:\/\/ecpamericas.org\/es\/events\/ops-oms-serie-de-webinars-sobre-los-indicadores-ods-relacionados-con-la-calidad-del-aire-session-3-marzo-29\/#breadcrumb\"},\"inLanguage\":\"es\",\"potentialAction\":[{\"@type\":\"ReadAction\",\"target\":[\"https:\/\/ecpamericas.org\/es\/events\/ops-oms-serie-de-webinars-sobre-los-indicadores-ods-relacionados-con-la-calidad-del-aire-session-3-marzo-29\/\"]}]},{\"@type\":\"BreadcrumbList\",\"@id\":\"https:\/\/ecpamericas.org\/es\/events\/ops-oms-serie-de-webinars-sobre-los-indicadores-ods-relacionados-con-la-calidad-del-aire-session-3-marzo-29\/#breadcrumb\",\"itemListElement\":[{\"@type\":\"ListItem\",\"position\":1,\"name\":\"Home\",\"item\":\"https:\/\/ecpamericas.org\/es\/\"},{\"@type\":\"ListItem\",\"position\":2,\"name\":\"Serie de Webinars sobre los Indicadores ODS relacionados con la Calidad del Aire: Session 3 &#8211; Marzo 29\"}]},{\"@type\":\"WebSite\",\"@id\":\"https:\/\/ecpamericas.org\/es\/#website\",\"url\":\"https:\/\/ecpamericas.org\/es\/\",\"name\":\"ECPA - Energy and Climate Partnership of the Americas\",\"description\":\"Promoting cooperation for a sustainable energy future in the Americas\",\"potentialAction\":[{\"@type\":\"SearchAction\",\"target\":{\"@type\":\"EntryPoint\",\"urlTemplate\":\"https:\/\/ecpamericas.org\/es\/?s={search_term_string}\"},\"query-input\":\"required name=search_term_string\"}],\"inLanguage\":\"es\"}]}<\/script>\n<!-- \/ Yoast SEO plugin. -->","yoast_head_json":{"title":"Serie de Webinars sobre los Indicadores ODS relacionados con la Calidad del Aire: Session 3 - Marzo 29 - ECPA - Energy and Climate Partnership of the Americas","robots":{"index":"index","follow":"follow","max-snippet":"max-snippet:-1","max-image-preview":"max-image-preview:large","max-video-preview":"max-video-preview:-1"},"canonical":"https:\/\/ecpamericas.org\/es\/events\/ops-oms-serie-de-webinars-sobre-los-indicadores-ods-relacionados-con-la-calidad-del-aire-session-3-marzo-29\/","og_locale":"es_ES","og_type":"article","og_title":"Serie de Webinars sobre los Indicadores ODS relacionados con la Calidad del Aire: Session 3 - Marzo 29 - ECPA - Energy and Climate Partnership of the Americas","og_description":"&nbsp; Objetivo Discutir los m\u00e9todos utilizados para realizar un seguimiento del progreso en el acceso a energ\u00eda limpia para cocinar y calentar en hogares (Indicador 7.1.2 de los ODS), las tendencias actuales para la regi\u00f3n de pa\u00edses de Am\u00e9rica Latina y el Caribe y las actividades de cooperaci\u00f3n t\u00e9cnica planificadas. &nbsp; Contexto Cerca de 74 [&hellip;]","og_url":"https:\/\/ecpamericas.org\/es\/events\/ops-oms-serie-de-webinars-sobre-los-indicadores-ods-relacionados-con-la-calidad-del-aire-session-3-marzo-29\/","og_site_name":"ECPA - Energy and Climate Partnership of the Americas","article_modified_time":"2023-03-20T15:17:23+00:00","og_image":[{"width":1024,"height":675,"url":"https:\/\/ecpamericas.org\/wp-content\/uploads\/2023\/03\/Screen-Shot-2023-03-20-at-12.11.56-1024x675.png","type":"image\/png"}],"twitter_card":"summary_large_image","twitter_misc":{"Tiempo de lectura":"2 minutos"},"schema":{"@context":"https:\/\/schema.org","@graph":[{"@type":"WebPage","@id":"https:\/\/ecpamericas.org\/es\/events\/ops-oms-serie-de-webinars-sobre-los-indicadores-ods-relacionados-con-la-calidad-del-aire-session-3-marzo-29\/","url":"https:\/\/ecpamericas.org\/es\/events\/ops-oms-serie-de-webinars-sobre-los-indicadores-ods-relacionados-con-la-calidad-del-aire-session-3-marzo-29\/","name":"Serie de Webinars sobre los Indicadores ODS relacionados con la Calidad del Aire: Session 3 - Marzo 29 - ECPA - Energy and Climate Partnership of the Americas","isPartOf":{"@id":"https:\/\/ecpamericas.org\/es\/#website"},"datePublished":"2023-03-20T15:05:25+00:00","dateModified":"2023-03-20T15:17:23+00:00","breadcrumb":{"@id":"https:\/\/ecpamericas.org\/es\/events\/ops-oms-serie-de-webinars-sobre-los-indicadores-ods-relacionados-con-la-calidad-del-aire-session-3-marzo-29\/#breadcrumb"},"inLanguage":"es","potentialAction":[{"@type":"ReadAction","target":["https:\/\/ecpamericas.org\/es\/events\/ops-oms-serie-de-webinars-sobre-los-indicadores-ods-relacionados-con-la-calidad-del-aire-session-3-marzo-29\/"]}]},{"@type":"BreadcrumbList","@id":"https:\/\/ecpamericas.org\/es\/events\/ops-oms-serie-de-webinars-sobre-los-indicadores-ods-relacionados-con-la-calidad-del-aire-session-3-marzo-29\/#breadcrumb","itemListElement":[{"@type":"ListItem","position":1,"name":"Home","item":"https:\/\/ecpamericas.org\/es\/"},{"@type":"ListItem","position":2,"name":"Serie de Webinars sobre los Indicadores ODS relacionados con la Calidad del Aire: Session 3 &#8211; Marzo 29"}]},{"@type":"WebSite","@id":"https:\/\/ecpamericas.org\/es\/#website","url":"https:\/\/ecpamericas.org\/es\/","name":"ECPA - Energy and Climate Partnership of the Americas","description":"Promoting cooperation for a sustainable energy future in the Americas","potentialAction":[{"@type":"SearchAction","target":{"@type":"EntryPoint","urlTemplate":"https:\/\/ecpamericas.org\/es\/?s={search_term_string}"},"query-input":"required name=search_term_string"}],"inLanguage":"es"}]}},"_links":{"self":[{"href":"https:\/\/ecpamericas.org\/es\/wp-json\/wp\/v2\/mec-events\/6808","targetHints":{"allow":["GET"]}}],"collection":[{"href":"https:\/\/ecpamericas.org\/es\/wp-json\/wp\/v2\/mec-events"}],"about":[{"href":"https:\/\/ecpamericas.org\/es\/wp-json\/wp\/v2\/types\/mec-events"}],"author":[{"embeddable":true,"href":"https:\/\/ecpamericas.org\/es\/wp-json\/wp\/v2\/users\/5"}],"replies":[{"embeddable":true,"href":"https:\/\/ecpamericas.org\/es\/wp-json\/wp\/v2\/comments?post=6808"}],"wp:featuredmedia":[{"embeddable":true,"href":"https:\/\/ecpamericas.org\/es\/wp-json\/wp\/v2\/media\/6812"}],"wp:attachment":[{"href":"https:\/\/ecpamericas.org\/es\/wp-json\/wp\/v2\/media?parent=6808"}],"wp:term":[{"taxonomy":"post_tag","embeddable":true,"href":"https:\/\/ecpamericas.org\/es\/wp-json\/wp\/v2\/tags?post=6808"},{"taxonomy":"mec_category","embeddable":true,"href":"https:\/\/ecpamericas.org\/es\/wp-json\/wp\/v2\/mec_category?post=6808"}],"curies":[{"name":"wp","href":"https:\/\/api.w.org\/{rel}","templated":true}]}}