{"id":5775,"date":"2021-08-25T15:51:55","date_gmt":"2021-08-25T20:51:55","guid":{"rendered":"https:\/\/ecpamericas.org\/?post_type=mec-events&#038;p=5775"},"modified":"2021-09-01T14:58:44","modified_gmt":"2021-09-01T19:58:44","slug":"transiciones-energeticas-inclusivas-para-una-mayor-ambicion-climatica","status":"publish","type":"mec-events","link":"https:\/\/ecpamericas.org\/es\/events\/transiciones-energeticas-inclusivas-para-una-mayor-ambicion-climatica\/","title":{"rendered":"Transiciones energ\u00e9ticas inclusivas para una mayor ambici\u00f3n clim\u00e1tica"},"content":{"rendered":"<p><span style=\"font-weight: 400;\">En la COP 26 de noviembre, los l\u00edderes buscar\u00e1n asegurar emisiones cero netas a nivel mundial para 2050 y mantener 1,5 grados al alcance. Durante el di\u00e1logo de alto nivel sobre la energ\u00eda, los pa\u00edses de la ECPA compartir\u00e1n sus experiencias en la eliminaci\u00f3n progresiva del consumo del carb\u00f3n, la aceleraci\u00f3n de la movilidad el\u00e9ctrica y el fomento a la inversi\u00f3n en energ\u00eda renovable al mismo tiempo que adoptan medidas que fortalecen derechos b\u00e1sicos tales como la salud y los derechos de los pueblos ind\u00edgenas, las comunidades locales, los migrantes, la infancia y los grupos vulnerables. Los intercambios destacar\u00e1n el v\u00ednculo entre las transiciones energ\u00e9ticas y el desarrollo, el g\u00e9nero y la justicia clim\u00e1tica.<\/span><\/p>\n<p><span style=\"font-weight: 400;\">A medida que las naciones de las Am\u00e9ricas se preparan para reunirse en Glasgow, este di\u00e1logo de alto nivel permitir\u00e1 que las personas encargadas de adoptar decisiones reflexionen sobre las formas mediante las cuales se pueda lograr un futuro energ\u00e9tico m\u00e1s inclusivo impulsando tecnolog\u00edas y pol\u00edticas energ\u00e9ticas disruptivas de adaptaci\u00f3n y mitigaci\u00f3n de los efectos del aumento mundial de las temperaturas.<\/span><\/p>\n<p>&nbsp;<\/p>\n<p>&nbsp;<\/p>\n<h5><strong>Agenda:<\/strong><\/h5>\n<p>&nbsp;<\/p>\n<h5><strong>09:00 AM &#8211; <b>Palabras de bienvenida<\/b><\/strong><\/h5>\n<p>&nbsp;<\/p>\n<ul>\n<li aria-level=\"1\"><b>Jorge Rivera Staff<\/b><span style=\"font-weight: 400;\">, Secretario Nacional de Energ\u00eda Panam\u00e1<\/span><\/li>\n<li style=\"font-weight: 400;\" aria-level=\"1\"><b>Rolando Castro C\u00f3rdoba<\/b><span style=\"font-weight: 400;\">, \u00a0Viceministro de Ambiente y Energ\u00eda de Costa Rica<\/span><\/li>\n<li aria-level=\"1\"><b>Erika Mouynes<\/b><span style=\"font-weight: 400;\">, \u00a0Ministra de Relaciones Exteriores Panam\u00e1<\/span><\/li>\n<\/ul>\n<p>&nbsp;<\/p>\n<h5>09:15 AM &#8211; <b>Transiciones energ\u00e9ticas inclusivas para una mayor ambici\u00f3n clim\u00e1tica<\/b><\/h5>\n<p>&nbsp;<\/p>\n<ul>\n<li><b>Angela Wilkinson<\/b><span style=\"font-weight: 400;\">, Secretaria General, World Energy Council<\/span><\/li>\n<\/ul>\n<p>&nbsp;<\/p>\n<h5>09:50 AM &#8211; <b>Preguntas y respuestas<\/b><\/h5>\n<p>&nbsp;<\/p>\n<h5>10:00 AM &#8211; <b>Panel: Transporte y energ\u00edas renovables: eliminaci\u00f3n progresiva de los combustibles f\u00f3siles<\/b><\/h5>\n<p>&nbsp;<\/p>\n<ul>\n<li style=\"font-weight: 400;\" aria-level=\"1\"><b>Laura Lizano<\/b><span style=\"font-weight: 400;\">,\u00a0 Directora de Planificaci\u00f3n Energ\u00e9tica, Ministerio de Ambiente y Energ\u00eda de Costa Rica<\/span><\/li>\n<li style=\"font-weight: 400;\" aria-level=\"1\"><b>Guadalupe Gonz\u00e1lez<\/b><span style=\"font-weight: 400;\">, Directora de Electricidad, Secretar\u00eda Nacional de Energ\u00eda de Panam\u00e1<\/span><\/li>\n<li style=\"font-weight: 400;\" aria-level=\"1\"><b>Linda Barrera<\/b>, <span style=\"font-weight: 400;\">Abogada Principal, Comisi\u00f3n de Energ\u00eda de California <\/span><\/li>\n<\/ul>\n<p>&nbsp;<\/p>\n<p><b>Moderador<\/b><\/p>\n<ul>\n<li><b>Juan C. Monticelli<\/b>, <b>\u00a0<\/b><span style=\"font-weight: 400;\">Jefe de la Secci\u00f3n de Energ\u00eda, OEA<\/span><\/li>\n<\/ul>\n<p>&nbsp;<\/p>\n<p><a href=\"https:\/\/us02web.zoom.us\/webinar\/register\/WN_ajiCoaAxSyqaxI_1Zyx_6Q\">ASISTIR<\/a><\/p>\n","protected":false},"excerpt":{"rendered":"<p>En la COP 26 de noviembre, los l\u00edderes buscar\u00e1n asegurar emisiones cero netas a nivel mundial para 2050 y mantener 1,5 grados al alcance. Durante el di\u00e1logo de alto nivel sobre la energ\u00eda, los pa\u00edses de la ECPA compartir\u00e1n sus experiencias en la eliminaci\u00f3n progresiva del consumo del carb\u00f3n, la aceleraci\u00f3n de la movilidad el\u00e9ctrica [&hellip;]<\/p>\n","protected":false},"author":4,"featured_media":5774,"comment_status":"open","ping_status":"closed","template":"","tags":[],"mec_category":[],"class_list":["post-5775","mec-events","type-mec-events","status-publish","has-post-thumbnail","hentry"],"acf":[],"yoast_head":"<!-- This site is optimized with the Yoast SEO plugin v21.7 - https:\/\/yoast.com\/wordpress\/plugins\/seo\/ -->\n<title>Transiciones energ\u00e9ticas inclusivas para una mayor ambici\u00f3n clim\u00e1tica - ECPA - Energy and Climate Partnership of the Americas<\/title>\n<meta name=\"robots\" content=\"index, follow, max-snippet:-1, max-image-preview:large, max-video-preview:-1\" \/>\n<link rel=\"canonical\" href=\"https:\/\/ecpamericas.org\/es\/events\/transiciones-energeticas-inclusivas-para-una-mayor-ambicion-climatica\/\" \/>\n<meta property=\"og:locale\" content=\"es_ES\" \/>\n<meta property=\"og:type\" content=\"article\" \/>\n<meta property=\"og:title\" content=\"Transiciones energ\u00e9ticas inclusivas para una mayor ambici\u00f3n clim\u00e1tica - ECPA - Energy and Climate Partnership of the Americas\" \/>\n<meta property=\"og:description\" content=\"En la COP 26 de noviembre, los l\u00edderes buscar\u00e1n asegurar emisiones cero netas a nivel mundial para 2050 y mantener 1,5 grados al alcance. Durante el di\u00e1logo de alto nivel sobre la energ\u00eda, los pa\u00edses de la ECPA compartir\u00e1n sus experiencias en la eliminaci\u00f3n progresiva del consumo del carb\u00f3n, la aceleraci\u00f3n de la movilidad el\u00e9ctrica [&hellip;]\" \/>\n<meta property=\"og:url\" content=\"https:\/\/ecpamericas.org\/es\/events\/transiciones-energeticas-inclusivas-para-una-mayor-ambicion-climatica\/\" \/>\n<meta property=\"og:site_name\" content=\"ECPA - Energy and Climate Partnership of the Americas\" \/>\n<meta property=\"article:modified_time\" content=\"2021-09-01T19:58:44+00:00\" \/>\n<meta property=\"og:image\" content=\"https:\/\/ecpamericas.org\/wp-content\/uploads\/2021\/08\/ECPA_HLDE_9-9-\u2013-web.jpg\" \/>\n\t<meta property=\"og:image:width\" content=\"1290\" \/>\n\t<meta property=\"og:image:height\" content=\"1700\" \/>\n\t<meta property=\"og:image:type\" content=\"image\/jpeg\" \/>\n<meta name=\"twitter:card\" content=\"summary_large_image\" \/>\n<meta name=\"twitter:label1\" content=\"Tiempo de lectura\" \/>\n\t<meta name=\"twitter:data1\" content=\"2 minutos\" \/>\n<script type=\"application\/ld+json\" class=\"yoast-schema-graph\">{\"@context\":\"https:\/\/schema.org\",\"@graph\":[{\"@type\":\"WebPage\",\"@id\":\"https:\/\/ecpamericas.org\/es\/events\/transiciones-energeticas-inclusivas-para-una-mayor-ambicion-climatica\/\",\"url\":\"https:\/\/ecpamericas.org\/es\/events\/transiciones-energeticas-inclusivas-para-una-mayor-ambicion-climatica\/\",\"name\":\"Transiciones energ\u00e9ticas inclusivas para una mayor ambici\u00f3n clim\u00e1tica - ECPA - Energy and Climate Partnership of the Americas\",\"isPartOf\":{\"@id\":\"https:\/\/ecpamericas.org\/es\/#website\"},\"datePublished\":\"2021-08-25T20:51:55+00:00\",\"dateModified\":\"2021-09-01T19:58:44+00:00\",\"breadcrumb\":{\"@id\":\"https:\/\/ecpamericas.org\/es\/events\/transiciones-energeticas-inclusivas-para-una-mayor-ambicion-climatica\/#breadcrumb\"},\"inLanguage\":\"es\",\"potentialAction\":[{\"@type\":\"ReadAction\",\"target\":[\"https:\/\/ecpamericas.org\/es\/events\/transiciones-energeticas-inclusivas-para-una-mayor-ambicion-climatica\/\"]}]},{\"@type\":\"BreadcrumbList\",\"@id\":\"https:\/\/ecpamericas.org\/es\/events\/transiciones-energeticas-inclusivas-para-una-mayor-ambicion-climatica\/#breadcrumb\",\"itemListElement\":[{\"@type\":\"ListItem\",\"position\":1,\"name\":\"Home\",\"item\":\"https:\/\/ecpamericas.org\/es\/\"},{\"@type\":\"ListItem\",\"position\":2,\"name\":\"Transiciones energ\u00e9ticas inclusivas para una mayor ambici\u00f3n clim\u00e1tica\"}]},{\"@type\":\"WebSite\",\"@id\":\"https:\/\/ecpamericas.org\/es\/#website\",\"url\":\"https:\/\/ecpamericas.org\/es\/\",\"name\":\"ECPA - Energy and Climate Partnership of the Americas\",\"description\":\"Promoting cooperation for a sustainable energy future in the Americas\",\"potentialAction\":[{\"@type\":\"SearchAction\",\"target\":{\"@type\":\"EntryPoint\",\"urlTemplate\":\"https:\/\/ecpamericas.org\/es\/?s={search_term_string}\"},\"query-input\":\"required name=search_term_string\"}],\"inLanguage\":\"es\"}]}<\/script>\n<!-- \/ Yoast SEO plugin. -->","yoast_head_json":{"title":"Transiciones energ\u00e9ticas inclusivas para una mayor ambici\u00f3n clim\u00e1tica - ECPA - Energy and Climate Partnership of the Americas","robots":{"index":"index","follow":"follow","max-snippet":"max-snippet:-1","max-image-preview":"max-image-preview:large","max-video-preview":"max-video-preview:-1"},"canonical":"https:\/\/ecpamericas.org\/es\/events\/transiciones-energeticas-inclusivas-para-una-mayor-ambicion-climatica\/","og_locale":"es_ES","og_type":"article","og_title":"Transiciones energ\u00e9ticas inclusivas para una mayor ambici\u00f3n clim\u00e1tica - ECPA - Energy and Climate Partnership of the Americas","og_description":"En la COP 26 de noviembre, los l\u00edderes buscar\u00e1n asegurar emisiones cero netas a nivel mundial para 2050 y mantener 1,5 grados al alcance. Durante el di\u00e1logo de alto nivel sobre la energ\u00eda, los pa\u00edses de la ECPA compartir\u00e1n sus experiencias en la eliminaci\u00f3n progresiva del consumo del carb\u00f3n, la aceleraci\u00f3n de la movilidad el\u00e9ctrica [&hellip;]","og_url":"https:\/\/ecpamericas.org\/es\/events\/transiciones-energeticas-inclusivas-para-una-mayor-ambicion-climatica\/","og_site_name":"ECPA - Energy and Climate Partnership of the Americas","article_modified_time":"2021-09-01T19:58:44+00:00","og_image":[{"width":1290,"height":1700,"url":"https:\/\/ecpamericas.org\/wp-content\/uploads\/2021\/08\/ECPA_HLDE_9-9-\u2013-web.jpg","type":"image\/jpeg"}],"twitter_card":"summary_large_image","twitter_misc":{"Tiempo de lectura":"2 minutos"},"schema":{"@context":"https:\/\/schema.org","@graph":[{"@type":"WebPage","@id":"https:\/\/ecpamericas.org\/es\/events\/transiciones-energeticas-inclusivas-para-una-mayor-ambicion-climatica\/","url":"https:\/\/ecpamericas.org\/es\/events\/transiciones-energeticas-inclusivas-para-una-mayor-ambicion-climatica\/","name":"Transiciones energ\u00e9ticas inclusivas para una mayor ambici\u00f3n clim\u00e1tica - ECPA - Energy and Climate Partnership of the Americas","isPartOf":{"@id":"https:\/\/ecpamericas.org\/es\/#website"},"datePublished":"2021-08-25T20:51:55+00:00","dateModified":"2021-09-01T19:58:44+00:00","breadcrumb":{"@id":"https:\/\/ecpamericas.org\/es\/events\/transiciones-energeticas-inclusivas-para-una-mayor-ambicion-climatica\/#breadcrumb"},"inLanguage":"es","potentialAction":[{"@type":"ReadAction","target":["https:\/\/ecpamericas.org\/es\/events\/transiciones-energeticas-inclusivas-para-una-mayor-ambicion-climatica\/"]}]},{"@type":"BreadcrumbList","@id":"https:\/\/ecpamericas.org\/es\/events\/transiciones-energeticas-inclusivas-para-una-mayor-ambicion-climatica\/#breadcrumb","itemListElement":[{"@type":"ListItem","position":1,"name":"Home","item":"https:\/\/ecpamericas.org\/es\/"},{"@type":"ListItem","position":2,"name":"Transiciones energ\u00e9ticas inclusivas para una mayor ambici\u00f3n clim\u00e1tica"}]},{"@type":"WebSite","@id":"https:\/\/ecpamericas.org\/es\/#website","url":"https:\/\/ecpamericas.org\/es\/","name":"ECPA - Energy and Climate Partnership of the Americas","description":"Promoting cooperation for a sustainable energy future in the Americas","potentialAction":[{"@type":"SearchAction","target":{"@type":"EntryPoint","urlTemplate":"https:\/\/ecpamericas.org\/es\/?s={search_term_string}"},"query-input":"required name=search_term_string"}],"inLanguage":"es"}]}},"_links":{"self":[{"href":"https:\/\/ecpamericas.org\/es\/wp-json\/wp\/v2\/mec-events\/5775","targetHints":{"allow":["GET"]}}],"collection":[{"href":"https:\/\/ecpamericas.org\/es\/wp-json\/wp\/v2\/mec-events"}],"about":[{"href":"https:\/\/ecpamericas.org\/es\/wp-json\/wp\/v2\/types\/mec-events"}],"author":[{"embeddable":true,"href":"https:\/\/ecpamericas.org\/es\/wp-json\/wp\/v2\/users\/4"}],"replies":[{"embeddable":true,"href":"https:\/\/ecpamericas.org\/es\/wp-json\/wp\/v2\/comments?post=5775"}],"wp:featuredmedia":[{"embeddable":true,"href":"https:\/\/ecpamericas.org\/es\/wp-json\/wp\/v2\/media\/5774"}],"wp:attachment":[{"href":"https:\/\/ecpamericas.org\/es\/wp-json\/wp\/v2\/media?parent=5775"}],"wp:term":[{"taxonomy":"post_tag","embeddable":true,"href":"https:\/\/ecpamericas.org\/es\/wp-json\/wp\/v2\/tags?post=5775"},{"taxonomy":"mec_category","embeddable":true,"href":"https:\/\/ecpamericas.org\/es\/wp-json\/wp\/v2\/mec_category?post=5775"}],"curies":[{"name":"wp","href":"https:\/\/api.w.org\/{rel}","templated":true}]}}