{"id":4143,"date":"2013-03-19T00:00:00","date_gmt":"2013-03-19T00:00:00","guid":{"rendered":"https:\/\/ecpamericas.org\/events\/taller-centroamericano-de-capacitacion-sobre-la-gestion-ambiental-responsable-de-residuos-de-aparatos-electricos-y-electronicos\/"},"modified":"2020-12-31T17:16:12","modified_gmt":"2020-12-31T22:16:12","slug":"taller-centroamericano-de-capacitacion-sobre-la-gestion-ambiental-responsable-de-residuos-de-aparatos-electricos-y-electronicos","status":"publish","type":"mec-events","link":"https:\/\/ecpamericas.org\/es\/events\/taller-centroamericano-de-capacitacion-sobre-la-gestion-ambiental-responsable-de-residuos-de-aparatos-electricos-y-electronicos\/","title":{"rendered":"Taller Centroamericano de Capacitaci\u00f3n sobre la Gesti\u00f3n Ambiental Responsable de Residuos de Aparatos El\u00e9ctricos y Electr\u00f3nicos"},"content":{"rendered":"<div id=\"ctl00_ContentPlaceHolder1_ucEventDetail_divEventItem\" class=\"item\">\n<div class=\"date\" style=\"font-style: italic; font-size: 14px;\">martes, 19 de marzo de 2013 &#8211; mi\u00e9rcoles, 20 de marzo de 2013<\/div>\n<h2 style=\"margin: 25px 0 35px 0;\">Taller Centroamericano de Capacitaci\u00f3n sobre la Gesti\u00f3n Ambiental Responsable de Residuos de Aparatos El\u00e9ctricos y Electr\u00f3nicos<\/h2>\n<p>&nbsp;<\/p>\n<p style=\"text-align: left;\">El taller es organizado conjuntamente por la Uni\u00f3n Internacional de Telecomunicaciones (UIT) y la Secretar\u00eda de la Convenci\u00f3n de Basilea administrada por el programa del as Naciones Unidas del Medio Ambiente (PNUMA), representada por su Centro Regional para Centroam\u00e9rica y M\u00e9xico (CRCB&#8212;CAM), en colaboraci\u00f3n con la Asociaci\u00f3n para la Acci\u00f3n en materia de equipos inform\u00e1ticos (PACE) establecida en virtud de la Convenci\u00f3n de Basilea sobre el Control de los Movimientos Transfronterizos de los Desechos Peligrosos y su Eliminaci\u00f3n, la Comisi\u00f3n Centroamericana de Ambiente y Desarrollo (CCAD) y el Ministerio de Medio Ambiente y Recursos Naturales del Salvador (MARN). Este evento tiene como objetivo proporcionar una capacitaci\u00f3n sobre la gesti\u00f3n de desechos electr\u00f3nicos y promover el manejo ambientalmente racional de los equipos electr\u00f3nicos usados y que han alcanzado el final de su vida \u00fatil, a trav\u00e9s de las directrices de PACE basadas en el concepto de desarrollo sostenible, reacondicionamiento y reparaci\u00f3n de equipos inform\u00e1ticos usados, as\u00ed como el reciclado y la recuperaci\u00f3n ambientalmente racional de materiales de equipos inform\u00e1ticos que han alcanzado el final de su vida \u00fatil, igualmente a trav\u00e9s de las recomendaciones del UIT&#8212;T y su kit de herramientas de Sostenibilidad Ambiental para el Sector de las TIC.<\/p>\n<p>Ver publicaci\u00f3n original, <a href=\"http:\/\/www.itu.int\/en\/ITU-T\/climatechange\/201303\/Documents\/Training_workshop_Ewaste.pdf\">aqu\u00ed.<\/a><\/p>\n<p>Organizado por:<\/p>\n<p><a href=\"http:\/\/www.itu.int\/en\/Pages\/default.aspx\" target=\"_blank\" rel=\"noopener noreferrer\"><img decoding=\"async\" style=\"margin: 5px;\" src=\"http:\/\/www.itu.int\/en\/ITU-T\/climatechange\/201303\/PublishingImages\/ITU.png\" alt=\"ITU.png\" \/><\/a> <a href=\"http:\/\/www.basel.int\/Home\/tabid\/2202\/mctl\/ViewDetails\/EventModID\/8051\/EventID\/330\/xmid\/8052\/Default.aspx\" target=\"_blank\" rel=\"noopener noreferrer\"><img decoding=\"async\" style=\"margin: 5px; width: 210px; height: 78px;\" src=\"http:\/\/www.itu.int\/en\/ITU-T\/climatechange\/201303\/PublishingImages\/UNEP%20Basel%20Convention.jpg\" alt=\"UNEP Basel Convention.jpg\" \/><\/a><\/p>\n<p><a href=\"http:\/\/www.sica.int\/ccad\/\" target=\"_blank\" rel=\"noopener noreferrer\"><img decoding=\"async\" style=\"margin: 5px; width: 85px; height: 115px;\" src=\"http:\/\/www.itu.int\/en\/ITU-T\/climatechange\/201303\/PublishingImages\/CCAD.jpg\" alt=\"CCAD.jpg\" \/><\/a> <a href=\"http:\/\/www.sica.int\/crcbcam\/\" target=\"_blank\" rel=\"noopener noreferrer\"><img decoding=\"async\" style=\"margin: 5px; width: 180px; height: 116px;\" src=\"http:\/\/www.itu.int\/en\/ITU-T\/climatechange\/201303\/PublishingImages\/CRCB.png\" alt=\"CRCB.png\" \/><\/a> <a href=\"http:\/\/archive.basel.int\/industry\/compartnership\/index.html\" target=\"_blank\" rel=\"noopener noreferrer\"><img decoding=\"async\" style=\"margin: 5px; width: 115px; height: 135px;\" src=\"http:\/\/www.itu.int\/en\/ITU-T\/climatechange\/201303\/PublishingImages\/PACE.jpg\" alt=\"PACE.jpg\" \/><\/a><\/p>\n<p><a href=\"http:\/\/www.comtelca.org\/\" target=\"_blank\" rel=\"noopener noreferrer\"><img decoding=\"async\" style=\"margin: 5px; width: 135px; height: 145px;\" src=\"http:\/\/www.itu.int\/en\/ITU-T\/climatechange\/201303\/PublishingImages\/Comtelca.png\" alt=\"Comtelca.png\" \/><\/a> <a href=\"http:\/\/www.marn.gob.sv\/\" target=\"_blank\" rel=\"noopener noreferrer\"><img decoding=\"async\" style=\"margin: 5px; width: 180px; height: 125px;\" src=\"http:\/\/www.itu.int\/en\/ITU-T\/climatechange\/201303\/PublishingImages\/San%20Salvador.jpg\" alt=\"MARN.jpg\" \/><\/a> <a href=\"http:\/\/www.siget.gob.sv\/\" target=\"_blank\" rel=\"noopener noreferrer\"><img decoding=\"async\" style=\"margin: 40px 5px; width: 159px; height: 39px;\" src=\"http:\/\/www.itu.int\/en\/ITU-T\/climatechange\/201303\/PublishingImages\/Siget.png\" alt=\"Siget.png\" \/><\/a><\/p>\n<p><strong>con apoyo:<\/strong><\/p>\n<p><a href=\"http:\/\/www.telefonica.com\/en\/home\/jsp\/home.jsp\" target=\"_blank\" rel=\"noopener noreferrer\"><img decoding=\"async\" style=\"margin: 5px; width: 180px; height: 50px;\" src=\"http:\/\/www.itu.int\/en\/ITU-T\/climatechange\/201303\/PublishingImages\/Logo_Telefonica_positivo_RGB.jpg\" alt=\"\" \/><\/a><\/p>\n<p>&nbsp;<\/p>\n<div id=\"ctl00_ContentPlaceHolder1_ucEventDetail_divGoogleMap\" class=\"topPad\">\n<div id=\"div_GoogleMap\"><\/div>\n<\/div>\n<div class=\"topPad floatL postedBy\">ES-Posted By: ES-N\/A &#8211; viernes, 15 marzo, 2013 ES-at 12:00<\/div>\n<\/div>\n","protected":false},"excerpt":{"rendered":"<p>martes, 19 de marzo de 2013 &#8211; mi\u00e9rcoles, 20 de marzo de 2013 Taller Centroamericano de Capacitaci\u00f3n sobre la Gesti\u00f3n Ambiental Responsable de Residuos de Aparatos El\u00e9ctricos y Electr\u00f3nicos &nbsp; El taller es organizado conjuntamente por la Uni\u00f3n Internacional de Telecomunicaciones (UIT) y la Secretar\u00eda de la Convenci\u00f3n de Basilea administrada por el programa del [&hellip;]<\/p>\n","protected":false},"author":1,"featured_media":0,"comment_status":"open","ping_status":"closed","template":"","tags":[],"mec_category":[],"class_list":["post-4143","mec-events","type-mec-events","status-publish","hentry"],"acf":[],"yoast_head":"<!-- This site is optimized with the Yoast SEO plugin v21.7 - https:\/\/yoast.com\/wordpress\/plugins\/seo\/ -->\n<title>Taller Centroamericano de Capacitaci\u00f3n sobre la Gesti\u00f3n Ambiental Responsable de Residuos de Aparatos El\u00e9ctricos y Electr\u00f3nicos - ECPA - Energy and Climate Partnership of the Americas<\/title>\n<meta name=\"robots\" content=\"index, follow, max-snippet:-1, max-image-preview:large, max-video-preview:-1\" \/>\n<link rel=\"canonical\" href=\"https:\/\/ecpamericas.org\/es\/events\/taller-centroamericano-de-capacitacion-sobre-la-gestion-ambiental-responsable-de-residuos-de-aparatos-electricos-y-electronicos\/\" \/>\n<meta property=\"og:locale\" content=\"es_ES\" \/>\n<meta property=\"og:type\" content=\"article\" \/>\n<meta property=\"og:title\" content=\"Taller Centroamericano de Capacitaci\u00f3n sobre la Gesti\u00f3n Ambiental Responsable de Residuos de Aparatos El\u00e9ctricos y Electr\u00f3nicos - ECPA - Energy and Climate Partnership of the Americas\" \/>\n<meta property=\"og:description\" content=\"martes, 19 de marzo de 2013 &#8211; mi\u00e9rcoles, 20 de marzo de 2013 Taller Centroamericano de Capacitaci\u00f3n sobre la Gesti\u00f3n Ambiental Responsable de Residuos de Aparatos El\u00e9ctricos y Electr\u00f3nicos &nbsp; El taller es organizado conjuntamente por la Uni\u00f3n Internacional de Telecomunicaciones (UIT) y la Secretar\u00eda de la Convenci\u00f3n de Basilea administrada por el programa del [&hellip;]\" \/>\n<meta property=\"og:url\" content=\"https:\/\/ecpamericas.org\/es\/events\/taller-centroamericano-de-capacitacion-sobre-la-gestion-ambiental-responsable-de-residuos-de-aparatos-electricos-y-electronicos\/\" \/>\n<meta property=\"og:site_name\" content=\"ECPA - Energy and Climate Partnership of the Americas\" \/>\n<meta property=\"article:modified_time\" content=\"2020-12-31T22:16:12+00:00\" \/>\n<meta property=\"og:image\" content=\"http:\/\/www.itu.int\/en\/ITU-T\/climatechange\/201303\/PublishingImages\/ITU.png\" \/>\n<meta name=\"twitter:card\" content=\"summary_large_image\" \/>\n<meta name=\"twitter:label1\" content=\"Tiempo de lectura\" \/>\n\t<meta name=\"twitter:data1\" content=\"1 minuto\" \/>\n<script type=\"application\/ld+json\" class=\"yoast-schema-graph\">{\"@context\":\"https:\/\/schema.org\",\"@graph\":[{\"@type\":\"WebPage\",\"@id\":\"https:\/\/ecpamericas.org\/es\/events\/taller-centroamericano-de-capacitacion-sobre-la-gestion-ambiental-responsable-de-residuos-de-aparatos-electricos-y-electronicos\/\",\"url\":\"https:\/\/ecpamericas.org\/es\/events\/taller-centroamericano-de-capacitacion-sobre-la-gestion-ambiental-responsable-de-residuos-de-aparatos-electricos-y-electronicos\/\",\"name\":\"Taller Centroamericano de Capacitaci\u00f3n sobre la Gesti\u00f3n Ambiental Responsable de Residuos de Aparatos El\u00e9ctricos y Electr\u00f3nicos - ECPA - Energy and Climate Partnership of the Americas\",\"isPartOf\":{\"@id\":\"https:\/\/ecpamericas.org\/es\/#website\"},\"datePublished\":\"2013-03-19T00:00:00+00:00\",\"dateModified\":\"2020-12-31T22:16:12+00:00\",\"breadcrumb\":{\"@id\":\"https:\/\/ecpamericas.org\/es\/events\/taller-centroamericano-de-capacitacion-sobre-la-gestion-ambiental-responsable-de-residuos-de-aparatos-electricos-y-electronicos\/#breadcrumb\"},\"inLanguage\":\"es\",\"potentialAction\":[{\"@type\":\"ReadAction\",\"target\":[\"https:\/\/ecpamericas.org\/es\/events\/taller-centroamericano-de-capacitacion-sobre-la-gestion-ambiental-responsable-de-residuos-de-aparatos-electricos-y-electronicos\/\"]}]},{\"@type\":\"BreadcrumbList\",\"@id\":\"https:\/\/ecpamericas.org\/es\/events\/taller-centroamericano-de-capacitacion-sobre-la-gestion-ambiental-responsable-de-residuos-de-aparatos-electricos-y-electronicos\/#breadcrumb\",\"itemListElement\":[{\"@type\":\"ListItem\",\"position\":1,\"name\":\"Home\",\"item\":\"https:\/\/ecpamericas.org\/es\/\"},{\"@type\":\"ListItem\",\"position\":2,\"name\":\"Taller Centroamericano de Capacitaci\u00f3n sobre la Gesti\u00f3n Ambiental Responsable de Residuos de Aparatos El\u00e9ctricos y Electr\u00f3nicos\"}]},{\"@type\":\"WebSite\",\"@id\":\"https:\/\/ecpamericas.org\/es\/#website\",\"url\":\"https:\/\/ecpamericas.org\/es\/\",\"name\":\"ECPA - Energy and Climate Partnership of the Americas\",\"description\":\"Promoting cooperation for a sustainable energy future in the Americas\",\"potentialAction\":[{\"@type\":\"SearchAction\",\"target\":{\"@type\":\"EntryPoint\",\"urlTemplate\":\"https:\/\/ecpamericas.org\/es\/?s={search_term_string}\"},\"query-input\":\"required name=search_term_string\"}],\"inLanguage\":\"es\"}]}<\/script>\n<!-- \/ Yoast SEO plugin. -->","yoast_head_json":{"title":"Taller Centroamericano de Capacitaci\u00f3n sobre la Gesti\u00f3n Ambiental Responsable de Residuos de Aparatos El\u00e9ctricos y Electr\u00f3nicos - ECPA - Energy and Climate Partnership of the Americas","robots":{"index":"index","follow":"follow","max-snippet":"max-snippet:-1","max-image-preview":"max-image-preview:large","max-video-preview":"max-video-preview:-1"},"canonical":"https:\/\/ecpamericas.org\/es\/events\/taller-centroamericano-de-capacitacion-sobre-la-gestion-ambiental-responsable-de-residuos-de-aparatos-electricos-y-electronicos\/","og_locale":"es_ES","og_type":"article","og_title":"Taller Centroamericano de Capacitaci\u00f3n sobre la Gesti\u00f3n Ambiental Responsable de Residuos de Aparatos El\u00e9ctricos y Electr\u00f3nicos - ECPA - Energy and Climate Partnership of the Americas","og_description":"martes, 19 de marzo de 2013 &#8211; mi\u00e9rcoles, 20 de marzo de 2013 Taller Centroamericano de Capacitaci\u00f3n sobre la Gesti\u00f3n Ambiental Responsable de Residuos de Aparatos El\u00e9ctricos y Electr\u00f3nicos &nbsp; El taller es organizado conjuntamente por la Uni\u00f3n Internacional de Telecomunicaciones (UIT) y la Secretar\u00eda de la Convenci\u00f3n de Basilea administrada por el programa del [&hellip;]","og_url":"https:\/\/ecpamericas.org\/es\/events\/taller-centroamericano-de-capacitacion-sobre-la-gestion-ambiental-responsable-de-residuos-de-aparatos-electricos-y-electronicos\/","og_site_name":"ECPA - Energy and Climate Partnership of the Americas","article_modified_time":"2020-12-31T22:16:12+00:00","og_image":[{"url":"http:\/\/www.itu.int\/en\/ITU-T\/climatechange\/201303\/PublishingImages\/ITU.png"}],"twitter_card":"summary_large_image","twitter_misc":{"Tiempo de lectura":"1 minuto"},"schema":{"@context":"https:\/\/schema.org","@graph":[{"@type":"WebPage","@id":"https:\/\/ecpamericas.org\/es\/events\/taller-centroamericano-de-capacitacion-sobre-la-gestion-ambiental-responsable-de-residuos-de-aparatos-electricos-y-electronicos\/","url":"https:\/\/ecpamericas.org\/es\/events\/taller-centroamericano-de-capacitacion-sobre-la-gestion-ambiental-responsable-de-residuos-de-aparatos-electricos-y-electronicos\/","name":"Taller Centroamericano de Capacitaci\u00f3n sobre la Gesti\u00f3n Ambiental Responsable de Residuos de Aparatos El\u00e9ctricos y Electr\u00f3nicos - ECPA - Energy and Climate Partnership of the Americas","isPartOf":{"@id":"https:\/\/ecpamericas.org\/es\/#website"},"datePublished":"2013-03-19T00:00:00+00:00","dateModified":"2020-12-31T22:16:12+00:00","breadcrumb":{"@id":"https:\/\/ecpamericas.org\/es\/events\/taller-centroamericano-de-capacitacion-sobre-la-gestion-ambiental-responsable-de-residuos-de-aparatos-electricos-y-electronicos\/#breadcrumb"},"inLanguage":"es","potentialAction":[{"@type":"ReadAction","target":["https:\/\/ecpamericas.org\/es\/events\/taller-centroamericano-de-capacitacion-sobre-la-gestion-ambiental-responsable-de-residuos-de-aparatos-electricos-y-electronicos\/"]}]},{"@type":"BreadcrumbList","@id":"https:\/\/ecpamericas.org\/es\/events\/taller-centroamericano-de-capacitacion-sobre-la-gestion-ambiental-responsable-de-residuos-de-aparatos-electricos-y-electronicos\/#breadcrumb","itemListElement":[{"@type":"ListItem","position":1,"name":"Home","item":"https:\/\/ecpamericas.org\/es\/"},{"@type":"ListItem","position":2,"name":"Taller Centroamericano de Capacitaci\u00f3n sobre la Gesti\u00f3n Ambiental Responsable de Residuos de Aparatos El\u00e9ctricos y Electr\u00f3nicos"}]},{"@type":"WebSite","@id":"https:\/\/ecpamericas.org\/es\/#website","url":"https:\/\/ecpamericas.org\/es\/","name":"ECPA - Energy and Climate Partnership of the Americas","description":"Promoting cooperation for a sustainable energy future in the Americas","potentialAction":[{"@type":"SearchAction","target":{"@type":"EntryPoint","urlTemplate":"https:\/\/ecpamericas.org\/es\/?s={search_term_string}"},"query-input":"required name=search_term_string"}],"inLanguage":"es"}]}},"_links":{"self":[{"href":"https:\/\/ecpamericas.org\/es\/wp-json\/wp\/v2\/mec-events\/4143","targetHints":{"allow":["GET"]}}],"collection":[{"href":"https:\/\/ecpamericas.org\/es\/wp-json\/wp\/v2\/mec-events"}],"about":[{"href":"https:\/\/ecpamericas.org\/es\/wp-json\/wp\/v2\/types\/mec-events"}],"author":[{"embeddable":true,"href":"https:\/\/ecpamericas.org\/es\/wp-json\/wp\/v2\/users\/1"}],"replies":[{"embeddable":true,"href":"https:\/\/ecpamericas.org\/es\/wp-json\/wp\/v2\/comments?post=4143"}],"wp:attachment":[{"href":"https:\/\/ecpamericas.org\/es\/wp-json\/wp\/v2\/media?parent=4143"}],"wp:term":[{"taxonomy":"post_tag","embeddable":true,"href":"https:\/\/ecpamericas.org\/es\/wp-json\/wp\/v2\/tags?post=4143"},{"taxonomy":"mec_category","embeddable":true,"href":"https:\/\/ecpamericas.org\/es\/wp-json\/wp\/v2\/mec_category?post=4143"}],"curies":[{"name":"wp","href":"https:\/\/api.w.org\/{rel}","templated":true}]}}