{"id":4133,"date":"2013-03-13T00:00:00","date_gmt":"2013-03-13T00:00:00","guid":{"rendered":"https:\/\/ecpamericas.org\/events\/foro-del-caribe-urbano-2013\/"},"modified":"2020-12-31T17:18:52","modified_gmt":"2020-12-31T22:18:52","slug":"foro-del-caribe-urbano-2013","status":"publish","type":"mec-events","link":"https:\/\/ecpamericas.org\/es\/events\/foro-del-caribe-urbano-2013\/","title":{"rendered":"Foro del Caribe Urbano 2013"},"content":{"rendered":"<div id=\"ctl00_ContentPlaceHolder1_ucEventDetail_divEventItem\" class=\"item\">\n<div class=\"date\" style=\"font-style: italic; font-size: 14px;\">mi\u00e9rcoles, 13 de marzo de 2013 &#8211; viernes, 15 de marzo de 2013<\/div>\n<h2 style=\"margin: 25px 0 35px 0;\">Foro del Caribe Urbano 2013<\/h2>\n<p style=\"border: 0px; margin: 0px 0px 15px; padding: 0px; font-size: 14px; text-align: center;\"><strong style=\"border: 0px; margin: 0px; padding: 0px;\"><img decoding=\"async\" class=\"size-full wp-image-4113\" style=\"border: 0px solid; padding: 0px; font-size: 0px; color: transparent; vertical-align: middle; max-width: 570px; height: 256px; width: 266px;\" src=\"http:\/\/i0.wp.com\/bluespacecaribbean.com\/wp-content\/uploads\/2013\/01\/CUF-2013-Main-blueSpace-Web.png?resize=366%2C351\" alt=\"CUF 2013 Main blueSpace Web\" \/><\/strong><\/p>\n<p style=\"border: 0px; margin: 0px 0px 15px; padding: 0px; font-size: 14px;\">El impacto del uso de la tierra y los profesionales urbanos en el desarrollo y gesti\u00f3n de las ciudades es a menudo visto como lento, conservador, e incremental, pero a menudo se necesita para que sea r\u00e1pido, din\u00e1mico y de gran alcance. Esta dualidad se refleja en el t\u00edtulo del Foro del Caribe Urbano <span style=\"font-size: 14px;\">2013<\/span>: (R)Evoluci\u00f3n. Este es un reto en el uso del suelo para los profesionales y el Caribe urbano para explorar su potencial como promotores del cambio en la cara de las nuevas fuerzas, contextos y necesidades.<\/p>\n<hr style=\"border-right-width: 0px; border-bottom-width: 0px; border-left-width: 0px; border-style: dotted; border-color: #cccccc; margin: 0px 0px 15px; padding: 0px; font-size: 14px; clear: both; height: 1px;\" size=\"1\" width=\"100%\" \/>\n<p style=\"border: 0px; margin: 0px 0px 15px; padding: 0px; font-size: 14px;\"><strong style=\"border: 0px; margin: 0px; padding: 0px;\">Fecha:<\/strong><\/p>\n<p style=\"border: 0px; margin: 0px 0px 15px; padding: 0px; font-size: 14px;\">13-15 de marzo, 2013<\/p>\n<p style=\"border: 0px; margin: 0px 0px 15px; padding: 0px; font-size: 14px;\"><strong style=\"border: 0px; margin: 0px; padding: 0px;\">Lugar:<\/strong><\/p>\n<p style=\"border: 0px; margin: 0px 0px 15px; padding: 0px; font-size: 14px;\">Centro de Conferencia del hotel Hilton en Trinidad<br \/>\n442 Lady Young Road<br \/>\nPort of Spain<br \/>\nTrinidad &amp; Tobago<br \/>\nTel: 1(868) 624-3211<\/p>\n<hr style=\"border-right-width: 0px; border-bottom-width: 0px; border-left-width: 0px; border-style: dotted; border-color: #cccccc; margin: 0px 0px 15px; padding: 0px; font-size: 14px; clear: both; height: 1px;\" size=\"1\" width=\"100%\" \/>\n<p style=\"border: 0px; margin: 0px 0px 15px; padding: 0px; font-size: 14px;\"><strong style=\"border: 0px; margin: 0px; padding: 0px;\">Temas de la conferencia:<\/strong><\/p>\n<p style=\"border: 0px; margin: 0px 0px 15px; padding: 0px; font-size: 14px;\"><span style=\"border: 0px; margin: 0px; padding: 0px; text-decoration: none; color: #09a5c4;\">CUF 2013 est\u00e1 dise\u00f1ado para abordar cuestiones espec\u00edficas de pol\u00edtica en el Caribe<br \/>\nSector Urbano, as\u00ed como para apoyar los esfuerzos de colaboraci\u00f3n de los planificadores de la<br \/>\nDel Caribe y las Am\u00e9ricas en general. Haga clic en los puntos que siguen para obtener descripciones sobre cada tema.<\/p>\n<p>1.El mensaje Econom\u00eda Verde Urbano de R\u00edo +20<br \/>\n2.El Evoluci\u00f3n Caribe Agenda Urbana Gobierno<br \/>\n3.Local y Participaci\u00f3n de la Comunidad en el Proceso de Desarrollo<br \/>\n4.Herencia y cultura en la revitalizaci\u00f3n de las zonas urbanas deprimidas Barrios Pr\u00e1ctica Planificaci\u00f3n<br \/>\n5.Professional, Educaci\u00f3n y formaci\u00f3n en el Caribe<br \/>\n<\/span><\/p>\n<hr style=\"border-right-width: 0px; border-bottom-width: 0px; border-left-width: 0px; border-style: dotted; border-color: #cccccc; margin: 0px 0px 15px; padding: 0px; font-size: 14px; clear: both; height: 1px;\" size=\"1\" width=\"100%\" \/>\n<p style=\"border: 0px; margin: 0px 0px 15px; padding: 0px; font-size: 14px;\"><strong style=\"border: 0px; margin: 0px; padding: 0px;\">Anfitriones:<\/strong><br \/>\nCUF 2013 will be co-hosted by the Trinidad &amp; Tobago Ministry of Planning and<br \/>\nSustainable Development (Town and Country Planning Division), the Ministry<br \/>\nof Local Government, the Trinidad and Tobago Society of Planners (TTSP), and<br \/>\nblueSpace: the Caribbean Network for Urban and Land Management<br \/>\n(CNULM), under the auspices of CARICOM.<\/p>\n<p>Servidores:<br \/>\nCUF 2013 ser\u00e1 co-auspiciado por el Ministerio de Planificaci\u00f3n y Desarrollo Sostenible de Trinidad y Tobago<br \/>\n(Town and Country Planning Divisi\u00f3n), el Ministerio del Gobierno Local, de Trinidad y Tobago Sociedad de Urbanistas (TTSP), y<br \/>\nBluespace: la Red Caribe\u00f1a de Urbanismo y Ordenaci\u00f3n del Territorio<br \/>\n(CNULM), bajo los auspicios de la CARICOM.<\/p>\n<p style=\"border: 0px; margin: 0px 0px 15px; padding: 0px; font-size: 14px;\"><a style=\"border: 0px; margin: 0px; padding: 0px; text-decoration: none; color: #2c2c2c;\" href=\"http:\/\/i2.wp.com\/bluespacecaribbean.com\/wp-content\/uploads\/2012\/09\/Min.png\"><img fetchpriority=\"high\" decoding=\"async\" class=\"alignleft size-full wp-image-3818\" style=\"border: 0px; margin: 5px 20px 20px 0px; padding: 0px; font-size: 0px; color: transparent; vertical-align: middle; float: left; max-width: 570px; height: auto;\" title=\"Ministry of Planning and Sustainable Development\" src=\"http:\/\/i1.wp.com\/bluespacecaribbean.com\/wp-content\/uploads\/2012\/09\/Min.png?resize=384%2C288\" alt=\"\" width=\"384\" height=\"288\" \/><\/a><\/p>\n<p style=\"border: 0px; margin: 0px 0px 15px; padding: 0px; font-size: 14px;\"><a style=\"border: 0px; margin: 0px; padding: 0px; text-decoration: none; color: #2c2c2c;\" href=\"http:\/\/bluespacecaribbean.com\/wp-content\/uploads\/2012\/09\/TTSP.bmp\"><img decoding=\"async\" class=\"alignleft size-full wp-image-3819\" style=\"border: 0px; margin: 5px 20px 20px 0px; padding: 0px; font-size: 0px; color: transparent; vertical-align: middle; float: left; max-width: 570px; height: auto;\" title=\"TTSP\" src=\"http:\/\/bluespacecaribbean.com\/wp-content\/uploads\/2012\/09\/TTSP.bmp\" alt=\"\" \/><\/a><\/p>\n<p style=\"border: 0px; margin: 0px 0px 15px; padding: 0px; font-size: 14px;\"><a style=\"border: 0px; margin: 0px; padding: 0px; text-decoration: none; color: #2c2c2c;\" href=\"http:\/\/i0.wp.com\/bluespacecaribbean.com\/wp-content\/uploads\/2012\/09\/LOGO_blueSpace_Simple_NB.png\"><img decoding=\"async\" class=\"alignleft wp-image-3423\" style=\"border: 0px; margin: 5px 20px 20px 0px; padding: 0px; font-size: 0px; color: transparent; vertical-align: middle; float: left; max-width: 570px; height: auto;\" title=\"LOGO_blueSpace_Simple_NB\" src=\"http:\/\/i2.wp.com\/bluespacecaribbean.com\/wp-content\/uploads\/2012\/09\/LOGO_blueSpace_Simple_NB.png?resize=300%2C106\" alt=\"\" width=\"300\" height=\"106\" \/><\/a><\/p>\n<p style=\"border: 0px; margin: 0px 0px 0.0001pt; padding: 0px; font-size: 14px; text-align: left;\">\n<div class=\"sharedaddy sd-sharing-enabled\" style=\"border: 0px; margin: 0px; padding: 0px; font-family: 'helvetica neue', helvetica, arial, sans-serif; clear: both; zoom: 1; border-top-left-radius: 0px !important; border-top-right-radius: 0px !important; border-bottom-right-radius: 0px !important; border-bottom-left-radius: 0px !important;\">\n<div class=\"robots-nocontent sd-block sd-social sd-social-official sd-sharing\" style=\"border-width: 1px 0px 0px; border-top-style: solid; border-top-color: rgba(0, 0, 0, 0.129412); margin: 0px; padding: 10px 0px 5px; zoom: 1; width: 608px; border-top-left-radius: 0px !important; border-top-right-radius: 0px !important; border-bottom-right-radius: 0px !important; border-bottom-left-radius: 0px !important;\">\n<h3 class=\"sd-title\" style=\"border: none; margin-top: 3px; margin-bottom: 3px; padding: 0px; font-size: 12px; font-weight: bold; font-family: 'helvetica neue', helvetica, arial, sans-serif; line-height: 1; width: 95px; float: left; position: static; background-image: none; background-color: #ffffff; color: #000300;\"><\/h3>\n<div class=\"sd-content\" style=\"border: 0px; margin: -2px 0px 0px; padding: 0px; width: 499.3125px; float: right; color: #4d4d4d; background-color: #ffffff; border-top-left-radius: 0px !important; border-top-right-radius: 0px !important; border-bottom-right-radius: 0px !important; border-bottom-left-radius: 0px !important;\">\n<ul style=\"border: none; list-style: none; background-image: none; zoom: 1; padding-top: 0px !important; padding-left: 0px !important;\">\n<li class=\"share-facebook\" style=\"border: none; display: block; height: 21px; list-style-position: initial; list-style-image: initial; background-image: none; float: left; margin: 0px 5px 5px 0px !important; padding-bottom: 0px !important;\"><\/li>\n<\/ul>\n<\/div>\n<\/div>\n<\/div>\n<div id=\"ctl00_ContentPlaceHolder1_ucEventDetail_divGoogleMap\" class=\"topPad\">\n<div id=\"div_GoogleMap\"><\/div>\n<\/div>\n<div class=\"topPad floatL postedBy\">ES-Posted By: ES-N\/A &#8211; viernes, 08 marzo, 2013 ES-at 12:00<\/div>\n<\/div>\n","protected":false},"excerpt":{"rendered":"<p>mi\u00e9rcoles, 13 de marzo de 2013 &#8211; viernes, 15 de marzo de 2013 Foro del Caribe Urbano 2013 El impacto del uso de la tierra y los profesionales urbanos en el desarrollo y gesti\u00f3n de las ciudades es a menudo visto como lento, conservador, e incremental, pero a menudo se necesita para que sea r\u00e1pido, [&hellip;]<\/p>\n","protected":false},"author":1,"featured_media":0,"comment_status":"open","ping_status":"closed","template":"","tags":[],"mec_category":[],"class_list":["post-4133","mec-events","type-mec-events","status-publish","hentry"],"acf":[],"yoast_head":"<!-- This site is optimized with the Yoast SEO plugin v21.7 - https:\/\/yoast.com\/wordpress\/plugins\/seo\/ -->\n<title>Foro del Caribe Urbano 2013 - ECPA - Energy and Climate Partnership of the Americas<\/title>\n<meta name=\"robots\" content=\"index, follow, max-snippet:-1, max-image-preview:large, max-video-preview:-1\" \/>\n<link rel=\"canonical\" href=\"https:\/\/ecpamericas.org\/es\/events\/foro-del-caribe-urbano-2013\/\" \/>\n<meta property=\"og:locale\" content=\"es_ES\" \/>\n<meta property=\"og:type\" content=\"article\" \/>\n<meta property=\"og:title\" content=\"Foro del Caribe Urbano 2013 - ECPA - Energy and Climate Partnership of the Americas\" \/>\n<meta property=\"og:description\" content=\"mi\u00e9rcoles, 13 de marzo de 2013 &#8211; viernes, 15 de marzo de 2013 Foro del Caribe Urbano 2013 El impacto del uso de la tierra y los profesionales urbanos en el desarrollo y gesti\u00f3n de las ciudades es a menudo visto como lento, conservador, e incremental, pero a menudo se necesita para que sea r\u00e1pido, [&hellip;]\" \/>\n<meta property=\"og:url\" content=\"https:\/\/ecpamericas.org\/es\/events\/foro-del-caribe-urbano-2013\/\" \/>\n<meta property=\"og:site_name\" content=\"ECPA - Energy and Climate Partnership of the Americas\" \/>\n<meta property=\"article:modified_time\" content=\"2020-12-31T22:18:52+00:00\" \/>\n<meta property=\"og:image\" content=\"http:\/\/i0.wp.com\/bluespacecaribbean.com\/wp-content\/uploads\/2013\/01\/CUF-2013-Main-blueSpace-Web.png?resize=366%2C351\" \/>\n<meta name=\"twitter:card\" content=\"summary_large_image\" \/>\n<meta name=\"twitter:label1\" content=\"Tiempo de lectura\" \/>\n\t<meta name=\"twitter:data1\" content=\"2 minutos\" \/>\n<script type=\"application\/ld+json\" class=\"yoast-schema-graph\">{\"@context\":\"https:\/\/schema.org\",\"@graph\":[{\"@type\":\"WebPage\",\"@id\":\"https:\/\/ecpamericas.org\/es\/events\/foro-del-caribe-urbano-2013\/\",\"url\":\"https:\/\/ecpamericas.org\/es\/events\/foro-del-caribe-urbano-2013\/\",\"name\":\"Foro del Caribe Urbano 2013 - ECPA - Energy and Climate Partnership of the Americas\",\"isPartOf\":{\"@id\":\"https:\/\/ecpamericas.org\/es\/#website\"},\"datePublished\":\"2013-03-13T00:00:00+00:00\",\"dateModified\":\"2020-12-31T22:18:52+00:00\",\"breadcrumb\":{\"@id\":\"https:\/\/ecpamericas.org\/es\/events\/foro-del-caribe-urbano-2013\/#breadcrumb\"},\"inLanguage\":\"es\",\"potentialAction\":[{\"@type\":\"ReadAction\",\"target\":[\"https:\/\/ecpamericas.org\/es\/events\/foro-del-caribe-urbano-2013\/\"]}]},{\"@type\":\"BreadcrumbList\",\"@id\":\"https:\/\/ecpamericas.org\/es\/events\/foro-del-caribe-urbano-2013\/#breadcrumb\",\"itemListElement\":[{\"@type\":\"ListItem\",\"position\":1,\"name\":\"Home\",\"item\":\"https:\/\/ecpamericas.org\/es\/\"},{\"@type\":\"ListItem\",\"position\":2,\"name\":\"Foro del Caribe Urbano 2013\"}]},{\"@type\":\"WebSite\",\"@id\":\"https:\/\/ecpamericas.org\/es\/#website\",\"url\":\"https:\/\/ecpamericas.org\/es\/\",\"name\":\"ECPA - Energy and Climate Partnership of the Americas\",\"description\":\"Promoting cooperation for a sustainable energy future in the Americas\",\"potentialAction\":[{\"@type\":\"SearchAction\",\"target\":{\"@type\":\"EntryPoint\",\"urlTemplate\":\"https:\/\/ecpamericas.org\/es\/?s={search_term_string}\"},\"query-input\":\"required name=search_term_string\"}],\"inLanguage\":\"es\"}]}<\/script>\n<!-- \/ Yoast SEO plugin. -->","yoast_head_json":{"title":"Foro del Caribe Urbano 2013 - ECPA - Energy and Climate Partnership of the Americas","robots":{"index":"index","follow":"follow","max-snippet":"max-snippet:-1","max-image-preview":"max-image-preview:large","max-video-preview":"max-video-preview:-1"},"canonical":"https:\/\/ecpamericas.org\/es\/events\/foro-del-caribe-urbano-2013\/","og_locale":"es_ES","og_type":"article","og_title":"Foro del Caribe Urbano 2013 - ECPA - Energy and Climate Partnership of the Americas","og_description":"mi\u00e9rcoles, 13 de marzo de 2013 &#8211; viernes, 15 de marzo de 2013 Foro del Caribe Urbano 2013 El impacto del uso de la tierra y los profesionales urbanos en el desarrollo y gesti\u00f3n de las ciudades es a menudo visto como lento, conservador, e incremental, pero a menudo se necesita para que sea r\u00e1pido, [&hellip;]","og_url":"https:\/\/ecpamericas.org\/es\/events\/foro-del-caribe-urbano-2013\/","og_site_name":"ECPA - Energy and Climate Partnership of the Americas","article_modified_time":"2020-12-31T22:18:52+00:00","og_image":[{"url":"http:\/\/i0.wp.com\/bluespacecaribbean.com\/wp-content\/uploads\/2013\/01\/CUF-2013-Main-blueSpace-Web.png?resize=366%2C351"}],"twitter_card":"summary_large_image","twitter_misc":{"Tiempo de lectura":"2 minutos"},"schema":{"@context":"https:\/\/schema.org","@graph":[{"@type":"WebPage","@id":"https:\/\/ecpamericas.org\/es\/events\/foro-del-caribe-urbano-2013\/","url":"https:\/\/ecpamericas.org\/es\/events\/foro-del-caribe-urbano-2013\/","name":"Foro del Caribe Urbano 2013 - ECPA - Energy and Climate Partnership of the Americas","isPartOf":{"@id":"https:\/\/ecpamericas.org\/es\/#website"},"datePublished":"2013-03-13T00:00:00+00:00","dateModified":"2020-12-31T22:18:52+00:00","breadcrumb":{"@id":"https:\/\/ecpamericas.org\/es\/events\/foro-del-caribe-urbano-2013\/#breadcrumb"},"inLanguage":"es","potentialAction":[{"@type":"ReadAction","target":["https:\/\/ecpamericas.org\/es\/events\/foro-del-caribe-urbano-2013\/"]}]},{"@type":"BreadcrumbList","@id":"https:\/\/ecpamericas.org\/es\/events\/foro-del-caribe-urbano-2013\/#breadcrumb","itemListElement":[{"@type":"ListItem","position":1,"name":"Home","item":"https:\/\/ecpamericas.org\/es\/"},{"@type":"ListItem","position":2,"name":"Foro del Caribe Urbano 2013"}]},{"@type":"WebSite","@id":"https:\/\/ecpamericas.org\/es\/#website","url":"https:\/\/ecpamericas.org\/es\/","name":"ECPA - Energy and Climate Partnership of the Americas","description":"Promoting cooperation for a sustainable energy future in the Americas","potentialAction":[{"@type":"SearchAction","target":{"@type":"EntryPoint","urlTemplate":"https:\/\/ecpamericas.org\/es\/?s={search_term_string}"},"query-input":"required name=search_term_string"}],"inLanguage":"es"}]}},"_links":{"self":[{"href":"https:\/\/ecpamericas.org\/es\/wp-json\/wp\/v2\/mec-events\/4133","targetHints":{"allow":["GET"]}}],"collection":[{"href":"https:\/\/ecpamericas.org\/es\/wp-json\/wp\/v2\/mec-events"}],"about":[{"href":"https:\/\/ecpamericas.org\/es\/wp-json\/wp\/v2\/types\/mec-events"}],"author":[{"embeddable":true,"href":"https:\/\/ecpamericas.org\/es\/wp-json\/wp\/v2\/users\/1"}],"replies":[{"embeddable":true,"href":"https:\/\/ecpamericas.org\/es\/wp-json\/wp\/v2\/comments?post=4133"}],"wp:attachment":[{"href":"https:\/\/ecpamericas.org\/es\/wp-json\/wp\/v2\/media?parent=4133"}],"wp:term":[{"taxonomy":"post_tag","embeddable":true,"href":"https:\/\/ecpamericas.org\/es\/wp-json\/wp\/v2\/tags?post=4133"},{"taxonomy":"mec_category","embeddable":true,"href":"https:\/\/ecpamericas.org\/es\/wp-json\/wp\/v2\/mec_category?post=4133"}],"curies":[{"name":"wp","href":"https:\/\/api.w.org\/{rel}","templated":true}]}}