{"id":4122,"date":"2013-04-16T10:30:00","date_gmt":"2013-04-16T10:30:00","guid":{"rendered":"https:\/\/ecpamericas.org\/events\/conferencia-virtual-crecimiento-de-ongs-latinoamericanas-gestion-y-planificacion-urbana\/"},"modified":"2020-12-31T17:14:08","modified_gmt":"2020-12-31T22:14:08","slug":"conferencia-virtual-crecimiento-de-ongs-latinoamericanas-gestion-y-planificacion-urbana","status":"publish","type":"mec-events","link":"https:\/\/ecpamericas.org\/es\/events\/conferencia-virtual-crecimiento-de-ongs-latinoamericanas-gestion-y-planificacion-urbana\/","title":{"rendered":"[Conferencia virtual] Crecimiento de ONGs Latinoamericanas, Gesti\u00f3n y Planificaci\u00f3n Urbana"},"content":{"rendered":"<div id=\"ctl00_ContentPlaceHolder1_ucEventDetail_divEventItem\" class=\"item\">\n<div class=\"date\" style=\"font-style: italic; font-size: 14px;\">martes, 16 de abril de 2013 10:30 &#8211; viernes, 19 de abril de 2013 11:45<\/div>\n<h2 style=\"margin: 25px 0 35px 0;\">[Conferencia virtual] Crecimiento de ONGs Latinoamericanas, Gesti\u00f3n y Planificaci\u00f3n Urbana<\/h2>\n<p style=\"text-align: left;\"><img decoding=\"async\" src=\"https:\/\/ecpamericas.org\/data\/images\/Partner_Logos\/ECPAplanningbanner.jpg\" alt=\"\" \/><\/p>\n<p>&nbsp;<\/p>\n<p>&nbsp;<\/p>\n<p style=\"text-align: left;\">Fecha: Lunes, 15 de marzo 2013<br \/>\n<span style=\"font-family: arial; font-size: 13px;\" title=\"Time: 10:30 AM to 11:45 AM CTZ\"><strong>Hora:<\/strong> 10:30 AM a 11:45 AM CTZ<br \/>\n<\/span><strong>D\u00f3nde:<\/strong> <a href=\"http:\/\/www.planning.org\/conference\/program\/shortcourses\/latinamerican.htm\">http:\/\/www.planning.org\/conference\/program\/shortcourses\/latinamerican.htm<\/a><\/p>\n<p>Lunes, 15 de marzo 2013<\/p>\n<p><span style=\"font-family: arial; color: #333333;\">Por favor, \u00fanase a American Planning Association (APA) para una conferencia virtual gratuita que explorar\u00e1 los \u00e9xitos y desaf\u00edos de las cuatro ONGs en Am\u00e9rica Latina que est\u00e1n adoptando metodolog\u00edas innovadoras para enfrentar al cambio clim\u00e1tico y al desarrollo urbano. <\/span><span title=\"Representatives from the following organizations will be leading this discussion:\">Los representantes de las siguientes organizaciones estar\u00e1n al frente de esta discusi\u00f3n:<br \/>\n<\/span><\/p>\n<p>&nbsp;<\/p>\n<ul>\n<li><b><span style=\"color: #007434;\">La Eficiencia Legal para la Inclusi\u00f3n Social&#8217;s (ELIS) <\/span><\/b><\/li>\n<\/ul>\n<p>&nbsp;<\/p>\n<ul>\n<li><span style=\"font-family: arial; color: #333333;\">Proyecto R\u00edmac Renace se centra en la revitalizaci\u00f3n del centro hist\u00f3rico del Distrito del R\u00edmac de la ciudad de Lima. <\/span><span title=\"The Rimac District is part of the UNESCO World Heritage site designated in Lima.\">El distrito del R\u00edmac es parte del Patrimonio de la UNESCO designado en Lima.<\/span><\/li>\n<li><span title=\"\u00b7 H\u00e1bitat Para La Mujer Comunidad Mar\u00eda Auxiliadora (Habitat for the Woman Project in the Maria Auxiliadora Community), located in Cochabamba, Bolivia, is a community of collectively owned properties whose residents work together to build their community and create an atmosphere that supports women as\"><strong><span style=\"color: #007434;\">H\u00e1bitad para la comunidad Mujer Mar\u00eda Auxiliadora <\/span><\/strong>con sede en Cochabamba, Bolivia, es una comunidad de bienes de propiedad colectiva cuyos residentes trabajan juntos para construir su comunidad y crear un ambiente que apoya a las mujeres como <\/span><span title=\"leaders.\">l\u00edderes.<\/span><\/li>\n<li><span style=\"font-family: arial; font-size: 13px;\"><span title=\"\u00b7 Solu\u00e7\u00f5es Urbanas (SU) Family Architect Project in Brazil, created architectural plans for 100 housing renovations in the community by working with families to identify needs and desires for each house, and took into account serious structural and living condition issues.\"><span title=\"\u00b7 Solu\u00e7\u00f5es Urbanas (SU) Family Architect Project in Brazil, created architectural plans for 100 housing renovations in the community by working with families to identify needs and desires for each house, and took into account serious structural and living condition issues.\"><b><span style=\"font-family: times new roman; color: #007434; font-size: 12pt;\">Solu\u00e7\u00f5es Urbanas (SU) Proyecto Arquitecto Familia en Brasil<\/span><\/b><\/span>, ha creado planes arquitect\u00f3nicos para 100 renovaciones de viviendas en la comunidad, trabajando con las familias para identificar las necesidades y deseos de cada casa, tomando en cuenta los problemas estructurales y condiciones de vida. <\/span><span title=\"SU is now actualizing the original architectural designs, training families in sustainable housing renovation techniques to improve the quality of their informal housing, and establishing a local market to acquire building materials in exchange for recyclables.\">SU est\u00e1 actualizando los originales dise\u00f1os arquitect\u00f3nicos familias, la formaci\u00f3n en t\u00e9cnicas sostenibles de renovaci\u00f3n de viviendas para mejorar la calidad de la vivienda informal y el establecimiento de un mercado local para adquirir materiales de construcci\u00f3n a cambio de reciclables.<\/span><\/span><\/li>\n<li><span style=\"font-family: arial; font-size: 13px;\" title=\"\u00b7 EMBARQ M\u00e9xico, an NGO located in Mexico City, is focused on improving public space by using Transit Oriented Development (TOD) strategies.\"><span style=\"font-family: times new roman; color: #007434; font-size: 12pt;\"><strong>EMBARQ M\u00e9xico<\/strong><\/span>, una ONG ubicada en la ciudad de M\u00e9xico, se centra en la mejora del espacio p\u00fablico mediante el uso de Desarrollo Orientado al Tr\u00e1nsito (TOD) estrategias. <\/span><span title=\"The purpose of the project is to improve the quality of life for residents, act as a platform to trigger public life, and make more walkable and attractive spaces.\">El prop\u00f3sito del proyecto es mejorar la calidad de vida de los residentes, actuar como plataforma para activar la vida p\u00fablica, y crear m\u00e1s espacios peatonales agradables.\n<p><\/span><span title=\"These four organizations were winners of the The Ashoka Changemakers Sustainable Urban Housing: Collaborating for Liveable and Inclusive Cities Platform Competition.\">Estas cuatro organizaciones fueron ganadoras del The Changemakers Ashoka Sustainable Urban Housing: Colaboradores de la Competencia y Plataforma de Ciudades habitables e inclusivas. <\/span><span title=\"The four Latin American demonstration projects were selected because of their strong potential to &quot;scale up&quot; the implementation of local and regional solutions in urban housing; ability to address urban environmental issues while fostering community engagement; and the ability to replicate the project in the NGO's\">Los cuatro proyectos latinoamericanos de demostraci\u00f3n fueron seleccionados debido a su potencial para \u00abampliar\u00bb la implementaci\u00f3n de soluciones locales y regionales en materia de vivienda urbana, la capacidad para hacer frente a los problemas ambientales urbanos, mientras fomentan la participaci\u00f3n comunitaria y la capacidad de replicar el proyecto en las ONG <\/span><span title=\"country and across Latin American to spark a spirit of collaboration across Latin America.\">del pa\u00eds y en toda Am\u00e9rica Latina y asi despertar un esp\u00edritu de colaboraci\u00f3n en toda Am\u00e9rica Latina.<\/p>\n<p><\/span><span title=\"APA will be live tweeting at @ECPA_PLANNING during the session.\">Durante la sesi\u00f3n APA estar\u00e1 twitteando en vivo usando <strong>@ECPA_PLANNING<\/strong>. <\/span><span title=\"If you have questions for the panelists please tweet them to @ECPA_PLANNING or send them to ecpa@planning.org.\">Si usted tiene preguntas para los panelistas por favor envie un mensaje por Twitter a @ ECPA_PLANNING o al correo electr\u00f3nico: <strong><span style=\"color: #4f81bd;\"><a href=\"mailto:ecpa@planning.org\">ecpa@planning.org<\/a><\/span><\/strong><\/span>.<\/li>\n<\/ul>\n<p>Para m\u00e1s informaci\u00f3n visite:<\/p>\n<p><a href=\"http:\/\/www.planning.org\"><img decoding=\"async\" style=\"width: 105px; height: 105px;\" src=\"https:\/\/ecpamericas.org\/data\/images\/Partner_Logos\/APA_logo_647.jpg\" alt=\"\" \/><\/a><\/p>\n<p>&nbsp;<\/p>\n<p>&nbsp;<\/p>\n<div id=\"ctl00_ContentPlaceHolder1_ucEventDetail_divGoogleMap\" class=\"topPad\">\n<div id=\"div_GoogleMap\"><\/div>\n<\/div>\n<div class=\"topPad floatL postedBy\">ES-Posted By: ES-N\/A &#8211; mi\u00e9rcoles, 03 abril, 2013 ES-at 12:00<\/div>\n<\/div>\n","protected":false},"excerpt":{"rendered":"<p>martes, 16 de abril de 2013 10:30 &#8211; viernes, 19 de abril de 2013 11:45 [Conferencia virtual] Crecimiento de ONGs Latinoamericanas, Gesti\u00f3n y Planificaci\u00f3n Urbana &nbsp; &nbsp; Fecha: Lunes, 15 de marzo 2013 Hora: 10:30 AM a 11:45 AM CTZ D\u00f3nde: http:\/\/www.planning.org\/conference\/program\/shortcourses\/latinamerican.htm Lunes, 15 de marzo 2013 Por favor, \u00fanase a American Planning Association (APA) [&hellip;]<\/p>\n","protected":false},"author":1,"featured_media":0,"comment_status":"open","ping_status":"closed","template":"","tags":[],"mec_category":[],"class_list":["post-4122","mec-events","type-mec-events","status-publish","hentry"],"acf":[],"yoast_head":"<!-- This site is optimized with the Yoast SEO plugin v21.7 - https:\/\/yoast.com\/wordpress\/plugins\/seo\/ -->\n<title>[Conferencia virtual] Crecimiento de ONGs Latinoamericanas, Gesti\u00f3n y Planificaci\u00f3n Urbana - ECPA - Energy and Climate Partnership of the Americas<\/title>\n<meta name=\"robots\" content=\"index, follow, max-snippet:-1, max-image-preview:large, max-video-preview:-1\" \/>\n<link rel=\"canonical\" href=\"https:\/\/ecpamericas.org\/es\/events\/conferencia-virtual-crecimiento-de-ongs-latinoamericanas-gestion-y-planificacion-urbana\/\" \/>\n<meta property=\"og:locale\" content=\"es_ES\" \/>\n<meta property=\"og:type\" content=\"article\" \/>\n<meta property=\"og:title\" content=\"[Conferencia virtual] Crecimiento de ONGs Latinoamericanas, Gesti\u00f3n y Planificaci\u00f3n Urbana - ECPA - Energy and Climate Partnership of the Americas\" \/>\n<meta property=\"og:description\" content=\"martes, 16 de abril de 2013 10:30 &#8211; viernes, 19 de abril de 2013 11:45 [Conferencia virtual] Crecimiento de ONGs Latinoamericanas, Gesti\u00f3n y Planificaci\u00f3n Urbana &nbsp; &nbsp; Fecha: Lunes, 15 de marzo 2013 Hora: 10:30 AM a 11:45 AM CTZ D\u00f3nde: http:\/\/www.planning.org\/conference\/program\/shortcourses\/latinamerican.htm Lunes, 15 de marzo 2013 Por favor, \u00fanase a American Planning Association (APA) [&hellip;]\" \/>\n<meta property=\"og:url\" content=\"https:\/\/ecpamericas.org\/es\/events\/conferencia-virtual-crecimiento-de-ongs-latinoamericanas-gestion-y-planificacion-urbana\/\" \/>\n<meta property=\"og:site_name\" content=\"ECPA - Energy and Climate Partnership of the Americas\" \/>\n<meta property=\"article:modified_time\" content=\"2020-12-31T22:14:08+00:00\" \/>\n<meta property=\"og:image\" content=\"https:\/\/ecpamericas.org\/data\/images\/Partner_Logos\/ECPAplanningbanner.jpg\" \/>\n<meta name=\"twitter:card\" content=\"summary_large_image\" \/>\n<meta name=\"twitter:label1\" content=\"Tiempo de lectura\" \/>\n\t<meta name=\"twitter:data1\" content=\"3 minutos\" \/>\n<script type=\"application\/ld+json\" class=\"yoast-schema-graph\">{\"@context\":\"https:\/\/schema.org\",\"@graph\":[{\"@type\":\"WebPage\",\"@id\":\"https:\/\/ecpamericas.org\/es\/events\/conferencia-virtual-crecimiento-de-ongs-latinoamericanas-gestion-y-planificacion-urbana\/\",\"url\":\"https:\/\/ecpamericas.org\/es\/events\/conferencia-virtual-crecimiento-de-ongs-latinoamericanas-gestion-y-planificacion-urbana\/\",\"name\":\"[Conferencia virtual] Crecimiento de ONGs Latinoamericanas, Gesti\u00f3n y Planificaci\u00f3n Urbana - ECPA - Energy and Climate Partnership of the Americas\",\"isPartOf\":{\"@id\":\"https:\/\/ecpamericas.org\/es\/#website\"},\"datePublished\":\"2013-04-16T10:30:00+00:00\",\"dateModified\":\"2020-12-31T22:14:08+00:00\",\"breadcrumb\":{\"@id\":\"https:\/\/ecpamericas.org\/es\/events\/conferencia-virtual-crecimiento-de-ongs-latinoamericanas-gestion-y-planificacion-urbana\/#breadcrumb\"},\"inLanguage\":\"es\",\"potentialAction\":[{\"@type\":\"ReadAction\",\"target\":[\"https:\/\/ecpamericas.org\/es\/events\/conferencia-virtual-crecimiento-de-ongs-latinoamericanas-gestion-y-planificacion-urbana\/\"]}]},{\"@type\":\"BreadcrumbList\",\"@id\":\"https:\/\/ecpamericas.org\/es\/events\/conferencia-virtual-crecimiento-de-ongs-latinoamericanas-gestion-y-planificacion-urbana\/#breadcrumb\",\"itemListElement\":[{\"@type\":\"ListItem\",\"position\":1,\"name\":\"Home\",\"item\":\"https:\/\/ecpamericas.org\/es\/\"},{\"@type\":\"ListItem\",\"position\":2,\"name\":\"[Conferencia virtual] Crecimiento de ONGs Latinoamericanas, Gesti\u00f3n y Planificaci\u00f3n Urbana\"}]},{\"@type\":\"WebSite\",\"@id\":\"https:\/\/ecpamericas.org\/es\/#website\",\"url\":\"https:\/\/ecpamericas.org\/es\/\",\"name\":\"ECPA - Energy and Climate Partnership of the Americas\",\"description\":\"Promoting cooperation for a sustainable energy future in the Americas\",\"potentialAction\":[{\"@type\":\"SearchAction\",\"target\":{\"@type\":\"EntryPoint\",\"urlTemplate\":\"https:\/\/ecpamericas.org\/es\/?s={search_term_string}\"},\"query-input\":\"required name=search_term_string\"}],\"inLanguage\":\"es\"}]}<\/script>\n<!-- \/ Yoast SEO plugin. -->","yoast_head_json":{"title":"[Conferencia virtual] Crecimiento de ONGs Latinoamericanas, Gesti\u00f3n y Planificaci\u00f3n Urbana - ECPA - Energy and Climate Partnership of the Americas","robots":{"index":"index","follow":"follow","max-snippet":"max-snippet:-1","max-image-preview":"max-image-preview:large","max-video-preview":"max-video-preview:-1"},"canonical":"https:\/\/ecpamericas.org\/es\/events\/conferencia-virtual-crecimiento-de-ongs-latinoamericanas-gestion-y-planificacion-urbana\/","og_locale":"es_ES","og_type":"article","og_title":"[Conferencia virtual] Crecimiento de ONGs Latinoamericanas, Gesti\u00f3n y Planificaci\u00f3n Urbana - ECPA - Energy and Climate Partnership of the Americas","og_description":"martes, 16 de abril de 2013 10:30 &#8211; viernes, 19 de abril de 2013 11:45 [Conferencia virtual] Crecimiento de ONGs Latinoamericanas, Gesti\u00f3n y Planificaci\u00f3n Urbana &nbsp; &nbsp; Fecha: Lunes, 15 de marzo 2013 Hora: 10:30 AM a 11:45 AM CTZ D\u00f3nde: http:\/\/www.planning.org\/conference\/program\/shortcourses\/latinamerican.htm Lunes, 15 de marzo 2013 Por favor, \u00fanase a American Planning Association (APA) [&hellip;]","og_url":"https:\/\/ecpamericas.org\/es\/events\/conferencia-virtual-crecimiento-de-ongs-latinoamericanas-gestion-y-planificacion-urbana\/","og_site_name":"ECPA - Energy and Climate Partnership of the Americas","article_modified_time":"2020-12-31T22:14:08+00:00","og_image":[{"url":"https:\/\/ecpamericas.org\/data\/images\/Partner_Logos\/ECPAplanningbanner.jpg"}],"twitter_card":"summary_large_image","twitter_misc":{"Tiempo de lectura":"3 minutos"},"schema":{"@context":"https:\/\/schema.org","@graph":[{"@type":"WebPage","@id":"https:\/\/ecpamericas.org\/es\/events\/conferencia-virtual-crecimiento-de-ongs-latinoamericanas-gestion-y-planificacion-urbana\/","url":"https:\/\/ecpamericas.org\/es\/events\/conferencia-virtual-crecimiento-de-ongs-latinoamericanas-gestion-y-planificacion-urbana\/","name":"[Conferencia virtual] Crecimiento de ONGs Latinoamericanas, Gesti\u00f3n y Planificaci\u00f3n Urbana - ECPA - Energy and Climate Partnership of the Americas","isPartOf":{"@id":"https:\/\/ecpamericas.org\/es\/#website"},"datePublished":"2013-04-16T10:30:00+00:00","dateModified":"2020-12-31T22:14:08+00:00","breadcrumb":{"@id":"https:\/\/ecpamericas.org\/es\/events\/conferencia-virtual-crecimiento-de-ongs-latinoamericanas-gestion-y-planificacion-urbana\/#breadcrumb"},"inLanguage":"es","potentialAction":[{"@type":"ReadAction","target":["https:\/\/ecpamericas.org\/es\/events\/conferencia-virtual-crecimiento-de-ongs-latinoamericanas-gestion-y-planificacion-urbana\/"]}]},{"@type":"BreadcrumbList","@id":"https:\/\/ecpamericas.org\/es\/events\/conferencia-virtual-crecimiento-de-ongs-latinoamericanas-gestion-y-planificacion-urbana\/#breadcrumb","itemListElement":[{"@type":"ListItem","position":1,"name":"Home","item":"https:\/\/ecpamericas.org\/es\/"},{"@type":"ListItem","position":2,"name":"[Conferencia virtual] Crecimiento de ONGs Latinoamericanas, Gesti\u00f3n y Planificaci\u00f3n Urbana"}]},{"@type":"WebSite","@id":"https:\/\/ecpamericas.org\/es\/#website","url":"https:\/\/ecpamericas.org\/es\/","name":"ECPA - Energy and Climate Partnership of the Americas","description":"Promoting cooperation for a sustainable energy future in the Americas","potentialAction":[{"@type":"SearchAction","target":{"@type":"EntryPoint","urlTemplate":"https:\/\/ecpamericas.org\/es\/?s={search_term_string}"},"query-input":"required name=search_term_string"}],"inLanguage":"es"}]}},"_links":{"self":[{"href":"https:\/\/ecpamericas.org\/es\/wp-json\/wp\/v2\/mec-events\/4122","targetHints":{"allow":["GET"]}}],"collection":[{"href":"https:\/\/ecpamericas.org\/es\/wp-json\/wp\/v2\/mec-events"}],"about":[{"href":"https:\/\/ecpamericas.org\/es\/wp-json\/wp\/v2\/types\/mec-events"}],"author":[{"embeddable":true,"href":"https:\/\/ecpamericas.org\/es\/wp-json\/wp\/v2\/users\/1"}],"replies":[{"embeddable":true,"href":"https:\/\/ecpamericas.org\/es\/wp-json\/wp\/v2\/comments?post=4122"}],"wp:attachment":[{"href":"https:\/\/ecpamericas.org\/es\/wp-json\/wp\/v2\/media?parent=4122"}],"wp:term":[{"taxonomy":"post_tag","embeddable":true,"href":"https:\/\/ecpamericas.org\/es\/wp-json\/wp\/v2\/tags?post=4122"},{"taxonomy":"mec_category","embeddable":true,"href":"https:\/\/ecpamericas.org\/es\/wp-json\/wp\/v2\/mec_category?post=4122"}],"curies":[{"name":"wp","href":"https:\/\/api.w.org\/{rel}","templated":true}]}}