{"id":4113,"date":"2013-06-10T00:00:00","date_gmt":"2013-06-10T00:00:00","guid":{"rendered":"https:\/\/ecpamericas.org\/events\/foro-economico-internacional-de-las-americas\/"},"modified":"2020-12-31T17:08:15","modified_gmt":"2020-12-31T22:08:15","slug":"foro-economico-internacional-de-las-americas","status":"publish","type":"mec-events","link":"https:\/\/ecpamericas.org\/es\/events\/foro-economico-internacional-de-las-americas\/","title":{"rendered":"Foro Econ\u00f3mico Internacional de las Am\u00e9ricas"},"content":{"rendered":"<div id=\"ctl00_ContentPlaceHolder1_ucEventDetail_divEventItem\" class=\"item\">\n<div class=\"date\" style=\"font-style: italic; font-size: 14px;\">lunes, 10 de junio de 2013 &#8211; jueves, 13 de junio de 2013<\/div>\n<h2 style=\"margin: 25px 0 35px 0;\">Foro Econ\u00f3mico Internacional de las Am\u00e9ricas<\/h2>\n<p><strong><span style=\"font-size: 18px;\"><span class=\"hps\">Misi\u00f3n<\/span><br \/>\n<\/span><\/strong><span class=\"hps\">La Conferencia de<\/span> <span class=\"hps\">Montreal<\/span> <span class=\"hps\">se ha comprometido a<\/span> <span class=\"hps\">aumentar<\/span> <span class=\"hps\">el conocimiento y la<\/span> <span class=\"hps\">conciencia sobre los<\/span> <span class=\"hps\">asuntos importantes relacionados con<\/span> <span class=\"hps\">la globalizaci\u00f3n econ\u00f3mica,<\/span> <span class=\"hps\">con<\/span> <span class=\"hps\">especial \u00e9nfasis en<\/span> <span class=\"hps\">las relaciones entre<\/span> <span class=\"hps\">las Am\u00e9ricas<\/span> <span class=\"hps\">y otros continentes.<\/span><\/p>\n<p><span class=\"hps\">En la Conferencia tambi\u00e9n<\/span> fomentar\u00e1 <span class=\"hps\">el intercambio de<\/span> <span class=\"hps\">informaci\u00f3n<\/span>, promover\u00e1 espacios de <span class=\"hps\">libre discusi\u00f3n<\/span> <span class=\"hps\">sobre temas econ\u00f3micos<\/span> <span class=\"hps\">actuales y<\/span> <span class=\"hps\">facilitar\u00e1 las reuniones entre<\/span> <span class=\"hps\">los l\u00edderes mundiales para<\/span> <span class=\"hps\">fomentar<\/span> <span class=\"hps\">el discurso internacional<\/span> <span class=\"hps\">al reunir a<\/span> <span class=\"hps\">Jefes de<\/span> <span class=\"hps\">Estado, el<\/span> <span class=\"hps\">sector<\/span> <span class=\"hps\">privado, las organizaciones<\/span> <span class=\"hps\">internacionales y la sociedad<\/span> <span class=\"hps\">civil.<\/span><\/p>\n<p><strong><span style=\"font-size: 18px;\"><span class=\"hps\">Objetivos<\/span><br \/>\n<\/span><\/strong><span class=\"hps\">Los<\/span> <span class=\"hps\">objetivos del Foro<\/span> <span class=\"hps\">Econ\u00f3mico Internacional de las<\/span> <span class=\"hps\">Am\u00e9ricas<\/span> <span class=\"hps\">\/ Conferencia de<\/span> <span class=\"hps\">Montreal<\/span> <span class=\"hps\">pueden resumirse<\/span> <span class=\"hps\">de la siguiente manera<\/span>:<\/p>\n<ul>\n<li><span class=\"hps\">Dar<\/span> <span class=\"hps\">a los participantes<\/span> <span class=\"hps\">el acceso a<\/span> <span class=\"hps\">informaci\u00f3n<\/span> <span class=\"hps\">privilegiada<\/span>, mientras que <span class=\"hps\">el fomento de<\/span> <span class=\"hps\">discusiones libres<\/span> <span class=\"hps\">y amplia sobre<\/span> <span class=\"hps\">diversos aspectos de la<\/span> <span class=\"hps\">econom\u00eda<\/span>, con los contribuyentes <span class=\"hps\">y expertos de<\/span> <span class=\"hps\">entre<\/span> <span class=\"hps\">los m\u00e1s calificados<\/span>;<\/li>\n<li><span class=\"hps\">Promover las relaciones<\/span> <span class=\"hps\">entre los gobiernos<\/span>, las organizaciones internacionales, empresarios, miembros de la <span class=\"hps\">sociedad civil<\/span>, asociaciones de trabajadores <span class=\"hps\">y las universidades;<\/span><\/li>\n<li><span class=\"hps\">Permitir<\/span> <span class=\"hps\">a sus participantes<\/span> <span class=\"hps\">de diversas \u00e1reas<\/span> <span class=\"hps\">en el mundo la posibilidad de<\/span> <span class=\"hps\">tener reuniones de negocios<\/span> <span class=\"hps\">en el que<\/span> <span class=\"hps\">puedan desarrollar<\/span> <span class=\"hps\">su<\/span> <span class=\"hps\">empresa u organizaci\u00f3n<\/span> <span class=\"hps\">internacional;<\/span><\/li>\n<li><span class=\"hps\">Cultivar<\/span> <span class=\"hps\">una mejor comprensi\u00f3n de<\/span> <span class=\"hps\">los principales asuntos internacionales<\/span> <span class=\"hps\">con el fin de<\/span> <span class=\"hps\">hacer que el desarrollo<\/span> <span class=\"hps\">internacional<\/span> sea <span class=\"hps\">m\u00e1s equitativo y<\/span> <span class=\"hps\">sensible<\/span> <span class=\"hps\">a las realidades<\/span> <span class=\"hps\">espec\u00edficas en<\/span> <span class=\"hps\">las \u00e1reas designadas del<\/span> <span class=\"hps\">mundo;<\/span><\/li>\n<li><span class=\"hps\">Desarrollar el conocimiento<\/span> <span class=\"hps\">sobre los principales retos<\/span> <span class=\"hps\">que enfrenta el<\/span> <span class=\"hps\">continente americano.<\/span><\/li>\n<\/ul>\n<div id=\"ctl00_ContentPlaceHolder1_ucEventDetail_divGoogleMap\" class=\"topPad\">\n<div id=\"div_GoogleMap\"><\/div>\n<\/div>\n<div class=\"topPad floatL postedBy\">ES-Posted By: ES-N\/A &#8211; jueves, 28 febrero, 2013 ES-at 12:00<\/div>\n<\/div>\n","protected":false},"excerpt":{"rendered":"<p>lunes, 10 de junio de 2013 &#8211; jueves, 13 de junio de 2013 Foro Econ\u00f3mico Internacional de las Am\u00e9ricas Misi\u00f3n La Conferencia de Montreal se ha comprometido a aumentar el conocimiento y la conciencia sobre los asuntos importantes relacionados con la globalizaci\u00f3n econ\u00f3mica, con especial \u00e9nfasis en las relaciones entre las Am\u00e9ricas y otros continentes. [&hellip;]<\/p>\n","protected":false},"author":1,"featured_media":0,"comment_status":"open","ping_status":"closed","template":"","tags":[],"mec_category":[],"class_list":["post-4113","mec-events","type-mec-events","status-publish","hentry"],"acf":[],"yoast_head":"<!-- This site is optimized with the Yoast SEO plugin v21.7 - https:\/\/yoast.com\/wordpress\/plugins\/seo\/ -->\n<title>Foro Econ\u00f3mico Internacional de las Am\u00e9ricas - ECPA - Energy and Climate Partnership of the Americas<\/title>\n<meta name=\"robots\" content=\"index, follow, max-snippet:-1, max-image-preview:large, max-video-preview:-1\" \/>\n<link rel=\"canonical\" href=\"https:\/\/ecpamericas.org\/es\/events\/foro-economico-internacional-de-las-americas\/\" \/>\n<meta property=\"og:locale\" content=\"es_ES\" \/>\n<meta property=\"og:type\" content=\"article\" \/>\n<meta property=\"og:title\" content=\"Foro Econ\u00f3mico Internacional de las Am\u00e9ricas - ECPA - Energy and Climate Partnership of the Americas\" \/>\n<meta property=\"og:description\" content=\"lunes, 10 de junio de 2013 &#8211; jueves, 13 de junio de 2013 Foro Econ\u00f3mico Internacional de las Am\u00e9ricas Misi\u00f3n La Conferencia de Montreal se ha comprometido a aumentar el conocimiento y la conciencia sobre los asuntos importantes relacionados con la globalizaci\u00f3n econ\u00f3mica, con especial \u00e9nfasis en las relaciones entre las Am\u00e9ricas y otros continentes. [&hellip;]\" \/>\n<meta property=\"og:url\" content=\"https:\/\/ecpamericas.org\/es\/events\/foro-economico-internacional-de-las-americas\/\" \/>\n<meta property=\"og:site_name\" content=\"ECPA - Energy and Climate Partnership of the Americas\" \/>\n<meta property=\"article:modified_time\" content=\"2020-12-31T22:08:15+00:00\" \/>\n<meta name=\"twitter:card\" content=\"summary_large_image\" \/>\n<meta name=\"twitter:label1\" content=\"Tiempo de lectura\" \/>\n\t<meta name=\"twitter:data1\" content=\"1 minuto\" \/>\n<script type=\"application\/ld+json\" class=\"yoast-schema-graph\">{\"@context\":\"https:\/\/schema.org\",\"@graph\":[{\"@type\":\"WebPage\",\"@id\":\"https:\/\/ecpamericas.org\/es\/events\/foro-economico-internacional-de-las-americas\/\",\"url\":\"https:\/\/ecpamericas.org\/es\/events\/foro-economico-internacional-de-las-americas\/\",\"name\":\"Foro Econ\u00f3mico Internacional de las Am\u00e9ricas - ECPA - Energy and Climate Partnership of the Americas\",\"isPartOf\":{\"@id\":\"https:\/\/ecpamericas.org\/es\/#website\"},\"datePublished\":\"2013-06-10T00:00:00+00:00\",\"dateModified\":\"2020-12-31T22:08:15+00:00\",\"breadcrumb\":{\"@id\":\"https:\/\/ecpamericas.org\/es\/events\/foro-economico-internacional-de-las-americas\/#breadcrumb\"},\"inLanguage\":\"es\",\"potentialAction\":[{\"@type\":\"ReadAction\",\"target\":[\"https:\/\/ecpamericas.org\/es\/events\/foro-economico-internacional-de-las-americas\/\"]}]},{\"@type\":\"BreadcrumbList\",\"@id\":\"https:\/\/ecpamericas.org\/es\/events\/foro-economico-internacional-de-las-americas\/#breadcrumb\",\"itemListElement\":[{\"@type\":\"ListItem\",\"position\":1,\"name\":\"Home\",\"item\":\"https:\/\/ecpamericas.org\/es\/\"},{\"@type\":\"ListItem\",\"position\":2,\"name\":\"Foro Econ\u00f3mico Internacional de las Am\u00e9ricas\"}]},{\"@type\":\"WebSite\",\"@id\":\"https:\/\/ecpamericas.org\/es\/#website\",\"url\":\"https:\/\/ecpamericas.org\/es\/\",\"name\":\"ECPA - Energy and Climate Partnership of the Americas\",\"description\":\"Promoting cooperation for a sustainable energy future in the Americas\",\"potentialAction\":[{\"@type\":\"SearchAction\",\"target\":{\"@type\":\"EntryPoint\",\"urlTemplate\":\"https:\/\/ecpamericas.org\/es\/?s={search_term_string}\"},\"query-input\":\"required name=search_term_string\"}],\"inLanguage\":\"es\"}]}<\/script>\n<!-- \/ Yoast SEO plugin. -->","yoast_head_json":{"title":"Foro Econ\u00f3mico Internacional de las Am\u00e9ricas - ECPA - Energy and Climate Partnership of the Americas","robots":{"index":"index","follow":"follow","max-snippet":"max-snippet:-1","max-image-preview":"max-image-preview:large","max-video-preview":"max-video-preview:-1"},"canonical":"https:\/\/ecpamericas.org\/es\/events\/foro-economico-internacional-de-las-americas\/","og_locale":"es_ES","og_type":"article","og_title":"Foro Econ\u00f3mico Internacional de las Am\u00e9ricas - ECPA - Energy and Climate Partnership of the Americas","og_description":"lunes, 10 de junio de 2013 &#8211; jueves, 13 de junio de 2013 Foro Econ\u00f3mico Internacional de las Am\u00e9ricas Misi\u00f3n La Conferencia de Montreal se ha comprometido a aumentar el conocimiento y la conciencia sobre los asuntos importantes relacionados con la globalizaci\u00f3n econ\u00f3mica, con especial \u00e9nfasis en las relaciones entre las Am\u00e9ricas y otros continentes. [&hellip;]","og_url":"https:\/\/ecpamericas.org\/es\/events\/foro-economico-internacional-de-las-americas\/","og_site_name":"ECPA - Energy and Climate Partnership of the Americas","article_modified_time":"2020-12-31T22:08:15+00:00","twitter_card":"summary_large_image","twitter_misc":{"Tiempo de lectura":"1 minuto"},"schema":{"@context":"https:\/\/schema.org","@graph":[{"@type":"WebPage","@id":"https:\/\/ecpamericas.org\/es\/events\/foro-economico-internacional-de-las-americas\/","url":"https:\/\/ecpamericas.org\/es\/events\/foro-economico-internacional-de-las-americas\/","name":"Foro Econ\u00f3mico Internacional de las Am\u00e9ricas - ECPA - Energy and Climate Partnership of the Americas","isPartOf":{"@id":"https:\/\/ecpamericas.org\/es\/#website"},"datePublished":"2013-06-10T00:00:00+00:00","dateModified":"2020-12-31T22:08:15+00:00","breadcrumb":{"@id":"https:\/\/ecpamericas.org\/es\/events\/foro-economico-internacional-de-las-americas\/#breadcrumb"},"inLanguage":"es","potentialAction":[{"@type":"ReadAction","target":["https:\/\/ecpamericas.org\/es\/events\/foro-economico-internacional-de-las-americas\/"]}]},{"@type":"BreadcrumbList","@id":"https:\/\/ecpamericas.org\/es\/events\/foro-economico-internacional-de-las-americas\/#breadcrumb","itemListElement":[{"@type":"ListItem","position":1,"name":"Home","item":"https:\/\/ecpamericas.org\/es\/"},{"@type":"ListItem","position":2,"name":"Foro Econ\u00f3mico Internacional de las Am\u00e9ricas"}]},{"@type":"WebSite","@id":"https:\/\/ecpamericas.org\/es\/#website","url":"https:\/\/ecpamericas.org\/es\/","name":"ECPA - Energy and Climate Partnership of the Americas","description":"Promoting cooperation for a sustainable energy future in the Americas","potentialAction":[{"@type":"SearchAction","target":{"@type":"EntryPoint","urlTemplate":"https:\/\/ecpamericas.org\/es\/?s={search_term_string}"},"query-input":"required name=search_term_string"}],"inLanguage":"es"}]}},"_links":{"self":[{"href":"https:\/\/ecpamericas.org\/es\/wp-json\/wp\/v2\/mec-events\/4113","targetHints":{"allow":["GET"]}}],"collection":[{"href":"https:\/\/ecpamericas.org\/es\/wp-json\/wp\/v2\/mec-events"}],"about":[{"href":"https:\/\/ecpamericas.org\/es\/wp-json\/wp\/v2\/types\/mec-events"}],"author":[{"embeddable":true,"href":"https:\/\/ecpamericas.org\/es\/wp-json\/wp\/v2\/users\/1"}],"replies":[{"embeddable":true,"href":"https:\/\/ecpamericas.org\/es\/wp-json\/wp\/v2\/comments?post=4113"}],"wp:attachment":[{"href":"https:\/\/ecpamericas.org\/es\/wp-json\/wp\/v2\/media?parent=4113"}],"wp:term":[{"taxonomy":"post_tag","embeddable":true,"href":"https:\/\/ecpamericas.org\/es\/wp-json\/wp\/v2\/tags?post=4113"},{"taxonomy":"mec_category","embeddable":true,"href":"https:\/\/ecpamericas.org\/es\/wp-json\/wp\/v2\/mec_category?post=4113"}],"curies":[{"name":"wp","href":"https:\/\/api.w.org\/{rel}","templated":true}]}}