{"id":4065,"date":"2016-08-25T09:00:00","date_gmt":"2016-08-25T09:00:00","guid":{"rendered":"https:\/\/ecpamericas.org\/events\/ceremonia-de-clausura-de-los-proyectos-del-programa-de-produccion-en-ciclo-cerrado-en-las-americas\/"},"modified":"2020-12-31T16:57:55","modified_gmt":"2020-12-31T21:57:55","slug":"ceremonia-de-clausura-de-los-proyectos-del-programa-de-produccion-en-ciclo-cerrado-en-las-americas","status":"publish","type":"mec-events","link":"https:\/\/ecpamericas.org\/es\/events\/ceremonia-de-clausura-de-los-proyectos-del-programa-de-produccion-en-ciclo-cerrado-en-las-americas\/","title":{"rendered":"Ceremonia de Clausura de los proyectos del Programa de Producci\u00f3n en Ciclo Cerrado en las Am\u00e9ricas"},"content":{"rendered":"<div id=\"ctl00_ContentPlaceHolder1_ucEventDetail_divEventItem\" class=\"item\">\n<div class=\"date\" style=\"font-style: italic; font-size: 14px;\">jueves, 25 de agosto de 2016 9:00 &#8211; 12:15<\/div>\n<h2 style=\"margin: 25px 0 35px 0;\">Ceremonia de Clausura de los proyectos del Programa de Producci\u00f3n en Ciclo Cerrado en las Am\u00e9ricas<\/h2>\n<p style=\"text-align: justify;\"><span style=\"font-size: 11pt;\">La Secretar\u00eda General de la Organizaci\u00f3n de los Estados Americanos, a trav\u00e9s de su Departamento de Desarrollo Sostenible, realizar\u00e1 la Ceremonia de Clausura de los proyectos del Programa de Producci\u00f3n en Ciclo Cerrado en las Am\u00e9ricas. Este evento tendr\u00e1 lugar el jueves 25 de agosto de 2016 de 9:00 am a 12:15 pm, en el Sal\u00f3n <\/span><span style=\"font-size: 11pt;\">Padilha Vidal <\/span><span style=\"font-size: 11pt;\">del Edificio de la Secretar\u00eda General. <\/span><\/p>\n<p style=\"text-align: justify;\"><span style=\"font-size: 11pt;\">Este evento p\u00fablico presentar\u00e1 los resultados de los proyectos llevados a cabo en Colombia <em>\u201cEstrategia Nacional hacia una econom\u00eda circular\u201d<\/em>, Panam\u00e1 <em>\u201cDesarrollo del Sello Panam\u00e1 Verde\u201d,<\/em> y Trinidad y Tobago <em>\u201cEmpaque alternativo sostenible para reemplazar la espuma de poliestireno\u201d<\/em>. Adem\u00e1s, la reuni\u00f3n facilitar\u00e1 un di\u00e1logo para identificar las oportunidades de Econom\u00eda Circular en Am\u00e9rica Latina y el Caribe.<\/span><\/p>\n<p style=\"text-align: justify;\"><span style=\"font-size: 11pt;\">Para mayor informaci\u00f3n comunicarse con Jully Andrea Herrera del Departamento de Desarrollo Sostenible, por correo electr\u00f3nico, a <\/span><a href=\"mailto:jaherrera@oas.org\"><span style=\"font-size: 11pt;\">jaherrera@oas.org<\/span><\/a><span style=\"font-size: 11pt;\">.<\/span><\/p>\n<div id=\"ctl00_ContentPlaceHolder1_ucEventDetail_divLocation\" class=\"topPad\">1889 F Street<br \/>\nWashington DC, DC 20002<br \/>\nUnited States<\/div>\n<div id=\"ctl00_ContentPlaceHolder1_ucEventDetail_divGoogleMap\" class=\"topPad\">\n<div id=\"div_GoogleMap\"><\/div>\n<\/div>\n<div class=\"topPad floatL postedBy\">ES-Posted By: AdminR &#8211; lunes, 01 agosto, 2016 ES-at 12:00<\/div>\n<\/div>\n","protected":false},"excerpt":{"rendered":"<p>jueves, 25 de agosto de 2016 9:00 &#8211; 12:15 Ceremonia de Clausura de los proyectos del Programa de Producci\u00f3n en Ciclo Cerrado en las Am\u00e9ricas La Secretar\u00eda General de la Organizaci\u00f3n de los Estados Americanos, a trav\u00e9s de su Departamento de Desarrollo Sostenible, realizar\u00e1 la Ceremonia de Clausura de los proyectos del Programa de Producci\u00f3n [&hellip;]<\/p>\n","protected":false},"author":1,"featured_media":0,"comment_status":"open","ping_status":"closed","template":"","tags":[],"mec_category":[],"class_list":["post-4065","mec-events","type-mec-events","status-publish","hentry"],"acf":[],"yoast_head":"<!-- This site is optimized with the Yoast SEO plugin v21.7 - https:\/\/yoast.com\/wordpress\/plugins\/seo\/ -->\n<title>Ceremonia de Clausura de los proyectos del Programa de Producci\u00f3n en Ciclo Cerrado en las Am\u00e9ricas - ECPA - Energy and Climate Partnership of the Americas<\/title>\n<meta name=\"robots\" content=\"index, follow, max-snippet:-1, max-image-preview:large, max-video-preview:-1\" \/>\n<link rel=\"canonical\" href=\"https:\/\/ecpamericas.org\/es\/events\/ceremonia-de-clausura-de-los-proyectos-del-programa-de-produccion-en-ciclo-cerrado-en-las-americas\/\" \/>\n<meta property=\"og:locale\" content=\"es_ES\" \/>\n<meta property=\"og:type\" content=\"article\" \/>\n<meta property=\"og:title\" content=\"Ceremonia de Clausura de los proyectos del Programa de Producci\u00f3n en Ciclo Cerrado en las Am\u00e9ricas - ECPA - Energy and Climate Partnership of the Americas\" \/>\n<meta property=\"og:description\" content=\"jueves, 25 de agosto de 2016 9:00 &#8211; 12:15 Ceremonia de Clausura de los proyectos del Programa de Producci\u00f3n en Ciclo Cerrado en las Am\u00e9ricas La Secretar\u00eda General de la Organizaci\u00f3n de los Estados Americanos, a trav\u00e9s de su Departamento de Desarrollo Sostenible, realizar\u00e1 la Ceremonia de Clausura de los proyectos del Programa de Producci\u00f3n [&hellip;]\" \/>\n<meta property=\"og:url\" content=\"https:\/\/ecpamericas.org\/es\/events\/ceremonia-de-clausura-de-los-proyectos-del-programa-de-produccion-en-ciclo-cerrado-en-las-americas\/\" \/>\n<meta property=\"og:site_name\" content=\"ECPA - Energy and Climate Partnership of the Americas\" \/>\n<meta property=\"article:modified_time\" content=\"2020-12-31T21:57:55+00:00\" \/>\n<meta name=\"twitter:card\" content=\"summary_large_image\" \/>\n<meta name=\"twitter:label1\" content=\"Tiempo de lectura\" \/>\n\t<meta name=\"twitter:data1\" content=\"1 minuto\" \/>\n<script type=\"application\/ld+json\" class=\"yoast-schema-graph\">{\"@context\":\"https:\/\/schema.org\",\"@graph\":[{\"@type\":\"WebPage\",\"@id\":\"https:\/\/ecpamericas.org\/es\/events\/ceremonia-de-clausura-de-los-proyectos-del-programa-de-produccion-en-ciclo-cerrado-en-las-americas\/\",\"url\":\"https:\/\/ecpamericas.org\/es\/events\/ceremonia-de-clausura-de-los-proyectos-del-programa-de-produccion-en-ciclo-cerrado-en-las-americas\/\",\"name\":\"Ceremonia de Clausura de los proyectos del Programa de Producci\u00f3n en Ciclo Cerrado en las Am\u00e9ricas - ECPA - Energy and Climate Partnership of the Americas\",\"isPartOf\":{\"@id\":\"https:\/\/ecpamericas.org\/es\/#website\"},\"datePublished\":\"2016-08-25T09:00:00+00:00\",\"dateModified\":\"2020-12-31T21:57:55+00:00\",\"breadcrumb\":{\"@id\":\"https:\/\/ecpamericas.org\/es\/events\/ceremonia-de-clausura-de-los-proyectos-del-programa-de-produccion-en-ciclo-cerrado-en-las-americas\/#breadcrumb\"},\"inLanguage\":\"es\",\"potentialAction\":[{\"@type\":\"ReadAction\",\"target\":[\"https:\/\/ecpamericas.org\/es\/events\/ceremonia-de-clausura-de-los-proyectos-del-programa-de-produccion-en-ciclo-cerrado-en-las-americas\/\"]}]},{\"@type\":\"BreadcrumbList\",\"@id\":\"https:\/\/ecpamericas.org\/es\/events\/ceremonia-de-clausura-de-los-proyectos-del-programa-de-produccion-en-ciclo-cerrado-en-las-americas\/#breadcrumb\",\"itemListElement\":[{\"@type\":\"ListItem\",\"position\":1,\"name\":\"Home\",\"item\":\"https:\/\/ecpamericas.org\/es\/\"},{\"@type\":\"ListItem\",\"position\":2,\"name\":\"Ceremonia de Clausura de los proyectos del Programa de Producci\u00f3n en Ciclo Cerrado en las Am\u00e9ricas\"}]},{\"@type\":\"WebSite\",\"@id\":\"https:\/\/ecpamericas.org\/es\/#website\",\"url\":\"https:\/\/ecpamericas.org\/es\/\",\"name\":\"ECPA - Energy and Climate Partnership of the Americas\",\"description\":\"Promoting cooperation for a sustainable energy future in the Americas\",\"potentialAction\":[{\"@type\":\"SearchAction\",\"target\":{\"@type\":\"EntryPoint\",\"urlTemplate\":\"https:\/\/ecpamericas.org\/es\/?s={search_term_string}\"},\"query-input\":\"required name=search_term_string\"}],\"inLanguage\":\"es\"}]}<\/script>\n<!-- \/ Yoast SEO plugin. -->","yoast_head_json":{"title":"Ceremonia de Clausura de los proyectos del Programa de Producci\u00f3n en Ciclo Cerrado en las Am\u00e9ricas - ECPA - Energy and Climate Partnership of the Americas","robots":{"index":"index","follow":"follow","max-snippet":"max-snippet:-1","max-image-preview":"max-image-preview:large","max-video-preview":"max-video-preview:-1"},"canonical":"https:\/\/ecpamericas.org\/es\/events\/ceremonia-de-clausura-de-los-proyectos-del-programa-de-produccion-en-ciclo-cerrado-en-las-americas\/","og_locale":"es_ES","og_type":"article","og_title":"Ceremonia de Clausura de los proyectos del Programa de Producci\u00f3n en Ciclo Cerrado en las Am\u00e9ricas - ECPA - Energy and Climate Partnership of the Americas","og_description":"jueves, 25 de agosto de 2016 9:00 &#8211; 12:15 Ceremonia de Clausura de los proyectos del Programa de Producci\u00f3n en Ciclo Cerrado en las Am\u00e9ricas La Secretar\u00eda General de la Organizaci\u00f3n de los Estados Americanos, a trav\u00e9s de su Departamento de Desarrollo Sostenible, realizar\u00e1 la Ceremonia de Clausura de los proyectos del Programa de Producci\u00f3n [&hellip;]","og_url":"https:\/\/ecpamericas.org\/es\/events\/ceremonia-de-clausura-de-los-proyectos-del-programa-de-produccion-en-ciclo-cerrado-en-las-americas\/","og_site_name":"ECPA - Energy and Climate Partnership of the Americas","article_modified_time":"2020-12-31T21:57:55+00:00","twitter_card":"summary_large_image","twitter_misc":{"Tiempo de lectura":"1 minuto"},"schema":{"@context":"https:\/\/schema.org","@graph":[{"@type":"WebPage","@id":"https:\/\/ecpamericas.org\/es\/events\/ceremonia-de-clausura-de-los-proyectos-del-programa-de-produccion-en-ciclo-cerrado-en-las-americas\/","url":"https:\/\/ecpamericas.org\/es\/events\/ceremonia-de-clausura-de-los-proyectos-del-programa-de-produccion-en-ciclo-cerrado-en-las-americas\/","name":"Ceremonia de Clausura de los proyectos del Programa de Producci\u00f3n en Ciclo Cerrado en las Am\u00e9ricas - ECPA - Energy and Climate Partnership of the Americas","isPartOf":{"@id":"https:\/\/ecpamericas.org\/es\/#website"},"datePublished":"2016-08-25T09:00:00+00:00","dateModified":"2020-12-31T21:57:55+00:00","breadcrumb":{"@id":"https:\/\/ecpamericas.org\/es\/events\/ceremonia-de-clausura-de-los-proyectos-del-programa-de-produccion-en-ciclo-cerrado-en-las-americas\/#breadcrumb"},"inLanguage":"es","potentialAction":[{"@type":"ReadAction","target":["https:\/\/ecpamericas.org\/es\/events\/ceremonia-de-clausura-de-los-proyectos-del-programa-de-produccion-en-ciclo-cerrado-en-las-americas\/"]}]},{"@type":"BreadcrumbList","@id":"https:\/\/ecpamericas.org\/es\/events\/ceremonia-de-clausura-de-los-proyectos-del-programa-de-produccion-en-ciclo-cerrado-en-las-americas\/#breadcrumb","itemListElement":[{"@type":"ListItem","position":1,"name":"Home","item":"https:\/\/ecpamericas.org\/es\/"},{"@type":"ListItem","position":2,"name":"Ceremonia de Clausura de los proyectos del Programa de Producci\u00f3n en Ciclo Cerrado en las Am\u00e9ricas"}]},{"@type":"WebSite","@id":"https:\/\/ecpamericas.org\/es\/#website","url":"https:\/\/ecpamericas.org\/es\/","name":"ECPA - Energy and Climate Partnership of the Americas","description":"Promoting cooperation for a sustainable energy future in the Americas","potentialAction":[{"@type":"SearchAction","target":{"@type":"EntryPoint","urlTemplate":"https:\/\/ecpamericas.org\/es\/?s={search_term_string}"},"query-input":"required name=search_term_string"}],"inLanguage":"es"}]}},"_links":{"self":[{"href":"https:\/\/ecpamericas.org\/es\/wp-json\/wp\/v2\/mec-events\/4065","targetHints":{"allow":["GET"]}}],"collection":[{"href":"https:\/\/ecpamericas.org\/es\/wp-json\/wp\/v2\/mec-events"}],"about":[{"href":"https:\/\/ecpamericas.org\/es\/wp-json\/wp\/v2\/types\/mec-events"}],"author":[{"embeddable":true,"href":"https:\/\/ecpamericas.org\/es\/wp-json\/wp\/v2\/users\/1"}],"replies":[{"embeddable":true,"href":"https:\/\/ecpamericas.org\/es\/wp-json\/wp\/v2\/comments?post=4065"}],"wp:attachment":[{"href":"https:\/\/ecpamericas.org\/es\/wp-json\/wp\/v2\/media?parent=4065"}],"wp:term":[{"taxonomy":"post_tag","embeddable":true,"href":"https:\/\/ecpamericas.org\/es\/wp-json\/wp\/v2\/tags?post=4065"},{"taxonomy":"mec_category","embeddable":true,"href":"https:\/\/ecpamericas.org\/es\/wp-json\/wp\/v2\/mec_category?post=4065"}],"curies":[{"name":"wp","href":"https:\/\/api.w.org\/{rel}","templated":true}]}}