{"id":4058,"date":"2017-01-26T00:00:00","date_gmt":"2017-01-26T00:00:00","guid":{"rendered":"https:\/\/ecpamericas.org\/events\/17ma-conferencia-anual-sobre-energia-en-el-caribe\/"},"modified":"2020-12-31T16:56:37","modified_gmt":"2020-12-31T21:56:37","slug":"17ma-conferencia-anual-sobre-energia-en-el-caribe","status":"publish","type":"mec-events","link":"https:\/\/ecpamericas.org\/es\/events\/17ma-conferencia-anual-sobre-energia-en-el-caribe\/","title":{"rendered":"17ma Conferencia Anual sobre Energ\u00eda en el Caribe"},"content":{"rendered":"<div id=\"ctl00_ContentPlaceHolder1_ucEventDetail_divEventItem\" class=\"item\">\n<div class=\"date\" style=\"font-style: italic; font-size: 14px;\">jueves, 26 de enero de 2017 &#8211; viernes, 27 de enero de 2017<\/div>\n<h2 style=\"margin: 25px 0 35px 0;\">17ma Conferencia Anual sobre Energ\u00eda en el Caribe<\/h2>\n<p><a href=\"https:\/\/mcgrawhill-web.ungerboeck.com\/logon\/log_p2_addedit.aspx?AppSessionID=faleiofc1fbpfb8ffnfc3&amp;sessionid=fa0eikfc9fb3fb0ff6fd3&amp;eventid=5656&amp;mode=add#_ga=1.207501395.1530392648.1480949913\"><img decoding=\"async\" style=\"width: 850px; height: 278px;\" src=\"https:\/\/ecpamericas.org\/assets\/Site_32\/images\/OAS%20events\/2016\/Platts%20PD702%20Caribbean%20-%20Banner%20Ad%20980x320.jpg\" alt=\"\" \/><\/a><\/p>\n<p>La 17a Conferencia Anual sobre Energ\u00eda en el Caribe de Platts es un excelente lugar para conocer lo que est\u00e1 sucediendo en la energ\u00eda en todo el Caribe y para discutir oportunidades claves y los retos con los l\u00edderes y colegas de la industria. La conferencia se celebrar\u00e1 del 26-27 enero 2017 en Renaissance Santo Domingo Jaragua Hotel &amp; Casino, Santo Domingo, Rep\u00fablica Dominicana.<strong><br \/>\n<\/strong><\/p>\n<p><strong>Presentaciones de alto nivel sobre los problemas claves que enfrenta la regi\u00f3n del Caribe incluyendo:<\/strong><\/p>\n<ul>\n<li><strong>Pol\u00edticas energ\u00e9ticas<\/strong>\u2014Desarrollo, implementaci\u00f3n y ejecuci\u00f3n efectivas<\/li>\n<li><strong>Opciones de combustibles<\/strong>\u2014Costos, log\u00edstica, infraestructuras y tecnolog\u00edas para el LNG comparado con el LPG y el HFO<\/li>\n<li><strong>Fuentes renovables<\/strong>\u2014Pol\u00edticas y avances logrados en el desarrollo de proyectos e\u00f3licos, solares y geot\u00e9rmicos<\/li>\n<li><strong>Eficiencia energ\u00e9tica y distribuci\u00f3n de la electricidad generada<\/strong>\u2014Implementaci\u00f3n de metros contadores inteligentes, redes de distribuci\u00f3n inteligentes y edificios eficientes en t\u00e9rminos de energ\u00eda<\/li>\n<\/ul>\n<p><strong>Adicionalmente presentaciones sobre casos de estudio y actualizaciones sobre los siguientes temas:<\/strong><\/p>\n<ul>\n<li><strong>Implementaci\u00f3n de pol\u00edticas<\/strong>\u2014Aruba, Bahamas, Curazao, Rep\u00fablica Dominicana, Granada<\/li>\n<li><strong>Desarrollo del LNG<\/strong>\u2014Rep\u00fablica Dominicana, Puerto Rico<\/li>\n<li><strong>Desarrollo de proyectos geot\u00e9rmicos, solares y e\u00f3licos<\/strong>\u2014Aruba, Bermuda, Guadalupe, Granada, San Vicente y las Granadinas<\/li>\n<li><strong>Eficiencia energ\u00e9tica y distribuci\u00f3n de la electricidad generada<\/strong>\u2014Barbados, Bermuda, Jamaica<\/li>\n<\/ul>\n<p><strong>Presentaciones realizadas por destacados l\u00edderes en la industria, incluyendo:<\/strong><\/p>\n<p>George Nemeth, Director, Desarrollo Comercial de Gas Natural Licuado (LNG), <strong>AES Corporation <\/strong><br \/>\nDarik Jonis, Director T\u00e9cnico de Operaciones\/ Consejero Delegado (CEO) -Interino,<strong>Aqualectra Distribution<\/strong><br \/>\nMichael Daniel, Primer Vice-Presidente &amp; Director Ejecutivo de Desarrollo Estrat\u00e9gico,<strong>Ascendant Group Limited (sociedad \u201cholding\u201d de la Bermuda Electric Light Company Ltd.) <\/strong><br \/>\nPamela Yvette Hill, Consejera Delegada (CEO), <strong>Bahamas Power &amp; Light Company, Ltd.<\/strong><br \/>\nMark Lambrides, Especialista Senior en Materia Energ\u00e9tica, Grupo de Energ\u00eda e Industrias Extractivas, <strong>Banco Mundial <\/strong><br \/>\nLoreto Duffy-Mayers, Gerente de Programas Regionales, <strong>Programa de Acci\u00f3n Caribe\u00f1o de Eficiencia Energ\u00e9tica en Hoteles y Energ\u00eda Renovable<\/strong><br \/>\nRicardo Hutchinson, Director Asociado, Banca de Inversiones, <strong>CIBC FirstCaribbean Banco Intenational<\/strong><br \/>\nAndrew J. Lee, Director-Gerente, Jefe de Colocaciones Privadas Estadounidenses, <strong>CIBC World Markets Corp.<\/strong><br \/>\nJuan Rodr\u00edguez Nina, Director Ejecutivo, <strong>Comisi\u00f3n Nacional de Energ\u00eda, Rep\u00fablica Dominicana<\/strong><br \/>\nMatt Jackson, Vice-Presidente, Desarrollo Comercial de Gas Natural Licuado (LNG), <strong>Crowley Maritime Corporation <\/strong><br \/>\nRen\u00e9 Perez, Jefe de Oficina, Rep\u00fablica Dominicana, <strong>European Investment Bank<\/strong><br \/>\nFrank Fuentes Brito, Asesor Principal del Director Ejecutivo, Delegaci\u00f3n Brasile\u00f1a, <strong>Fondo Monetario Internacional<\/strong><br \/>\nClive Hosten, Ingeniero Principal, <strong>Grenada Electricity Services Ltd<\/strong><br \/>\nKeisha Reid, Gerente de Proyectos, <strong>Divisi\u00f3n de Energ\u00eda y Telecomunicaciones, Gobierno de Barbados<\/strong><br \/>\nKelly A. Tomblin, Presidente &amp; Consejero Delegado (CEO), <strong>Jamaica Public Service Company <\/strong><br \/>\nAntonio Isa Conde, Ministro, <strong>Ministerio de Energ\u00eda y Minas, Rep\u00fablica Dominicana<\/strong><br \/>\nEllsworth Dacon, Director, Unidad de Energ\u00eda, <strong>Ministerio de Seguridad Nacional, Desarrollo Aeroportuario y Puertos Mar\u00edtimos, San Vicente y las Granadinas<\/strong><br \/>\nJeane Nikolai, Director de Energ\u00eda, <strong>Ministerio Gubernamental de Desarrollo Econ\u00f3mico Gobierno de Bermuda <\/strong><br \/>\nHenk Hutting, Consejero Delegado (CEO), <strong>NuCapital Incorporated<\/strong><br \/>\nShabtay Mizrahi, Director Ejecutivo, Desarrollo Comercial, Am\u00e9rica Latina, <strong>Ormat Technologies Inc.<\/strong><br \/>\nLaura Andersen, Directora de Programas, Financiamiento en el Caribe y Centroam\u00e9rica,<strong>Overseas Private Investment Corporation<\/strong><br \/>\nFranklin A. Hoevertsz, Director-Gerente, <strong>Utilities Aruba N.V.<\/strong><br \/>\nRobert Blenker, Director Ejecutivo de Desarrollo, <strong>WRB Enterprises, Inc.<\/strong><br \/>\nPablo Varela, Jefe de Ventas, Am\u00e9rica Latina y el Caribe, <strong>Aggreko<\/strong><br \/>\nVera A. Rechsteiner, Socia, <strong>Andrews Kurth Kenyon<\/strong><br \/>\nNils Janson, Vice-Presidente Ejecutivo, y Scarlett Piantini, Analista Senior, <strong>Castalia Advisors<\/strong><br \/>\nJeffrey Goldmeer, PhD, Gerente, Soluciones de Combusti\u00f3n en Turbinas de Gas y Combustibles, <strong>GE Power &amp; Water<\/strong><br \/>\nRodney P. George, Vice-Presidente, Soluciones Energ\u00e9ticas y Edmund Phillips, Gerente de Desarrollo Comercial, <strong>W\u00e4rtsil\u00e4 Caribbean Inc.<\/strong><br \/>\nChris Whitney, Gerente, Apoyo a las Ventas, <strong>W\u00e4rtsil\u00e4 North America Energy Solutions<\/strong><\/p>\n<p><strong>Se incluye interpretaci\u00f3n simult\u00e1nea ingl\u00e9s\/espa\u00f1ol<\/strong><\/p>\n<p>Todas las sesiones de la conferencia incluir\u00e1n interpretaci\u00f3n simult\u00e1nea ingl\u00e9s-espa\u00f1ol. Las presentaciones y los debates estar\u00e1n disponibles mediante auriculares sin cargo adicional alguno.<\/p>\n<div><\/div>\n<p>Para obtener m\u00e1s informaci\u00f3n y ver la agenda completa y la lista de oradores, visite: <a style=\"font-family: 'Open Sans', Arial, sans-serif; font-size: 14px;\" href=\"http:\/\/www.platts.com\/caribbean\">www.platts.com\/caribbean<\/a><span style=\"font-size: 14px; font-family: 'Open Sans', Arial, sans-serif; color: #777777;\">.<\/span><\/p>\n<div class=\"telerik_paste_container\" style=\"border-width: 0px; position: absolute; overflow: hidden; margin: 0px; padding: 0px; left: 0px; top: 1px; width: 1px; height: 1px;\"><span style=\"white-space: pre-wrap; font-family: Roboto, arial, sans-serif; font-size: 16px; color: #212121;\">La 17\u00aa Conferencia Anual de Energ\u00eda del Caribe de Platts es un excelente lugar para conocer lo que est\u00e1 sucediendo en la energ\u00eda en todo el Caribe y para discutir oportunidades y retos clave con l\u00edderes y colegas de la industria.<\/span><\/div>\n<div class=\"telerik_paste_container\" style=\"border-width: 0px; position: absolute; overflow: hidden; margin: 0px; padding: 0px; left: 0px; top: 1px; width: 1px; height: 1px;\"><span style=\"white-space: pre-wrap; font-family: Roboto, arial, sans-serif; font-size: 16px; color: #212121;\">La 17\u00aa Conferencia Anual de Energ\u00eda del Caribe de Platts es un excelente lugar para conocer lo que est\u00e1 sucediendo en la energ\u00eda en todo el Caribe y para discutir oportunidades y retos clave con l\u00edderes y colegas de la industria.<\/span><\/div>\n<div class=\"telerik_paste_container\" style=\"border-width: 0px; position: absolute; overflow: hidden; margin: 0px; padding: 0px; left: 0px; top: 1px; width: 1px; height: 1px;\"><span style=\"white-space: pre-wrap; font-family: Roboto, arial, sans-serif; font-size: 16px; color: #212121;\">La 17\u00aa Conferencia Anual de Energ\u00eda del Caribe de Platts es un excelente lugar para conocer lo que est\u00e1 sucediendo en la energ\u00eda en todo el Caribe y para discutir oportunidades y retos clave con l\u00edderes y colegas de la industria.<\/span><\/div>\n<div class=\"telerik_paste_container\" style=\"border-width: 0px; position: absolute; overflow: hidden; margin: 0px; padding: 0px; left: 0px; top: 1px; width: 1px; height: 1px;\"><span style=\"white-space: pre-wrap; font-family: Roboto, arial, sans-serif; font-size: 16px; color: #212121;\">La 17\u00aa Conferencia Anual de Energ\u00eda del Caribe de Platts es un excelente lugar para conocer lo que est\u00e1 sucediendo en la energ\u00eda en todo el Caribe y para discutir oportunidades y retos clave con l\u00edderes y colegas de la industria.<\/span><\/div>\n<div class=\"telerik_paste_container\" style=\"border-width: 0px; position: absolute; overflow: hidden; margin: 0px; padding: 0px; left: 0px; top: 1px; width: 1px; height: 1px;\"><span style=\"white-space: pre-wrap; font-family: Roboto, arial, sans-serif; font-size: 16px; color: #212121;\">La 17\u00aa Conferencia Anual de Energ\u00eda del Caribe de Platts es un excelente lugar para conocer lo que est\u00e1 sucediendo en la energ\u00eda en todo el Caribe y para discutir oportunidades y retos clave con l\u00edderes y colegas de la industria.<\/span><\/div>\n<div class=\"telerik_paste_container\" style=\"border-width: 0px; position: absolute; overflow: hidden; margin: 0px; padding: 0px; left: 0px; top: 1658px; width: 1px; height: 1px;\"><span style=\"white-space: pre-wrap; font-family: Roboto, arial, sans-serif; font-size: 16px; color: #212121;\">Para obtener m\u00e1s informaci\u00f3n y ver la agenda completa y la lista de oradores, visite<\/span><\/div>\n<div class=\"telerik_paste_container\" style=\"border-width: 0px; position: absolute; overflow: hidden; margin: 0px; padding: 0px; left: 0px; top: 1658px; width: 1px; height: 1px;\"><span style=\"white-space: pre-wrap; font-family: Roboto, arial, sans-serif; font-size: 16px; color: #212121;\">Para obtener m\u00e1s informaci\u00f3n y ver la agenda completa y la lista de oradores, visite<\/span><\/div>\n<div id=\"ctl00_ContentPlaceHolder1_ucEventDetail_divLocation\" class=\"topPad\">Renaissance Santo Domingo Jaragua Hotel &amp; Casino<br \/>\nSanto Domingo<br \/>\nDominican Republic<\/div>\n<div id=\"ctl00_ContentPlaceHolder1_ucEventDetail_divGoogleMap\" class=\"topPad\">\n<div id=\"div_GoogleMap\"><\/div>\n<\/div>\n<div class=\"topPad floatL postedBy\">ES-Posted By: AdminR &#8211; jueves, 01 diciembre, 2016 ES-at 12:00<\/div>\n<\/div>\n","protected":false},"excerpt":{"rendered":"<p>jueves, 26 de enero de 2017 &#8211; viernes, 27 de enero de 2017 17ma Conferencia Anual sobre Energ\u00eda en el Caribe La 17a Conferencia Anual sobre Energ\u00eda en el Caribe de Platts es un excelente lugar para conocer lo que est\u00e1 sucediendo en la energ\u00eda en todo el Caribe y para discutir oportunidades claves y [&hellip;]<\/p>\n","protected":false},"author":1,"featured_media":0,"comment_status":"open","ping_status":"closed","template":"","tags":[],"mec_category":[],"class_list":["post-4058","mec-events","type-mec-events","status-publish","hentry"],"acf":[],"yoast_head":"<!-- This site is optimized with the Yoast SEO plugin v21.7 - https:\/\/yoast.com\/wordpress\/plugins\/seo\/ -->\n<title>17ma Conferencia Anual sobre Energ\u00eda en el Caribe - ECPA - Energy and Climate Partnership of the Americas<\/title>\n<meta name=\"robots\" content=\"index, follow, max-snippet:-1, max-image-preview:large, max-video-preview:-1\" \/>\n<link rel=\"canonical\" href=\"https:\/\/ecpamericas.org\/es\/events\/17ma-conferencia-anual-sobre-energia-en-el-caribe\/\" \/>\n<meta property=\"og:locale\" content=\"es_ES\" \/>\n<meta property=\"og:type\" content=\"article\" \/>\n<meta property=\"og:title\" content=\"17ma Conferencia Anual sobre Energ\u00eda en el Caribe - ECPA - Energy and Climate Partnership of the Americas\" \/>\n<meta property=\"og:description\" content=\"jueves, 26 de enero de 2017 &#8211; viernes, 27 de enero de 2017 17ma Conferencia Anual sobre Energ\u00eda en el Caribe La 17a Conferencia Anual sobre Energ\u00eda en el Caribe de Platts es un excelente lugar para conocer lo que est\u00e1 sucediendo en la energ\u00eda en todo el Caribe y para discutir oportunidades claves y [&hellip;]\" \/>\n<meta property=\"og:url\" content=\"https:\/\/ecpamericas.org\/es\/events\/17ma-conferencia-anual-sobre-energia-en-el-caribe\/\" \/>\n<meta property=\"og:site_name\" content=\"ECPA - Energy and Climate Partnership of the Americas\" \/>\n<meta property=\"article:modified_time\" content=\"2020-12-31T21:56:37+00:00\" \/>\n<meta property=\"og:image\" content=\"https:\/\/ecpamericas.org\/assets\/Site_32\/images\/OAS%20events\/2016\/Platts%20PD702%20Caribbean%20-%20Banner%20Ad%20980x320.jpg\" \/>\n<meta name=\"twitter:card\" content=\"summary_large_image\" \/>\n<meta name=\"twitter:label1\" content=\"Tiempo de lectura\" \/>\n\t<meta name=\"twitter:data1\" content=\"5 minutos\" \/>\n<script type=\"application\/ld+json\" class=\"yoast-schema-graph\">{\"@context\":\"https:\/\/schema.org\",\"@graph\":[{\"@type\":\"WebPage\",\"@id\":\"https:\/\/ecpamericas.org\/es\/events\/17ma-conferencia-anual-sobre-energia-en-el-caribe\/\",\"url\":\"https:\/\/ecpamericas.org\/es\/events\/17ma-conferencia-anual-sobre-energia-en-el-caribe\/\",\"name\":\"17ma Conferencia Anual sobre Energ\u00eda en el Caribe - ECPA - Energy and Climate Partnership of the Americas\",\"isPartOf\":{\"@id\":\"https:\/\/ecpamericas.org\/es\/#website\"},\"datePublished\":\"2017-01-26T00:00:00+00:00\",\"dateModified\":\"2020-12-31T21:56:37+00:00\",\"breadcrumb\":{\"@id\":\"https:\/\/ecpamericas.org\/es\/events\/17ma-conferencia-anual-sobre-energia-en-el-caribe\/#breadcrumb\"},\"inLanguage\":\"es\",\"potentialAction\":[{\"@type\":\"ReadAction\",\"target\":[\"https:\/\/ecpamericas.org\/es\/events\/17ma-conferencia-anual-sobre-energia-en-el-caribe\/\"]}]},{\"@type\":\"BreadcrumbList\",\"@id\":\"https:\/\/ecpamericas.org\/es\/events\/17ma-conferencia-anual-sobre-energia-en-el-caribe\/#breadcrumb\",\"itemListElement\":[{\"@type\":\"ListItem\",\"position\":1,\"name\":\"Home\",\"item\":\"https:\/\/ecpamericas.org\/es\/\"},{\"@type\":\"ListItem\",\"position\":2,\"name\":\"17ma Conferencia Anual sobre Energ\u00eda en el Caribe\"}]},{\"@type\":\"WebSite\",\"@id\":\"https:\/\/ecpamericas.org\/es\/#website\",\"url\":\"https:\/\/ecpamericas.org\/es\/\",\"name\":\"ECPA - Energy and Climate Partnership of the Americas\",\"description\":\"Promoting cooperation for a sustainable energy future in the Americas\",\"potentialAction\":[{\"@type\":\"SearchAction\",\"target\":{\"@type\":\"EntryPoint\",\"urlTemplate\":\"https:\/\/ecpamericas.org\/es\/?s={search_term_string}\"},\"query-input\":\"required name=search_term_string\"}],\"inLanguage\":\"es\"}]}<\/script>\n<!-- \/ Yoast SEO plugin. -->","yoast_head_json":{"title":"17ma Conferencia Anual sobre Energ\u00eda en el Caribe - ECPA - Energy and Climate Partnership of the Americas","robots":{"index":"index","follow":"follow","max-snippet":"max-snippet:-1","max-image-preview":"max-image-preview:large","max-video-preview":"max-video-preview:-1"},"canonical":"https:\/\/ecpamericas.org\/es\/events\/17ma-conferencia-anual-sobre-energia-en-el-caribe\/","og_locale":"es_ES","og_type":"article","og_title":"17ma Conferencia Anual sobre Energ\u00eda en el Caribe - ECPA - Energy and Climate Partnership of the Americas","og_description":"jueves, 26 de enero de 2017 &#8211; viernes, 27 de enero de 2017 17ma Conferencia Anual sobre Energ\u00eda en el Caribe La 17a Conferencia Anual sobre Energ\u00eda en el Caribe de Platts es un excelente lugar para conocer lo que est\u00e1 sucediendo en la energ\u00eda en todo el Caribe y para discutir oportunidades claves y [&hellip;]","og_url":"https:\/\/ecpamericas.org\/es\/events\/17ma-conferencia-anual-sobre-energia-en-el-caribe\/","og_site_name":"ECPA - Energy and Climate Partnership of the Americas","article_modified_time":"2020-12-31T21:56:37+00:00","og_image":[{"url":"https:\/\/ecpamericas.org\/assets\/Site_32\/images\/OAS%20events\/2016\/Platts%20PD702%20Caribbean%20-%20Banner%20Ad%20980x320.jpg"}],"twitter_card":"summary_large_image","twitter_misc":{"Tiempo de lectura":"5 minutos"},"schema":{"@context":"https:\/\/schema.org","@graph":[{"@type":"WebPage","@id":"https:\/\/ecpamericas.org\/es\/events\/17ma-conferencia-anual-sobre-energia-en-el-caribe\/","url":"https:\/\/ecpamericas.org\/es\/events\/17ma-conferencia-anual-sobre-energia-en-el-caribe\/","name":"17ma Conferencia Anual sobre Energ\u00eda en el Caribe - ECPA - Energy and Climate Partnership of the Americas","isPartOf":{"@id":"https:\/\/ecpamericas.org\/es\/#website"},"datePublished":"2017-01-26T00:00:00+00:00","dateModified":"2020-12-31T21:56:37+00:00","breadcrumb":{"@id":"https:\/\/ecpamericas.org\/es\/events\/17ma-conferencia-anual-sobre-energia-en-el-caribe\/#breadcrumb"},"inLanguage":"es","potentialAction":[{"@type":"ReadAction","target":["https:\/\/ecpamericas.org\/es\/events\/17ma-conferencia-anual-sobre-energia-en-el-caribe\/"]}]},{"@type":"BreadcrumbList","@id":"https:\/\/ecpamericas.org\/es\/events\/17ma-conferencia-anual-sobre-energia-en-el-caribe\/#breadcrumb","itemListElement":[{"@type":"ListItem","position":1,"name":"Home","item":"https:\/\/ecpamericas.org\/es\/"},{"@type":"ListItem","position":2,"name":"17ma Conferencia Anual sobre Energ\u00eda en el Caribe"}]},{"@type":"WebSite","@id":"https:\/\/ecpamericas.org\/es\/#website","url":"https:\/\/ecpamericas.org\/es\/","name":"ECPA - Energy and Climate Partnership of the Americas","description":"Promoting cooperation for a sustainable energy future in the Americas","potentialAction":[{"@type":"SearchAction","target":{"@type":"EntryPoint","urlTemplate":"https:\/\/ecpamericas.org\/es\/?s={search_term_string}"},"query-input":"required name=search_term_string"}],"inLanguage":"es"}]}},"_links":{"self":[{"href":"https:\/\/ecpamericas.org\/es\/wp-json\/wp\/v2\/mec-events\/4058","targetHints":{"allow":["GET"]}}],"collection":[{"href":"https:\/\/ecpamericas.org\/es\/wp-json\/wp\/v2\/mec-events"}],"about":[{"href":"https:\/\/ecpamericas.org\/es\/wp-json\/wp\/v2\/types\/mec-events"}],"author":[{"embeddable":true,"href":"https:\/\/ecpamericas.org\/es\/wp-json\/wp\/v2\/users\/1"}],"replies":[{"embeddable":true,"href":"https:\/\/ecpamericas.org\/es\/wp-json\/wp\/v2\/comments?post=4058"}],"wp:attachment":[{"href":"https:\/\/ecpamericas.org\/es\/wp-json\/wp\/v2\/media?parent=4058"}],"wp:term":[{"taxonomy":"post_tag","embeddable":true,"href":"https:\/\/ecpamericas.org\/es\/wp-json\/wp\/v2\/tags?post=4058"},{"taxonomy":"mec_category","embeddable":true,"href":"https:\/\/ecpamericas.org\/es\/wp-json\/wp\/v2\/mec_category?post=4058"}],"curies":[{"name":"wp","href":"https:\/\/api.w.org\/{rel}","templated":true}]}}