{"id":4030,"date":"2013-11-29T00:00:00","date_gmt":"2013-11-29T00:00:00","guid":{"rendered":"https:\/\/ecpamericas.org\/events\/%c2%a8impacto-de-ciclovias-de-costa-rica%c2%a8-y-el-estudio-de-%c2%a8oportunidades-y-obstaculos-para-la-movilidad-no-motorizada-en-la-gran-area-metropolitana-de-costa-rica%c2%a8\/"},"modified":"2020-12-31T17:44:34","modified_gmt":"2020-12-31T22:44:34","slug":"%c2%a8impacto-de-ciclovias-de-costa-rica%c2%a8-y-el-estudio-de-%c2%a8oportunidades-y-obstaculos-para-la-movilidad-no-motorizada-en-la-gran-area-metropolitana-de-costa-rica%c2%a8","status":"publish","type":"mec-events","link":"https:\/\/ecpamericas.org\/es\/events\/%c2%a8impacto-de-ciclovias-de-costa-rica%c2%a8-y-el-estudio-de-%c2%a8oportunidades-y-obstaculos-para-la-movilidad-no-motorizada-en-la-gran-area-metropolitana-de-costa-rica%c2%a8\/","title":{"rendered":"\u00a8Impacto de ciclov\u00edas de Costa Rica\u00a8 y el estudio de \u00a8Oportunidades y Obst\u00e1culos para la Movilidad no motorizada en la Gran \u00c1rea Metropolitana de Costa Rica\u00a8"},"content":{"rendered":"<div id=\"ctl00_ContentPlaceHolder1_ucEventDetail_divEventItem\" class=\"item\">\n<div class=\"date\" style=\"font-style: italic; font-size: 14px;\">viernes, 29 de noviembre de 2013<\/div>\n<h2 style=\"margin: 25px 0 35px 0;\">\u00a8Impacto de ciclov\u00edas de Costa Rica\u00a8 y el estudio de \u00a8Oportunidades y Obst\u00e1culos para la Movilidad no motorizada en la Gran \u00c1rea Metropolitana de Costa Rica\u00a8<\/h2>\n<p><span style=\"font-family: tahoma; font-size: 13px;\">Fecha: 29 de noviembre, 9 am<\/span><\/p>\n<p><span style=\"font-family: tahoma; font-size: 13px;\">Lugar: Sede de la OEA Costa Rica<\/span><\/p>\n<p><span style=\"font-family: tahoma; font-size: 13px;\">Evento: \u00a8Impacto de ciclov\u00edas de Costa Rica\u00a8 y el estudio de \u00a8Oportunidades y Obst\u00e1culos para la Movilidad no motorizada en la Gran \u00c1rea Metropolitana de Costa Rica\u00a8<\/span><\/p>\n<div style=\"text-align: center;\"><span style=\"font-size: small; font-family: tahoma;\">Organizan: Organizaci\u00f3n de los Estados Americanos<\/span><span style=\"font-size: small; font-family: tahoma;\">, la <\/span><span style=\"font-size: small; font-family: tahoma;\">Energy and Climate Partnership for the Americas<\/span><span style=\"font-size: small; font-family: tahoma;\"> y la <\/span><span style=\"font-size: small; font-family: tahoma;\">Red Ambiental de Movilidad Urbana<\/span><\/div>\n<p><span style=\"text-align: justify; line-height: 115%; font-family: tahoma; font-size: 13px;\"><br \/>\n<strong>Ministro de Ambiente, Energ\u00eda y Mares<\/strong><\/span><\/p>\n<p><span style=\"line-height: 115%;\"><a href=\"http:\/\/www.oas.org\/en\/default.asp\">La Organizaci\u00f3n de los Estados Americanos<\/a>, la <a href=\"https:\/\/ecpamericas.org\/\">Energy and Climate Partnership for the America<\/a>s y la Red Ambiental de Movilidad Urbana, e invitan a la presentaci\u00f3n de los estudios de \u00a8Impacto de ciclov\u00edas de Costa Rica\u00a8 y el estudio de \u00a8Oportunidades y Obst\u00e1culos para la Movilidad no motorizada en la Gran \u00c1rea Metropolitana de Costa Rica\u00a8, realizados en el marco del proyecto, \u00a8Promoviendo sistemas alternativos y articulados de transporte urbano en Costa Rica\u00a8 ejecutado por la Fundaci\u00f3n para el Desarrollo Urbano (FUDEU) y el Centro de Derecho Ambiental y de los Recursos Naturales (CEDARENA), con el apoyo de la Asociaci\u00f3n Regional Centroamericana para el Agua y el Ambiente (ARCA) y el Asociaci\u00f3n de Personas Contra la Violencia Vial y el Irrespeto (ACONVIVIR).<\/span><\/p>\n<p><span style=\"line-height: 115%;\">El proyecto tiene como objetivo sentar las bases para transformar el Gran \u00c1rea Metropolitana en un espacio amigable con el transporte no motorizado articulado con el transporte p\u00fablico y tanto con autobuses como con el ferrocarril interurbano de INCOFER. <\/span><\/p>\n<p><span style=\"line-height: 115%;\">As\u00ed mismo se ha trabajado en la instalaci\u00f3n de infraestructura amigable con el uso de bicicletas, tales como estacionamientos para bicicletas, rotulaci\u00f3n horizontal y vertical, adem\u00e1s de brindar apoyo en el dise\u00f1o e implementaci\u00f3n de v\u00edas ciclistas en San Jos\u00e9, San Pedro y Cartago.<\/span><\/p>\n<p><span style=\"line-height: 115%;\">Durante la actividad compartiremos la propuesta de la Red Ambiental de Movilidad Urbana, para la inserci\u00f3n de criterios para la promoci\u00f3n de la intermodalidad entre la movilidad no motorizada y el transporte p\u00fablico de cara a la renovaci\u00f3n de concesiones de rutas de autobuses.<\/span><\/p>\n<p><span style=\"line-height: 115%;\">La presentaci\u00f3n se realizar\u00e1 el d\u00eda 29 de noviembre del 2013 a las 9:00 am en la sede de OEA Costa Rica, ubicada en Pavas, Rohrmoser sobre el Bulevar del Banco BCT, 200 metros norte y 25 metros este, casa amarilla.<a name=\"_GoBack\"><\/a><\/span><\/p>\n<p><span style=\"line-height: 115%;\">Confirma su participaci\u00f3n con la T\u00e9cnica Administrativa Rossy Araya, al tel\u00e9fono 229-08911 o al correo <\/span><span style=\"line-height: 115%;\"><a href=\"mailto:RAraya@oas.org\"><span style=\"text-decoration: none; color: #000000;\">RAraya@oas.org<\/span><\/a><\/span><\/p>\n<div id=\"ctl00_ContentPlaceHolder1_ucEventDetail_divGoogleMap\" class=\"topPad\">\n<div id=\"div_GoogleMap\"><\/div>\n<\/div>\n<div class=\"topPad floatL postedBy\">ES-Posted By: ES-N\/A &#8211; martes, 19 noviembre, 2013 ES-at 12:00<\/div>\n<\/div>\n","protected":false},"excerpt":{"rendered":"<p>viernes, 29 de noviembre de 2013 \u00a8Impacto de ciclov\u00edas de Costa Rica\u00a8 y el estudio de \u00a8Oportunidades y Obst\u00e1culos para la Movilidad no motorizada en la Gran \u00c1rea Metropolitana de Costa Rica\u00a8 Fecha: 29 de noviembre, 9 am Lugar: Sede de la OEA Costa Rica Evento: \u00a8Impacto de ciclov\u00edas de Costa Rica\u00a8 y el estudio [&hellip;]<\/p>\n","protected":false},"author":1,"featured_media":0,"comment_status":"open","ping_status":"closed","template":"","tags":[],"mec_category":[],"class_list":["post-4030","mec-events","type-mec-events","status-publish","hentry"],"acf":[],"yoast_head":"<!-- This site is optimized with the Yoast SEO plugin v21.7 - https:\/\/yoast.com\/wordpress\/plugins\/seo\/ -->\n<title>\u00a8Impacto de ciclov\u00edas de Costa Rica\u00a8 y el estudio de \u00a8Oportunidades y Obst\u00e1culos para la Movilidad no motorizada en la Gran \u00c1rea Metropolitana de Costa Rica\u00a8 - ECPA - Energy and Climate Partnership of the Americas<\/title>\n<meta name=\"robots\" content=\"index, follow, max-snippet:-1, max-image-preview:large, max-video-preview:-1\" \/>\n<link rel=\"canonical\" href=\"https:\/\/ecpamericas.org\/es\/events\/%c2%a8impacto-de-ciclovias-de-costa-rica%c2%a8-y-el-estudio-de-%c2%a8oportunidades-y-obstaculos-para-la-movilidad-no-motorizada-en-la-gran-area-metropolitana-de-costa-rica%c2%a8\/\" \/>\n<meta property=\"og:locale\" content=\"es_ES\" \/>\n<meta property=\"og:type\" content=\"article\" \/>\n<meta property=\"og:title\" content=\"\u00a8Impacto de ciclov\u00edas de Costa Rica\u00a8 y el estudio de \u00a8Oportunidades y Obst\u00e1culos para la Movilidad no motorizada en la Gran \u00c1rea Metropolitana de Costa Rica\u00a8 - ECPA - Energy and Climate Partnership of the Americas\" \/>\n<meta property=\"og:description\" content=\"viernes, 29 de noviembre de 2013 \u00a8Impacto de ciclov\u00edas de Costa Rica\u00a8 y el estudio de \u00a8Oportunidades y Obst\u00e1culos para la Movilidad no motorizada en la Gran \u00c1rea Metropolitana de Costa Rica\u00a8 Fecha: 29 de noviembre, 9 am Lugar: Sede de la OEA Costa Rica Evento: \u00a8Impacto de ciclov\u00edas de Costa Rica\u00a8 y el estudio [&hellip;]\" \/>\n<meta property=\"og:url\" content=\"https:\/\/ecpamericas.org\/es\/events\/%c2%a8impacto-de-ciclovias-de-costa-rica%c2%a8-y-el-estudio-de-%c2%a8oportunidades-y-obstaculos-para-la-movilidad-no-motorizada-en-la-gran-area-metropolitana-de-costa-rica%c2%a8\/\" \/>\n<meta property=\"og:site_name\" content=\"ECPA - Energy and Climate Partnership of the Americas\" \/>\n<meta property=\"article:modified_time\" content=\"2020-12-31T22:44:34+00:00\" \/>\n<meta name=\"twitter:card\" content=\"summary_large_image\" \/>\n<meta name=\"twitter:label1\" content=\"Tiempo de lectura\" \/>\n\t<meta name=\"twitter:data1\" content=\"2 minutos\" \/>\n<script type=\"application\/ld+json\" class=\"yoast-schema-graph\">{\"@context\":\"https:\/\/schema.org\",\"@graph\":[{\"@type\":\"WebPage\",\"@id\":\"https:\/\/ecpamericas.org\/es\/events\/%c2%a8impacto-de-ciclovias-de-costa-rica%c2%a8-y-el-estudio-de-%c2%a8oportunidades-y-obstaculos-para-la-movilidad-no-motorizada-en-la-gran-area-metropolitana-de-costa-rica%c2%a8\/\",\"url\":\"https:\/\/ecpamericas.org\/es\/events\/%c2%a8impacto-de-ciclovias-de-costa-rica%c2%a8-y-el-estudio-de-%c2%a8oportunidades-y-obstaculos-para-la-movilidad-no-motorizada-en-la-gran-area-metropolitana-de-costa-rica%c2%a8\/\",\"name\":\"\u00a8Impacto de ciclov\u00edas de Costa Rica\u00a8 y el estudio de \u00a8Oportunidades y Obst\u00e1culos para la Movilidad no motorizada en la Gran \u00c1rea Metropolitana de Costa Rica\u00a8 - ECPA - Energy and Climate Partnership of the Americas\",\"isPartOf\":{\"@id\":\"https:\/\/ecpamericas.org\/es\/#website\"},\"datePublished\":\"2013-11-29T00:00:00+00:00\",\"dateModified\":\"2020-12-31T22:44:34+00:00\",\"breadcrumb\":{\"@id\":\"https:\/\/ecpamericas.org\/es\/events\/%c2%a8impacto-de-ciclovias-de-costa-rica%c2%a8-y-el-estudio-de-%c2%a8oportunidades-y-obstaculos-para-la-movilidad-no-motorizada-en-la-gran-area-metropolitana-de-costa-rica%c2%a8\/#breadcrumb\"},\"inLanguage\":\"es\",\"potentialAction\":[{\"@type\":\"ReadAction\",\"target\":[\"https:\/\/ecpamericas.org\/es\/events\/%c2%a8impacto-de-ciclovias-de-costa-rica%c2%a8-y-el-estudio-de-%c2%a8oportunidades-y-obstaculos-para-la-movilidad-no-motorizada-en-la-gran-area-metropolitana-de-costa-rica%c2%a8\/\"]}]},{\"@type\":\"BreadcrumbList\",\"@id\":\"https:\/\/ecpamericas.org\/es\/events\/%c2%a8impacto-de-ciclovias-de-costa-rica%c2%a8-y-el-estudio-de-%c2%a8oportunidades-y-obstaculos-para-la-movilidad-no-motorizada-en-la-gran-area-metropolitana-de-costa-rica%c2%a8\/#breadcrumb\",\"itemListElement\":[{\"@type\":\"ListItem\",\"position\":1,\"name\":\"Home\",\"item\":\"https:\/\/ecpamericas.org\/es\/\"},{\"@type\":\"ListItem\",\"position\":2,\"name\":\"\u00a8Impacto de ciclov\u00edas de Costa Rica\u00a8 y el estudio de \u00a8Oportunidades y Obst\u00e1culos para la Movilidad no motorizada en la Gran \u00c1rea Metropolitana de Costa Rica\u00a8\"}]},{\"@type\":\"WebSite\",\"@id\":\"https:\/\/ecpamericas.org\/es\/#website\",\"url\":\"https:\/\/ecpamericas.org\/es\/\",\"name\":\"ECPA - Energy and Climate Partnership of the Americas\",\"description\":\"Promoting cooperation for a sustainable energy future in the Americas\",\"potentialAction\":[{\"@type\":\"SearchAction\",\"target\":{\"@type\":\"EntryPoint\",\"urlTemplate\":\"https:\/\/ecpamericas.org\/es\/?s={search_term_string}\"},\"query-input\":\"required name=search_term_string\"}],\"inLanguage\":\"es\"}]}<\/script>\n<!-- \/ Yoast SEO plugin. -->","yoast_head_json":{"title":"\u00a8Impacto de ciclov\u00edas de Costa Rica\u00a8 y el estudio de \u00a8Oportunidades y Obst\u00e1culos para la Movilidad no motorizada en la Gran \u00c1rea Metropolitana de Costa Rica\u00a8 - ECPA - Energy and Climate Partnership of the Americas","robots":{"index":"index","follow":"follow","max-snippet":"max-snippet:-1","max-image-preview":"max-image-preview:large","max-video-preview":"max-video-preview:-1"},"canonical":"https:\/\/ecpamericas.org\/es\/events\/%c2%a8impacto-de-ciclovias-de-costa-rica%c2%a8-y-el-estudio-de-%c2%a8oportunidades-y-obstaculos-para-la-movilidad-no-motorizada-en-la-gran-area-metropolitana-de-costa-rica%c2%a8\/","og_locale":"es_ES","og_type":"article","og_title":"\u00a8Impacto de ciclov\u00edas de Costa Rica\u00a8 y el estudio de \u00a8Oportunidades y Obst\u00e1culos para la Movilidad no motorizada en la Gran \u00c1rea Metropolitana de Costa Rica\u00a8 - ECPA - Energy and Climate Partnership of the Americas","og_description":"viernes, 29 de noviembre de 2013 \u00a8Impacto de ciclov\u00edas de Costa Rica\u00a8 y el estudio de \u00a8Oportunidades y Obst\u00e1culos para la Movilidad no motorizada en la Gran \u00c1rea Metropolitana de Costa Rica\u00a8 Fecha: 29 de noviembre, 9 am Lugar: Sede de la OEA Costa Rica Evento: \u00a8Impacto de ciclov\u00edas de Costa Rica\u00a8 y el estudio [&hellip;]","og_url":"https:\/\/ecpamericas.org\/es\/events\/%c2%a8impacto-de-ciclovias-de-costa-rica%c2%a8-y-el-estudio-de-%c2%a8oportunidades-y-obstaculos-para-la-movilidad-no-motorizada-en-la-gran-area-metropolitana-de-costa-rica%c2%a8\/","og_site_name":"ECPA - Energy and Climate Partnership of the Americas","article_modified_time":"2020-12-31T22:44:34+00:00","twitter_card":"summary_large_image","twitter_misc":{"Tiempo de lectura":"2 minutos"},"schema":{"@context":"https:\/\/schema.org","@graph":[{"@type":"WebPage","@id":"https:\/\/ecpamericas.org\/es\/events\/%c2%a8impacto-de-ciclovias-de-costa-rica%c2%a8-y-el-estudio-de-%c2%a8oportunidades-y-obstaculos-para-la-movilidad-no-motorizada-en-la-gran-area-metropolitana-de-costa-rica%c2%a8\/","url":"https:\/\/ecpamericas.org\/es\/events\/%c2%a8impacto-de-ciclovias-de-costa-rica%c2%a8-y-el-estudio-de-%c2%a8oportunidades-y-obstaculos-para-la-movilidad-no-motorizada-en-la-gran-area-metropolitana-de-costa-rica%c2%a8\/","name":"\u00a8Impacto de ciclov\u00edas de Costa Rica\u00a8 y el estudio de \u00a8Oportunidades y Obst\u00e1culos para la Movilidad no motorizada en la Gran \u00c1rea Metropolitana de Costa Rica\u00a8 - ECPA - Energy and Climate Partnership of the Americas","isPartOf":{"@id":"https:\/\/ecpamericas.org\/es\/#website"},"datePublished":"2013-11-29T00:00:00+00:00","dateModified":"2020-12-31T22:44:34+00:00","breadcrumb":{"@id":"https:\/\/ecpamericas.org\/es\/events\/%c2%a8impacto-de-ciclovias-de-costa-rica%c2%a8-y-el-estudio-de-%c2%a8oportunidades-y-obstaculos-para-la-movilidad-no-motorizada-en-la-gran-area-metropolitana-de-costa-rica%c2%a8\/#breadcrumb"},"inLanguage":"es","potentialAction":[{"@type":"ReadAction","target":["https:\/\/ecpamericas.org\/es\/events\/%c2%a8impacto-de-ciclovias-de-costa-rica%c2%a8-y-el-estudio-de-%c2%a8oportunidades-y-obstaculos-para-la-movilidad-no-motorizada-en-la-gran-area-metropolitana-de-costa-rica%c2%a8\/"]}]},{"@type":"BreadcrumbList","@id":"https:\/\/ecpamericas.org\/es\/events\/%c2%a8impacto-de-ciclovias-de-costa-rica%c2%a8-y-el-estudio-de-%c2%a8oportunidades-y-obstaculos-para-la-movilidad-no-motorizada-en-la-gran-area-metropolitana-de-costa-rica%c2%a8\/#breadcrumb","itemListElement":[{"@type":"ListItem","position":1,"name":"Home","item":"https:\/\/ecpamericas.org\/es\/"},{"@type":"ListItem","position":2,"name":"\u00a8Impacto de ciclov\u00edas de Costa Rica\u00a8 y el estudio de \u00a8Oportunidades y Obst\u00e1culos para la Movilidad no motorizada en la Gran \u00c1rea Metropolitana de Costa Rica\u00a8"}]},{"@type":"WebSite","@id":"https:\/\/ecpamericas.org\/es\/#website","url":"https:\/\/ecpamericas.org\/es\/","name":"ECPA - Energy and Climate Partnership of the Americas","description":"Promoting cooperation for a sustainable energy future in the Americas","potentialAction":[{"@type":"SearchAction","target":{"@type":"EntryPoint","urlTemplate":"https:\/\/ecpamericas.org\/es\/?s={search_term_string}"},"query-input":"required name=search_term_string"}],"inLanguage":"es"}]}},"_links":{"self":[{"href":"https:\/\/ecpamericas.org\/es\/wp-json\/wp\/v2\/mec-events\/4030","targetHints":{"allow":["GET"]}}],"collection":[{"href":"https:\/\/ecpamericas.org\/es\/wp-json\/wp\/v2\/mec-events"}],"about":[{"href":"https:\/\/ecpamericas.org\/es\/wp-json\/wp\/v2\/types\/mec-events"}],"author":[{"embeddable":true,"href":"https:\/\/ecpamericas.org\/es\/wp-json\/wp\/v2\/users\/1"}],"replies":[{"embeddable":true,"href":"https:\/\/ecpamericas.org\/es\/wp-json\/wp\/v2\/comments?post=4030"}],"wp:attachment":[{"href":"https:\/\/ecpamericas.org\/es\/wp-json\/wp\/v2\/media?parent=4030"}],"wp:term":[{"taxonomy":"post_tag","embeddable":true,"href":"https:\/\/ecpamericas.org\/es\/wp-json\/wp\/v2\/tags?post=4030"},{"taxonomy":"mec_category","embeddable":true,"href":"https:\/\/ecpamericas.org\/es\/wp-json\/wp\/v2\/mec_category?post=4030"}],"curies":[{"name":"wp","href":"https:\/\/api.w.org\/{rel}","templated":true}]}}