{"id":4025,"date":"2014-01-16T09:00:00","date_gmt":"2014-01-16T09:00:00","guid":{"rendered":"https:\/\/ecpamericas.org\/events\/primer-foro-publico-de-debate-de-la-alianza-de-energia-y-clima-de-las-americas-educacion-sobre-la-energia-y-el-cambio-climatico\/"},"modified":"2020-12-31T17:41:03","modified_gmt":"2020-12-31T22:41:03","slug":"primer-foro-publico-de-debate-de-la-alianza-de-energia-y-clima-de-las-americas-educacion-sobre-la-energia-y-el-cambio-climatico","status":"publish","type":"mec-events","link":"https:\/\/ecpamericas.org\/es\/events\/primer-foro-publico-de-debate-de-la-alianza-de-energia-y-clima-de-las-americas-educacion-sobre-la-energia-y-el-cambio-climatico\/","title":{"rendered":"Primer Foro P\u00fablico de Debate de la Alianza de Energ\u00eda y Clima de las Am\u00e9ricas: Educaci\u00f3n sobre la Energ\u00eda y el Cambio Clim\u00e1tico"},"content":{"rendered":"<div id=\"ctl00_ContentPlaceHolder1_ucEventDetail_divEventItem\" class=\"item\">\n<div class=\"date\" style=\"font-style: italic; font-size: 14px;\">jueves, 16 de enero de 2014 9:00 &#8211; 12:45<\/div>\n<h2 style=\"margin: 25px 0 35px 0;\">Primer Foro P\u00fablico de Debate de la Alianza de Energ\u00eda y Clima de las Am\u00e9ricas: Educaci\u00f3n sobre la Energ\u00eda y el Cambio Clim\u00e1tico<\/h2>\n<div style=\"text-align: center;\">\n<img decoding=\"async\" style=\"width: 190px; height: 56px;\" src=\"https:\/\/ecpamericas.org\/data\/images\/Partner_Logos\/oas_esp.gif\" alt=\"\" \/> <img decoding=\"async\" style=\"width: 250px; height: 56px;\" src=\"https:\/\/ecpamericas.org\/data\/images\/ECPA%20Logos\/ECPA%20logo%20New\/ECPA%20logo%20Spanish%20for%20website.png\" alt=\"\" \/> <img decoding=\"async\" style=\"width: 100px; height: 54px;\" src=\"https:\/\/ecpamericas.org\/data\/images\/Partner_Logos\/usa%20flag.jpeg\" alt=\"\" \/><\/div>\n<h3>Fecha: <span style=\"font-size: 12px; line-height: 24px; font-family: tahoma, geneva, sans-serif; color: #39432c;\">16 de enero de 2014<\/span><\/h3>\n<h3>Lugar: <span style=\"font-size: 12px; line-height: 24px; font-family: tahoma, geneva, sans-serif; color: #39432c;\">Se<\/span><span style=\"font-size: 12px; line-height: 24px; font-family: tahoma, geneva, sans-serif; color: #39432c;\">cretar\u00eda General de la OEA, en la calle F 1889 NW, Washington, DC, 20006<\/span><\/h3>\n<h3><span style=\"text-align: justify; font-size: 12px; line-height: 24px; font-family: tahoma, geneva, sans-serif; color: #39432c;\">El <a href=\"http:\/\/www.oas.org\/es\/sedi\/dsd\/\">Departamento de Desarrollo Sostenible<\/a> de la <a href=\"http:\/\/www.oas.org\/en\/sedi\/\">Secretar\u00eda Ejecutiva para el Desarrollo Integral<\/a> ser\u00e1 el anfitri\u00f3n de este foro, en apoyo al di\u00e1logo en materia de mitigaci\u00f3n del cambio clim\u00e1tico y soluciones energ\u00e9ticas sostenibles bajo el auspicio de la Alianza de Energ\u00eda y Clima de las Am\u00e9ricas (ECPA). Se abordar\u00e1 el debate en torno a las pr\u00e1cticas \u00f3ptimas y las lecciones aprendidas en educaci\u00f3n sobre la energ\u00eda y el cambio clim\u00e1tico, a fin de promover la colaboraci\u00f3n en el tema entre las naciones de las Am\u00e9ricas. El foro contribuir\u00e1 al fortalecimiento de la comprensi\u00f3n del mercado de la energ\u00eda limpia e identificar\u00e1 nuevas v\u00edas de cooperaci\u00f3n en educaci\u00f3n sobre la energ\u00eda y el cambio clim\u00e1tico.<\/span><\/h3>\n<p>Si desea obtener mayor informaci\u00f3n comun\u00edquese con Alejandra Henao por correo electr\u00f3nico a <a href=\"mailto:AHenaop@oas.org\">AHenaop@oas.org<\/a>.<\/p>\n<p>Si desea descargar el temario del foro, <a href=\"\/data\/files\/Events\/CC%20Education%20Forum%20DC%20Jan%2014\/forum_dc_agenda_esp_010714.pdf\" target=\"_blank\" rel=\"noopener noreferrer\">haga click aqu\u00ed.<\/a><br \/>\n<a href=\"\/data\/files\/Events\/CC%20Education%20Forum%20DC%20Jan%2014\/WEBFINAL.pdf\">Lista de participantes<\/a><\/p>\n<p><strong>Articulaci\u00f3n de una estrategia de acciones sostenibles: valor de la educaci\u00f3n sobre la energ\u00eda y el cambio clim\u00e1tico como un motor de cambio en las Am\u00e9ricas <\/strong><br \/>\nEl debate se enfoc\u00f3 en m\u00e9todos para comunicar el conocimiento acerca de los impactos de la energ\u00eda y el cambio clim\u00e1tico a fin de influenciar la formulaci\u00f3n de pol\u00edticas, la creaci\u00f3n de capacidad, los mercados, la actividad empresarial y los medios de subsistencia.<\/p>\n<p>Moderador: Mark Lambrides, Jefe de la Divisi\u00f3n de Energ\u00eda y Mitigaci\u00f3n del Cambio Clim\u00e1tico, Departamento de Desarrollo Sostenible (DDS) de la Organizaci\u00f3n de los Estados Americanos (OAS)<\/p>\n<ul>\n<li><span style=\"text-align: left;\">Dr. Joe Casola, <\/span>Cient\u00edfico \/ Director del programa de ciencia e impacto del Center for Climate and Energy Solutions (C2ES). Ver presentaci\u00f3n en ingl\u00e9s, <a href=\"\/data\/files\/Events\/CC%20Education%20Forum%20DC%20Jan%2014\/CASOLA.pdf\">aqu\u00ed<\/a>.<\/li>\n<li>Jorge R. Pi\u00f1on, Director del Programa para Am\u00e9rica Latina y el Caribe del Centro Internacional de Pol\u00edtica Energ\u00e9tica y Ambiental en Jackson School of Geosciences<\/li>\n<\/ul>\n<p>de la Universidad de Texas en Austin.<\/p>\n<ul>\n<li>Dr. Pablo Benitez, Economista Senior en Cambio Clim\u00e1tico del Banco Mundial. Ver presentaci\u00f3n en ingl\u00e9s <a href=\"\/data\/files\/Events\/CC%20Education%20Forum%20DC%20Jan%2014\/BENITEZ.pdf\">aqu\u00ed<\/a>.<\/li>\n<\/ul>\n<div><\/div>\n<p><strong>Pr\u00e1cticas \u00f3ptimas de la OEA y la ECPA en educaci\u00f3n sobre la energ\u00eda y el cambio clim\u00e1tico <\/strong><br \/>\nJuan Cruz Monticelli, Especialista Principal en Energ\u00eda del Departamento de Desarrollo Sostenible de la Organizaci\u00f3n de los Estados Americanos. Ver presentaci\u00f3n en ingl\u00e9s, <a href=\"\/data\/files\/Events\/CC%20Education%20Forum%20DC%20Jan%2014\/MONTICELLI.pdf\">aqu\u00ed<\/a>.<\/p>\n<div><\/div>\n<p><strong>Debate abierto sobre formas de impulsar una sana planificaci\u00f3n urbana y rural a trav\u00e9s de la ECPA <\/strong><br \/>\n\u00bfC\u00f3mo hacer para que la ECPA genere una mayor toma de conciencia y educaci\u00f3n con respecto a la energ\u00eda y el cambio clim\u00e1tico a trav\u00e9s de iniciativas de desarrollo con bajas emisiones de carbono?<br \/>\nModeradora: Katalina Mayorga, Gerente de Proyectos Internacionales de American Planning Association. Ver presentaci\u00f3n en ingl\u00e9s, <a href=\"\/data\/files\/Events\/CC%20Education%20Forum%20DC%20Jan%2014\/MAYORGA.pdf\">aqu\u00ed<\/a>.<\/p>\n<div><\/div>\n<p>&nbsp;<\/p>\n<div id=\"ctl00_ContentPlaceHolder1_ucEventDetail_divGoogleMap\" class=\"topPad\">\n<div id=\"div_GoogleMap\"><\/div>\n<\/div>\n<div class=\"topPad floatL postedBy\">ES-Posted By: ES-N\/A &#8211; viernes, 13 diciembre, 2013 ES-at 12:00<\/div>\n<\/div>\n","protected":false},"excerpt":{"rendered":"<p>jueves, 16 de enero de 2014 9:00 &#8211; 12:45 Primer Foro P\u00fablico de Debate de la Alianza de Energ\u00eda y Clima de las Am\u00e9ricas: Educaci\u00f3n sobre la Energ\u00eda y el Cambio Clim\u00e1tico Fecha: 16 de enero de 2014 Lugar: Secretar\u00eda General de la OEA, en la calle F 1889 NW, Washington, DC, 20006 El Departamento [&hellip;]<\/p>\n","protected":false},"author":1,"featured_media":0,"comment_status":"open","ping_status":"closed","template":"","tags":[],"mec_category":[],"class_list":["post-4025","mec-events","type-mec-events","status-publish","hentry"],"acf":[],"yoast_head":"<!-- This site is optimized with the Yoast SEO plugin v21.7 - https:\/\/yoast.com\/wordpress\/plugins\/seo\/ -->\n<title>Primer Foro P\u00fablico de Debate de la Alianza de Energ\u00eda y Clima de las Am\u00e9ricas: Educaci\u00f3n sobre la Energ\u00eda y el Cambio Clim\u00e1tico - ECPA - Energy and Climate Partnership of the Americas<\/title>\n<meta name=\"robots\" content=\"index, follow, max-snippet:-1, max-image-preview:large, max-video-preview:-1\" \/>\n<link rel=\"canonical\" href=\"https:\/\/ecpamericas.org\/es\/events\/primer-foro-publico-de-debate-de-la-alianza-de-energia-y-clima-de-las-americas-educacion-sobre-la-energia-y-el-cambio-climatico\/\" \/>\n<meta property=\"og:locale\" content=\"es_ES\" \/>\n<meta property=\"og:type\" content=\"article\" \/>\n<meta property=\"og:title\" content=\"Primer Foro P\u00fablico de Debate de la Alianza de Energ\u00eda y Clima de las Am\u00e9ricas: Educaci\u00f3n sobre la Energ\u00eda y el Cambio Clim\u00e1tico - ECPA - Energy and Climate Partnership of the Americas\" \/>\n<meta property=\"og:description\" content=\"jueves, 16 de enero de 2014 9:00 &#8211; 12:45 Primer Foro P\u00fablico de Debate de la Alianza de Energ\u00eda y Clima de las Am\u00e9ricas: Educaci\u00f3n sobre la Energ\u00eda y el Cambio Clim\u00e1tico Fecha: 16 de enero de 2014 Lugar: Secretar\u00eda General de la OEA, en la calle F 1889 NW, Washington, DC, 20006 El Departamento [&hellip;]\" \/>\n<meta property=\"og:url\" content=\"https:\/\/ecpamericas.org\/es\/events\/primer-foro-publico-de-debate-de-la-alianza-de-energia-y-clima-de-las-americas-educacion-sobre-la-energia-y-el-cambio-climatico\/\" \/>\n<meta property=\"og:site_name\" content=\"ECPA - Energy and Climate Partnership of the Americas\" \/>\n<meta property=\"article:modified_time\" content=\"2020-12-31T22:41:03+00:00\" \/>\n<meta property=\"og:image\" content=\"https:\/\/ecpamericas.org\/data\/images\/Partner_Logos\/oas_esp.gif\" \/>\n<meta name=\"twitter:card\" content=\"summary_large_image\" \/>\n<meta name=\"twitter:label1\" content=\"Tiempo de lectura\" \/>\n\t<meta name=\"twitter:data1\" content=\"3 minutos\" \/>\n<script type=\"application\/ld+json\" class=\"yoast-schema-graph\">{\"@context\":\"https:\/\/schema.org\",\"@graph\":[{\"@type\":\"WebPage\",\"@id\":\"https:\/\/ecpamericas.org\/es\/events\/primer-foro-publico-de-debate-de-la-alianza-de-energia-y-clima-de-las-americas-educacion-sobre-la-energia-y-el-cambio-climatico\/\",\"url\":\"https:\/\/ecpamericas.org\/es\/events\/primer-foro-publico-de-debate-de-la-alianza-de-energia-y-clima-de-las-americas-educacion-sobre-la-energia-y-el-cambio-climatico\/\",\"name\":\"Primer Foro P\u00fablico de Debate de la Alianza de Energ\u00eda y Clima de las Am\u00e9ricas: Educaci\u00f3n sobre la Energ\u00eda y el Cambio Clim\u00e1tico - ECPA - Energy and Climate Partnership of the Americas\",\"isPartOf\":{\"@id\":\"https:\/\/ecpamericas.org\/es\/#website\"},\"datePublished\":\"2014-01-16T09:00:00+00:00\",\"dateModified\":\"2020-12-31T22:41:03+00:00\",\"breadcrumb\":{\"@id\":\"https:\/\/ecpamericas.org\/es\/events\/primer-foro-publico-de-debate-de-la-alianza-de-energia-y-clima-de-las-americas-educacion-sobre-la-energia-y-el-cambio-climatico\/#breadcrumb\"},\"inLanguage\":\"es\",\"potentialAction\":[{\"@type\":\"ReadAction\",\"target\":[\"https:\/\/ecpamericas.org\/es\/events\/primer-foro-publico-de-debate-de-la-alianza-de-energia-y-clima-de-las-americas-educacion-sobre-la-energia-y-el-cambio-climatico\/\"]}]},{\"@type\":\"BreadcrumbList\",\"@id\":\"https:\/\/ecpamericas.org\/es\/events\/primer-foro-publico-de-debate-de-la-alianza-de-energia-y-clima-de-las-americas-educacion-sobre-la-energia-y-el-cambio-climatico\/#breadcrumb\",\"itemListElement\":[{\"@type\":\"ListItem\",\"position\":1,\"name\":\"Home\",\"item\":\"https:\/\/ecpamericas.org\/es\/\"},{\"@type\":\"ListItem\",\"position\":2,\"name\":\"Primer Foro P\u00fablico de Debate de la Alianza de Energ\u00eda y Clima de las Am\u00e9ricas: Educaci\u00f3n sobre la Energ\u00eda y el Cambio Clim\u00e1tico\"}]},{\"@type\":\"WebSite\",\"@id\":\"https:\/\/ecpamericas.org\/es\/#website\",\"url\":\"https:\/\/ecpamericas.org\/es\/\",\"name\":\"ECPA - Energy and Climate Partnership of the Americas\",\"description\":\"Promoting cooperation for a sustainable energy future in the Americas\",\"potentialAction\":[{\"@type\":\"SearchAction\",\"target\":{\"@type\":\"EntryPoint\",\"urlTemplate\":\"https:\/\/ecpamericas.org\/es\/?s={search_term_string}\"},\"query-input\":\"required name=search_term_string\"}],\"inLanguage\":\"es\"}]}<\/script>\n<!-- \/ Yoast SEO plugin. -->","yoast_head_json":{"title":"Primer Foro P\u00fablico de Debate de la Alianza de Energ\u00eda y Clima de las Am\u00e9ricas: Educaci\u00f3n sobre la Energ\u00eda y el Cambio Clim\u00e1tico - ECPA - Energy and Climate Partnership of the Americas","robots":{"index":"index","follow":"follow","max-snippet":"max-snippet:-1","max-image-preview":"max-image-preview:large","max-video-preview":"max-video-preview:-1"},"canonical":"https:\/\/ecpamericas.org\/es\/events\/primer-foro-publico-de-debate-de-la-alianza-de-energia-y-clima-de-las-americas-educacion-sobre-la-energia-y-el-cambio-climatico\/","og_locale":"es_ES","og_type":"article","og_title":"Primer Foro P\u00fablico de Debate de la Alianza de Energ\u00eda y Clima de las Am\u00e9ricas: Educaci\u00f3n sobre la Energ\u00eda y el Cambio Clim\u00e1tico - ECPA - Energy and Climate Partnership of the Americas","og_description":"jueves, 16 de enero de 2014 9:00 &#8211; 12:45 Primer Foro P\u00fablico de Debate de la Alianza de Energ\u00eda y Clima de las Am\u00e9ricas: Educaci\u00f3n sobre la Energ\u00eda y el Cambio Clim\u00e1tico Fecha: 16 de enero de 2014 Lugar: Secretar\u00eda General de la OEA, en la calle F 1889 NW, Washington, DC, 20006 El Departamento [&hellip;]","og_url":"https:\/\/ecpamericas.org\/es\/events\/primer-foro-publico-de-debate-de-la-alianza-de-energia-y-clima-de-las-americas-educacion-sobre-la-energia-y-el-cambio-climatico\/","og_site_name":"ECPA - Energy and Climate Partnership of the Americas","article_modified_time":"2020-12-31T22:41:03+00:00","og_image":[{"url":"https:\/\/ecpamericas.org\/data\/images\/Partner_Logos\/oas_esp.gif"}],"twitter_card":"summary_large_image","twitter_misc":{"Tiempo de lectura":"3 minutos"},"schema":{"@context":"https:\/\/schema.org","@graph":[{"@type":"WebPage","@id":"https:\/\/ecpamericas.org\/es\/events\/primer-foro-publico-de-debate-de-la-alianza-de-energia-y-clima-de-las-americas-educacion-sobre-la-energia-y-el-cambio-climatico\/","url":"https:\/\/ecpamericas.org\/es\/events\/primer-foro-publico-de-debate-de-la-alianza-de-energia-y-clima-de-las-americas-educacion-sobre-la-energia-y-el-cambio-climatico\/","name":"Primer Foro P\u00fablico de Debate de la Alianza de Energ\u00eda y Clima de las Am\u00e9ricas: Educaci\u00f3n sobre la Energ\u00eda y el Cambio Clim\u00e1tico - ECPA - Energy and Climate Partnership of the Americas","isPartOf":{"@id":"https:\/\/ecpamericas.org\/es\/#website"},"datePublished":"2014-01-16T09:00:00+00:00","dateModified":"2020-12-31T22:41:03+00:00","breadcrumb":{"@id":"https:\/\/ecpamericas.org\/es\/events\/primer-foro-publico-de-debate-de-la-alianza-de-energia-y-clima-de-las-americas-educacion-sobre-la-energia-y-el-cambio-climatico\/#breadcrumb"},"inLanguage":"es","potentialAction":[{"@type":"ReadAction","target":["https:\/\/ecpamericas.org\/es\/events\/primer-foro-publico-de-debate-de-la-alianza-de-energia-y-clima-de-las-americas-educacion-sobre-la-energia-y-el-cambio-climatico\/"]}]},{"@type":"BreadcrumbList","@id":"https:\/\/ecpamericas.org\/es\/events\/primer-foro-publico-de-debate-de-la-alianza-de-energia-y-clima-de-las-americas-educacion-sobre-la-energia-y-el-cambio-climatico\/#breadcrumb","itemListElement":[{"@type":"ListItem","position":1,"name":"Home","item":"https:\/\/ecpamericas.org\/es\/"},{"@type":"ListItem","position":2,"name":"Primer Foro P\u00fablico de Debate de la Alianza de Energ\u00eda y Clima de las Am\u00e9ricas: Educaci\u00f3n sobre la Energ\u00eda y el Cambio Clim\u00e1tico"}]},{"@type":"WebSite","@id":"https:\/\/ecpamericas.org\/es\/#website","url":"https:\/\/ecpamericas.org\/es\/","name":"ECPA - Energy and Climate Partnership of the Americas","description":"Promoting cooperation for a sustainable energy future in the Americas","potentialAction":[{"@type":"SearchAction","target":{"@type":"EntryPoint","urlTemplate":"https:\/\/ecpamericas.org\/es\/?s={search_term_string}"},"query-input":"required name=search_term_string"}],"inLanguage":"es"}]}},"_links":{"self":[{"href":"https:\/\/ecpamericas.org\/es\/wp-json\/wp\/v2\/mec-events\/4025","targetHints":{"allow":["GET"]}}],"collection":[{"href":"https:\/\/ecpamericas.org\/es\/wp-json\/wp\/v2\/mec-events"}],"about":[{"href":"https:\/\/ecpamericas.org\/es\/wp-json\/wp\/v2\/types\/mec-events"}],"author":[{"embeddable":true,"href":"https:\/\/ecpamericas.org\/es\/wp-json\/wp\/v2\/users\/1"}],"replies":[{"embeddable":true,"href":"https:\/\/ecpamericas.org\/es\/wp-json\/wp\/v2\/comments?post=4025"}],"wp:attachment":[{"href":"https:\/\/ecpamericas.org\/es\/wp-json\/wp\/v2\/media?parent=4025"}],"wp:term":[{"taxonomy":"post_tag","embeddable":true,"href":"https:\/\/ecpamericas.org\/es\/wp-json\/wp\/v2\/tags?post=4025"},{"taxonomy":"mec_category","embeddable":true,"href":"https:\/\/ecpamericas.org\/es\/wp-json\/wp\/v2\/mec_category?post=4025"}],"curies":[{"name":"wp","href":"https:\/\/api.w.org\/{rel}","templated":true}]}}