{"id":4021,"date":"2013-12-17T04:00:00","date_gmt":"2013-12-17T04:00:00","guid":{"rendered":"https:\/\/ecpamericas.org\/events\/seminario-virtual-la-reforma-energetica-en-mexico-cambios-de-paradigma\/"},"modified":"2020-12-31T17:41:18","modified_gmt":"2020-12-31T22:41:18","slug":"seminario-virtual-la-reforma-energetica-en-mexico-cambios-de-paradigma","status":"publish","type":"mec-events","link":"https:\/\/ecpamericas.org\/es\/events\/seminario-virtual-la-reforma-energetica-en-mexico-cambios-de-paradigma\/","title":{"rendered":"[Seminario Virtual] La reforma energ\u00e9tica en M\u00e9xico &#8211; Cambios de paradigma"},"content":{"rendered":"<div id=\"ctl00_ContentPlaceHolder1_ucEventDetail_divEventItem\" class=\"item\">\n<div class=\"date\" style=\"font-style: italic; font-size: 14px;\">martes, 17 de diciembre de 2013 4:00 &#8211; 5:00<\/div>\n<h2 style=\"margin: 25px 0 35px 0;\">[Seminario Virtual] La reforma energ\u00e9tica en M\u00e9xico &#8211; Cambios de paradigma<\/h2>\n<div id=\"gt-res-content\" class=\"almost_half_cell\">\n<div dir=\"ltr\">\n<p>&nbsp;<\/p>\n<p>&nbsp;<\/p>\n<h2><strong><strong style=\"font-family: tahoma, geneva, sans-serif; font-size: 12px;\"><br \/>\nDate<\/strong><span style=\"font-size: 12px; font-family: tahoma, geneva, sans-serif;\">: Tuesday, December 17, 2013<\/span><\/strong><\/h2>\n<p><strong>Time<\/strong>: 1pm San Diego time (3pm Mexico\/4pm New York\/GMT \u2013 8 hours)<\/p>\n<table style=\"width: 84px;\" border=\"0\">\n<tbody>\n<tr>\n<td style=\"text-align: center; background-color: #066999; width: 63px;\"><span style=\"color: #ffffff;\"><strong><a href=\"https:\/\/www.iamericas.org\/en\/events\/events-registration?task=individual_registration&amp;event_id=39\" target=\"_self\" rel=\"noopener noreferrer\">Register<\/a><\/strong><\/span><\/td>\n<\/tr>\n<\/tbody>\n<\/table>\n<p><img decoding=\"async\" style=\"width: 324px; height: 201px; float: left; margin-right: 12px; border-width: 2px; border-style: solid;\" src=\"https:\/\/ecpamericas.org\/data\/images\/news_images\/2013\/Pe%C3%B1a%20nieto.png\" alt=\"\" \/>El 12 de diciembre, el Congreso de M\u00e9xico aprob\u00f3 una legislaci\u00f3n destinada a una importante revisi\u00f3n del sector de la energ\u00eda de la naci\u00f3n. <span title=\"Join us for a virtual panel to discuss what these reforms mean for the nation's oil and gas and power sectors with Luis Miguel Labardini (Marcos y Asociados), Marcelo Mereles (EnergeA) and John Padilla (IPD Latin America).\">\u00danase a nosotros para un panel virtual para discutir lo que significan estas reformas para los sectores del petr\u00f3leo y el gas y la electricidad de la naci\u00f3n con Luis Miguel Labardini (Marcos y Asociados), Marcelo Mereles (ENERGEA) y Juan Padilla (IPD Latin America).<\/p>\n<p><\/span><span title=\"Mexican president Enrique Pe\u00f1a Nieto's energy reform agenda dominated Mexican headlines in 2013, reaching a climax last week as the energy reform bill was debated and passed by both houses.\">La agenda de la reforma energ\u00e9tica del presidente mexicano Enrique Pe\u00f1a Nieto domin\u00f3 los titulares mexicanos en 2013, llegando a un cl\u00edmax la semana pasada con el proyecto de ley de reforma energ\u00e9tica que fue debatida y aprobada por ambas c\u00e1maras. <\/span><span title=\"The final legislation, which goes beyond the president's original proposal, aims to open the country's energy sector, breaking the monopoly of state-owned oil company Pemex and electric utility CFE, and allowing private participation in the exploration and production of the nation's vast oil and\">La legislaci\u00f3n final, que va m\u00e1s all\u00e1 de la propuesta inicial de la presidenta, tiene como objetivo abrir el sector energ\u00e9tico del pa\u00eds, rompiendo el monopolio de la petrolera estatal Pemex y CFE de servicios el\u00e9ctricos, y permitir la participaci\u00f3n privada en la exploraci\u00f3n y producci\u00f3n de enormes reservas de petr\u00f3leo de la naci\u00f3n y l<\/span><span title=\"gas reserves.\">as reservas de gas. <\/span><span title=\"Panelists will discuss the implications of the legislation for private investment, the energy sector and Mexico's economy, as well as what remains to be done before these changes can take place.\">Los panelistas discutir\u00e1n las implicaciones de la legislaci\u00f3n para la inversi\u00f3n privada, el sector energ\u00e9tico y la econom\u00eda de M\u00e9xico, as\u00ed como lo que queda por hacer antes de que estos cambios puedan tener lugar. <\/span><span title=\"Their opening remarks will be followed by an interactive Q&amp;A session online.\">Sus comentarios iniciales ser\u00e1n seguidos por una sesi\u00f3n interactiva de preguntas y respuestas en l\u00ednea.<\/p>\n<p>Para m\u00e1s informacion, visite la p\u00e1gina de Institute of the Americas, <a href=\"https:\/\/www.iamericas.org\/en\/energy-upcoming-events-sp-468705664\/2012-webinar-energy-reform-in-mexico-on-paradigm-shifts-game-changers-and-unleashing-aztec-tigers\">aqu\u00ed<\/a>.<\/span><\/p>\n<\/div>\n<\/div>\n<div id=\"gt-res-tools\">\n<div id=\"gt-res-tools-l\">\n<div id=\"gt-pb-star\">\n<div class=\"goog-toolbar-button goog-inline-block trans-pb-button\" tabindex=\"0\" role=\"button\" aria-hidden=\"false\" aria-label=\"Save to Phrasebook\" data-tooltip=\"Save to Phrasebook\" data-tooltip-align=\"t,c\"><\/div>\n<\/div>\n<div id=\"gt-res-select\" class=\"select-button goog-toolbar-button\" tabindex=\"0\" role=\"button\" aria-hidden=\"false\" aria-label=\"Select all\" data-tooltip=\"Select all\" data-tooltip-align=\"t,c\"><\/div>\n<div id=\"gt-res-undo\"><a id=\"gt-undo\" style=\"display: none;\"><\/a>Undo edits<\/div>\n<\/div>\n<div id=\"gt-res-tools-r\">\n<div id=\"gt-res-listen\" class=\"trans-listen-button goog-toolbar-button\" tabindex=\"0\" role=\"button\" aria-hidden=\"false\" aria-pressed=\"false\" aria-label=\"Listen\" data-tooltip=\"Listen\" data-tooltip-align=\"t,c\"><\/div>\n<div id=\"gt-res-ex-bt\" class=\"trans-example-button goog-toolbar-button goog-toolbar-button-disabled\" role=\"button\" aria-disabled=\"true\" aria-hidden=\"false\" aria-pressed=\"false\" aria-label=\"Show example usage of words\" data-tooltip=\"Show example usage of words\" data-tooltip-align=\"t,c\"><\/div>\n<\/div>\n<\/div>\n<div id=\"ctl00_ContentPlaceHolder1_ucEventDetail_divGoogleMap\" class=\"topPad\">\n<div id=\"div_GoogleMap\"><\/div>\n<\/div>\n<div class=\"topPad floatL postedBy\">ES-Posted By: ES-N\/A &#8211; lunes, 16 diciembre, 2013 ES-at 12:00<\/div>\n<\/div>\n","protected":false},"excerpt":{"rendered":"<p>martes, 17 de diciembre de 2013 4:00 &#8211; 5:00 [Seminario Virtual] La reforma energ\u00e9tica en M\u00e9xico &#8211; Cambios de paradigma &nbsp; &nbsp; Date: Tuesday, December 17, 2013 Time: 1pm San Diego time (3pm Mexico\/4pm New York\/GMT \u2013 8 hours) Register El 12 de diciembre, el Congreso de M\u00e9xico aprob\u00f3 una legislaci\u00f3n destinada a una importante [&hellip;]<\/p>\n","protected":false},"author":1,"featured_media":0,"comment_status":"open","ping_status":"closed","template":"","tags":[],"mec_category":[],"class_list":["post-4021","mec-events","type-mec-events","status-publish","hentry"],"acf":[],"yoast_head":"<!-- This site is optimized with the Yoast SEO plugin v21.7 - https:\/\/yoast.com\/wordpress\/plugins\/seo\/ -->\n<title>[Seminario Virtual] La reforma energ\u00e9tica en M\u00e9xico - Cambios de paradigma - ECPA - Energy and Climate Partnership of the Americas<\/title>\n<meta name=\"robots\" content=\"index, follow, max-snippet:-1, max-image-preview:large, max-video-preview:-1\" \/>\n<link rel=\"canonical\" href=\"https:\/\/ecpamericas.org\/es\/events\/seminario-virtual-la-reforma-energetica-en-mexico-cambios-de-paradigma\/\" \/>\n<meta property=\"og:locale\" content=\"es_ES\" \/>\n<meta property=\"og:type\" content=\"article\" \/>\n<meta property=\"og:title\" content=\"[Seminario Virtual] La reforma energ\u00e9tica en M\u00e9xico - Cambios de paradigma - ECPA - Energy and Climate Partnership of the Americas\" \/>\n<meta property=\"og:description\" content=\"martes, 17 de diciembre de 2013 4:00 &#8211; 5:00 [Seminario Virtual] La reforma energ\u00e9tica en M\u00e9xico &#8211; Cambios de paradigma &nbsp; &nbsp; Date: Tuesday, December 17, 2013 Time: 1pm San Diego time (3pm Mexico\/4pm New York\/GMT \u2013 8 hours) Register El 12 de diciembre, el Congreso de M\u00e9xico aprob\u00f3 una legislaci\u00f3n destinada a una importante [&hellip;]\" \/>\n<meta property=\"og:url\" content=\"https:\/\/ecpamericas.org\/es\/events\/seminario-virtual-la-reforma-energetica-en-mexico-cambios-de-paradigma\/\" \/>\n<meta property=\"og:site_name\" content=\"ECPA - Energy and Climate Partnership of the Americas\" \/>\n<meta property=\"article:modified_time\" content=\"2020-12-31T22:41:18+00:00\" \/>\n<meta property=\"og:image\" content=\"https:\/\/ecpamericas.org\/data\/images\/news_images\/2013\/Pe%C3%B1a%20nieto.png\" \/>\n<meta name=\"twitter:card\" content=\"summary_large_image\" \/>\n<meta name=\"twitter:label1\" content=\"Tiempo de lectura\" \/>\n\t<meta name=\"twitter:data1\" content=\"2 minutos\" \/>\n<script type=\"application\/ld+json\" class=\"yoast-schema-graph\">{\"@context\":\"https:\/\/schema.org\",\"@graph\":[{\"@type\":\"WebPage\",\"@id\":\"https:\/\/ecpamericas.org\/es\/events\/seminario-virtual-la-reforma-energetica-en-mexico-cambios-de-paradigma\/\",\"url\":\"https:\/\/ecpamericas.org\/es\/events\/seminario-virtual-la-reforma-energetica-en-mexico-cambios-de-paradigma\/\",\"name\":\"[Seminario Virtual] La reforma energ\u00e9tica en M\u00e9xico - Cambios de paradigma - ECPA - Energy and Climate Partnership of the Americas\",\"isPartOf\":{\"@id\":\"https:\/\/ecpamericas.org\/es\/#website\"},\"datePublished\":\"2013-12-17T04:00:00+00:00\",\"dateModified\":\"2020-12-31T22:41:18+00:00\",\"breadcrumb\":{\"@id\":\"https:\/\/ecpamericas.org\/es\/events\/seminario-virtual-la-reforma-energetica-en-mexico-cambios-de-paradigma\/#breadcrumb\"},\"inLanguage\":\"es\",\"potentialAction\":[{\"@type\":\"ReadAction\",\"target\":[\"https:\/\/ecpamericas.org\/es\/events\/seminario-virtual-la-reforma-energetica-en-mexico-cambios-de-paradigma\/\"]}]},{\"@type\":\"BreadcrumbList\",\"@id\":\"https:\/\/ecpamericas.org\/es\/events\/seminario-virtual-la-reforma-energetica-en-mexico-cambios-de-paradigma\/#breadcrumb\",\"itemListElement\":[{\"@type\":\"ListItem\",\"position\":1,\"name\":\"Home\",\"item\":\"https:\/\/ecpamericas.org\/es\/\"},{\"@type\":\"ListItem\",\"position\":2,\"name\":\"[Seminario Virtual] La reforma energ\u00e9tica en M\u00e9xico &#8211; Cambios de paradigma\"}]},{\"@type\":\"WebSite\",\"@id\":\"https:\/\/ecpamericas.org\/es\/#website\",\"url\":\"https:\/\/ecpamericas.org\/es\/\",\"name\":\"ECPA - Energy and Climate Partnership of the Americas\",\"description\":\"Promoting cooperation for a sustainable energy future in the Americas\",\"potentialAction\":[{\"@type\":\"SearchAction\",\"target\":{\"@type\":\"EntryPoint\",\"urlTemplate\":\"https:\/\/ecpamericas.org\/es\/?s={search_term_string}\"},\"query-input\":\"required name=search_term_string\"}],\"inLanguage\":\"es\"}]}<\/script>\n<!-- \/ Yoast SEO plugin. -->","yoast_head_json":{"title":"[Seminario Virtual] La reforma energ\u00e9tica en M\u00e9xico - Cambios de paradigma - ECPA - Energy and Climate Partnership of the Americas","robots":{"index":"index","follow":"follow","max-snippet":"max-snippet:-1","max-image-preview":"max-image-preview:large","max-video-preview":"max-video-preview:-1"},"canonical":"https:\/\/ecpamericas.org\/es\/events\/seminario-virtual-la-reforma-energetica-en-mexico-cambios-de-paradigma\/","og_locale":"es_ES","og_type":"article","og_title":"[Seminario Virtual] La reforma energ\u00e9tica en M\u00e9xico - Cambios de paradigma - ECPA - Energy and Climate Partnership of the Americas","og_description":"martes, 17 de diciembre de 2013 4:00 &#8211; 5:00 [Seminario Virtual] La reforma energ\u00e9tica en M\u00e9xico &#8211; Cambios de paradigma &nbsp; &nbsp; Date: Tuesday, December 17, 2013 Time: 1pm San Diego time (3pm Mexico\/4pm New York\/GMT \u2013 8 hours) Register El 12 de diciembre, el Congreso de M\u00e9xico aprob\u00f3 una legislaci\u00f3n destinada a una importante [&hellip;]","og_url":"https:\/\/ecpamericas.org\/es\/events\/seminario-virtual-la-reforma-energetica-en-mexico-cambios-de-paradigma\/","og_site_name":"ECPA - Energy and Climate Partnership of the Americas","article_modified_time":"2020-12-31T22:41:18+00:00","og_image":[{"url":"https:\/\/ecpamericas.org\/data\/images\/news_images\/2013\/Pe%C3%B1a%20nieto.png"}],"twitter_card":"summary_large_image","twitter_misc":{"Tiempo de lectura":"2 minutos"},"schema":{"@context":"https:\/\/schema.org","@graph":[{"@type":"WebPage","@id":"https:\/\/ecpamericas.org\/es\/events\/seminario-virtual-la-reforma-energetica-en-mexico-cambios-de-paradigma\/","url":"https:\/\/ecpamericas.org\/es\/events\/seminario-virtual-la-reforma-energetica-en-mexico-cambios-de-paradigma\/","name":"[Seminario Virtual] La reforma energ\u00e9tica en M\u00e9xico - Cambios de paradigma - ECPA - Energy and Climate Partnership of the Americas","isPartOf":{"@id":"https:\/\/ecpamericas.org\/es\/#website"},"datePublished":"2013-12-17T04:00:00+00:00","dateModified":"2020-12-31T22:41:18+00:00","breadcrumb":{"@id":"https:\/\/ecpamericas.org\/es\/events\/seminario-virtual-la-reforma-energetica-en-mexico-cambios-de-paradigma\/#breadcrumb"},"inLanguage":"es","potentialAction":[{"@type":"ReadAction","target":["https:\/\/ecpamericas.org\/es\/events\/seminario-virtual-la-reforma-energetica-en-mexico-cambios-de-paradigma\/"]}]},{"@type":"BreadcrumbList","@id":"https:\/\/ecpamericas.org\/es\/events\/seminario-virtual-la-reforma-energetica-en-mexico-cambios-de-paradigma\/#breadcrumb","itemListElement":[{"@type":"ListItem","position":1,"name":"Home","item":"https:\/\/ecpamericas.org\/es\/"},{"@type":"ListItem","position":2,"name":"[Seminario Virtual] La reforma energ\u00e9tica en M\u00e9xico &#8211; Cambios de paradigma"}]},{"@type":"WebSite","@id":"https:\/\/ecpamericas.org\/es\/#website","url":"https:\/\/ecpamericas.org\/es\/","name":"ECPA - Energy and Climate Partnership of the Americas","description":"Promoting cooperation for a sustainable energy future in the Americas","potentialAction":[{"@type":"SearchAction","target":{"@type":"EntryPoint","urlTemplate":"https:\/\/ecpamericas.org\/es\/?s={search_term_string}"},"query-input":"required name=search_term_string"}],"inLanguage":"es"}]}},"_links":{"self":[{"href":"https:\/\/ecpamericas.org\/es\/wp-json\/wp\/v2\/mec-events\/4021","targetHints":{"allow":["GET"]}}],"collection":[{"href":"https:\/\/ecpamericas.org\/es\/wp-json\/wp\/v2\/mec-events"}],"about":[{"href":"https:\/\/ecpamericas.org\/es\/wp-json\/wp\/v2\/types\/mec-events"}],"author":[{"embeddable":true,"href":"https:\/\/ecpamericas.org\/es\/wp-json\/wp\/v2\/users\/1"}],"replies":[{"embeddable":true,"href":"https:\/\/ecpamericas.org\/es\/wp-json\/wp\/v2\/comments?post=4021"}],"wp:attachment":[{"href":"https:\/\/ecpamericas.org\/es\/wp-json\/wp\/v2\/media?parent=4021"}],"wp:term":[{"taxonomy":"post_tag","embeddable":true,"href":"https:\/\/ecpamericas.org\/es\/wp-json\/wp\/v2\/tags?post=4021"},{"taxonomy":"mec_category","embeddable":true,"href":"https:\/\/ecpamericas.org\/es\/wp-json\/wp\/v2\/mec_category?post=4021"}],"curies":[{"name":"wp","href":"https:\/\/api.w.org\/{rel}","templated":true}]}}