{"id":3981,"date":"2014-08-26T00:00:00","date_gmt":"2014-08-26T00:00:00","guid":{"rendered":"https:\/\/ecpamericas.org\/events\/mesa-redonda-sobre-energia-en-peru-oportunidades-y-lecciones-aprendidas-para-el-gas-natural-en-el-marco-del-decimo-aniversario-de-produccion-de-camisea\/"},"modified":"2020-12-31T17:30:48","modified_gmt":"2020-12-31T22:30:48","slug":"mesa-redonda-sobre-energia-en-peru-oportunidades-y-lecciones-aprendidas-para-el-gas-natural-en-el-marco-del-decimo-aniversario-de-produccion-de-camisea","status":"publish","type":"mec-events","link":"https:\/\/ecpamericas.org\/es\/events\/mesa-redonda-sobre-energia-en-peru-oportunidades-y-lecciones-aprendidas-para-el-gas-natural-en-el-marco-del-decimo-aniversario-de-produccion-de-camisea\/","title":{"rendered":"Mesa Redonda sobre Energ\u00eda en Per\u00fa: Oportunidades y lecciones aprendidas para el gas natural en el marco del d\u00e9cimo aniversario de producci\u00f3n de Camisea"},"content":{"rendered":"<div id=\"ctl00_ContentPlaceHolder1_ucEventDetail_divEventItem\" class=\"item\">\n<div class=\"date\" style=\"font-style: italic; font-size: 14px;\">martes, 26 de agosto de 2014<\/div>\n<h2 style=\"margin: 25px 0 35px 0;\">Mesa Redonda sobre Energ\u00eda en Per\u00fa: Oportunidades y lecciones aprendidas para el gas natural en el marco del d\u00e9cimo aniversario de producci\u00f3n de Camisea<\/h2>\n<p>&nbsp;<\/p>\n<table style=\"width: 20px; background-color: #066999;\" border=\"0\">\n<tbody>\n<tr>\n<td style=\"text-align: center; width: 58px; background-color: #066999;\"><a class=\"style25 style17\" href=\"https:\/\/www.iamericas.org\/agendas\/energy_2014\/Mesa_Redonda_Peru_Gas_Natural_Agenda.pdf\"><strong><span style=\"text-decoration: none; color: #ffffff;\">Agenda<\/span><\/strong><\/a><\/td>\n<td>\n<div style=\"text-align: center;\"><span style=\"color: #ffffff;\">| <\/span><\/div>\n<\/td>\n<td style=\"text-align: center; width: 58px; background-color: #066999;\"><a class=\"style25 style17\" href=\"https:\/\/www.iamericas.org\/en\/?option=com_content&amp;view=article&amp;id=2065\"><strong><span style=\"text-decoration: none; color: #ffffff;\">Registro<\/span><\/strong><\/a><\/td>\n<td>\n<div style=\"text-align: center;\"><span style=\"color: #ffffff;\">| <\/span><\/div>\n<\/td>\n<td style=\"text-align: center; width: 58px; background-color: #066999;\"><a class=\"style25 style17\" href=\"https:\/\/www.iamericas.org\/emails\/energy\/upcoming_aug_2014_eng.html\"><strong><span style=\"text-decoration: none; color: #ffffff;\">Ingl\u00e9s<\/span><\/strong><\/a><\/td>\n<\/tr>\n<\/tbody>\n<\/table>\n<p style=\"text-align: left;\"><img decoding=\"async\" style=\"width: 271px; height: 158px; float: left; margin: 5px 12px 5px 5px; border-width: 1px; border-style: solid;\" src=\"https:\/\/www.iamericas.org\/images\/stories\/Energy\/peru_roundtable_2014.png\" alt=\"Peru\" \/><span class=\"style6 style26\" style=\"color: #575757;\">Este mes de agosto se celebra el d\u00e9cimo aniversario de la producci\u00f3n de gas natural de Camisea y 31 a\u00f1os desde su descubrimiento. Es importante celebrar este aniversario para resaltar la manera como el proyecto ha pasado de ser un reto a una oportunidad y la piedra angular econ\u00f3mica para Per\u00fa. Esta mesa redonda ejecutiva, organizada de manera conjunta entre el Instituto de las Am\u00e9ricas y el Ministerio de Energ\u00eda y Minas de Per\u00fa, est\u00e1 programada para coincidir con este hito en el desarrollo del proyecto. Los panelistas discutir\u00e1n c\u00f3mo aprovechar de la mejor manera la oportunidad que presenta Camisea para el sector energ\u00e9tico de Per\u00fa y m\u00e1s ampliamente su econom\u00eda y el bienestar de sus ciudadanos.<\/span><\/p>\n<p class=\"style25\" style=\"text-align: left;\"><strong>PONENTES CONFIRMADOS<\/strong><\/p>\n<div style=\"text-align: left;\">\n<ul>\n<li class=\"style25\"><span style=\"color: #575757;\"><strong>Eleodoro Mayorga Alba<\/strong>, Ministro de Energ\u00eda y Minas<\/span><\/li>\n<li class=\"style25\"><span style=\"color: #575757;\"><strong>Luis Ortigas C\u00faneo<\/strong>, Presidente, PERUPETRO S.A.<\/span><\/li>\n<li class=\"style25\"><span style=\"color: #575757;\"><strong>Edwin Quintanilla<\/strong>, Viceministro de Energ\u00eda<\/span><\/li>\n<li class=\"style25\"><span style=\"color: #575757;\"><strong>Juan Ortiz Guevara<\/strong>, Director General de Hidrocarburos, Ministerio de Energ\u00eda y Minas<\/span><\/li>\n<li class=\"style25\"><span style=\"color: #575757;\"><strong>Barbara Bruce<\/strong>, Presidente y Gerente General, Hunt Oil Exploration and Production Company of Peru LLC<\/span><\/li>\n<li class=\"style25\"><span style=\"color: #575757;\"><strong>C\u00e9sar Gamboa<\/strong>, Director Ejecutivo, Derecho Ambiente y Recursos Naturales (DAR)<\/span><\/li>\n<li class=\"style25\"><span style=\"color: #575757;\"><strong>Germ\u00e1n Jim\u00e9nez Vega<\/strong>, Country Manager, Pluspetrol <\/span><\/li>\n<li class=\"style25\"><span style=\"color: #575757;\"><strong>Alejandro Melandri<\/strong>, Jefe de Divisi\u00f3n de Energ\u00eda Interino, Banco Interamericano de Desarrollo (BID)<\/span><\/li>\n<li class=\"style25\"><span style=\"color: #575757;\"><strong>Enrique Ortiz<\/strong>, Director del Programa de Am\u00e9rica Tropical, blue moon fund<\/span><\/li>\n<li class=\"style25\"><span style=\"color: #575757;\"><strong>Alvaro R\u00edos Roca<\/strong>, Socio Director, Gas Energy<\/span><\/li>\n<li class=\"style25\"><span style=\"color: #575757;\"><strong>Gonzalo Tamayo<\/strong>, Socio y Director, Macroconsult S.A.<\/span><\/li>\n<li class=\"style25\"><span class=\"style6 style26\" style=\"color: #575757;\"><strong>David Voght<\/strong>, Managing Director, IPD Latin America<\/span><\/li>\n<\/ul>\n<div style=\"text-align: left;\">\n<p style=\"text-align: center;\"><span class=\"style30\">CO-ORGANIZADOR<\/span><\/p>\n<p style=\"text-align: center;\"><a href=\"http:\/\/www.minem.gob.pe\/\"><img decoding=\"async\" style=\"border-width: 0px; border-style: solid;\" src=\"https:\/\/www.iamericas.org\/images\/stories\/Energy\/Sponsors\/MEMPERU_logo.jpg\" alt=\"Ministry of Energy and Mines\" width=\"207\" height=\"40\" \/><\/a><\/p>\n<div style=\"text-align: left;\">Esta informaci\u00f3n fue originalmente publicada en la p\u00e1gina Web del <a href=\"https:\/\/www.iamericas.org\/emails\/energy\/upcoming_aug_2014_esp.html\">Instituto de las Am\u00e9ricas<\/a>.<\/div>\n<\/div>\n<\/div>\n<div id=\"ctl00_ContentPlaceHolder1_ucEventDetail_divGoogleMap\" class=\"topPad\">\n<div id=\"div_GoogleMap\"><\/div>\n<\/div>\n<div class=\"topPad floatL postedBy\">ES-Posted By: ES-N\/A &#8211; jueves, 07 agosto, 2014 ES-at 12:00<\/div>\n<\/div>\n","protected":false},"excerpt":{"rendered":"<p>martes, 26 de agosto de 2014 Mesa Redonda sobre Energ\u00eda en Per\u00fa: Oportunidades y lecciones aprendidas para el gas natural en el marco del d\u00e9cimo aniversario de producci\u00f3n de Camisea &nbsp; Agenda | Registro | Ingl\u00e9s Este mes de agosto se celebra el d\u00e9cimo aniversario de la producci\u00f3n de gas natural de Camisea y 31 [&hellip;]<\/p>\n","protected":false},"author":1,"featured_media":0,"comment_status":"open","ping_status":"closed","template":"","tags":[],"mec_category":[],"class_list":["post-3981","mec-events","type-mec-events","status-publish","hentry"],"acf":[],"yoast_head":"<!-- This site is optimized with the Yoast SEO plugin v21.7 - https:\/\/yoast.com\/wordpress\/plugins\/seo\/ -->\n<title>Mesa Redonda sobre Energ\u00eda en Per\u00fa: Oportunidades y lecciones aprendidas para el gas natural en el marco del d\u00e9cimo aniversario de producci\u00f3n de Camisea - ECPA - Energy and Climate Partnership of the Americas<\/title>\n<meta name=\"robots\" content=\"index, follow, max-snippet:-1, max-image-preview:large, max-video-preview:-1\" \/>\n<link rel=\"canonical\" href=\"https:\/\/ecpamericas.org\/es\/events\/mesa-redonda-sobre-energia-en-peru-oportunidades-y-lecciones-aprendidas-para-el-gas-natural-en-el-marco-del-decimo-aniversario-de-produccion-de-camisea\/\" \/>\n<meta property=\"og:locale\" content=\"es_ES\" \/>\n<meta property=\"og:type\" content=\"article\" \/>\n<meta property=\"og:title\" content=\"Mesa Redonda sobre Energ\u00eda en Per\u00fa: Oportunidades y lecciones aprendidas para el gas natural en el marco del d\u00e9cimo aniversario de producci\u00f3n de Camisea - ECPA - Energy and Climate Partnership of the Americas\" \/>\n<meta property=\"og:description\" content=\"martes, 26 de agosto de 2014 Mesa Redonda sobre Energ\u00eda en Per\u00fa: Oportunidades y lecciones aprendidas para el gas natural en el marco del d\u00e9cimo aniversario de producci\u00f3n de Camisea &nbsp; Agenda | Registro | Ingl\u00e9s Este mes de agosto se celebra el d\u00e9cimo aniversario de la producci\u00f3n de gas natural de Camisea y 31 [&hellip;]\" \/>\n<meta property=\"og:url\" content=\"https:\/\/ecpamericas.org\/es\/events\/mesa-redonda-sobre-energia-en-peru-oportunidades-y-lecciones-aprendidas-para-el-gas-natural-en-el-marco-del-decimo-aniversario-de-produccion-de-camisea\/\" \/>\n<meta property=\"og:site_name\" content=\"ECPA - Energy and Climate Partnership of the Americas\" \/>\n<meta property=\"article:modified_time\" content=\"2020-12-31T22:30:48+00:00\" \/>\n<meta property=\"og:image\" content=\"https:\/\/www.iamericas.org\/images\/stories\/Energy\/peru_roundtable_2014.png\" \/>\n<meta name=\"twitter:card\" content=\"summary_large_image\" \/>\n<meta name=\"twitter:label1\" content=\"Tiempo de lectura\" \/>\n\t<meta name=\"twitter:data1\" content=\"2 minutos\" \/>\n<script type=\"application\/ld+json\" class=\"yoast-schema-graph\">{\"@context\":\"https:\/\/schema.org\",\"@graph\":[{\"@type\":\"WebPage\",\"@id\":\"https:\/\/ecpamericas.org\/es\/events\/mesa-redonda-sobre-energia-en-peru-oportunidades-y-lecciones-aprendidas-para-el-gas-natural-en-el-marco-del-decimo-aniversario-de-produccion-de-camisea\/\",\"url\":\"https:\/\/ecpamericas.org\/es\/events\/mesa-redonda-sobre-energia-en-peru-oportunidades-y-lecciones-aprendidas-para-el-gas-natural-en-el-marco-del-decimo-aniversario-de-produccion-de-camisea\/\",\"name\":\"Mesa Redonda sobre Energ\u00eda en Per\u00fa: Oportunidades y lecciones aprendidas para el gas natural en el marco del d\u00e9cimo aniversario de producci\u00f3n de Camisea - ECPA - Energy and Climate Partnership of the Americas\",\"isPartOf\":{\"@id\":\"https:\/\/ecpamericas.org\/es\/#website\"},\"datePublished\":\"2014-08-26T00:00:00+00:00\",\"dateModified\":\"2020-12-31T22:30:48+00:00\",\"breadcrumb\":{\"@id\":\"https:\/\/ecpamericas.org\/es\/events\/mesa-redonda-sobre-energia-en-peru-oportunidades-y-lecciones-aprendidas-para-el-gas-natural-en-el-marco-del-decimo-aniversario-de-produccion-de-camisea\/#breadcrumb\"},\"inLanguage\":\"es\",\"potentialAction\":[{\"@type\":\"ReadAction\",\"target\":[\"https:\/\/ecpamericas.org\/es\/events\/mesa-redonda-sobre-energia-en-peru-oportunidades-y-lecciones-aprendidas-para-el-gas-natural-en-el-marco-del-decimo-aniversario-de-produccion-de-camisea\/\"]}]},{\"@type\":\"BreadcrumbList\",\"@id\":\"https:\/\/ecpamericas.org\/es\/events\/mesa-redonda-sobre-energia-en-peru-oportunidades-y-lecciones-aprendidas-para-el-gas-natural-en-el-marco-del-decimo-aniversario-de-produccion-de-camisea\/#breadcrumb\",\"itemListElement\":[{\"@type\":\"ListItem\",\"position\":1,\"name\":\"Home\",\"item\":\"https:\/\/ecpamericas.org\/es\/\"},{\"@type\":\"ListItem\",\"position\":2,\"name\":\"Mesa Redonda sobre Energ\u00eda en Per\u00fa: Oportunidades y lecciones aprendidas para el gas natural en el marco del d\u00e9cimo aniversario de producci\u00f3n de Camisea\"}]},{\"@type\":\"WebSite\",\"@id\":\"https:\/\/ecpamericas.org\/es\/#website\",\"url\":\"https:\/\/ecpamericas.org\/es\/\",\"name\":\"ECPA - Energy and Climate Partnership of the Americas\",\"description\":\"Promoting cooperation for a sustainable energy future in the Americas\",\"potentialAction\":[{\"@type\":\"SearchAction\",\"target\":{\"@type\":\"EntryPoint\",\"urlTemplate\":\"https:\/\/ecpamericas.org\/es\/?s={search_term_string}\"},\"query-input\":\"required name=search_term_string\"}],\"inLanguage\":\"es\"}]}<\/script>\n<!-- \/ Yoast SEO plugin. -->","yoast_head_json":{"title":"Mesa Redonda sobre Energ\u00eda en Per\u00fa: Oportunidades y lecciones aprendidas para el gas natural en el marco del d\u00e9cimo aniversario de producci\u00f3n de Camisea - ECPA - Energy and Climate Partnership of the Americas","robots":{"index":"index","follow":"follow","max-snippet":"max-snippet:-1","max-image-preview":"max-image-preview:large","max-video-preview":"max-video-preview:-1"},"canonical":"https:\/\/ecpamericas.org\/es\/events\/mesa-redonda-sobre-energia-en-peru-oportunidades-y-lecciones-aprendidas-para-el-gas-natural-en-el-marco-del-decimo-aniversario-de-produccion-de-camisea\/","og_locale":"es_ES","og_type":"article","og_title":"Mesa Redonda sobre Energ\u00eda en Per\u00fa: Oportunidades y lecciones aprendidas para el gas natural en el marco del d\u00e9cimo aniversario de producci\u00f3n de Camisea - ECPA - Energy and Climate Partnership of the Americas","og_description":"martes, 26 de agosto de 2014 Mesa Redonda sobre Energ\u00eda en Per\u00fa: Oportunidades y lecciones aprendidas para el gas natural en el marco del d\u00e9cimo aniversario de producci\u00f3n de Camisea &nbsp; Agenda | Registro | Ingl\u00e9s Este mes de agosto se celebra el d\u00e9cimo aniversario de la producci\u00f3n de gas natural de Camisea y 31 [&hellip;]","og_url":"https:\/\/ecpamericas.org\/es\/events\/mesa-redonda-sobre-energia-en-peru-oportunidades-y-lecciones-aprendidas-para-el-gas-natural-en-el-marco-del-decimo-aniversario-de-produccion-de-camisea\/","og_site_name":"ECPA - Energy and Climate Partnership of the Americas","article_modified_time":"2020-12-31T22:30:48+00:00","og_image":[{"url":"https:\/\/www.iamericas.org\/images\/stories\/Energy\/peru_roundtable_2014.png"}],"twitter_card":"summary_large_image","twitter_misc":{"Tiempo de lectura":"2 minutos"},"schema":{"@context":"https:\/\/schema.org","@graph":[{"@type":"WebPage","@id":"https:\/\/ecpamericas.org\/es\/events\/mesa-redonda-sobre-energia-en-peru-oportunidades-y-lecciones-aprendidas-para-el-gas-natural-en-el-marco-del-decimo-aniversario-de-produccion-de-camisea\/","url":"https:\/\/ecpamericas.org\/es\/events\/mesa-redonda-sobre-energia-en-peru-oportunidades-y-lecciones-aprendidas-para-el-gas-natural-en-el-marco-del-decimo-aniversario-de-produccion-de-camisea\/","name":"Mesa Redonda sobre Energ\u00eda en Per\u00fa: Oportunidades y lecciones aprendidas para el gas natural en el marco del d\u00e9cimo aniversario de producci\u00f3n de Camisea - ECPA - Energy and Climate Partnership of the Americas","isPartOf":{"@id":"https:\/\/ecpamericas.org\/es\/#website"},"datePublished":"2014-08-26T00:00:00+00:00","dateModified":"2020-12-31T22:30:48+00:00","breadcrumb":{"@id":"https:\/\/ecpamericas.org\/es\/events\/mesa-redonda-sobre-energia-en-peru-oportunidades-y-lecciones-aprendidas-para-el-gas-natural-en-el-marco-del-decimo-aniversario-de-produccion-de-camisea\/#breadcrumb"},"inLanguage":"es","potentialAction":[{"@type":"ReadAction","target":["https:\/\/ecpamericas.org\/es\/events\/mesa-redonda-sobre-energia-en-peru-oportunidades-y-lecciones-aprendidas-para-el-gas-natural-en-el-marco-del-decimo-aniversario-de-produccion-de-camisea\/"]}]},{"@type":"BreadcrumbList","@id":"https:\/\/ecpamericas.org\/es\/events\/mesa-redonda-sobre-energia-en-peru-oportunidades-y-lecciones-aprendidas-para-el-gas-natural-en-el-marco-del-decimo-aniversario-de-produccion-de-camisea\/#breadcrumb","itemListElement":[{"@type":"ListItem","position":1,"name":"Home","item":"https:\/\/ecpamericas.org\/es\/"},{"@type":"ListItem","position":2,"name":"Mesa Redonda sobre Energ\u00eda en Per\u00fa: Oportunidades y lecciones aprendidas para el gas natural en el marco del d\u00e9cimo aniversario de producci\u00f3n de Camisea"}]},{"@type":"WebSite","@id":"https:\/\/ecpamericas.org\/es\/#website","url":"https:\/\/ecpamericas.org\/es\/","name":"ECPA - Energy and Climate Partnership of the Americas","description":"Promoting cooperation for a sustainable energy future in the Americas","potentialAction":[{"@type":"SearchAction","target":{"@type":"EntryPoint","urlTemplate":"https:\/\/ecpamericas.org\/es\/?s={search_term_string}"},"query-input":"required name=search_term_string"}],"inLanguage":"es"}]}},"_links":{"self":[{"href":"https:\/\/ecpamericas.org\/es\/wp-json\/wp\/v2\/mec-events\/3981","targetHints":{"allow":["GET"]}}],"collection":[{"href":"https:\/\/ecpamericas.org\/es\/wp-json\/wp\/v2\/mec-events"}],"about":[{"href":"https:\/\/ecpamericas.org\/es\/wp-json\/wp\/v2\/types\/mec-events"}],"author":[{"embeddable":true,"href":"https:\/\/ecpamericas.org\/es\/wp-json\/wp\/v2\/users\/1"}],"replies":[{"embeddable":true,"href":"https:\/\/ecpamericas.org\/es\/wp-json\/wp\/v2\/comments?post=3981"}],"wp:attachment":[{"href":"https:\/\/ecpamericas.org\/es\/wp-json\/wp\/v2\/media?parent=3981"}],"wp:term":[{"taxonomy":"post_tag","embeddable":true,"href":"https:\/\/ecpamericas.org\/es\/wp-json\/wp\/v2\/tags?post=3981"},{"taxonomy":"mec_category","embeddable":true,"href":"https:\/\/ecpamericas.org\/es\/wp-json\/wp\/v2\/mec_category?post=3981"}],"curies":[{"name":"wp","href":"https:\/\/api.w.org\/{rel}","templated":true}]}}