{"id":1686,"date":"2019-03-13T21:04:11","date_gmt":"2019-03-14T02:04:11","guid":{"rendered":"https:\/\/ecpamericas.org\/?post_type=mec-events&#038;p=1686"},"modified":"2020-12-31T16:44:11","modified_gmt":"2020-12-31T21:44:11","slug":"fortaleciendo-el-nexo-entre-la-ciencia-y-la-politica-para-una-solida-cooperacion-en-gestion-integrada-de-recursos-hidricos","status":"publish","type":"mec-events","link":"https:\/\/ecpamericas.org\/es\/events\/fortaleciendo-el-nexo-entre-la-ciencia-y-la-politica-para-una-solida-cooperacion-en-gestion-integrada-de-recursos-hidricos\/","title":{"rendered":"Fortaleciendo el nexo entre la Ciencia y la Pol\u00edtica para una s\u00f3lida cooperaci\u00f3n en Gesti\u00f3n Integrada de Recursos H\u00eddricos"},"content":{"rendered":"<p><img decoding=\"async\" src=\"https:\/\/ecpamericas.org\/assets\/Site_32\/images\/Newsletter\/2019\/March\/Agua.png\" alt=\"\" \/>Durante las \u00faltimas 5 d\u00e9cadas, los esfuerzos de los Estados Miembros de la OEA en apoyo a la gesti\u00f3n integrada de los recursos h\u00eddricos (GIRH) han sido significativos y positivos. La mayor\u00eda de los pa\u00edses han incorporado la GIRH en sus planes de desarrollo; contin\u00faan modernizando sus legislaciones y marcos institucionales; emplearon mecanismos innovadores de financiamiento, incluidas las alianzas p\u00fablico-privadas; alentaron la participaci\u00f3n de la sociedad civil en sus procesos de toma de decisiones; e implementaron mecanismos de transparencia y rendici\u00f3n de cuentas para reducir los conflictos sociales. Todo esto implica un avance fundamental en la gobernabilidad del agua en las Am\u00e9ricas.<\/p>\n<p>Dentro de la Secretar\u00eda General de la OEA (SG\/OEA), el Departamento de Desarrollo Sostenible (DDS) de la Secretar\u00eda Ejecutiva para el Desarrollo Integral (SEDI), tiene el mandato del Programa Interamericano para el Desarrollo Sostenible (PIDS), de complementar los esfuerzos de los Estados Miembros en la GIRH.\u00a0 SEDI-DDS proporciona este apoyo a trav\u00e9s de\u00a0 la implementaci\u00f3n de\u00a0 proyectos de cooperaci\u00f3n t\u00e9cnica que estimulen intercambios de experiencias, informaci\u00f3n y conocimiento, y que apoyen los procesos de di\u00e1logo pol\u00edtico.<\/p>\n<p>En este marco, SEDI-DDS estimula el di\u00e1logo para la generaci\u00f3n de estrategias hemisf\u00e9ricas en la GIRH; apoya a los Estados Miembros en la construcci\u00f3n de alianzas en el \u00e1mbito p\u00fablico-privado; promueve sinergias interinstitucionales y acciones coordinadas, incluso en el dise\u00f1o y ejecuci\u00f3n de proyectos en el nexo agua-clima-desastres-energ\u00eda-productividad.<\/p>\n<p>Es evidente que, a medida que las sociedades avancen, surgir\u00e1n nuevos y m\u00e1s complejos desaf\u00edos y problemas ambientales, los cuales requerir\u00e1n intervenciones innovadoras.<\/p>\n<p>Es con este fin que se desarrolla esta sesi\u00f3n especial de intercambio de informaci\u00f3n y conocimiento con especialistas internacionales y de la SG-OEA.<\/p>\n<div>\u200b<\/div>\n<p><strong><u>Agenda:<\/u><\/strong><\/p>\n<ol>\n<li>Bienvenida a la Sesi\u00f3n Especial: Delegado de la Rep\u00fablica de Portugal, Observador Permanente ante OEA y Sra. Kim Osborne, Secretaria Ejecutiva para el Desarrollo Integral (SEDI-OEA).<\/li>\n<li>Lanzamiento de la publicaci\u00f3n: \u201cImplementaci\u00f3n del Derecho Humano al Agua y al Saneamiento en el marco del PIDS\u00bb, por Estefan\u00eda Jim\u00e9nez (OEA-SEDI-DDS) y Soledad Garcia Mu\u00f1oz (CIDH-REDESCA).<\/li>\n<li>\u201cUna cuesti\u00f3n de supervivencia: Informe del Panel Mundial de Alto Nivel sobre Agua y la Paz\u201d por Danilo Turk, Ex-Presidente de Eslovenia, y Presidente del Panel Mundial de Alto Nivel sobre Agua y la Paz (UN-Water\u00a0Hub for Cooperation)\u00a0<span style=\"color: #535353;\">(<a href=\"https:\/\/www.genevawaterhub.org\/sites\/default\/files\/atoms\/files\/summary_es_print.pdf\">https:\/\/www.genevawaterhub.org\/sites\/default\/files\/atoms\/files\/summary_es_print.pdf<\/a>\u00a0).<\/span><\/li>\n<li>Fran\u00e7ois Muenger, Director general del \u201cGeneva Water\u00a0Hubfor Cooperation\u201d, Secretaria del Panel de Alto Nivel de las Naciones Unidas sobre Agua y la Paz.<span style=\"color: #535353;\">\u00a0(\u00a0<a href=\"https:\/\/www.genevawaterhub.org\/\">https:\/\/www.genevawaterhub.org\/<\/a>\u00a0).<\/span><\/li>\n<li>\u201cConvenio sobre la Protecci\u00f3n y Utilizaci\u00f3n de los Cursos de Agua Transfronterizos y de los Lagos Internacionalesy los avances en el cumplimiento en los Objetivos de Desarrollo Sostenible\u00bbpor Francesca Bernardini, Secretaria del Convenio sobre la Protecci\u00f3n y Utilizaci\u00f3n de los Cursos de Agua Transfronterizos y de los Lagos Internacionales. (<a href=\"https:\/\/www.unece.org\/env\/water\/\">https:\/\/www.unece.org\/env\/water\/<\/a>).<\/li>\n<li>\u201cPol\u00edticas P\u00fablicas y el rol de la Ciencia para su Implementaci\u00f3n\u00bb, por Marcos Regis da Silva, Director Ejecutivo Instituto Interamericano de Investigaci\u00f3n del Cambio Global (IAI) (<a href=\"http:\/\/www.iai.int\/\">http:\/\/www.iai.int\/<\/a>\u00a0).<\/li>\n<li>\u201cEnfrentando los desaf\u00edos globales del agua desde la gestion local\u201d, por Dra. Yessica Vallejo, Presidente de la Asamblea Departamental del Valle del Cauca, Colombia (<a href=\"http:\/\/asamblea.valledelcauca.gov.co\/\">http:\/\/asamblea.valledelcauca.gov.co\/<\/a>\u00a0) y Dra. Alejandra Salinas Bravo, Directora Campus La Piedad Universidad Cat\u00f3lica, M\u00e9xico (<a href=\"https:\/\/www.univa.mx\/la-piedad\">https:\/\/www.univa.mx\/la-piedad<\/a>).<\/li>\n<\/ol>\n","protected":false},"excerpt":{"rendered":"<p>Sesi\u00f3n Especial celebraci\u00f3nn D\u00eda Mundial del Agua en OEA-SEDI-DSD.<\/p>\n","protected":false},"author":1,"featured_media":0,"comment_status":"open","ping_status":"closed","template":"","tags":[],"mec_category":[88],"class_list":["post-1686","mec-events","type-mec-events","status-publish","hentry","mec_category-2019-es"],"acf":[],"yoast_head":"<!-- This site is optimized with the Yoast SEO plugin v21.7 - https:\/\/yoast.com\/wordpress\/plugins\/seo\/ -->\n<title>Fortaleciendo el nexo entre la Ciencia y la Pol\u00edtica para una s\u00f3lida cooperaci\u00f3n en Gesti\u00f3n Integrada de Recursos H\u00eddricos - ECPA - Energy and Climate Partnership of the Americas<\/title>\n<meta name=\"robots\" content=\"index, follow, max-snippet:-1, max-image-preview:large, max-video-preview:-1\" \/>\n<link rel=\"canonical\" href=\"https:\/\/ecpamericas.org\/es\/events\/fortaleciendo-el-nexo-entre-la-ciencia-y-la-politica-para-una-solida-cooperacion-en-gestion-integrada-de-recursos-hidricos\/\" \/>\n<meta property=\"og:locale\" content=\"es_ES\" \/>\n<meta property=\"og:type\" content=\"article\" \/>\n<meta property=\"og:title\" content=\"Fortaleciendo el nexo entre la Ciencia y la Pol\u00edtica para una s\u00f3lida cooperaci\u00f3n en Gesti\u00f3n Integrada de Recursos H\u00eddricos - ECPA - Energy and Climate Partnership of the Americas\" \/>\n<meta property=\"og:description\" content=\"Sesi\u00f3n Especial celebraci\u00f3nn D\u00eda Mundial del Agua en OEA-SEDI-DSD.\" \/>\n<meta property=\"og:url\" content=\"https:\/\/ecpamericas.org\/es\/events\/fortaleciendo-el-nexo-entre-la-ciencia-y-la-politica-para-una-solida-cooperacion-en-gestion-integrada-de-recursos-hidricos\/\" \/>\n<meta property=\"og:site_name\" content=\"ECPA - Energy and Climate Partnership of the Americas\" \/>\n<meta property=\"article:modified_time\" content=\"2020-12-31T21:44:11+00:00\" \/>\n<meta property=\"og:image\" content=\"https:\/\/ecpamericas.org\/assets\/Site_32\/images\/Newsletter\/2019\/March\/Agua.png\" \/>\n<meta name=\"twitter:card\" content=\"summary_large_image\" \/>\n<meta name=\"twitter:label1\" content=\"Tiempo de lectura\" \/>\n\t<meta name=\"twitter:data1\" content=\"3 minutos\" \/>\n<script type=\"application\/ld+json\" class=\"yoast-schema-graph\">{\"@context\":\"https:\/\/schema.org\",\"@graph\":[{\"@type\":\"WebPage\",\"@id\":\"https:\/\/ecpamericas.org\/es\/events\/fortaleciendo-el-nexo-entre-la-ciencia-y-la-politica-para-una-solida-cooperacion-en-gestion-integrada-de-recursos-hidricos\/\",\"url\":\"https:\/\/ecpamericas.org\/es\/events\/fortaleciendo-el-nexo-entre-la-ciencia-y-la-politica-para-una-solida-cooperacion-en-gestion-integrada-de-recursos-hidricos\/\",\"name\":\"Fortaleciendo el nexo entre la Ciencia y la Pol\u00edtica para una s\u00f3lida cooperaci\u00f3n en Gesti\u00f3n Integrada de Recursos H\u00eddricos - ECPA - Energy and Climate Partnership of the Americas\",\"isPartOf\":{\"@id\":\"https:\/\/ecpamericas.org\/es\/#website\"},\"datePublished\":\"2019-03-14T02:04:11+00:00\",\"dateModified\":\"2020-12-31T21:44:11+00:00\",\"breadcrumb\":{\"@id\":\"https:\/\/ecpamericas.org\/es\/events\/fortaleciendo-el-nexo-entre-la-ciencia-y-la-politica-para-una-solida-cooperacion-en-gestion-integrada-de-recursos-hidricos\/#breadcrumb\"},\"inLanguage\":\"es\",\"potentialAction\":[{\"@type\":\"ReadAction\",\"target\":[\"https:\/\/ecpamericas.org\/es\/events\/fortaleciendo-el-nexo-entre-la-ciencia-y-la-politica-para-una-solida-cooperacion-en-gestion-integrada-de-recursos-hidricos\/\"]}]},{\"@type\":\"BreadcrumbList\",\"@id\":\"https:\/\/ecpamericas.org\/es\/events\/fortaleciendo-el-nexo-entre-la-ciencia-y-la-politica-para-una-solida-cooperacion-en-gestion-integrada-de-recursos-hidricos\/#breadcrumb\",\"itemListElement\":[{\"@type\":\"ListItem\",\"position\":1,\"name\":\"Home\",\"item\":\"https:\/\/ecpamericas.org\/es\/\"},{\"@type\":\"ListItem\",\"position\":2,\"name\":\"Fortaleciendo el nexo entre la Ciencia y la Pol\u00edtica para una s\u00f3lida cooperaci\u00f3n en Gesti\u00f3n Integrada de Recursos H\u00eddricos\"}]},{\"@type\":\"WebSite\",\"@id\":\"https:\/\/ecpamericas.org\/es\/#website\",\"url\":\"https:\/\/ecpamericas.org\/es\/\",\"name\":\"ECPA - Energy and Climate Partnership of the Americas\",\"description\":\"Promoting cooperation for a sustainable energy future in the Americas\",\"potentialAction\":[{\"@type\":\"SearchAction\",\"target\":{\"@type\":\"EntryPoint\",\"urlTemplate\":\"https:\/\/ecpamericas.org\/es\/?s={search_term_string}\"},\"query-input\":\"required name=search_term_string\"}],\"inLanguage\":\"es\"}]}<\/script>\n<!-- \/ Yoast SEO plugin. -->","yoast_head_json":{"title":"Fortaleciendo el nexo entre la Ciencia y la Pol\u00edtica para una s\u00f3lida cooperaci\u00f3n en Gesti\u00f3n Integrada de Recursos H\u00eddricos - ECPA - Energy and Climate Partnership of the Americas","robots":{"index":"index","follow":"follow","max-snippet":"max-snippet:-1","max-image-preview":"max-image-preview:large","max-video-preview":"max-video-preview:-1"},"canonical":"https:\/\/ecpamericas.org\/es\/events\/fortaleciendo-el-nexo-entre-la-ciencia-y-la-politica-para-una-solida-cooperacion-en-gestion-integrada-de-recursos-hidricos\/","og_locale":"es_ES","og_type":"article","og_title":"Fortaleciendo el nexo entre la Ciencia y la Pol\u00edtica para una s\u00f3lida cooperaci\u00f3n en Gesti\u00f3n Integrada de Recursos H\u00eddricos - ECPA - Energy and Climate Partnership of the Americas","og_description":"Sesi\u00f3n Especial celebraci\u00f3nn D\u00eda Mundial del Agua en OEA-SEDI-DSD.","og_url":"https:\/\/ecpamericas.org\/es\/events\/fortaleciendo-el-nexo-entre-la-ciencia-y-la-politica-para-una-solida-cooperacion-en-gestion-integrada-de-recursos-hidricos\/","og_site_name":"ECPA - Energy and Climate Partnership of the Americas","article_modified_time":"2020-12-31T21:44:11+00:00","og_image":[{"url":"https:\/\/ecpamericas.org\/assets\/Site_32\/images\/Newsletter\/2019\/March\/Agua.png"}],"twitter_card":"summary_large_image","twitter_misc":{"Tiempo de lectura":"3 minutos"},"schema":{"@context":"https:\/\/schema.org","@graph":[{"@type":"WebPage","@id":"https:\/\/ecpamericas.org\/es\/events\/fortaleciendo-el-nexo-entre-la-ciencia-y-la-politica-para-una-solida-cooperacion-en-gestion-integrada-de-recursos-hidricos\/","url":"https:\/\/ecpamericas.org\/es\/events\/fortaleciendo-el-nexo-entre-la-ciencia-y-la-politica-para-una-solida-cooperacion-en-gestion-integrada-de-recursos-hidricos\/","name":"Fortaleciendo el nexo entre la Ciencia y la Pol\u00edtica para una s\u00f3lida cooperaci\u00f3n en Gesti\u00f3n Integrada de Recursos H\u00eddricos - ECPA - Energy and Climate Partnership of the Americas","isPartOf":{"@id":"https:\/\/ecpamericas.org\/es\/#website"},"datePublished":"2019-03-14T02:04:11+00:00","dateModified":"2020-12-31T21:44:11+00:00","breadcrumb":{"@id":"https:\/\/ecpamericas.org\/es\/events\/fortaleciendo-el-nexo-entre-la-ciencia-y-la-politica-para-una-solida-cooperacion-en-gestion-integrada-de-recursos-hidricos\/#breadcrumb"},"inLanguage":"es","potentialAction":[{"@type":"ReadAction","target":["https:\/\/ecpamericas.org\/es\/events\/fortaleciendo-el-nexo-entre-la-ciencia-y-la-politica-para-una-solida-cooperacion-en-gestion-integrada-de-recursos-hidricos\/"]}]},{"@type":"BreadcrumbList","@id":"https:\/\/ecpamericas.org\/es\/events\/fortaleciendo-el-nexo-entre-la-ciencia-y-la-politica-para-una-solida-cooperacion-en-gestion-integrada-de-recursos-hidricos\/#breadcrumb","itemListElement":[{"@type":"ListItem","position":1,"name":"Home","item":"https:\/\/ecpamericas.org\/es\/"},{"@type":"ListItem","position":2,"name":"Fortaleciendo el nexo entre la Ciencia y la Pol\u00edtica para una s\u00f3lida cooperaci\u00f3n en Gesti\u00f3n Integrada de Recursos H\u00eddricos"}]},{"@type":"WebSite","@id":"https:\/\/ecpamericas.org\/es\/#website","url":"https:\/\/ecpamericas.org\/es\/","name":"ECPA - Energy and Climate Partnership of the Americas","description":"Promoting cooperation for a sustainable energy future in the Americas","potentialAction":[{"@type":"SearchAction","target":{"@type":"EntryPoint","urlTemplate":"https:\/\/ecpamericas.org\/es\/?s={search_term_string}"},"query-input":"required name=search_term_string"}],"inLanguage":"es"}]}},"_links":{"self":[{"href":"https:\/\/ecpamericas.org\/es\/wp-json\/wp\/v2\/mec-events\/1686","targetHints":{"allow":["GET"]}}],"collection":[{"href":"https:\/\/ecpamericas.org\/es\/wp-json\/wp\/v2\/mec-events"}],"about":[{"href":"https:\/\/ecpamericas.org\/es\/wp-json\/wp\/v2\/types\/mec-events"}],"author":[{"embeddable":true,"href":"https:\/\/ecpamericas.org\/es\/wp-json\/wp\/v2\/users\/1"}],"replies":[{"embeddable":true,"href":"https:\/\/ecpamericas.org\/es\/wp-json\/wp\/v2\/comments?post=1686"}],"wp:attachment":[{"href":"https:\/\/ecpamericas.org\/es\/wp-json\/wp\/v2\/media?parent=1686"}],"wp:term":[{"taxonomy":"post_tag","embeddable":true,"href":"https:\/\/ecpamericas.org\/es\/wp-json\/wp\/v2\/tags?post=1686"},{"taxonomy":"mec_category","embeddable":true,"href":"https:\/\/ecpamericas.org\/es\/wp-json\/wp\/v2\/mec_category?post=1686"}],"curies":[{"name":"wp","href":"https:\/\/api.w.org\/{rel}","templated":true}]}}