{"id":1674,"date":"2019-03-27T20:09:08","date_gmt":"2019-03-28T01:09:08","guid":{"rendered":"https:\/\/ecpamericas.org\/?post_type=mec-events&#038;p=1674"},"modified":"2020-12-31T16:43:59","modified_gmt":"2020-12-31T21:43:59","slug":"iv-reunion-ministerial-de-la-ecpa-segunda-reunion-regional-preparatoria","status":"publish","type":"mec-events","link":"https:\/\/ecpamericas.org\/es\/events\/iv-reunion-ministerial-de-la-ecpa-segunda-reunion-regional-preparatoria\/","title":{"rendered":"IV Reuni\u00f3n Ministerial de la ECPA \u2022 Segunda Reuni\u00f3n Regional Preparatoria"},"content":{"rendered":"<h3><span style=\"font-size: large;\">Antecedentes:<\/span><\/h3>\n<p>El 7 de noviembre de 2018, representantes de 22 pa\u00edses de las Am\u00e9ricas se reunieron en Miami con motivo de la Primera Reuni\u00f3n Regional Preparatoria para presentar su progreso con respecto a la sostenibilidad energ\u00e9tica, la transici\u00f3n y la resiliencia. La reuni\u00f3n propici\u00f3 un di\u00e1logo abierto entre los pa\u00edses sobre los temas a considerar para la reuni\u00f3n ministerial de la ECPA de 2020 en Montego Bay. Estos temas se concentraron en:<br \/>\n&#8211; Eficiencia energ\u00e9tica<br \/>\n&#8211; Planificaci\u00f3n para una infraestructura energ\u00e9tica resiliente<br \/>\n&#8211; Movilidad el\u00e9ctrica<br \/>\n&#8211; Mecanismos de financiamiento que eliminen el riesgo de la transici\u00f3n energ\u00e9tica<br \/>\n&#8211; Uso del gas natural y del GNL<br \/>\n&#8211; Estrategias para mejorar la participaci\u00f3n del sector privado<br \/>\n&#8211; Bioenerg\u00eda<\/p>\n<p>Sobre la base de los aportes de los pa\u00edses a trav\u00e9s de sus Puntos Focales Nacionales, el Comit\u00e9 Directivo, con el apoyo de la OEA, elabor\u00f3 la agenda de la IV Reuni\u00f3n Ministerial de la ECPA, cuyo tema principal es \u00abOportunidades de Inversi\u00f3n y Resiliencia Energ\u00e9tica\u00bb.<\/p>\n<h3><span style=\"font-size: large;\">Objetivo:\u00a0<\/span><\/h3>\n<p>Informar a los Puntos Focales Nacionales acerca de los objetivos de la reuni\u00f3n ministerial a fin de recibir sus contribuciones y promover un debate centrado en las prioridades identificadas en Miami. El evento incluir\u00e1 deliberaciones acerca de la participaci\u00f3n del sector privado a trav\u00e9s del Di\u00e1logo Empresarial de las Am\u00e9ricas. Este ejercicio ayudar\u00e1 a elaborar un enfoque regional sobre temas de inter\u00e9s com\u00fan en el campo de la energ\u00eda y forjar\u00e1 acciones colaborativas enmarcadas en la ECPA, cristalizando de este modo los objetivos de la reuni\u00f3n ministerial.<\/p>\n<div>\u200b<\/div>\n","protected":false},"excerpt":{"rendered":"<p>El evento incluir\u00e1 deliberaciones acerca de la participaci\u00f3n del sector privado a trav\u00e9s del Di\u00e1logo Empresarial de las Am\u00e9ricas. Este ejercicio ayudar\u00e1 a elaborar un enfoque regional sobre temas de inter\u00e9s com\u00fan en el campo de la energ\u00eda y forjar\u00e1 acciones colaborativas enmarcadas en la ECPA, cristalizando de este modo los objetivos de la reuni\u00f3n ministerial.<\/p>\n","protected":false},"author":1,"featured_media":0,"comment_status":"open","ping_status":"closed","template":"","tags":[],"mec_category":[88],"class_list":["post-1674","mec-events","type-mec-events","status-publish","hentry","mec_category-2019-es"],"acf":[],"yoast_head":"<!-- This site is optimized with the Yoast SEO plugin v21.7 - https:\/\/yoast.com\/wordpress\/plugins\/seo\/ -->\n<title>IV Reuni\u00f3n Ministerial de la ECPA \u2022 Segunda Reuni\u00f3n Regional Preparatoria - ECPA - Energy and Climate Partnership of the Americas<\/title>\n<meta name=\"robots\" content=\"index, follow, max-snippet:-1, max-image-preview:large, max-video-preview:-1\" \/>\n<link rel=\"canonical\" href=\"https:\/\/ecpamericas.org\/es\/events\/iv-reunion-ministerial-de-la-ecpa-segunda-reunion-regional-preparatoria\/\" \/>\n<meta property=\"og:locale\" content=\"es_ES\" \/>\n<meta property=\"og:type\" content=\"article\" \/>\n<meta property=\"og:title\" content=\"IV Reuni\u00f3n Ministerial de la ECPA \u2022 Segunda Reuni\u00f3n Regional Preparatoria - ECPA - Energy and Climate Partnership of the Americas\" \/>\n<meta property=\"og:description\" content=\"El evento incluir\u00e1 deliberaciones acerca de la participaci\u00f3n del sector privado a trav\u00e9s del Di\u00e1logo Empresarial de las Am\u00e9ricas. Este ejercicio ayudar\u00e1 a elaborar un enfoque regional sobre temas de inter\u00e9s com\u00fan en el campo de la energ\u00eda y forjar\u00e1 acciones colaborativas enmarcadas en la ECPA, cristalizando de este modo los objetivos de la reuni\u00f3n ministerial.\" \/>\n<meta property=\"og:url\" content=\"https:\/\/ecpamericas.org\/es\/events\/iv-reunion-ministerial-de-la-ecpa-segunda-reunion-regional-preparatoria\/\" \/>\n<meta property=\"og:site_name\" content=\"ECPA - Energy and Climate Partnership of the Americas\" \/>\n<meta property=\"article:modified_time\" content=\"2020-12-31T21:43:59+00:00\" \/>\n<meta name=\"twitter:card\" content=\"summary_large_image\" \/>\n<meta name=\"twitter:label1\" content=\"Tiempo de lectura\" \/>\n\t<meta name=\"twitter:data1\" content=\"1 minuto\" \/>\n<script type=\"application\/ld+json\" class=\"yoast-schema-graph\">{\"@context\":\"https:\/\/schema.org\",\"@graph\":[{\"@type\":\"WebPage\",\"@id\":\"https:\/\/ecpamericas.org\/es\/events\/iv-reunion-ministerial-de-la-ecpa-segunda-reunion-regional-preparatoria\/\",\"url\":\"https:\/\/ecpamericas.org\/es\/events\/iv-reunion-ministerial-de-la-ecpa-segunda-reunion-regional-preparatoria\/\",\"name\":\"IV Reuni\u00f3n Ministerial de la ECPA \u2022 Segunda Reuni\u00f3n Regional Preparatoria - ECPA - Energy and Climate Partnership of the Americas\",\"isPartOf\":{\"@id\":\"https:\/\/ecpamericas.org\/es\/#website\"},\"datePublished\":\"2019-03-28T01:09:08+00:00\",\"dateModified\":\"2020-12-31T21:43:59+00:00\",\"breadcrumb\":{\"@id\":\"https:\/\/ecpamericas.org\/es\/events\/iv-reunion-ministerial-de-la-ecpa-segunda-reunion-regional-preparatoria\/#breadcrumb\"},\"inLanguage\":\"es\",\"potentialAction\":[{\"@type\":\"ReadAction\",\"target\":[\"https:\/\/ecpamericas.org\/es\/events\/iv-reunion-ministerial-de-la-ecpa-segunda-reunion-regional-preparatoria\/\"]}]},{\"@type\":\"BreadcrumbList\",\"@id\":\"https:\/\/ecpamericas.org\/es\/events\/iv-reunion-ministerial-de-la-ecpa-segunda-reunion-regional-preparatoria\/#breadcrumb\",\"itemListElement\":[{\"@type\":\"ListItem\",\"position\":1,\"name\":\"Home\",\"item\":\"https:\/\/ecpamericas.org\/es\/\"},{\"@type\":\"ListItem\",\"position\":2,\"name\":\"IV Reuni\u00f3n Ministerial de la ECPA \u2022 Segunda Reuni\u00f3n Regional Preparatoria\"}]},{\"@type\":\"WebSite\",\"@id\":\"https:\/\/ecpamericas.org\/es\/#website\",\"url\":\"https:\/\/ecpamericas.org\/es\/\",\"name\":\"ECPA - Energy and Climate Partnership of the Americas\",\"description\":\"Promoting cooperation for a sustainable energy future in the Americas\",\"potentialAction\":[{\"@type\":\"SearchAction\",\"target\":{\"@type\":\"EntryPoint\",\"urlTemplate\":\"https:\/\/ecpamericas.org\/es\/?s={search_term_string}\"},\"query-input\":\"required name=search_term_string\"}],\"inLanguage\":\"es\"}]}<\/script>\n<!-- \/ Yoast SEO plugin. -->","yoast_head_json":{"title":"IV Reuni\u00f3n Ministerial de la ECPA \u2022 Segunda Reuni\u00f3n Regional Preparatoria - ECPA - Energy and Climate Partnership of the Americas","robots":{"index":"index","follow":"follow","max-snippet":"max-snippet:-1","max-image-preview":"max-image-preview:large","max-video-preview":"max-video-preview:-1"},"canonical":"https:\/\/ecpamericas.org\/es\/events\/iv-reunion-ministerial-de-la-ecpa-segunda-reunion-regional-preparatoria\/","og_locale":"es_ES","og_type":"article","og_title":"IV Reuni\u00f3n Ministerial de la ECPA \u2022 Segunda Reuni\u00f3n Regional Preparatoria - ECPA - Energy and Climate Partnership of the Americas","og_description":"El evento incluir\u00e1 deliberaciones acerca de la participaci\u00f3n del sector privado a trav\u00e9s del Di\u00e1logo Empresarial de las Am\u00e9ricas. Este ejercicio ayudar\u00e1 a elaborar un enfoque regional sobre temas de inter\u00e9s com\u00fan en el campo de la energ\u00eda y forjar\u00e1 acciones colaborativas enmarcadas en la ECPA, cristalizando de este modo los objetivos de la reuni\u00f3n ministerial.","og_url":"https:\/\/ecpamericas.org\/es\/events\/iv-reunion-ministerial-de-la-ecpa-segunda-reunion-regional-preparatoria\/","og_site_name":"ECPA - Energy and Climate Partnership of the Americas","article_modified_time":"2020-12-31T21:43:59+00:00","twitter_card":"summary_large_image","twitter_misc":{"Tiempo de lectura":"1 minuto"},"schema":{"@context":"https:\/\/schema.org","@graph":[{"@type":"WebPage","@id":"https:\/\/ecpamericas.org\/es\/events\/iv-reunion-ministerial-de-la-ecpa-segunda-reunion-regional-preparatoria\/","url":"https:\/\/ecpamericas.org\/es\/events\/iv-reunion-ministerial-de-la-ecpa-segunda-reunion-regional-preparatoria\/","name":"IV Reuni\u00f3n Ministerial de la ECPA \u2022 Segunda Reuni\u00f3n Regional Preparatoria - ECPA - Energy and Climate Partnership of the Americas","isPartOf":{"@id":"https:\/\/ecpamericas.org\/es\/#website"},"datePublished":"2019-03-28T01:09:08+00:00","dateModified":"2020-12-31T21:43:59+00:00","breadcrumb":{"@id":"https:\/\/ecpamericas.org\/es\/events\/iv-reunion-ministerial-de-la-ecpa-segunda-reunion-regional-preparatoria\/#breadcrumb"},"inLanguage":"es","potentialAction":[{"@type":"ReadAction","target":["https:\/\/ecpamericas.org\/es\/events\/iv-reunion-ministerial-de-la-ecpa-segunda-reunion-regional-preparatoria\/"]}]},{"@type":"BreadcrumbList","@id":"https:\/\/ecpamericas.org\/es\/events\/iv-reunion-ministerial-de-la-ecpa-segunda-reunion-regional-preparatoria\/#breadcrumb","itemListElement":[{"@type":"ListItem","position":1,"name":"Home","item":"https:\/\/ecpamericas.org\/es\/"},{"@type":"ListItem","position":2,"name":"IV Reuni\u00f3n Ministerial de la ECPA \u2022 Segunda Reuni\u00f3n Regional Preparatoria"}]},{"@type":"WebSite","@id":"https:\/\/ecpamericas.org\/es\/#website","url":"https:\/\/ecpamericas.org\/es\/","name":"ECPA - Energy and Climate Partnership of the Americas","description":"Promoting cooperation for a sustainable energy future in the Americas","potentialAction":[{"@type":"SearchAction","target":{"@type":"EntryPoint","urlTemplate":"https:\/\/ecpamericas.org\/es\/?s={search_term_string}"},"query-input":"required name=search_term_string"}],"inLanguage":"es"}]}},"_links":{"self":[{"href":"https:\/\/ecpamericas.org\/es\/wp-json\/wp\/v2\/mec-events\/1674","targetHints":{"allow":["GET"]}}],"collection":[{"href":"https:\/\/ecpamericas.org\/es\/wp-json\/wp\/v2\/mec-events"}],"about":[{"href":"https:\/\/ecpamericas.org\/es\/wp-json\/wp\/v2\/types\/mec-events"}],"author":[{"embeddable":true,"href":"https:\/\/ecpamericas.org\/es\/wp-json\/wp\/v2\/users\/1"}],"replies":[{"embeddable":true,"href":"https:\/\/ecpamericas.org\/es\/wp-json\/wp\/v2\/comments?post=1674"}],"wp:attachment":[{"href":"https:\/\/ecpamericas.org\/es\/wp-json\/wp\/v2\/media?parent=1674"}],"wp:term":[{"taxonomy":"post_tag","embeddable":true,"href":"https:\/\/ecpamericas.org\/es\/wp-json\/wp\/v2\/tags?post=1674"},{"taxonomy":"mec_category","embeddable":true,"href":"https:\/\/ecpamericas.org\/es\/wp-json\/wp\/v2\/mec_category?post=1674"}],"curies":[{"name":"wp","href":"https:\/\/api.w.org\/{rel}","templated":true}]}}