{"id":1640,"date":"2020-08-01T00:00:06","date_gmt":"2020-08-01T05:00:06","guid":{"rendered":"https:\/\/ecpamericas.org\/?post_type=mec-events&#038;p=1640"},"modified":"2020-12-31T16:31:06","modified_gmt":"2020-12-31T21:31:06","slug":"convocatoria-proyecto-de-calibracion-para-el-fortalecimiento-de-las-capacidades-tecnicas-en-control-de-calidad-para-redes-de-monitoreo-de-calidad-del-aire-en-ciudades-de-latinoamerica-y-el-ca","status":"publish","type":"mec-events","link":"https:\/\/ecpamericas.org\/es\/events\/convocatoria-proyecto-de-calibracion-para-el-fortalecimiento-de-las-capacidades-tecnicas-en-control-de-calidad-para-redes-de-monitoreo-de-calidad-del-aire-en-ciudades-de-latinoamerica-y-el-ca\/","title":{"rendered":"Convocatoria \u2013Proyecto de calibraci\u00f3n para el fortalecimiento de las capacidades t\u00e9cnicas en control de calidad para redes de monitoreo de calidad del aire en ciudades de Latinoam\u00e9rica y el Caribe"},"content":{"rendered":"<p>Este proyecto tiene como objetivo dar mejor trazabilidad a las mediciones de Ozono en ciudades de Latinoam\u00e9rica y el Caribe cuyos institutos nacionales de metrolog\u00eda o institutos designados que no cuenten con un patr\u00f3n primario. Contempla una serie de actividades que se implementar\u00e1n en un lapso de tres meses empezando en agosto y finalizando en octubre del a\u00f1o en curso. La fecha l\u00edmite de aplicaci\u00f3n para institutos interesados en participar en el proyecto de calibraci\u00f3n es el 20 de agosto de 2020.<\/p>\n<p>El Departamento de Desarrollo Sostenible ejecutar\u00e1 el proyecto en colaboraci\u00f3n con el Instituto Nacional de Est\u00e1ndares y Tecnolog\u00eda de los Estados Unidos. Para m\u00e1s informaci\u00f3n, se invita a las Misiones Permanentes a comunicarse con la Sra. Bibiana Serna por correo electr\u00f3nico\u00a0a\u00a0<a href=\"mailto:bserna@oas.org\">bserna@oas.org<\/a>.<\/p>\n<p>Formato de aplicaci\u00f3n y lineamientos\u00a0 adjuntos,\u00a0<a href=\"https:\/\/ecpamericas.org\/assets\/Site_32\/files\/Eventos\/2020\/Convocatorias\/Formato%20de%20Aplicacion%20%20y%20Lineamientos.pdf\">aqu\u00ed<\/a>.<\/p>\n<p>*<em>Solo para agencias o instituciones de gobierno<\/em><\/p>\n","protected":false},"excerpt":{"rendered":"<p>Este proyecto tiene como objetivo dar mejor trazabilidad a las mediciones de Ozono en ciudades de Latinoam\u00e9rica y el Caribe cuyos institutos nacionales de metrolog\u00eda o institutos designados que no cuenten con un patr\u00f3n primario. Contempla una serie de actividades que se implementar\u00e1n en un lapso de tres meses empezando en agosto y finalizando en octubre del a\u00f1o en curso. La fecha l\u00edmite de aplicaci\u00f3n para institutos interesados en participar en el proyecto de calibraci\u00f3n es el 20 de agosto de 2020.<\/p>\n","protected":false},"author":1,"featured_media":0,"comment_status":"open","ping_status":"closed","template":"","tags":[],"mec_category":[79],"class_list":["post-1640","mec-events","type-mec-events","status-publish","hentry","mec_category-2020-es"],"acf":[],"yoast_head":"<!-- This site is optimized with the Yoast SEO plugin v21.7 - https:\/\/yoast.com\/wordpress\/plugins\/seo\/ -->\n<title>Convocatoria \u2013Proyecto de calibraci\u00f3n para el fortalecimiento de las capacidades t\u00e9cnicas en control de calidad para redes de monitoreo de calidad del aire en ciudades de Latinoam\u00e9rica y el Caribe - ECPA - Energy and Climate Partnership of the Americas<\/title>\n<meta name=\"robots\" content=\"index, follow, max-snippet:-1, max-image-preview:large, max-video-preview:-1\" \/>\n<link rel=\"canonical\" href=\"https:\/\/ecpamericas.org\/es\/events\/convocatoria-proyecto-de-calibracion-para-el-fortalecimiento-de-las-capacidades-tecnicas-en-control-de-calidad-para-redes-de-monitoreo-de-calidad-del-aire-en-ciudades-de-latinoamerica-y-el-ca\/\" \/>\n<meta property=\"og:locale\" content=\"es_ES\" \/>\n<meta property=\"og:type\" content=\"article\" \/>\n<meta property=\"og:title\" content=\"Convocatoria \u2013Proyecto de calibraci\u00f3n para el fortalecimiento de las capacidades t\u00e9cnicas en control de calidad para redes de monitoreo de calidad del aire en ciudades de Latinoam\u00e9rica y el Caribe - ECPA - Energy and Climate Partnership of the Americas\" \/>\n<meta property=\"og:description\" content=\"Este proyecto tiene como objetivo dar mejor trazabilidad a las mediciones de Ozono en ciudades de Latinoam\u00e9rica y el Caribe cuyos institutos nacionales de metrolog\u00eda o institutos designados que no cuenten con un patr\u00f3n primario. Contempla una serie de actividades que se implementar\u00e1n en un lapso de tres meses empezando en agosto y finalizando en octubre del a\u00f1o en curso. La fecha l\u00edmite de aplicaci\u00f3n para institutos interesados en participar en el proyecto de calibraci\u00f3n es el 20 de agosto de 2020.\" \/>\n<meta property=\"og:url\" content=\"https:\/\/ecpamericas.org\/es\/events\/convocatoria-proyecto-de-calibracion-para-el-fortalecimiento-de-las-capacidades-tecnicas-en-control-de-calidad-para-redes-de-monitoreo-de-calidad-del-aire-en-ciudades-de-latinoamerica-y-el-ca\/\" \/>\n<meta property=\"og:site_name\" content=\"ECPA - Energy and Climate Partnership of the Americas\" \/>\n<meta property=\"article:modified_time\" content=\"2020-12-31T21:31:06+00:00\" \/>\n<meta name=\"twitter:card\" content=\"summary_large_image\" \/>\n<meta name=\"twitter:label1\" content=\"Tiempo de lectura\" \/>\n\t<meta name=\"twitter:data1\" content=\"1 minuto\" \/>\n<script type=\"application\/ld+json\" class=\"yoast-schema-graph\">{\"@context\":\"https:\/\/schema.org\",\"@graph\":[{\"@type\":\"WebPage\",\"@id\":\"https:\/\/ecpamericas.org\/es\/events\/convocatoria-proyecto-de-calibracion-para-el-fortalecimiento-de-las-capacidades-tecnicas-en-control-de-calidad-para-redes-de-monitoreo-de-calidad-del-aire-en-ciudades-de-latinoamerica-y-el-ca\/\",\"url\":\"https:\/\/ecpamericas.org\/es\/events\/convocatoria-proyecto-de-calibracion-para-el-fortalecimiento-de-las-capacidades-tecnicas-en-control-de-calidad-para-redes-de-monitoreo-de-calidad-del-aire-en-ciudades-de-latinoamerica-y-el-ca\/\",\"name\":\"Convocatoria \u2013Proyecto de calibraci\u00f3n para el fortalecimiento de las capacidades t\u00e9cnicas en control de calidad para redes de monitoreo de calidad del aire en ciudades de Latinoam\u00e9rica y el Caribe - ECPA - Energy and Climate Partnership of the Americas\",\"isPartOf\":{\"@id\":\"https:\/\/ecpamericas.org\/es\/#website\"},\"datePublished\":\"2020-08-01T05:00:06+00:00\",\"dateModified\":\"2020-12-31T21:31:06+00:00\",\"breadcrumb\":{\"@id\":\"https:\/\/ecpamericas.org\/es\/events\/convocatoria-proyecto-de-calibracion-para-el-fortalecimiento-de-las-capacidades-tecnicas-en-control-de-calidad-para-redes-de-monitoreo-de-calidad-del-aire-en-ciudades-de-latinoamerica-y-el-ca\/#breadcrumb\"},\"inLanguage\":\"es\",\"potentialAction\":[{\"@type\":\"ReadAction\",\"target\":[\"https:\/\/ecpamericas.org\/es\/events\/convocatoria-proyecto-de-calibracion-para-el-fortalecimiento-de-las-capacidades-tecnicas-en-control-de-calidad-para-redes-de-monitoreo-de-calidad-del-aire-en-ciudades-de-latinoamerica-y-el-ca\/\"]}]},{\"@type\":\"BreadcrumbList\",\"@id\":\"https:\/\/ecpamericas.org\/es\/events\/convocatoria-proyecto-de-calibracion-para-el-fortalecimiento-de-las-capacidades-tecnicas-en-control-de-calidad-para-redes-de-monitoreo-de-calidad-del-aire-en-ciudades-de-latinoamerica-y-el-ca\/#breadcrumb\",\"itemListElement\":[{\"@type\":\"ListItem\",\"position\":1,\"name\":\"Home\",\"item\":\"https:\/\/ecpamericas.org\/es\/\"},{\"@type\":\"ListItem\",\"position\":2,\"name\":\"Convocatoria \u2013Proyecto de calibraci\u00f3n para el fortalecimiento de las capacidades t\u00e9cnicas en control de calidad para redes de monitoreo de calidad del aire en ciudades de Latinoam\u00e9rica y el Caribe\"}]},{\"@type\":\"WebSite\",\"@id\":\"https:\/\/ecpamericas.org\/es\/#website\",\"url\":\"https:\/\/ecpamericas.org\/es\/\",\"name\":\"ECPA - Energy and Climate Partnership of the Americas\",\"description\":\"Promoting cooperation for a sustainable energy future in the Americas\",\"potentialAction\":[{\"@type\":\"SearchAction\",\"target\":{\"@type\":\"EntryPoint\",\"urlTemplate\":\"https:\/\/ecpamericas.org\/es\/?s={search_term_string}\"},\"query-input\":\"required name=search_term_string\"}],\"inLanguage\":\"es\"}]}<\/script>\n<!-- \/ Yoast SEO plugin. -->","yoast_head_json":{"title":"Convocatoria \u2013Proyecto de calibraci\u00f3n para el fortalecimiento de las capacidades t\u00e9cnicas en control de calidad para redes de monitoreo de calidad del aire en ciudades de Latinoam\u00e9rica y el Caribe - ECPA - Energy and Climate Partnership of the Americas","robots":{"index":"index","follow":"follow","max-snippet":"max-snippet:-1","max-image-preview":"max-image-preview:large","max-video-preview":"max-video-preview:-1"},"canonical":"https:\/\/ecpamericas.org\/es\/events\/convocatoria-proyecto-de-calibracion-para-el-fortalecimiento-de-las-capacidades-tecnicas-en-control-de-calidad-para-redes-de-monitoreo-de-calidad-del-aire-en-ciudades-de-latinoamerica-y-el-ca\/","og_locale":"es_ES","og_type":"article","og_title":"Convocatoria \u2013Proyecto de calibraci\u00f3n para el fortalecimiento de las capacidades t\u00e9cnicas en control de calidad para redes de monitoreo de calidad del aire en ciudades de Latinoam\u00e9rica y el Caribe - ECPA - Energy and Climate Partnership of the Americas","og_description":"Este proyecto tiene como objetivo dar mejor trazabilidad a las mediciones de Ozono en ciudades de Latinoam\u00e9rica y el Caribe cuyos institutos nacionales de metrolog\u00eda o institutos designados que no cuenten con un patr\u00f3n primario. Contempla una serie de actividades que se implementar\u00e1n en un lapso de tres meses empezando en agosto y finalizando en octubre del a\u00f1o en curso. La fecha l\u00edmite de aplicaci\u00f3n para institutos interesados en participar en el proyecto de calibraci\u00f3n es el 20 de agosto de 2020.","og_url":"https:\/\/ecpamericas.org\/es\/events\/convocatoria-proyecto-de-calibracion-para-el-fortalecimiento-de-las-capacidades-tecnicas-en-control-de-calidad-para-redes-de-monitoreo-de-calidad-del-aire-en-ciudades-de-latinoamerica-y-el-ca\/","og_site_name":"ECPA - Energy and Climate Partnership of the Americas","article_modified_time":"2020-12-31T21:31:06+00:00","twitter_card":"summary_large_image","twitter_misc":{"Tiempo de lectura":"1 minuto"},"schema":{"@context":"https:\/\/schema.org","@graph":[{"@type":"WebPage","@id":"https:\/\/ecpamericas.org\/es\/events\/convocatoria-proyecto-de-calibracion-para-el-fortalecimiento-de-las-capacidades-tecnicas-en-control-de-calidad-para-redes-de-monitoreo-de-calidad-del-aire-en-ciudades-de-latinoamerica-y-el-ca\/","url":"https:\/\/ecpamericas.org\/es\/events\/convocatoria-proyecto-de-calibracion-para-el-fortalecimiento-de-las-capacidades-tecnicas-en-control-de-calidad-para-redes-de-monitoreo-de-calidad-del-aire-en-ciudades-de-latinoamerica-y-el-ca\/","name":"Convocatoria \u2013Proyecto de calibraci\u00f3n para el fortalecimiento de las capacidades t\u00e9cnicas en control de calidad para redes de monitoreo de calidad del aire en ciudades de Latinoam\u00e9rica y el Caribe - ECPA - Energy and Climate Partnership of the Americas","isPartOf":{"@id":"https:\/\/ecpamericas.org\/es\/#website"},"datePublished":"2020-08-01T05:00:06+00:00","dateModified":"2020-12-31T21:31:06+00:00","breadcrumb":{"@id":"https:\/\/ecpamericas.org\/es\/events\/convocatoria-proyecto-de-calibracion-para-el-fortalecimiento-de-las-capacidades-tecnicas-en-control-de-calidad-para-redes-de-monitoreo-de-calidad-del-aire-en-ciudades-de-latinoamerica-y-el-ca\/#breadcrumb"},"inLanguage":"es","potentialAction":[{"@type":"ReadAction","target":["https:\/\/ecpamericas.org\/es\/events\/convocatoria-proyecto-de-calibracion-para-el-fortalecimiento-de-las-capacidades-tecnicas-en-control-de-calidad-para-redes-de-monitoreo-de-calidad-del-aire-en-ciudades-de-latinoamerica-y-el-ca\/"]}]},{"@type":"BreadcrumbList","@id":"https:\/\/ecpamericas.org\/es\/events\/convocatoria-proyecto-de-calibracion-para-el-fortalecimiento-de-las-capacidades-tecnicas-en-control-de-calidad-para-redes-de-monitoreo-de-calidad-del-aire-en-ciudades-de-latinoamerica-y-el-ca\/#breadcrumb","itemListElement":[{"@type":"ListItem","position":1,"name":"Home","item":"https:\/\/ecpamericas.org\/es\/"},{"@type":"ListItem","position":2,"name":"Convocatoria \u2013Proyecto de calibraci\u00f3n para el fortalecimiento de las capacidades t\u00e9cnicas en control de calidad para redes de monitoreo de calidad del aire en ciudades de Latinoam\u00e9rica y el Caribe"}]},{"@type":"WebSite","@id":"https:\/\/ecpamericas.org\/es\/#website","url":"https:\/\/ecpamericas.org\/es\/","name":"ECPA - Energy and Climate Partnership of the Americas","description":"Promoting cooperation for a sustainable energy future in the Americas","potentialAction":[{"@type":"SearchAction","target":{"@type":"EntryPoint","urlTemplate":"https:\/\/ecpamericas.org\/es\/?s={search_term_string}"},"query-input":"required name=search_term_string"}],"inLanguage":"es"}]}},"_links":{"self":[{"href":"https:\/\/ecpamericas.org\/es\/wp-json\/wp\/v2\/mec-events\/1640","targetHints":{"allow":["GET"]}}],"collection":[{"href":"https:\/\/ecpamericas.org\/es\/wp-json\/wp\/v2\/mec-events"}],"about":[{"href":"https:\/\/ecpamericas.org\/es\/wp-json\/wp\/v2\/types\/mec-events"}],"author":[{"embeddable":true,"href":"https:\/\/ecpamericas.org\/es\/wp-json\/wp\/v2\/users\/1"}],"replies":[{"embeddable":true,"href":"https:\/\/ecpamericas.org\/es\/wp-json\/wp\/v2\/comments?post=1640"}],"wp:attachment":[{"href":"https:\/\/ecpamericas.org\/es\/wp-json\/wp\/v2\/media?parent=1640"}],"wp:term":[{"taxonomy":"post_tag","embeddable":true,"href":"https:\/\/ecpamericas.org\/es\/wp-json\/wp\/v2\/tags?post=1640"},{"taxonomy":"mec_category","embeddable":true,"href":"https:\/\/ecpamericas.org\/es\/wp-json\/wp\/v2\/mec_category?post=1640"}],"curies":[{"name":"wp","href":"https:\/\/api.w.org\/{rel}","templated":true}]}}