{"id":1551,"date":"2020-12-29T15:23:43","date_gmt":"2020-12-29T20:23:43","guid":{"rendered":"https:\/\/ecpamericas.org\/?post_type=mec-events&#038;p=1551"},"modified":"2020-12-31T16:28:20","modified_gmt":"2020-12-31T21:28:20","slug":"webinar-gestion-de-la-informacion-y-capacidad-tecnologica-para-la-resiliencia-empresarial","status":"publish","type":"mec-events","link":"https:\/\/ecpamericas.org\/es\/events\/webinar-gestion-de-la-informacion-y-capacidad-tecnologica-para-la-resiliencia-empresarial\/","title":{"rendered":"[WEBINAR]: Gesti\u00f3n de la informaci\u00f3n y capacidad tecnol\u00f3gica para la resiliencia empresarial"},"content":{"rendered":"<p><a href=\"https:\/\/global.gotomeeting.com\/join\/842752725\"><img decoding=\"async\" src=\"https:\/\/ecpamericas.org\/assets\/Site_32\/images\/registrese.png\" alt=\"\" \/><\/a><\/p>\n<p>Las Am\u00e9ricas han experimentado un aumento en la frecuencia, escala e impacto de los desastres en las \u00faltimas tres d\u00e9cadas. A\u00fan con dos a\u00f1os m\u00e1s en la d\u00e9cada actual (2011-2020), las p\u00e9rdidas econ\u00f3micas ya han superado las de la d\u00e9cada anterior y, seg\u00fan las tendencias, existe una gran probabilidad de que se supere la cantidad de personas afectadas.<\/p>\n<p>Los desastres socavan la resiliencia econ\u00f3mica y tienen un efecto debilitante en las peque\u00f1as, micro y medianas empresas que son menos capaces de hacer frente. En consecuencia, la construcci\u00f3n de resiliencia econ\u00f3mica ante desastres debe incluir esfuerzos para desarrollar la resiliencia de las PYMEs, especialmente en \u00e1reas como la gesti\u00f3n financiera de emergencia.<\/p>\n<p>La Organizaci\u00f3n de los Estados Americanos (Secretar\u00eda de Desarrollo Integral) y Amazon Web Services organizar\u00e1n el primero de una serie de 4 seminarios web destinados a crear conciencia entre los gerentes y el personal de las PYME de las acciones que pueden tomar para construir. Su resistencia a los desastres.<\/p>\n<p>El seminario web tratar\u00e1 el tema:\u00a0<strong><u>Gesti\u00f3n de la informaci\u00f3n y capacidad tecnol\u00f3gica para la resiliencia empresarial.<\/u><\/strong>\u00a0Los presentadores ser\u00e1n Maggie Carter y Abby Daniell de los servicios web de Amazon.<\/p>\n<p>El evento se llevar\u00e1 a cabo en sesiones separadas de ingl\u00e9s y espa\u00f1ol de la siguiente manera:<\/p>\n<p>Sesi\u00f3n de ingl\u00e9s: 10:00 a.m &#8211; 11:00 am<\/p>\n<p>Sesi\u00f3n de espa\u00f1ol: 11:30 a.m. &#8211; 12:30 a.m.<\/p>\n","protected":false},"excerpt":{"rendered":"<p>La Organizaci\u00f3n de los Estados Americanos (Secretar\u00eda de Desarrollo Integral) y Amazon Web Services organizar\u00e1n el primero de una serie de 4 seminarios web destinados a crear conciencia entre los gerentes y el personal de las PYME de las acciones que pueden tomar para construir.<\/p>\n","protected":false},"author":1,"featured_media":0,"comment_status":"open","ping_status":"closed","template":"","tags":[],"mec_category":[88],"class_list":["post-1551","mec-events","type-mec-events","status-publish","hentry","mec_category-2019-es"],"acf":[],"yoast_head":"<!-- This site is optimized with the Yoast SEO plugin v21.7 - https:\/\/yoast.com\/wordpress\/plugins\/seo\/ -->\n<title>[WEBINAR]: Gesti\u00f3n de la informaci\u00f3n y capacidad tecnol\u00f3gica para la resiliencia empresarial - ECPA - Energy and Climate Partnership of the Americas<\/title>\n<meta name=\"robots\" content=\"index, follow, max-snippet:-1, max-image-preview:large, max-video-preview:-1\" \/>\n<link rel=\"canonical\" href=\"https:\/\/ecpamericas.org\/es\/events\/webinar-gestion-de-la-informacion-y-capacidad-tecnologica-para-la-resiliencia-empresarial\/\" \/>\n<meta property=\"og:locale\" content=\"es_ES\" \/>\n<meta property=\"og:type\" content=\"article\" \/>\n<meta property=\"og:title\" content=\"[WEBINAR]: Gesti\u00f3n de la informaci\u00f3n y capacidad tecnol\u00f3gica para la resiliencia empresarial - ECPA - Energy and Climate Partnership of the Americas\" \/>\n<meta property=\"og:description\" content=\"La Organizaci\u00f3n de los Estados Americanos (Secretar\u00eda de Desarrollo Integral) y Amazon Web Services organizar\u00e1n el primero de una serie de 4 seminarios web destinados a crear conciencia entre los gerentes y el personal de las PYME de las acciones que pueden tomar para construir.\" \/>\n<meta property=\"og:url\" content=\"https:\/\/ecpamericas.org\/es\/events\/webinar-gestion-de-la-informacion-y-capacidad-tecnologica-para-la-resiliencia-empresarial\/\" \/>\n<meta property=\"og:site_name\" content=\"ECPA - Energy and Climate Partnership of the Americas\" \/>\n<meta property=\"article:modified_time\" content=\"2020-12-31T21:28:20+00:00\" \/>\n<meta property=\"og:image\" content=\"https:\/\/ecpamericas.org\/assets\/Site_32\/images\/registrese.png\" \/>\n<meta name=\"twitter:card\" content=\"summary_large_image\" \/>\n<meta name=\"twitter:label1\" content=\"Tiempo de lectura\" \/>\n\t<meta name=\"twitter:data1\" content=\"1 minuto\" \/>\n<script type=\"application\/ld+json\" class=\"yoast-schema-graph\">{\"@context\":\"https:\/\/schema.org\",\"@graph\":[{\"@type\":\"WebPage\",\"@id\":\"https:\/\/ecpamericas.org\/es\/events\/webinar-gestion-de-la-informacion-y-capacidad-tecnologica-para-la-resiliencia-empresarial\/\",\"url\":\"https:\/\/ecpamericas.org\/es\/events\/webinar-gestion-de-la-informacion-y-capacidad-tecnologica-para-la-resiliencia-empresarial\/\",\"name\":\"[WEBINAR]: Gesti\u00f3n de la informaci\u00f3n y capacidad tecnol\u00f3gica para la resiliencia empresarial - ECPA - Energy and Climate Partnership of the Americas\",\"isPartOf\":{\"@id\":\"https:\/\/ecpamericas.org\/es\/#website\"},\"datePublished\":\"2020-12-29T20:23:43+00:00\",\"dateModified\":\"2020-12-31T21:28:20+00:00\",\"breadcrumb\":{\"@id\":\"https:\/\/ecpamericas.org\/es\/events\/webinar-gestion-de-la-informacion-y-capacidad-tecnologica-para-la-resiliencia-empresarial\/#breadcrumb\"},\"inLanguage\":\"es\",\"potentialAction\":[{\"@type\":\"ReadAction\",\"target\":[\"https:\/\/ecpamericas.org\/es\/events\/webinar-gestion-de-la-informacion-y-capacidad-tecnologica-para-la-resiliencia-empresarial\/\"]}]},{\"@type\":\"BreadcrumbList\",\"@id\":\"https:\/\/ecpamericas.org\/es\/events\/webinar-gestion-de-la-informacion-y-capacidad-tecnologica-para-la-resiliencia-empresarial\/#breadcrumb\",\"itemListElement\":[{\"@type\":\"ListItem\",\"position\":1,\"name\":\"Home\",\"item\":\"https:\/\/ecpamericas.org\/es\/\"},{\"@type\":\"ListItem\",\"position\":2,\"name\":\"[WEBINAR]: Gesti\u00f3n de la informaci\u00f3n y capacidad tecnol\u00f3gica para la resiliencia empresarial\"}]},{\"@type\":\"WebSite\",\"@id\":\"https:\/\/ecpamericas.org\/es\/#website\",\"url\":\"https:\/\/ecpamericas.org\/es\/\",\"name\":\"ECPA - Energy and Climate Partnership of the Americas\",\"description\":\"Promoting cooperation for a sustainable energy future in the Americas\",\"potentialAction\":[{\"@type\":\"SearchAction\",\"target\":{\"@type\":\"EntryPoint\",\"urlTemplate\":\"https:\/\/ecpamericas.org\/es\/?s={search_term_string}\"},\"query-input\":\"required name=search_term_string\"}],\"inLanguage\":\"es\"}]}<\/script>\n<!-- \/ Yoast SEO plugin. -->","yoast_head_json":{"title":"[WEBINAR]: Gesti\u00f3n de la informaci\u00f3n y capacidad tecnol\u00f3gica para la resiliencia empresarial - ECPA - Energy and Climate Partnership of the Americas","robots":{"index":"index","follow":"follow","max-snippet":"max-snippet:-1","max-image-preview":"max-image-preview:large","max-video-preview":"max-video-preview:-1"},"canonical":"https:\/\/ecpamericas.org\/es\/events\/webinar-gestion-de-la-informacion-y-capacidad-tecnologica-para-la-resiliencia-empresarial\/","og_locale":"es_ES","og_type":"article","og_title":"[WEBINAR]: Gesti\u00f3n de la informaci\u00f3n y capacidad tecnol\u00f3gica para la resiliencia empresarial - ECPA - Energy and Climate Partnership of the Americas","og_description":"La Organizaci\u00f3n de los Estados Americanos (Secretar\u00eda de Desarrollo Integral) y Amazon Web Services organizar\u00e1n el primero de una serie de 4 seminarios web destinados a crear conciencia entre los gerentes y el personal de las PYME de las acciones que pueden tomar para construir.","og_url":"https:\/\/ecpamericas.org\/es\/events\/webinar-gestion-de-la-informacion-y-capacidad-tecnologica-para-la-resiliencia-empresarial\/","og_site_name":"ECPA - Energy and Climate Partnership of the Americas","article_modified_time":"2020-12-31T21:28:20+00:00","og_image":[{"url":"https:\/\/ecpamericas.org\/assets\/Site_32\/images\/registrese.png"}],"twitter_card":"summary_large_image","twitter_misc":{"Tiempo de lectura":"1 minuto"},"schema":{"@context":"https:\/\/schema.org","@graph":[{"@type":"WebPage","@id":"https:\/\/ecpamericas.org\/es\/events\/webinar-gestion-de-la-informacion-y-capacidad-tecnologica-para-la-resiliencia-empresarial\/","url":"https:\/\/ecpamericas.org\/es\/events\/webinar-gestion-de-la-informacion-y-capacidad-tecnologica-para-la-resiliencia-empresarial\/","name":"[WEBINAR]: Gesti\u00f3n de la informaci\u00f3n y capacidad tecnol\u00f3gica para la resiliencia empresarial - ECPA - Energy and Climate Partnership of the Americas","isPartOf":{"@id":"https:\/\/ecpamericas.org\/es\/#website"},"datePublished":"2020-12-29T20:23:43+00:00","dateModified":"2020-12-31T21:28:20+00:00","breadcrumb":{"@id":"https:\/\/ecpamericas.org\/es\/events\/webinar-gestion-de-la-informacion-y-capacidad-tecnologica-para-la-resiliencia-empresarial\/#breadcrumb"},"inLanguage":"es","potentialAction":[{"@type":"ReadAction","target":["https:\/\/ecpamericas.org\/es\/events\/webinar-gestion-de-la-informacion-y-capacidad-tecnologica-para-la-resiliencia-empresarial\/"]}]},{"@type":"BreadcrumbList","@id":"https:\/\/ecpamericas.org\/es\/events\/webinar-gestion-de-la-informacion-y-capacidad-tecnologica-para-la-resiliencia-empresarial\/#breadcrumb","itemListElement":[{"@type":"ListItem","position":1,"name":"Home","item":"https:\/\/ecpamericas.org\/es\/"},{"@type":"ListItem","position":2,"name":"[WEBINAR]: Gesti\u00f3n de la informaci\u00f3n y capacidad tecnol\u00f3gica para la resiliencia empresarial"}]},{"@type":"WebSite","@id":"https:\/\/ecpamericas.org\/es\/#website","url":"https:\/\/ecpamericas.org\/es\/","name":"ECPA - Energy and Climate Partnership of the Americas","description":"Promoting cooperation for a sustainable energy future in the Americas","potentialAction":[{"@type":"SearchAction","target":{"@type":"EntryPoint","urlTemplate":"https:\/\/ecpamericas.org\/es\/?s={search_term_string}"},"query-input":"required name=search_term_string"}],"inLanguage":"es"}]}},"_links":{"self":[{"href":"https:\/\/ecpamericas.org\/es\/wp-json\/wp\/v2\/mec-events\/1551","targetHints":{"allow":["GET"]}}],"collection":[{"href":"https:\/\/ecpamericas.org\/es\/wp-json\/wp\/v2\/mec-events"}],"about":[{"href":"https:\/\/ecpamericas.org\/es\/wp-json\/wp\/v2\/types\/mec-events"}],"author":[{"embeddable":true,"href":"https:\/\/ecpamericas.org\/es\/wp-json\/wp\/v2\/users\/1"}],"replies":[{"embeddable":true,"href":"https:\/\/ecpamericas.org\/es\/wp-json\/wp\/v2\/comments?post=1551"}],"wp:attachment":[{"href":"https:\/\/ecpamericas.org\/es\/wp-json\/wp\/v2\/media?parent=1551"}],"wp:term":[{"taxonomy":"post_tag","embeddable":true,"href":"https:\/\/ecpamericas.org\/es\/wp-json\/wp\/v2\/tags?post=1551"},{"taxonomy":"mec_category","embeddable":true,"href":"https:\/\/ecpamericas.org\/es\/wp-json\/wp\/v2\/mec_category?post=1551"}],"curies":[{"name":"wp","href":"https:\/\/api.w.org\/{rel}","templated":true}]}}